{"version":"1.0","provider_name":"Blog Dexeus Mujer","provider_url":"https:\/\/www.dexeus.com\/blog\/ca\/","title":"Nadal amb l'airfryer: 5 idees originals i molt f\u00e0cils - Blog Dexeus Mujer","type":"rich","width":600,"height":338,"html":"<blockquote class=\"wp-embedded-content\" data-secret=\"TOj8j3o7r8\"><a href=\"https:\/\/www.dexeus.com\/blog\/ca\/bons-habits\/nutricio\/airfryer-nadal\/\">Nadal amb l&#8217;airfryer: 5 idees originals i molt f\u00e0cils<\/a><\/blockquote><iframe sandbox=\"allow-scripts\" security=\"restricted\" src=\"https:\/\/www.dexeus.com\/blog\/ca\/bons-habits\/nutricio\/airfryer-nadal\/embed\/#?secret=TOj8j3o7r8\" width=\"600\" height=\"338\" title=\"&#8220;Nadal amb l&#8217;airfryer: 5 idees originals i molt f\u00e0cils&#8221; &#8212; Blog Dexeus Mujer\" data-secret=\"TOj8j3o7r8\" frameborder=\"0\" marginwidth=\"0\" marginheight=\"0\" scrolling=\"no\" class=\"wp-embedded-content\"><\/iframe><script type=\"text\/javascript\">\n\/* <![CDATA[ *\/\n\/*! This file is auto-generated *\/\n!function(d,l){\"use strict\";l.querySelector&&d.addEventListener&&\"undefined\"!=typeof URL&&(d.wp=d.wp||{},d.wp.receiveEmbedMessage||(d.wp.receiveEmbedMessage=function(e){var t=e.data;if((t||t.secret||t.message||t.value)&&!\/[^a-zA-Z0-9]\/.test(t.secret)){for(var s,r,n,a=l.querySelectorAll('iframe[data-secret=\"'+t.secret+'\"]'),o=l.querySelectorAll('blockquote[data-secret=\"'+t.secret+'\"]'),c=new RegExp(\"^https?:$\",\"i\"),i=0;i<o.length;i++)o[i].style.display=\"none\";for(i=0;i<a.length;i++)s=a[i],e.source===s.contentWindow&&(s.removeAttribute(\"style\"),\"height\"===t.message?(1e3<(r=parseInt(t.value,10))?r=1e3:~~r<200&&(r=200),s.height=r):\"link\"===t.message&&(r=new URL(s.getAttribute(\"src\")),n=new URL(t.value),c.test(n.protocol))&&n.host===r.host&&l.activeElement===s&&(d.top.location.href=t.value))}},d.addEventListener(\"message\",d.wp.receiveEmbedMessage,!1),l.addEventListener(\"DOMContentLoaded\",function(){for(var e,t,s=l.querySelectorAll(\"iframe.wp-embedded-content\"),r=0;r<s.length;r++)(t=(e=s[r]).getAttribute(\"data-secret\"))||(t=Math.random().toString(36).substring(2,12),e.src+=\"#?secret=\"+t,e.setAttribute(\"data-secret\",t)),e.contentWindow.postMessage({message:\"ready\",secret:t},\"*\")},!1)))}(window,document);\n\/* ]]> *\/\n<\/script>\n","thumbnail_url":"https:\/\/www.dexeus.com\/blog\/wp-content\/uploads\/2023\/11\/navidad-airfryer-scaled.jpeg","thumbnail_width":2560,"thumbnail_height":1707,"description":"Despr\u00e9s del microones i la Thermomix, l\u2019\u00faltima novetat que s\u2019ha incorporat a les cuines \u00e9s l\u2019airfryer o fregidora d\u2019aire. La va crear un inventor holand\u00e8s en el 2005, encara que no la va presentar fins 10 anys m\u00e9s tard en una fira industrial de Berl\u00edn. Les vendes van comen\u00e7ar a cr\u00e9ixer a partir del 2017 [&hellip;]"}