{"id":17613,"date":"2025-06-13T12:01:58","date_gmt":"2025-06-13T10:01:58","guid":{"rendered":"https:\/\/www.dexeus.com\/cloud\/?post_type=dt_portfolio&#038;p=17613"},"modified":"2026-03-13T14:36:31","modified_gmt":"2026-03-13T13:36:31","slug":"taller-plan-parto","status":"publish","type":"dt_portfolio","link":"https:\/\/www.dexeus.com\/cloud\/curso\/taller-plan-parto\/","title":{"rendered":"Taller de plan del parto"},"content":{"rendered":"<p>[vc_row full_width=\u00bbstretch_row\u00bb full_height=\u00bbyes\u00bb content_placement=\u00bbtop\u00bb css=\u00bb.vc_custom_1558094854057{padding-top: 3% !important;}\u00bb][vc_column][vc_column_text]<\/p>\n<div id=\"title\" class=\"style-scope ytd-watch-metadata\">\n<div id=\"title\" class=\"style-scope ytd-watch-metadata\">\n<div id=\"title\" class=\"style-scope ytd-watch-metadata\">\n<h1 class=\"style-scope ytd-watch-metadata\">Taller de plan del parto<\/h1>\n<\/div>\n<div id=\"top-row\" class=\"style-scope ytd-watch-metadata\">\n<div id=\"owner\" class=\"item style-scope ytd-watch-metadata\"><\/div>\n<\/div>\n<\/div>\n<\/div>\n<div id=\"top-row\" class=\"style-scope ytd-watch-metadata\">\n<div id=\"owner\" class=\"item style-scope ytd-watch-metadata\"><\/div>\n<\/div>\n<p>[\/vc_column_text][vc_raw_html]JTNDaWZyYW1lJTIwd2lkdGglM0QlMjIxMDAlMjUlMjIlMjBoZWlnaHQlM0QlMjI2MzUlMjIlMjBzcmMlM0QlMjJodHRwcyUzQSUyRiUyRnd3dy55b3V0dWJlLmNvbSUyRmVtYmVkJTJGT0hqTXQxX1NvalUlM0ZzaSUzREVDOGZxLXRKZTVJNm10cnMlMjIlMjB0aXRsZSUzRCUyMlRhbGxlciUyMGRlJTIwcGxhbiUyMGRlbCUyMHBhcnRvJTIyJTIwZnJhbWVib3JkZXIlM0QlMjIwJTIyJTIwYWxsb3clM0QlMjJhY2NlbGVyb21ldGVyJTNCJTIwYXV0b3BsYXklM0IlMjBjbGlwYm9hcmQtd3JpdGUlM0IlMjBlbmNyeXB0ZWQtbWVkaWElM0IlMjBneXJvc2NvcGUlM0IlMjBwaWN0dXJlLWluLXBpY3R1cmUlM0IlMjB3ZWItc2hhcmUlMjIlMjByZWZlcnJlcnBvbGljeSUzRCUyMnN0cmljdC1vcmlnaW4td2hlbi1jcm9zcy1vcmlnaW4lMjIlMjBhbGxvd2Z1bGxzY3JlZW4lMjBzdHlsZSUzRCUyMmJvcmRlci1yYWRpdXMlM0ExNnB4JTIwMTZweCUzQiUyMiUzRSUzQyUyRmlmcmFtZSUzRSUwQQ==[\/vc_raw_html][vc_column_text][\/vc_column_text][\/vc_column][\/vc_row][vc_row][vc_column][vc_column_text]<\/p>\n<h2>Preguntas de nuestras pacientes<\/h2>\n<p>[\/vc_column_text][vc_toggle title=\u00bbCon una \u201cwalking epidural\u201d, \u00bfpodemos elegir alguna postura?\u00bb style=\u00bbsimple\u00bb color=\u00bbblue\u00bb size=\u00bblg\u00bb css_animation=\u00bbnone\u00bb custom_font_container=\u00bbtag:h2|font_size:18px|text_align:left|line_height:26px\u00bb custom_google_fonts=\u00bbfont_family:Open%20Sans%3A300%2C300italic%2Cregular%2Citalic%2C600%2C600italic%2C700%2C700italic%2C800%2C800italic|font_style:600%20bold%20regular%3A600%3Anormal\u00bb use_custom_heading=\u00bbtrue\u00bb]<\/p>\n<h6 style=\"font-size: 18px; line-height: 26px;\">S\u00ed, siempre que sea sobre la cama, por seguridad.<\/h6>\n<p>[\/vc_toggle][vc_toggle title=\u00bb\u00bfHay sillas de parto en todas las salas?\u00bb style=\u00bbsimple\u00bb color=\u00bbblue\u00bb size=\u00bblg\u00bb css_animation=\u00bbnone\u00bb custom_font_container=\u00bbtag:h2|font_size:18px|text_align:left|line_height:26px\u00bb custom_google_fonts=\u00bbfont_family:Open%20Sans%3A300%2C300italic%2Cregular%2Citalic%2C600%2C600italic%2C700%2C700italic%2C800%2C800italic|font_style:600%20bold%20regular%3A600%3Anormal\u00bb use_custom_heading=\u00bbtrue\u00bb]<\/p>\n<h6 style=\"font-size: 18px; line-height: 26px;\">No, solo hay en una.<\/h6>\n<p>[\/vc_toggle][vc_toggle title=\u00bb\u00bfHay cojines de lactancia?\u00bb style=\u00bbsimple\u00bb color=\u00bbblue\u00bb size=\u00bblg\u00bb css_animation=\u00bbnone\u00bb custom_font_container=\u00bbtag:h2|font_size:18px|text_align:left|line_height:26px\u00bb custom_google_fonts=\u00bbfont_family:Open%20Sans%3A300%2C300italic%2Cregular%2Citalic%2C600%2C600italic%2C700%2C700italic%2C800%2C800italic|font_style:600%20bold%20regular%3A600%3Anormal\u00bb use_custom_heading=\u00bbtrue\u00bb]<\/p>\n<h6 style=\"font-size: 18px; line-height: 26px;\">No.<\/h6>\n<p>[\/vc_toggle][vc_toggle title=\u00bb\u00bfHay habitaciones con ba\u00f1era o preparadas para hacer ba\u00f1os de asiento durante la fase de dilataci\u00f3n?\u00bb style=\u00bbsimple\u00bb color=\u00bbblue\u00bb size=\u00bblg\u00bb css_animation=\u00bbnone\u00bb custom_font_container=\u00bbtag:h2|font_size:18px|text_align:left|line_height:26px\u00bb custom_google_fonts=\u00bbfont_family:Open%20Sans%3A300%2C300italic%2Cregular%2Citalic%2C600%2C600italic%2C700%2C700italic%2C800%2C800italic|font_style:600%20bold%20regular%3A600%3Anormal\u00bb use_custom_heading=\u00bbtrue\u00bb]<\/p>\n<h6 style=\"font-size: 18px; line-height: 26px;\">Tenemos dos salas con ducha.<\/h6>\n<p>[\/vc_toggle][vc_toggle title=\u00bb\u00bfQu\u00e9 significa \u201canestesista de presencia f\u00edsica\u201d?\u00bb style=\u00bbsimple\u00bb color=\u00bbblue\u00bb size=\u00bblg\u00bb css_animation=\u00bbnone\u00bb custom_font_container=\u00bbtag:h2|font_size:18px|text_align:left|line_height:26px\u00bb custom_google_fonts=\u00bbfont_family:Open%20Sans%3A300%2C300italic%2Cregular%2Citalic%2C600%2C600italic%2C700%2C700italic%2C800%2C800italic|font_style:600%20bold%20regular%3A600%3Anormal\u00bb use_custom_heading=\u00bbtrue\u00bb]<\/p>\n<h6 style=\"font-size: 18px; line-height: 26px;\">Significa que hay un anestesista disponible en la unidad de partos las 24 horas del d\u00eda.<\/h6>\n<p>[\/vc_toggle][vc_toggle title=\u00bbParto velado: si no se rompe la bolsa, \u00bfse puede hacer un parto velado?\u00bb style=\u00bbsimple\u00bb color=\u00bbblue\u00bb size=\u00bblg\u00bb css_animation=\u00bbnone\u00bb custom_font_container=\u00bbtag:h2|font_size:18px|text_align:left|line_height:26px\u00bb custom_google_fonts=\u00bbfont_family:Open%20Sans%3A300%2C300italic%2Cregular%2Citalic%2C600%2C600italic%2C700%2C700italic%2C800%2C800italic|font_style:600%20bold%20regular%3A600%3Anormal\u00bb use_custom_heading=\u00bbtrue\u00bb]<\/p>\n<h6 style=\"font-size: 18px; line-height: 26px;\">S\u00ed, se puede.<\/h6>\n<p>[\/vc_toggle][vc_toggle title=\u00bb\u00bfEs mejor la episiotom\u00eda o un desgarro? \u00bfPor qu\u00e9?\u00bb style=\u00bbsimple\u00bb color=\u00bbblue\u00bb size=\u00bblg\u00bb css_animation=\u00bbnone\u00bb custom_font_container=\u00bbtag:h2|font_size:18px|text_align:left|line_height:26px\u00bb custom_google_fonts=\u00bbfont_family:Open%20Sans%3A300%2C300italic%2Cregular%2Citalic%2C600%2C600italic%2C700%2C700italic%2C800%2C800italic|font_style:600%20bold%20regular%3A600%3Anormal\u00bb use_custom_heading=\u00bbtrue\u00bb]<\/p>\n<h6 style=\"font-size: 18px; line-height: 26px;\">Se valora en el momento. De forma rutinaria no hacemos episiotom\u00edas, pero ante ciertos desgarros puede ser preferible realizar una episiotom\u00eda dirigida.<\/h6>\n<p>[\/vc_toggle][vc_toggle title=\u00bb\u00bfLos m\u00e9dicos residentes tienen que estar s\u00ed o s\u00ed en el parto?\u00bb style=\u00bbsimple\u00bb color=\u00bbblue\u00bb size=\u00bblg\u00bb css_animation=\u00bbnone\u00bb custom_font_container=\u00bbtag:h2|font_size:18px|text_align:left|line_height:26px\u00bb custom_google_fonts=\u00bbfont_family:Open%20Sans%3A300%2C300italic%2Cregular%2Citalic%2C600%2C600italic%2C700%2C700italic%2C800%2C800italic|font_style:600%20bold%20regular%3A600%3Anormal\u00bb use_custom_heading=\u00bbtrue\u00bb]<\/p>\n<h6 style=\"font-size: 18px; line-height: 26px;\">S\u00ed.<\/h6>\n<p>[\/vc_toggle][vc_toggle title=\u00bb\u00bfCu\u00e1ndo es \u00f3ptimo cortar el cord\u00f3n umbilical?\u00bb style=\u00bbsimple\u00bb color=\u00bbblue\u00bb size=\u00bblg\u00bb css_animation=\u00bbnone\u00bb custom_font_container=\u00bbtag:h2|font_size:18px|text_align:left|line_height:26px\u00bb custom_google_fonts=\u00bbfont_family:Open%20Sans%3A300%2C300italic%2Cregular%2Citalic%2C600%2C600italic%2C700%2C700italic%2C800%2C800italic|font_style:600%20bold%20regular%3A600%3Anormal\u00bb use_custom_heading=\u00bbtrue\u00bb]<\/p>\n<h6 style=\"font-size: 18px; line-height: 26px;\">Lo \u00f3ptimo es a partir del primer minuto. Tambi\u00e9n es segura y posible la opci\u00f3n de esperar a que deje de latir.<\/h6>\n<p>[\/vc_toggle][vc_toggle title=\u00bbEn vuestro plan de parto, no entiendo la primera casilla: \u00bfcu\u00e1l es la diferencia entre \u201cser asistida por el equipo de guardia\u201d, \u201catenci\u00f3n privatizada\u201d y \u201cprivada con obstetra titular\u201d?\u00bb style=\u00bbsimple\u00bb color=\u00bbblue\u00bb size=\u00bblg\u00bb css_animation=\u00bbnone\u00bb custom_font_container=\u00bbtag:h2|font_size:18px|text_align:left|line_height:26px\u00bb custom_google_fonts=\u00bbfont_family:Open%20Sans%3A300%2C300italic%2Cregular%2Citalic%2C600%2C600italic%2C700%2C700italic%2C800%2C800italic|font_style:600%20bold%20regular%3A600%3Anormal\u00bb use_custom_heading=\u00bbtrue\u00bb]<\/p>\n<h6 style=\"font-size: 18px; line-height: 26px;\">El equipo de guardia est\u00e1 cubierto por la mutua. Si deseas que venga tu obstetra de forma privada, tiene un coste adicional que te informar\u00e1n en el SAP.<\/h6>\n<p>[\/vc_toggle][vc_toggle title=\u00bbSi mi beb\u00e9 nace hacia el 10 de julio, \u00bfsu ropa de primera puesta debe ser de manga larga o corta?\u00bb style=\u00bbsimple\u00bb color=\u00bbblue\u00bb size=\u00bblg\u00bb css_animation=\u00bbnone\u00bb custom_font_container=\u00bbtag:h2|font_size:18px|text_align:left|line_height:26px\u00bb custom_google_fonts=\u00bbfont_family:Open%20Sans%3A300%2C300italic%2Cregular%2Citalic%2C600%2C600italic%2C700%2C700italic%2C800%2C800italic|font_style:600%20bold%20regular%3A600%3Anormal\u00bb use_custom_heading=\u00bbtrue\u00bb]<\/p>\n<h6 style=\"font-size: 18px; line-height: 26px;\">Puede ser de manga larga fina (tipo batista o perl\u00e9) o directamente de manga corta.<\/h6>\n<p>[\/vc_toggle][vc_toggle title=\u00bbEntiendo que algunas opciones del plan de parto tienen un coste adicional al que cubre la mutua. \u00bfD\u00f3nde podemos consultar los precios?\u00bb style=\u00bbsimple\u00bb color=\u00bbblue\u00bb size=\u00bblg\u00bb css_animation=\u00bbnone\u00bb custom_font_container=\u00bbtag:h2|font_size:18px|text_align:left|line_height:26px\u00bb custom_google_fonts=\u00bbfont_family:Open%20Sans%3A300%2C300italic%2Cregular%2Citalic%2C600%2C600italic%2C700%2C700italic%2C800%2C800italic|font_style:600%20bold%20regular%3A600%3Anormal\u00bb use_custom_heading=\u00bbtrue\u00bb]<\/p>\n<h6 style=\"font-size: 18px; line-height: 26px;\">En Atenci\u00f3n al Paciente (SAP).<\/h6>\n<p>[\/vc_toggle][vc_toggle title=\u00bb\u00bfCu\u00e1ntas salas de parto hay?\u00bb style=\u00bbsimple\u00bb color=\u00bbblue\u00bb size=\u00bblg\u00bb css_animation=\u00bbnone\u00bb custom_font_container=\u00bbtag:h2|font_size:18px|text_align:left|line_height:26px\u00bb custom_google_fonts=\u00bbfont_family:Open%20Sans%3A300%2C300italic%2Cregular%2Citalic%2C600%2C600italic%2C700%2C700italic%2C800%2C800italic|font_style:600%20bold%20regular%3A600%3Anormal\u00bb use_custom_heading=\u00bbtrue\u00bb]<\/p>\n<h6 style=\"font-size: 18px; line-height: 26px;\">Hay 7 salas de parto y 2 quir\u00f3fanos.<\/h6>\n<p>[\/vc_toggle][vc_toggle title=\u00bb\u00bfLa sala \u201cnature\u201d se puede reservar pensando en un parto natural, y si al final se desea anestesia, se puede cambiar?\u00bb style=\u00bbsimple\u00bb color=\u00bbblue\u00bb size=\u00bblg\u00bb css_animation=\u00bbnone\u00bb custom_font_container=\u00bbtag:h2|font_size:18px|text_align:left|line_height:26px\u00bb custom_google_fonts=\u00bbfont_family:Open%20Sans%3A300%2C300italic%2Cregular%2Citalic%2C600%2C600italic%2C700%2C700italic%2C800%2C800italic|font_style:600%20bold%20regular%3A600%3Anormal\u00bb use_custom_heading=\u00bbtrue\u00bb]<\/p>\n<h6 style=\"font-size: 18px; line-height: 26px;\">S\u00ed.<\/h6>\n<p>[\/vc_toggle][vc_toggle title=\u00bbSi est\u00e1s monitorizada y con la walking epidural, \u00bfpuedes moverte igualmente?\u00bb style=\u00bbsimple\u00bb color=\u00bbblue\u00bb size=\u00bblg\u00bb css_animation=\u00bbnone\u00bb custom_font_container=\u00bbtag:h2|font_size:18px|text_align:left|line_height:26px\u00bb custom_google_fonts=\u00bbfont_family:Open%20Sans%3A300%2C300italic%2Cregular%2Citalic%2C600%2C600italic%2C700%2C700italic%2C800%2C800italic|font_style:600%20bold%20regular%3A600%3Anormal\u00bb use_custom_heading=\u00bbtrue\u00bb]<\/p>\n<h6 style=\"font-size: 18px; line-height: 26px;\">S\u00ed.<\/h6>\n<p>[\/vc_toggle][vc_toggle title=\u00bb\u00bfEs cierto que, una vez puesta la epidural, el parto se puede ralentizar?\u00bb style=\u00bbsimple\u00bb color=\u00bbblue\u00bb size=\u00bblg\u00bb css_animation=\u00bbnone\u00bb custom_font_container=\u00bbtag:h2|font_size:18px|text_align:left|line_height:26px\u00bb custom_google_fonts=\u00bbfont_family:Open%20Sans%3A300%2C300italic%2Cregular%2Citalic%2C600%2C600italic%2C700%2C700italic%2C800%2C800italic|font_style:600%20bold%20regular%3A600%3Anormal\u00bb use_custom_heading=\u00bbtrue\u00bb]<\/p>\n<h6 style=\"font-size: 18px; line-height: 26px;\">No necesariamente. A veces, al administrar analgesia se relaja la musculatura y puede incluso facilitar la dilataci\u00f3n. Depende de la dilataci\u00f3n y de la posici\u00f3n de la cabeza del beb\u00e9.<\/h6>\n<p>[\/vc_toggle][vc_toggle title=\u00bb\u00bfPon\u00e9is los pendientes antes de subir a la habitaci\u00f3n? \u00bfCu\u00e1ndo es recomendable pon\u00e9rselos?\u00bb style=\u00bbsimple\u00bb color=\u00bbblue\u00bb size=\u00bblg\u00bb css_animation=\u00bbnone\u00bb custom_font_container=\u00bbtag:h2|font_size:18px|text_align:left|line_height:26px\u00bb custom_google_fonts=\u00bbfont_family:Open%20Sans%3A300%2C300italic%2Cregular%2Citalic%2C600%2C600italic%2C700%2C700italic%2C800%2C800italic|font_style:600%20bold%20regular%3A600%3Anormal\u00bb use_custom_heading=\u00bbtrue\u00bb]<\/p>\n<h6 style=\"font-size: 18px; line-height: 26px;\">Al d\u00eda siguiente.<\/h6>\n<p>[\/vc_toggle][vc_toggle title=\u00bbAntes comentasteis que el hipertiroidismo no afecta en el momento del parto. Entiendo que el hipotiroidismo tampoco, \u00bfverdad? \u00bfPodemos tomar igualmente el Eutirox ese d\u00eda?\u00bb style=\u00bbsimple\u00bb color=\u00bbblue\u00bb size=\u00bblg\u00bb css_animation=\u00bbnone\u00bb custom_font_container=\u00bbtag:h2|font_size:18px|text_align:left|line_height:26px\u00bb custom_google_fonts=\u00bbfont_family:Open%20Sans%3A300%2C300italic%2Cregular%2Citalic%2C600%2C600italic%2C700%2C700italic%2C800%2C800italic|font_style:600%20bold%20regular%3A600%3Anormal\u00bb use_custom_heading=\u00bbtrue\u00bb]<\/p>\n<h6 style=\"font-size: 18px; line-height: 26px;\">\u00a1Ning\u00fan problema! Sigue la misma pauta, y en el posparto ya se ir\u00e1 reduciendo.<\/h6>\n<p>[\/vc_toggle][vc_toggle title=\u00bb\u00bfHab\u00e9is dicho que han actualizado el plan de parto justo este domingo? \u00bfD\u00f3nde lo podemos encontrar? Estoy en la web y no lo encuentro&#8230;\u00bb style=\u00bbsimple\u00bb color=\u00bbblue\u00bb size=\u00bblg\u00bb css_animation=\u00bbnone\u00bb custom_font_container=\u00bbtag:h2|font_size:18px|text_align:left|line_height:26px\u00bb custom_google_fonts=\u00bbfont_family:Open%20Sans%3A300%2C300italic%2Cregular%2Citalic%2C600%2C600italic%2C700%2C700italic%2C800%2C800italic|font_style:600%20bold%20regular%3A600%3Anormal\u00bb use_custom_heading=\u00bbtrue\u00bb]<\/p>\n<h6 style=\"font-size: 18px; line-height: 26px;\">Estar\u00e1 colgado en las pr\u00f3ximas semanas.<\/h6>\n<p>[\/vc_toggle][vc_toggle title=\u00bbHablando de lactancia, \u00bften\u00e9is cojines de lactancia en la habitaci\u00f3n?\u00bb style=\u00bbsimple\u00bb color=\u00bbblue\u00bb size=\u00bblg\u00bb css_animation=\u00bbnone\u00bb custom_font_container=\u00bbtag:h2|font_size:18px|text_align:left|line_height:26px\u00bb custom_google_fonts=\u00bbfont_family:Open%20Sans%3A300%2C300italic%2Cregular%2Citalic%2C600%2C600italic%2C700%2C700italic%2C800%2C800italic|font_style:600%20bold%20regular%3A600%3Anormal\u00bb use_custom_heading=\u00bbtrue\u00bb]<\/p>\n<h6 style=\"font-size: 18px; line-height: 26px;\">No.<\/h6>\n<p>[\/vc_toggle][vc_toggle title=\u00bb\u00bfLa prueba del tal\u00f3n y la de audici\u00f3n, en qu\u00e9 momento se hacen? \u00bfSe puede estar presente durante el procedimiento?\u00bb style=\u00bbsimple\u00bb color=\u00bbblue\u00bb size=\u00bblg\u00bb css_animation=\u00bbnone\u00bb custom_font_container=\u00bbtag:h2|font_size:18px|text_align:left|line_height:26px\u00bb custom_google_fonts=\u00bbfont_family:Open%20Sans%3A300%2C300italic%2Cregular%2Citalic%2C600%2C600italic%2C700%2C700italic%2C800%2C800italic|font_style:600%20bold%20regular%3A600%3Anormal\u00bb use_custom_heading=\u00bbtrue\u00bb]<\/p>\n<h6 style=\"font-size: 18px; line-height: 26px;\">Se hacen durante el ingreso y se puede estar presente.<\/h6>\n<p>[\/vc_toggle][vc_toggle title=\u00bb\u00bfCu\u00e1nto tiempo est\u00e1n piel con piel, m\u00e1s o menos? Gracias.\u00bb style=\u00bbsimple\u00bb color=\u00bbblue\u00bb size=\u00bblg\u00bb css_animation=\u00bbnone\u00bb custom_font_container=\u00bbtag:h2|font_size:18px|text_align:left|line_height:26px\u00bb custom_google_fonts=\u00bbfont_family:Open%20Sans%3A300%2C300italic%2Cregular%2Citalic%2C600%2C600italic%2C700%2C700italic%2C800%2C800italic|font_style:600%20bold%20regular%3A600%3Anormal\u00bb use_custom_heading=\u00bbtrue\u00bb]<\/p>\n<h6 style=\"font-size: 18px; line-height: 26px;\">Aproximadamente 2 horas.<\/h6>\n<p>[\/vc_toggle][vc_toggle title=\u00bbSi el nacimiento es ahora en verano, \u00bfla ropita que debemos traer para el beb\u00e9 debe ser toda de manga larga?\u00bb style=\u00bbsimple\u00bb color=\u00bbblue\u00bb size=\u00bblg\u00bb css_animation=\u00bbnone\u00bb custom_font_container=\u00bbtag:h2|font_size:18px|text_align:left|line_height:26px\u00bb custom_google_fonts=\u00bbfont_family:Open%20Sans%3A300%2C300italic%2Cregular%2Citalic%2C600%2C600italic%2C700%2C700italic%2C800%2C800italic|font_style:600%20bold%20regular%3A600%3Anormal\u00bb use_custom_heading=\u00bbtrue\u00bb]<\/p>\n<h6 style=\"font-size: 18px; line-height: 26px;\">Puede ser de manga larga fina o de manga corta.<\/h6>\n<p>[\/vc_toggle][vc_toggle title=\u00bb\u00bfSe les pueden poner pendientes en el hospital? \u00bfTengo que comprarlos en la cl\u00ednica? \u00bfEst\u00e1 abierto todos los d\u00edas? \u00bfPrecio aproximado? Gracias.\u00bb style=\u00bbsimple\u00bb color=\u00bbblue\u00bb size=\u00bblg\u00bb css_animation=\u00bbnone\u00bb custom_font_container=\u00bbtag:h2|font_size:18px|text_align:left|line_height:26px\u00bb custom_google_fonts=\u00bbfont_family:Open%20Sans%3A300%2C300italic%2Cregular%2Citalic%2C600%2C600italic%2C700%2C700italic%2C800%2C800italic|font_style:600%20bold%20regular%3A600%3Anormal\u00bb use_custom_heading=\u00bbtrue\u00bb]<\/p>\n<h6 style=\"font-size: 18px; line-height: 26px;\">Los tenemos en el hospital, y puedes preguntar el precio en el SAP.<\/h6>\n<p>[\/vc_toggle][\/vc_column][\/vc_row]<\/p>\n","protected":false},"excerpt":{"rendered":"<p>En este taller la <strong style=\"font-weight:600;\">Dra. Claudia Montero<\/strong> y la comadrona <strong style=\"font-weight:600;\">Meritxell Andreu<\/strong>, te explican, desde la sala de partos del Hospital Universitari Dexeus, las diferentes opciones del Plan de Parto, para que t\u00fa y tu pareja viv\u00e1is este momento de la manera que vosotros decid\u00e1is.<\/p>\n","protected":false},"author":1,"featured_media":17622,"comment_status":"closed","ping_status":"closed","template":"","dt_portfolio_category":[67],"dt_portfolio_tags":[],"yoast_head":"<!-- This site is optimized with the Yoast SEO plugin v20.1 - https:\/\/yoast.com\/wordpress\/plugins\/seo\/ -->\n<title>Taller de plan del parto - Dexeus Cloud<\/title>\n<meta name=\"robots\" content=\"noindex, follow\" \/>\n<meta property=\"og:locale\" content=\"es_ES\" \/>\n<meta property=\"og:type\" content=\"article\" \/>\n<meta property=\"og:title\" content=\"Taller de plan del parto - Dexeus Cloud\" \/>\n<meta property=\"og:description\" content=\"En este taller la Dra. Claudia Montero y la comadrona Meritxell Andreu, te explican, desde la sala de partos del Hospital Universitari Dexeus, las diferentes opciones del Plan de Parto, para que t\u00fa y tu pareja viv\u00e1is este momento de la manera que vosotros decid\u00e1is.\" \/>\n<meta property=\"og:url\" content=\"https:\/\/www.dexeus.com\/cloud\/curso\/taller-plan-parto\/\" \/>\n<meta property=\"og:site_name\" content=\"Dexeus Cloud\" \/>\n<meta property=\"article:publisher\" content=\"https:\/\/www.facebook.com\/dexeusmujer\" \/>\n<meta property=\"article:modified_time\" content=\"2026-03-13T13:36:31+00:00\" \/>\n<meta property=\"og:image\" content=\"https:\/\/www.dexeus.com\/cloud\/wp-content\/uploads\/2025\/06\/taller_plan_parto.jpg\" \/>\n\t<meta property=\"og:image:width\" content=\"1000\" \/>\n\t<meta property=\"og:image:height\" content=\"563\" \/>\n\t<meta property=\"og:image:type\" content=\"image\/jpeg\" \/>\n<meta name=\"twitter:card\" content=\"summary_large_image\" \/>\n<meta name=\"twitter:site\" content=\"@dexeusmujer\" \/>\n<meta name=\"twitter:label1\" content=\"Est. reading time\" \/>\n\t<meta name=\"twitter:data1\" content=\"11 minutos\" \/>\n<script type=\"application\/ld+json\" class=\"yoast-schema-graph\">{\"@context\":\"https:\/\/schema.org\",\"@graph\":[{\"@type\":\"WebPage\",\"@id\":\"https:\/\/www.dexeus.com\/cloud\/curso\/taller-plan-parto\/\",\"url\":\"https:\/\/www.dexeus.com\/cloud\/curso\/taller-plan-parto\/\",\"name\":\"Taller de plan del parto - Dexeus Cloud\",\"isPartOf\":{\"@id\":\"https:\/\/www.dexeus.com\/cloud\/#website\"},\"datePublished\":\"2025-06-13T10:01:58+00:00\",\"dateModified\":\"2026-03-13T13:36:31+00:00\",\"breadcrumb\":{\"@id\":\"https:\/\/www.dexeus.com\/cloud\/curso\/taller-plan-parto\/#breadcrumb\"},\"inLanguage\":\"es\",\"potentialAction\":[{\"@type\":\"ReadAction\",\"target\":[\"https:\/\/www.dexeus.com\/cloud\/curso\/taller-plan-parto\/\"]}]},{\"@type\":\"BreadcrumbList\",\"@id\":\"https:\/\/www.dexeus.com\/cloud\/curso\/taller-plan-parto\/#breadcrumb\",\"itemListElement\":[{\"@type\":\"ListItem\",\"position\":1,\"name\":\"Home\",\"item\":\"https:\/\/www.dexeus.com\/cloud\/\"},{\"@type\":\"ListItem\",\"position\":2,\"name\":\"Portafolio\",\"item\":\"https:\/\/www.dexeus.com\/cloud\/curso\/\"},{\"@type\":\"ListItem\",\"position\":3,\"name\":\"Taller de plan del parto\"}]},{\"@type\":\"WebSite\",\"@id\":\"https:\/\/www.dexeus.com\/cloud\/#website\",\"url\":\"https:\/\/www.dexeus.com\/cloud\/\",\"name\":\"Dexeus Cloud\",\"description\":\"Una nube de informaci\u00f3n donde encontrar\u00e1s contenido \u00fatil y de calidad con v\u00eddeos y cursos para que vivas y afrontes de la mejor manera todos y cada uno de los momentos de tu vida.\",\"publisher\":{\"@id\":\"https:\/\/www.dexeus.com\/cloud\/#organization\"},\"potentialAction\":[{\"@type\":\"SearchAction\",\"target\":{\"@type\":\"EntryPoint\",\"urlTemplate\":\"https:\/\/www.dexeus.com\/cloud\/?s={search_term_string}\"},\"query-input\":\"required name=search_term_string\"}],\"inLanguage\":\"es\"},{\"@type\":\"Organization\",\"@id\":\"https:\/\/www.dexeus.com\/cloud\/#organization\",\"name\":\"Dexeus Mujer\",\"url\":\"https:\/\/www.dexeus.com\/cloud\/\",\"logo\":{\"@type\":\"ImageObject\",\"inLanguage\":\"es\",\"@id\":\"https:\/\/www.dexeus.com\/cloud\/#\/schema\/logo\/image\/\",\"url\":\"https:\/\/www.dexeus.com\/cloud\/wp-content\/uploads\/2019\/04\/logo-dexeus-cloud.png\",\"contentUrl\":\"https:\/\/www.dexeus.com\/cloud\/wp-content\/uploads\/2019\/04\/logo-dexeus-cloud.png\",\"width\":104,\"height\":70,\"caption\":\"Dexeus Mujer\"},\"image\":{\"@id\":\"https:\/\/www.dexeus.com\/cloud\/#\/schema\/logo\/image\/\"},\"sameAs\":[\"https:\/\/www.facebook.com\/dexeusmujer\",\"https:\/\/twitter.com\/dexeusmujer\",\"https:\/\/www.youtube.com\/user\/DexeusMujer\",\"https:\/\/www.instagram.com\/dexeusmujer\/\"]}]}<\/script>\n<!-- \/ Yoast SEO plugin. -->","yoast_head_json":{"title":"Taller de plan del parto - Dexeus Cloud","robots":{"index":"noindex","follow":"follow"},"og_locale":"es_ES","og_type":"article","og_title":"Taller de plan del parto - Dexeus Cloud","og_description":"En este taller la Dra. Claudia Montero y la comadrona Meritxell Andreu, te explican, desde la sala de partos del Hospital Universitari Dexeus, las diferentes opciones del Plan de Parto, para que t\u00fa y tu pareja viv\u00e1is este momento de la manera que vosotros decid\u00e1is.","og_url":"https:\/\/www.dexeus.com\/cloud\/curso\/taller-plan-parto\/","og_site_name":"Dexeus Cloud","article_publisher":"https:\/\/www.facebook.com\/dexeusmujer","article_modified_time":"2026-03-13T13:36:31+00:00","og_image":[{"width":1000,"height":563,"url":"https:\/\/www.dexeus.com\/cloud\/wp-content\/uploads\/2025\/06\/taller_plan_parto.jpg","type":"image\/jpeg"}],"twitter_card":"summary_large_image","twitter_site":"@dexeusmujer","twitter_misc":{"Est. reading time":"11 minutos"},"schema":{"@context":"https:\/\/schema.org","@graph":[{"@type":"WebPage","@id":"https:\/\/www.dexeus.com\/cloud\/curso\/taller-plan-parto\/","url":"https:\/\/www.dexeus.com\/cloud\/curso\/taller-plan-parto\/","name":"Taller de plan del parto - Dexeus Cloud","isPartOf":{"@id":"https:\/\/www.dexeus.com\/cloud\/#website"},"datePublished":"2025-06-13T10:01:58+00:00","dateModified":"2026-03-13T13:36:31+00:00","breadcrumb":{"@id":"https:\/\/www.dexeus.com\/cloud\/curso\/taller-plan-parto\/#breadcrumb"},"inLanguage":"es","potentialAction":[{"@type":"ReadAction","target":["https:\/\/www.dexeus.com\/cloud\/curso\/taller-plan-parto\/"]}]},{"@type":"BreadcrumbList","@id":"https:\/\/www.dexeus.com\/cloud\/curso\/taller-plan-parto\/#breadcrumb","itemListElement":[{"@type":"ListItem","position":1,"name":"Home","item":"https:\/\/www.dexeus.com\/cloud\/"},{"@type":"ListItem","position":2,"name":"Portafolio","item":"https:\/\/www.dexeus.com\/cloud\/curso\/"},{"@type":"ListItem","position":3,"name":"Taller de plan del parto"}]},{"@type":"WebSite","@id":"https:\/\/www.dexeus.com\/cloud\/#website","url":"https:\/\/www.dexeus.com\/cloud\/","name":"Dexeus Cloud","description":"Una nube de informaci\u00f3n donde encontrar\u00e1s contenido \u00fatil y de calidad con v\u00eddeos y cursos para que vivas y afrontes de la mejor manera todos y cada uno de los momentos de tu vida.","publisher":{"@id":"https:\/\/www.dexeus.com\/cloud\/#organization"},"potentialAction":[{"@type":"SearchAction","target":{"@type":"EntryPoint","urlTemplate":"https:\/\/www.dexeus.com\/cloud\/?s={search_term_string}"},"query-input":"required name=search_term_string"}],"inLanguage":"es"},{"@type":"Organization","@id":"https:\/\/www.dexeus.com\/cloud\/#organization","name":"Dexeus Mujer","url":"https:\/\/www.dexeus.com\/cloud\/","logo":{"@type":"ImageObject","inLanguage":"es","@id":"https:\/\/www.dexeus.com\/cloud\/#\/schema\/logo\/image\/","url":"https:\/\/www.dexeus.com\/cloud\/wp-content\/uploads\/2019\/04\/logo-dexeus-cloud.png","contentUrl":"https:\/\/www.dexeus.com\/cloud\/wp-content\/uploads\/2019\/04\/logo-dexeus-cloud.png","width":104,"height":70,"caption":"Dexeus Mujer"},"image":{"@id":"https:\/\/www.dexeus.com\/cloud\/#\/schema\/logo\/image\/"},"sameAs":["https:\/\/www.facebook.com\/dexeusmujer","https:\/\/twitter.com\/dexeusmujer","https:\/\/www.youtube.com\/user\/DexeusMujer","https:\/\/www.instagram.com\/dexeusmujer\/"]}]}},"_links":{"self":[{"href":"https:\/\/www.dexeus.com\/cloud\/wp-json\/wp\/v2\/dt_portfolio\/17613"}],"collection":[{"href":"https:\/\/www.dexeus.com\/cloud\/wp-json\/wp\/v2\/dt_portfolio"}],"about":[{"href":"https:\/\/www.dexeus.com\/cloud\/wp-json\/wp\/v2\/types\/dt_portfolio"}],"author":[{"embeddable":true,"href":"https:\/\/www.dexeus.com\/cloud\/wp-json\/wp\/v2\/users\/1"}],"replies":[{"embeddable":true,"href":"https:\/\/www.dexeus.com\/cloud\/wp-json\/wp\/v2\/comments?post=17613"}],"version-history":[{"count":31,"href":"https:\/\/www.dexeus.com\/cloud\/wp-json\/wp\/v2\/dt_portfolio\/17613\/revisions"}],"predecessor-version":[{"id":19303,"href":"https:\/\/www.dexeus.com\/cloud\/wp-json\/wp\/v2\/dt_portfolio\/17613\/revisions\/19303"}],"wp:featuredmedia":[{"embeddable":true,"href":"https:\/\/www.dexeus.com\/cloud\/wp-json\/wp\/v2\/media\/17622"}],"wp:attachment":[{"href":"https:\/\/www.dexeus.com\/cloud\/wp-json\/wp\/v2\/media?parent=17613"}],"wp:term":[{"taxonomy":"dt_portfolio_category","embeddable":true,"href":"https:\/\/www.dexeus.com\/cloud\/wp-json\/wp\/v2\/dt_portfolio_category?post=17613"},{"taxonomy":"dt_portfolio_tags","embeddable":true,"href":"https:\/\/www.dexeus.com\/cloud\/wp-json\/wp\/v2\/dt_portfolio_tags?post=17613"}],"curies":[{"name":"wp","href":"https:\/\/api.w.org\/{rel}","templated":true}]}}