{"id":2588,"date":"2019-10-23T15:18:47","date_gmt":"2019-10-23T13:18:47","guid":{"rendered":"https:\/\/www.dexeus.com\/cloud\/?post_type=dt_portfolio&#038;p=2588"},"modified":"2025-09-02T16:52:09","modified_gmt":"2025-09-02T14:52:09","slug":"jornada-todas-unidas-contra-el-cancer-de-mama","status":"publish","type":"dt_portfolio","link":"https:\/\/www.dexeus.com\/cloud\/curso\/jornada-todas-unidas-contra-el-cancer-de-mama\/","title":{"rendered":"Jornada \u00abTod@s unid@s contra el C\u00e1ncer de Mama\u00bb"},"content":{"rendered":"<p>[vc_row full_width=\u00bbstretch_row\u00bb full_height=\u00bbyes\u00bb content_placement=\u00bbtop\u00bb css=\u00bb.vc_custom_1558087777111{padding-top: 3% !important;}\u00bb][vc_column width=\u00bb1\/3&#8243;][vc_column_text]<\/p>\n<p class=\"margen-extrat20\">En el 2018 se diagnosticaron en Espa\u00f1a 32.825 nuevos casos de c\u00e1ncer de mama,\u00a0<strong><em>y se estima que 1 de cada 8 mujeres, padecer\u00e1n esta enfermedad a lo largo de su vida<\/em><\/strong>, seg\u00fan datos de la Asociaci\u00f3n Espa\u00f1ola Contra el C\u00e1ncer. El c\u00e1ncer de mama masculino representa el 2% de los casos de este c\u00e1ncer, y diversos estudios muestran que no existen diferencias entre el c\u00e1ncer de los dos sexos.<\/p>\n<p>Con el objetivo de mejorar el bienestar f\u00edsico y emocional de los pacientes y acompa\u00f1arlos en el proceso, la\u00a0<strong>Fundaci\u00f3n Dexeus Mujer<\/strong>\u00a0y la\u00a0<strong>Fundaci\u00f3n OncoRosell<\/strong> durante la semana del <strong>D\u00eda Mundial contra el C\u00e1ncer de Mama<\/strong> organizaron el Encuentro Salud de la Mujer, <span class=\"destacados\"><em>Tod@s unid@s contra el C\u00e1ncer de Mama<\/em><\/span>, moderado por\u00a0 la periodista <strong>Laia Ferrer<\/strong>.<\/p>\n<p>Consulta el programa <a href=\"https:\/\/www.dexeus.com\/quienes-somos\/eventos\/todos-unidos-cancer-mama\" target=\"_blank\" rel=\"noopener noreferrer\">aqu\u00ed<\/a>.[\/vc_column_text][\/vc_column][vc_column width=\u00bb2\/3&#8243;][vc_raw_html]JTNDZGl2JTNFJTBBJTIwJTIwJTIwJTIwJTNDaWZyYW1lJTIwd2lkdGglM0QlMjI3MzQlMjIlMjBoZWlnaHQlM0QlMjI0MzYlMjIlMjBzcmMlM0QlMjJodHRwcyUzQSUyRiUyRnBsYXllci52aW1lby5jb20lMkZ2aWRlbyUyRjM2ODAzNDIxNyUzRmxvb3AlM0QxJTI2YXV0b3BhdXNlJTNEMCUyMiUyMGZyYW1lYm9yZGVyJTNEJTIyMCUyMiUyMGFsbG93ZnVsbHNjcmVlbiUzRSUzQyUyRmlmcmFtZSUzRSUwQSUzQyUyRmRpdiUzRQ==[\/vc_raw_html][\/vc_column][\/vc_row][vc_row][vc_column][\/vc_column][\/vc_row]<\/p>\n","protected":false},"excerpt":{"rendered":"<p>[vc_row full_width=\u00bbstretch_row\u00bb full_height=\u00bbyes\u00bb content_placement=\u00bbtop\u00bb css=\u00bb.vc_custom_1558087777111{padding-top: 3% !important;}\u00bb][vc_column width=\u00bb1\/3&#8243;][vc_column_text] En el 2018 se diagnosticaron en Espa\u00f1a 32.825 nuevos casos de c\u00e1ncer de mama,\u00a0y se estima que 1 de cada 8 mujeres, padecer\u00e1n esta enfermedad a lo largo de su vida, seg\u00fan datos de la Asociaci\u00f3n Espa\u00f1ola Contra el C\u00e1ncer. El c\u00e1ncer de mama masculino representa el&hellip;<\/p>\n","protected":false},"author":1,"featured_media":2618,"comment_status":"closed","ping_status":"closed","template":"","dt_portfolio_category":[39],"dt_portfolio_tags":[],"yoast_head":"<!-- This site is optimized with the Yoast SEO plugin v20.1 - https:\/\/yoast.com\/wordpress\/plugins\/seo\/ -->\n<title>Jornada &quot;Tod@s unid@s contra el C\u00e1ncer de Mama&quot; - Dexeus Cloud<\/title>\n<meta name=\"robots\" content=\"noindex, follow\" \/>\n<meta property=\"og:locale\" content=\"es_ES\" \/>\n<meta property=\"og:type\" content=\"article\" \/>\n<meta property=\"og:title\" content=\"Jornada &quot;Tod@s unid@s contra el C\u00e1ncer de Mama&quot; - Dexeus Cloud\" \/>\n<meta property=\"og:description\" content=\"[vc_row full_width=\u00bbstretch_row\u00bb full_height=\u00bbyes\u00bb content_placement=\u00bbtop\u00bb css=\u00bb.vc_custom_1558087777111{padding-top: 3% !important;}\u00bb][vc_column width=\u00bb1\/3&#8243;][vc_column_text] En el 2018 se diagnosticaron en Espa\u00f1a 32.825 nuevos casos de c\u00e1ncer de mama,\u00a0y se estima que 1 de cada 8 mujeres, padecer\u00e1n esta enfermedad a lo largo de su vida, seg\u00fan datos de la Asociaci\u00f3n Espa\u00f1ola Contra el C\u00e1ncer. El c\u00e1ncer de mama masculino representa el&hellip;\" \/>\n<meta property=\"og:url\" content=\"https:\/\/www.dexeus.com\/cloud\/curso\/jornada-todas-unidas-contra-el-cancer-de-mama\/\" \/>\n<meta property=\"og:site_name\" content=\"Dexeus Cloud\" \/>\n<meta property=\"article:publisher\" content=\"https:\/\/www.facebook.com\/dexeusmujer\" \/>\n<meta property=\"article:modified_time\" content=\"2025-09-02T14:52:09+00:00\" \/>\n<meta property=\"og:image\" content=\"https:\/\/www.dexeus.com\/cloud\/wp-content\/uploads\/2019\/10\/breastcancer1.jpg\" \/>\n\t<meta property=\"og:image:width\" content=\"700\" \/>\n\t<meta property=\"og:image:height\" content=\"370\" \/>\n\t<meta property=\"og:image:type\" content=\"image\/jpeg\" \/>\n<meta name=\"twitter:card\" content=\"summary_large_image\" \/>\n<meta name=\"twitter:site\" content=\"@dexeusmujer\" \/>\n<meta name=\"twitter:label1\" content=\"Est. reading time\" \/>\n\t<meta name=\"twitter:data1\" content=\"1 minuto\" \/>\n<script type=\"application\/ld+json\" class=\"yoast-schema-graph\">{\"@context\":\"https:\/\/schema.org\",\"@graph\":[{\"@type\":\"WebPage\",\"@id\":\"https:\/\/www.dexeus.com\/cloud\/curso\/jornada-todas-unidas-contra-el-cancer-de-mama\/\",\"url\":\"https:\/\/www.dexeus.com\/cloud\/curso\/jornada-todas-unidas-contra-el-cancer-de-mama\/\",\"name\":\"Jornada \\\"Tod@s unid@s contra el C\u00e1ncer de Mama\\\" - Dexeus Cloud\",\"isPartOf\":{\"@id\":\"https:\/\/www.dexeus.com\/cloud\/#website\"},\"datePublished\":\"2019-10-23T13:18:47+00:00\",\"dateModified\":\"2025-09-02T14:52:09+00:00\",\"breadcrumb\":{\"@id\":\"https:\/\/www.dexeus.com\/cloud\/curso\/jornada-todas-unidas-contra-el-cancer-de-mama\/#breadcrumb\"},\"inLanguage\":\"es\",\"potentialAction\":[{\"@type\":\"ReadAction\",\"target\":[\"https:\/\/www.dexeus.com\/cloud\/curso\/jornada-todas-unidas-contra-el-cancer-de-mama\/\"]}]},{\"@type\":\"BreadcrumbList\",\"@id\":\"https:\/\/www.dexeus.com\/cloud\/curso\/jornada-todas-unidas-contra-el-cancer-de-mama\/#breadcrumb\",\"itemListElement\":[{\"@type\":\"ListItem\",\"position\":1,\"name\":\"Home\",\"item\":\"https:\/\/www.dexeus.com\/cloud\/\"},{\"@type\":\"ListItem\",\"position\":2,\"name\":\"Portafolio\",\"item\":\"https:\/\/www.dexeus.com\/cloud\/curso\/\"},{\"@type\":\"ListItem\",\"position\":3,\"name\":\"Jornada &#8220;Tod@s unid@s contra el C\u00e1ncer de Mama&#8221;\"}]},{\"@type\":\"WebSite\",\"@id\":\"https:\/\/www.dexeus.com\/cloud\/#website\",\"url\":\"https:\/\/www.dexeus.com\/cloud\/\",\"name\":\"Dexeus Cloud\",\"description\":\"Una nube de informaci\u00f3n donde encontrar\u00e1s contenido \u00fatil y de calidad con v\u00eddeos y cursos para que vivas y afrontes de la mejor manera todos y cada uno de los momentos de tu vida.\",\"publisher\":{\"@id\":\"https:\/\/www.dexeus.com\/cloud\/#organization\"},\"potentialAction\":[{\"@type\":\"SearchAction\",\"target\":{\"@type\":\"EntryPoint\",\"urlTemplate\":\"https:\/\/www.dexeus.com\/cloud\/?s={search_term_string}\"},\"query-input\":\"required name=search_term_string\"}],\"inLanguage\":\"es\"},{\"@type\":\"Organization\",\"@id\":\"https:\/\/www.dexeus.com\/cloud\/#organization\",\"name\":\"Dexeus Mujer\",\"url\":\"https:\/\/www.dexeus.com\/cloud\/\",\"logo\":{\"@type\":\"ImageObject\",\"inLanguage\":\"es\",\"@id\":\"https:\/\/www.dexeus.com\/cloud\/#\/schema\/logo\/image\/\",\"url\":\"https:\/\/www.dexeus.com\/cloud\/wp-content\/uploads\/2019\/04\/logo-dexeus-cloud.png\",\"contentUrl\":\"https:\/\/www.dexeus.com\/cloud\/wp-content\/uploads\/2019\/04\/logo-dexeus-cloud.png\",\"width\":104,\"height\":70,\"caption\":\"Dexeus Mujer\"},\"image\":{\"@id\":\"https:\/\/www.dexeus.com\/cloud\/#\/schema\/logo\/image\/\"},\"sameAs\":[\"https:\/\/www.facebook.com\/dexeusmujer\",\"https:\/\/twitter.com\/dexeusmujer\",\"https:\/\/www.youtube.com\/user\/DexeusMujer\",\"https:\/\/www.instagram.com\/dexeusmujer\/\"]}]}<\/script>\n<!-- \/ Yoast SEO plugin. -->","yoast_head_json":{"title":"Jornada \"Tod@s unid@s contra el C\u00e1ncer de Mama\" - Dexeus Cloud","robots":{"index":"noindex","follow":"follow"},"og_locale":"es_ES","og_type":"article","og_title":"Jornada \"Tod@s unid@s contra el C\u00e1ncer de Mama\" - Dexeus Cloud","og_description":"[vc_row full_width=\u00bbstretch_row\u00bb full_height=\u00bbyes\u00bb content_placement=\u00bbtop\u00bb css=\u00bb.vc_custom_1558087777111{padding-top: 3% !important;}\u00bb][vc_column width=\u00bb1\/3&#8243;][vc_column_text] En el 2018 se diagnosticaron en Espa\u00f1a 32.825 nuevos casos de c\u00e1ncer de mama,\u00a0y se estima que 1 de cada 8 mujeres, padecer\u00e1n esta enfermedad a lo largo de su vida, seg\u00fan datos de la Asociaci\u00f3n Espa\u00f1ola Contra el C\u00e1ncer. El c\u00e1ncer de mama masculino representa el&hellip;","og_url":"https:\/\/www.dexeus.com\/cloud\/curso\/jornada-todas-unidas-contra-el-cancer-de-mama\/","og_site_name":"Dexeus Cloud","article_publisher":"https:\/\/www.facebook.com\/dexeusmujer","article_modified_time":"2025-09-02T14:52:09+00:00","og_image":[{"width":700,"height":370,"url":"https:\/\/www.dexeus.com\/cloud\/wp-content\/uploads\/2019\/10\/breastcancer1.jpg","type":"image\/jpeg"}],"twitter_card":"summary_large_image","twitter_site":"@dexeusmujer","twitter_misc":{"Est. reading time":"1 minuto"},"schema":{"@context":"https:\/\/schema.org","@graph":[{"@type":"WebPage","@id":"https:\/\/www.dexeus.com\/cloud\/curso\/jornada-todas-unidas-contra-el-cancer-de-mama\/","url":"https:\/\/www.dexeus.com\/cloud\/curso\/jornada-todas-unidas-contra-el-cancer-de-mama\/","name":"Jornada \"Tod@s unid@s contra el C\u00e1ncer de Mama\" - Dexeus Cloud","isPartOf":{"@id":"https:\/\/www.dexeus.com\/cloud\/#website"},"datePublished":"2019-10-23T13:18:47+00:00","dateModified":"2025-09-02T14:52:09+00:00","breadcrumb":{"@id":"https:\/\/www.dexeus.com\/cloud\/curso\/jornada-todas-unidas-contra-el-cancer-de-mama\/#breadcrumb"},"inLanguage":"es","potentialAction":[{"@type":"ReadAction","target":["https:\/\/www.dexeus.com\/cloud\/curso\/jornada-todas-unidas-contra-el-cancer-de-mama\/"]}]},{"@type":"BreadcrumbList","@id":"https:\/\/www.dexeus.com\/cloud\/curso\/jornada-todas-unidas-contra-el-cancer-de-mama\/#breadcrumb","itemListElement":[{"@type":"ListItem","position":1,"name":"Home","item":"https:\/\/www.dexeus.com\/cloud\/"},{"@type":"ListItem","position":2,"name":"Portafolio","item":"https:\/\/www.dexeus.com\/cloud\/curso\/"},{"@type":"ListItem","position":3,"name":"Jornada &#8220;Tod@s unid@s contra el C\u00e1ncer de Mama&#8221;"}]},{"@type":"WebSite","@id":"https:\/\/www.dexeus.com\/cloud\/#website","url":"https:\/\/www.dexeus.com\/cloud\/","name":"Dexeus Cloud","description":"Una nube de informaci\u00f3n donde encontrar\u00e1s contenido \u00fatil y de calidad con v\u00eddeos y cursos para que vivas y afrontes de la mejor manera todos y cada uno de los momentos de tu vida.","publisher":{"@id":"https:\/\/www.dexeus.com\/cloud\/#organization"},"potentialAction":[{"@type":"SearchAction","target":{"@type":"EntryPoint","urlTemplate":"https:\/\/www.dexeus.com\/cloud\/?s={search_term_string}"},"query-input":"required name=search_term_string"}],"inLanguage":"es"},{"@type":"Organization","@id":"https:\/\/www.dexeus.com\/cloud\/#organization","name":"Dexeus Mujer","url":"https:\/\/www.dexeus.com\/cloud\/","logo":{"@type":"ImageObject","inLanguage":"es","@id":"https:\/\/www.dexeus.com\/cloud\/#\/schema\/logo\/image\/","url":"https:\/\/www.dexeus.com\/cloud\/wp-content\/uploads\/2019\/04\/logo-dexeus-cloud.png","contentUrl":"https:\/\/www.dexeus.com\/cloud\/wp-content\/uploads\/2019\/04\/logo-dexeus-cloud.png","width":104,"height":70,"caption":"Dexeus Mujer"},"image":{"@id":"https:\/\/www.dexeus.com\/cloud\/#\/schema\/logo\/image\/"},"sameAs":["https:\/\/www.facebook.com\/dexeusmujer","https:\/\/twitter.com\/dexeusmujer","https:\/\/www.youtube.com\/user\/DexeusMujer","https:\/\/www.instagram.com\/dexeusmujer\/"]}]}},"_links":{"self":[{"href":"https:\/\/www.dexeus.com\/cloud\/wp-json\/wp\/v2\/dt_portfolio\/2588"}],"collection":[{"href":"https:\/\/www.dexeus.com\/cloud\/wp-json\/wp\/v2\/dt_portfolio"}],"about":[{"href":"https:\/\/www.dexeus.com\/cloud\/wp-json\/wp\/v2\/types\/dt_portfolio"}],"author":[{"embeddable":true,"href":"https:\/\/www.dexeus.com\/cloud\/wp-json\/wp\/v2\/users\/1"}],"replies":[{"embeddable":true,"href":"https:\/\/www.dexeus.com\/cloud\/wp-json\/wp\/v2\/comments?post=2588"}],"version-history":[{"count":4,"href":"https:\/\/www.dexeus.com\/cloud\/wp-json\/wp\/v2\/dt_portfolio\/2588\/revisions"}],"predecessor-version":[{"id":2623,"href":"https:\/\/www.dexeus.com\/cloud\/wp-json\/wp\/v2\/dt_portfolio\/2588\/revisions\/2623"}],"wp:featuredmedia":[{"embeddable":true,"href":"https:\/\/www.dexeus.com\/cloud\/wp-json\/wp\/v2\/media\/2618"}],"wp:attachment":[{"href":"https:\/\/www.dexeus.com\/cloud\/wp-json\/wp\/v2\/media?parent=2588"}],"wp:term":[{"taxonomy":"dt_portfolio_category","embeddable":true,"href":"https:\/\/www.dexeus.com\/cloud\/wp-json\/wp\/v2\/dt_portfolio_category?post=2588"},{"taxonomy":"dt_portfolio_tags","embeddable":true,"href":"https:\/\/www.dexeus.com\/cloud\/wp-json\/wp\/v2\/dt_portfolio_tags?post=2588"}],"curies":[{"name":"wp","href":"https:\/\/api.w.org\/{rel}","templated":true}]}}