{"id":2610,"date":"2019-10-24T13:50:40","date_gmt":"2019-10-24T11:50:40","guid":{"rendered":"https:\/\/www.dexeus.com\/cloud\/?page_id=2610"},"modified":"2019-10-24T13:53:32","modified_gmt":"2019-10-24T11:53:32","slug":"cancer-de-mama","status":"publish","type":"page","link":"https:\/\/www.dexeus.com\/cloud\/cursos\/cancer-de-mama\/","title":{"rendered":"C\u00e1ncer de mama"},"content":{"rendered":"<p>[vc_row][vc_column]<div class=\"ult-spacer spacer-69f41c8a4d156\" data-id=\"69f41c8a4d156\" data-height=\"30\" data-height-mobile=\"30\" data-height-tab=\"30\" data-height-tab-portrait=\"\" data-height-mobile-landscape=\"\" style=\"clear:both;display:block;\"><\/div>[vc_column_text]<\/p>\n<h2 style=\"text-align: center;\">C\u00e1ncer de mama<\/h2>\n<p>[\/vc_column_text]<div class=\"ult-spacer spacer-69f41c8a4d172\" data-id=\"69f41c8a4d172\" data-height=\"30\" data-height-mobile=\"30\" data-height-tab=\"30\" data-height-tab-portrait=\"\" data-height-mobile-landscape=\"\" style=\"clear:both;display:block;\"><\/div><div class=\"dt-shortcode with-isotope\"><div class=\"wf-container dt-portfolio-shortcode loading-effect-none iso-grid description-under-image content-align-centre\" data-padding=\"20px\" data-cur-page=\"1\" data-posts-per-page=\"-1\" data-width=\"370px\" data-columns=\"2\">\n<div class=\"wf-cell category-39\" data-post-id=\"2588\" data-date=\"2019-10-23T15:18:47+02:00\" data-name=\"Jornada &quot;Tod@s unid@s contra el C\u00e1ncer de Mama&quot;\">\n<article class=\"post post-2588 dt_portfolio type-dt_portfolio status-publish has-post-thumbnail hentry dt_portfolio_category-cancer-de-mama dt_portfolio_category-39 text-centered\">\n\n\t<div class=\"project-list-media\">\n\t<figure class=\"buttons-on-img forward-post\">\n\t\t<a href=\"https:\/\/www.dexeus.com\/cloud\/curso\/jornada-todas-unidas-contra-el-cancer-de-mama\/\" class=\"alignnone rollover layzr-bg\" title=\"Jornada &quot;Tod@s unid@s contra el C\u00e1ncer de Mama&quot;\"  aria-label=\"Post image\"><img class=\"preload-me iso-lazy-load\" src=\"data:image\/svg+xml,%3Csvg%20xmlns%3D&#39;http%3A%2F%2Fwww.w3.org%2F2000%2Fsvg&#39;%20viewBox%3D&#39;0%200%20555%20293&#39;%2F%3E\" data-src=\"https:\/\/www.dexeus.com\/cloud\/wp-content\/uploads\/2019\/10\/breastcancer1-555x293.jpg\" data-srcset=\"https:\/\/www.dexeus.com\/cloud\/wp-content\/uploads\/2019\/10\/breastcancer1-555x293.jpg 555w, https:\/\/www.dexeus.com\/cloud\/wp-content\/uploads\/2019\/10\/breastcancer1.jpg 700w\" alt=\"Jornada &quot;Tod@s unid@s contra el C\u00e1ncer de Mama&quot;\" width=\"555\" height=\"293\"  \/><\/a>\t\t\t<\/figure>\n<\/div>\n<div class=\"project-list-content\">\n\t<h3 class=\"entry-title\"><a href=\"https:\/\/www.dexeus.com\/cloud\/curso\/jornada-todas-unidas-contra-el-cancer-de-mama\/\" title=\"Jornada \u00abTod@s unid@s contra el C\u00e1ncer de Mama\u00bb\" rel=\"bookmark\">Jornada \u00abTod@s unid@s contra el C\u00e1ncer de Mama\u00bb<\/a><\/h3><p>[vc_row full_width=\u00bbstretch_row\u00bb full_height=\u00bbyes\u00bb content_placement=\u00bbtop\u00bb css=\u00bb.vc_custom_1558087777111{padding-top: 3% !important;}\u00bb][vc_column width=\u00bb1\/3&#8243;][vc_column_text] En el 2018 se diagnosticaron en Espa\u00f1a 32.825 nuevos casos de c\u00e1ncer de mama,\u00a0y se estima que 1 de cada 8 mujeres, padecer\u00e1n esta enfermedad a lo largo de su vida, seg\u00fan datos de la Asociaci\u00f3n Espa\u00f1ola Contra el C\u00e1ncer. El c\u00e1ncer de mama masculino representa el&hellip;<\/p>\n<\/div>\n<\/article>\n\n<\/div>\n<div class=\"wf-cell category-39\" data-post-id=\"2607\" data-date=\"2019-10-24T13:51:36+02:00\" data-name=\"C\u00f3mo realizar una autoexploraci\u00f3n mamaria\">\n<article class=\"post post-2607 dt_portfolio type-dt_portfolio status-publish has-post-thumbnail hentry dt_portfolio_category-cancer-de-mama dt_portfolio_category-39 text-centered\">\n\n\t<div class=\"project-list-media\">\n\t<figure class=\"buttons-on-img forward-post\">\n\t\t<a href=\"https:\/\/www.dexeus.com\/cloud\/curso\/como-realizar-una-autoexploracion-mamaria\/\" class=\"alignnone rollover layzr-bg\" title=\"Captura3-1\"  aria-label=\"Post image\"><img class=\"preload-me iso-lazy-load\" src=\"data:image\/svg+xml,%3Csvg%20xmlns%3D&#39;http%3A%2F%2Fwww.w3.org%2F2000%2Fsvg&#39;%20viewBox%3D&#39;0%200%20555%20293&#39;%2F%3E\" data-src=\"https:\/\/www.dexeus.com\/cloud\/wp-content\/uploads\/2019\/10\/Captura3-1-1-555x293.jpg\" data-srcset=\"https:\/\/www.dexeus.com\/cloud\/wp-content\/uploads\/2019\/10\/Captura3-1-1-555x293.jpg 555w, https:\/\/www.dexeus.com\/cloud\/wp-content\/uploads\/2019\/10\/Captura3-1-1.jpg 700w\" alt=\"\" width=\"555\" height=\"293\"  \/><\/a>\t\t\t<\/figure>\n<\/div>\n<div class=\"project-list-content\">\n\t<h3 class=\"entry-title\"><a href=\"https:\/\/www.dexeus.com\/cloud\/curso\/como-realizar-una-autoexploracion-mamaria\/\" title=\"C\u00f3mo realizar una autoexploraci\u00f3n mamaria\" rel=\"bookmark\">C\u00f3mo realizar una autoexploraci\u00f3n mamaria<\/a><\/h3><p>[vc_row full_width=\u00bbstretch_row\u00bb full_height=\u00bbyes\u00bb content_placement=\u00bbtop\u00bb css=\u00bb.vc_custom_1558087777111{padding-top: 3% !important;}\u00bb][vc_column width=\u00bb1\/3&#8243;][vc_column_text]Si se detecta en su etapa inicial, el 90% de las pacientes que sufre un c\u00e1ncer de mama se cura. Por eso, es muy importante realizar la revisi\u00f3n ginecol\u00f3gica anual y una autoexploraci\u00f3n de tus mamas regularmente cualquier d\u00eda, o bien despu\u00e9s de la menstruaci\u00f3n. En este v\u00eddeo&hellip;<\/p>\n<\/div>\n<\/article>\n\n<\/div><\/div><\/div>[\/vc_column][\/vc_row]<\/p>\n","protected":false},"excerpt":{"rendered":"<p>[vc_row][vc_column][vc_column_text] C\u00e1ncer de mama [\/vc_column_text][\/vc_column][\/vc_row]<\/p>\n","protected":false},"author":7813,"featured_media":2611,"parent":879,"menu_order":0,"comment_status":"closed","ping_status":"closed","template":"","meta":[],"yoast_head":"<!-- This site is optimized with the Yoast SEO plugin v20.1 - https:\/\/yoast.com\/wordpress\/plugins\/seo\/ -->\n<title>C\u00e1ncer de mama - Dexeus Cloud<\/title>\n<meta name=\"robots\" content=\"index, follow, max-snippet:-1, max-image-preview:large, max-video-preview:-1\" \/>\n<link rel=\"canonical\" href=\"https:\/\/www.dexeus.com\/cloud\/cursos\/cancer-de-mama\/\" \/>\n<meta property=\"og:locale\" content=\"es_ES\" \/>\n<meta property=\"og:type\" content=\"article\" \/>\n<meta property=\"og:title\" content=\"C\u00e1ncer de mama - Dexeus Cloud\" \/>\n<meta property=\"og:description\" content=\"[vc_row][vc_column][vc_column_text] C\u00e1ncer de mama [\/vc_column_text][\/vc_column][\/vc_row]\" \/>\n<meta property=\"og:url\" content=\"https:\/\/www.dexeus.com\/cloud\/cursos\/cancer-de-mama\/\" \/>\n<meta property=\"og:site_name\" content=\"Dexeus Cloud\" \/>\n<meta property=\"article:publisher\" content=\"https:\/\/www.facebook.com\/dexeusmujer\" \/>\n<meta property=\"article:modified_time\" content=\"2019-10-24T11:53:32+00:00\" \/>\n<meta property=\"og:image\" content=\"https:\/\/www.dexeus.com\/cloud\/wp-content\/uploads\/2019\/10\/mujer-cancer-abrazo-panuelo-cabeza.jpg\" \/>\n\t<meta property=\"og:image:width\" content=\"1000\" \/>\n\t<meta property=\"og:image:height\" content=\"667\" \/>\n\t<meta property=\"og:image:type\" content=\"image\/jpeg\" \/>\n<meta name=\"twitter:card\" content=\"summary_large_image\" \/>\n<meta name=\"twitter:site\" content=\"@dexeusmujer\" \/>\n<script type=\"application\/ld+json\" class=\"yoast-schema-graph\">{\"@context\":\"https:\/\/schema.org\",\"@graph\":[{\"@type\":\"WebPage\",\"@id\":\"https:\/\/www.dexeus.com\/cloud\/cursos\/cancer-de-mama\/\",\"url\":\"https:\/\/www.dexeus.com\/cloud\/cursos\/cancer-de-mama\/\",\"name\":\"C\u00e1ncer de mama - Dexeus Cloud\",\"isPartOf\":{\"@id\":\"https:\/\/www.dexeus.com\/cloud\/#website\"},\"datePublished\":\"2019-10-24T11:50:40+00:00\",\"dateModified\":\"2019-10-24T11:53:32+00:00\",\"breadcrumb\":{\"@id\":\"https:\/\/www.dexeus.com\/cloud\/cursos\/cancer-de-mama\/#breadcrumb\"},\"inLanguage\":\"es\",\"potentialAction\":[{\"@type\":\"ReadAction\",\"target\":[\"https:\/\/www.dexeus.com\/cloud\/cursos\/cancer-de-mama\/\"]}]},{\"@type\":\"BreadcrumbList\",\"@id\":\"https:\/\/www.dexeus.com\/cloud\/cursos\/cancer-de-mama\/#breadcrumb\",\"itemListElement\":[{\"@type\":\"ListItem\",\"position\":1,\"name\":\"Home\",\"item\":\"https:\/\/www.dexeus.com\/cloud\/\"},{\"@type\":\"ListItem\",\"position\":2,\"name\":\"Cursos\",\"item\":\"https:\/\/www.dexeus.com\/cloud\/cursos\/\"},{\"@type\":\"ListItem\",\"position\":3,\"name\":\"C\u00e1ncer de mama\"}]},{\"@type\":\"WebSite\",\"@id\":\"https:\/\/www.dexeus.com\/cloud\/#website\",\"url\":\"https:\/\/www.dexeus.com\/cloud\/\",\"name\":\"Dexeus Cloud\",\"description\":\"Una nube de informaci\u00f3n donde encontrar\u00e1s contenido \u00fatil y de calidad con v\u00eddeos y cursos para que vivas y afrontes de la mejor manera todos y cada uno de los momentos de tu vida.\",\"publisher\":{\"@id\":\"https:\/\/www.dexeus.com\/cloud\/#organization\"},\"potentialAction\":[{\"@type\":\"SearchAction\",\"target\":{\"@type\":\"EntryPoint\",\"urlTemplate\":\"https:\/\/www.dexeus.com\/cloud\/?s={search_term_string}\"},\"query-input\":\"required name=search_term_string\"}],\"inLanguage\":\"es\"},{\"@type\":\"Organization\",\"@id\":\"https:\/\/www.dexeus.com\/cloud\/#organization\",\"name\":\"Dexeus Mujer\",\"url\":\"https:\/\/www.dexeus.com\/cloud\/\",\"logo\":{\"@type\":\"ImageObject\",\"inLanguage\":\"es\",\"@id\":\"https:\/\/www.dexeus.com\/cloud\/#\/schema\/logo\/image\/\",\"url\":\"https:\/\/www.dexeus.com\/cloud\/wp-content\/uploads\/2019\/04\/logo-dexeus-cloud.png\",\"contentUrl\":\"https:\/\/www.dexeus.com\/cloud\/wp-content\/uploads\/2019\/04\/logo-dexeus-cloud.png\",\"width\":104,\"height\":70,\"caption\":\"Dexeus Mujer\"},\"image\":{\"@id\":\"https:\/\/www.dexeus.com\/cloud\/#\/schema\/logo\/image\/\"},\"sameAs\":[\"https:\/\/www.facebook.com\/dexeusmujer\",\"https:\/\/twitter.com\/dexeusmujer\",\"https:\/\/www.youtube.com\/user\/DexeusMujer\",\"https:\/\/www.instagram.com\/dexeusmujer\/\"]}]}<\/script>\n<!-- \/ Yoast SEO plugin. -->","yoast_head_json":{"title":"C\u00e1ncer de mama - Dexeus Cloud","robots":{"index":"index","follow":"follow","max-snippet":"max-snippet:-1","max-image-preview":"max-image-preview:large","max-video-preview":"max-video-preview:-1"},"canonical":"https:\/\/www.dexeus.com\/cloud\/cursos\/cancer-de-mama\/","og_locale":"es_ES","og_type":"article","og_title":"C\u00e1ncer de mama - Dexeus Cloud","og_description":"[vc_row][vc_column][vc_column_text] C\u00e1ncer de mama [\/vc_column_text][\/vc_column][\/vc_row]","og_url":"https:\/\/www.dexeus.com\/cloud\/cursos\/cancer-de-mama\/","og_site_name":"Dexeus Cloud","article_publisher":"https:\/\/www.facebook.com\/dexeusmujer","article_modified_time":"2019-10-24T11:53:32+00:00","og_image":[{"width":1000,"height":667,"url":"https:\/\/www.dexeus.com\/cloud\/wp-content\/uploads\/2019\/10\/mujer-cancer-abrazo-panuelo-cabeza.jpg","type":"image\/jpeg"}],"twitter_card":"summary_large_image","twitter_site":"@dexeusmujer","schema":{"@context":"https:\/\/schema.org","@graph":[{"@type":"WebPage","@id":"https:\/\/www.dexeus.com\/cloud\/cursos\/cancer-de-mama\/","url":"https:\/\/www.dexeus.com\/cloud\/cursos\/cancer-de-mama\/","name":"C\u00e1ncer de mama - Dexeus Cloud","isPartOf":{"@id":"https:\/\/www.dexeus.com\/cloud\/#website"},"datePublished":"2019-10-24T11:50:40+00:00","dateModified":"2019-10-24T11:53:32+00:00","breadcrumb":{"@id":"https:\/\/www.dexeus.com\/cloud\/cursos\/cancer-de-mama\/#breadcrumb"},"inLanguage":"es","potentialAction":[{"@type":"ReadAction","target":["https:\/\/www.dexeus.com\/cloud\/cursos\/cancer-de-mama\/"]}]},{"@type":"BreadcrumbList","@id":"https:\/\/www.dexeus.com\/cloud\/cursos\/cancer-de-mama\/#breadcrumb","itemListElement":[{"@type":"ListItem","position":1,"name":"Home","item":"https:\/\/www.dexeus.com\/cloud\/"},{"@type":"ListItem","position":2,"name":"Cursos","item":"https:\/\/www.dexeus.com\/cloud\/cursos\/"},{"@type":"ListItem","position":3,"name":"C\u00e1ncer de mama"}]},{"@type":"WebSite","@id":"https:\/\/www.dexeus.com\/cloud\/#website","url":"https:\/\/www.dexeus.com\/cloud\/","name":"Dexeus Cloud","description":"Una nube de informaci\u00f3n donde encontrar\u00e1s contenido \u00fatil y de calidad con v\u00eddeos y cursos para que vivas y afrontes de la mejor manera todos y cada uno de los momentos de tu vida.","publisher":{"@id":"https:\/\/www.dexeus.com\/cloud\/#organization"},"potentialAction":[{"@type":"SearchAction","target":{"@type":"EntryPoint","urlTemplate":"https:\/\/www.dexeus.com\/cloud\/?s={search_term_string}"},"query-input":"required name=search_term_string"}],"inLanguage":"es"},{"@type":"Organization","@id":"https:\/\/www.dexeus.com\/cloud\/#organization","name":"Dexeus Mujer","url":"https:\/\/www.dexeus.com\/cloud\/","logo":{"@type":"ImageObject","inLanguage":"es","@id":"https:\/\/www.dexeus.com\/cloud\/#\/schema\/logo\/image\/","url":"https:\/\/www.dexeus.com\/cloud\/wp-content\/uploads\/2019\/04\/logo-dexeus-cloud.png","contentUrl":"https:\/\/www.dexeus.com\/cloud\/wp-content\/uploads\/2019\/04\/logo-dexeus-cloud.png","width":104,"height":70,"caption":"Dexeus Mujer"},"image":{"@id":"https:\/\/www.dexeus.com\/cloud\/#\/schema\/logo\/image\/"},"sameAs":["https:\/\/www.facebook.com\/dexeusmujer","https:\/\/twitter.com\/dexeusmujer","https:\/\/www.youtube.com\/user\/DexeusMujer","https:\/\/www.instagram.com\/dexeusmujer\/"]}]}},"_links":{"self":[{"href":"https:\/\/www.dexeus.com\/cloud\/wp-json\/wp\/v2\/pages\/2610"}],"collection":[{"href":"https:\/\/www.dexeus.com\/cloud\/wp-json\/wp\/v2\/pages"}],"about":[{"href":"https:\/\/www.dexeus.com\/cloud\/wp-json\/wp\/v2\/types\/page"}],"author":[{"embeddable":true,"href":"https:\/\/www.dexeus.com\/cloud\/wp-json\/wp\/v2\/users\/7813"}],"replies":[{"embeddable":true,"href":"https:\/\/www.dexeus.com\/cloud\/wp-json\/wp\/v2\/comments?post=2610"}],"version-history":[{"count":4,"href":"https:\/\/www.dexeus.com\/cloud\/wp-json\/wp\/v2\/pages\/2610\/revisions"}],"predecessor-version":[{"id":5395,"href":"https:\/\/www.dexeus.com\/cloud\/wp-json\/wp\/v2\/pages\/2610\/revisions\/5395"}],"up":[{"embeddable":true,"href":"https:\/\/www.dexeus.com\/cloud\/wp-json\/wp\/v2\/pages\/879"}],"wp:featuredmedia":[{"embeddable":true,"href":"https:\/\/www.dexeus.com\/cloud\/wp-json\/wp\/v2\/media\/2611"}],"wp:attachment":[{"href":"https:\/\/www.dexeus.com\/cloud\/wp-json\/wp\/v2\/media?parent=2610"}],"curies":[{"name":"wp","href":"https:\/\/api.w.org\/{rel}","templated":true}]}}