{"id":15258,"date":"2024-02-29T15:52:58","date_gmt":"2024-02-29T14:52:58","guid":{"rendered":"https:\/\/www.dexeus.com\/fertility\/decouvrez-nous\/notre-equipe\/"},"modified":"2025-07-31T18:08:29","modified_gmt":"2025-07-31T16:08:29","slug":"equipe-medicale","status":"publish","type":"page","link":"https:\/\/www.dexeus.com\/fertility\/fr\/decouvrez-nous\/equipe-medicale\/","title":{"rendered":"Notre \u00e9quipe"},"content":{"rendered":"\t\t<div data-elementor-type=\"wp-post\" data-elementor-id=\"15258\" class=\"elementor elementor-15258 elementor-3243\" data-elementor-post-type=\"page\">\n\t\t\t\t<div class=\"elementor-element elementor-element-78d6fc6 e-con-full e-flex e-con e-parent\" data-id=\"78d6fc6\" data-element_type=\"container\" data-settings=\"{&quot;background_background&quot;:&quot;classic&quot;,&quot;jet_parallax_layout_list&quot;:[]}\">\n\t\t<div class=\"elementor-element elementor-element-52a4dde e-flex e-con-boxed e-con e-child\" data-id=\"52a4dde\" data-element_type=\"container\" data-settings=\"{&quot;jet_parallax_layout_list&quot;:[]}\">\n\t\t\t\t\t<div class=\"e-con-inner\">\n\t\t\t\t<div class=\"elementor-element elementor-element-9323d96 elementor-widget elementor-widget-heading\" data-id=\"9323d96\" data-element_type=\"widget\" data-widget_type=\"heading.default\">\n\t\t\t\t<div class=\"elementor-widget-container\">\n\t\t\t\t\t<h1 class=\"elementor-heading-title elementor-size-default\">Notre \u00e9quipe<\/h1>\t\t\t\t<\/div>\n\t\t\t\t<\/div>\n\t\t\t\t\t<\/div>\n\t\t\t\t<\/div>\n\t\t\t\t<\/div>\n\t\t<div class=\"elementor-element elementor-element-8e79f4c e-flex e-con-boxed e-con e-parent\" data-id=\"8e79f4c\" data-element_type=\"container\" data-settings=\"{&quot;jet_parallax_layout_list&quot;:[]}\">\n\t\t\t\t\t<div class=\"e-con-inner\">\n\t\t<div class=\"elementor-element elementor-element-83cb17d e-con-full e-flex e-con e-child\" data-id=\"83cb17d\" data-element_type=\"container\" data-settings=\"{&quot;jet_parallax_layout_list&quot;:[]}\">\n\t\t<div class=\"elementor-element elementor-element-fdf64a4 e-con-full e-flex e-con e-child\" data-id=\"fdf64a4\" data-element_type=\"container\" data-settings=\"{&quot;jet_parallax_layout_list&quot;:[]}\">\n\t\t\t\t<div class=\"elementor-element elementor-element-cc45103 elementor-widget elementor-widget-text-editor\" data-id=\"cc45103\" data-element_type=\"widget\" data-widget_type=\"text-editor.default\">\n\t\t\t\t<div class=\"elementor-widget-container\">\n\t\t\t\t\t\t\t\t\t<p>Chez <span class=\"pink-title\"><b>Dexeus Mujer<\/b><\/span> nous comptons sur de prestigieux sp\u00e9cialistes (gyn\u00e9cologues, radiologues, biologistes\u2026) qui travaillent en \u00e9quipe pour vous offrir, dans un espace unique et moderne, tous les services et les prestations dont vous puissiez avoir besoin.<\/p>\n<p class=\"has-text-align-left\">Nos patients et eux-m\u00eames comptent sur le travail et le soutien de plus de 300 personnes, des infirmi\u00e8res au personnel administratif. Ensemble, ils nous ont permis de devenir un centre de r\u00e9f\u00e9rence international dans le domaine de la sant\u00e9 des femmes. <\/p>\t\t\t\t\t\t\t\t<\/div>\n\t\t\t\t<\/div>\n\t\t\t\t<\/div>\n\t\t\t\t<div class=\"elementor-element elementor-element-998cceb elementor-widget elementor-widget-shortcode\" data-id=\"998cceb\" data-element_type=\"widget\" data-widget_type=\"shortcode.default\">\n\t\t\t\t<div class=\"elementor-widget-container\">\n\t\t\t\t\t\t\t<div class=\"elementor-shortcode\"><div class=\"dexeus-mt-list-container\"><div class=\"inner\"><div class=\"mt-filters\"><div class=\"filters-inner\"><div class=\"full_name\"><input type=\"text\" name=\"full_name\" placeholder=\"Chercher\" \/><\/div><div class=\"language\"><select><option value=\"\">- Langue -<\/option><option value=\"Espagnol\">Espagnol<\/option><option value=\"Catalan\">Catalan<\/option><option value=\"Anglais\">Anglais<\/option><option value=\"Fran\u00e7ais\">Fran\u00e7ais<\/option><option value=\"N\u00e9erlandais\">N\u00e9erlandais<\/option><option value=\"Grecque\">Grecque<\/option><option value=\"Italien\">Italien<\/option><option value=\"Allemand\">Allemand<\/option><option value=\"Portugais\">Portugais<\/option><option value=\"Turc\">Turc<\/option><option value=\"Roumain\">Roumain<\/option><option value=\"Polonais\">Polonais<\/option><option value=\"Basque\">Basque<\/option><\/select><\/div><div class=\"center\"><select><option value=\"\">- Centre -<\/option><option value=\"Barcelone\">Barcelone<\/option><option value=\"Sant Cugat\">Sant Cugat<\/option><option value=\"Sabadell\">Sabadell<\/option><option value=\"Tarragone\">Tarragone<\/option><option value=\"Reus\">Reus<\/option><option value=\"Manresa\">Manresa<\/option><\/select><\/div><div class=\"medical-area hide\"><select><option value=\"\">- Medical Area -<\/option><option  value=\"2\">Gyn\u00e9cologie<\/option><option  value=\"3\">Obst\u00e9trique<\/option><option selected value=\"28\">M\u00e9dicine de la Reproduction<\/option><option  value=\"41\">Tests diagnostiques<\/option><option  value=\"46\">G\u00e9n\u00e9tique m\u00e9dicale<\/option><option  value=\"48\">Sant\u00e9 de l\u2019homme<\/option><option  value=\"52\">Autres sp\u00e9cialistes<\/option><\/select><\/div><div class=\"medical-spec\"><select><option value=\"\" class=\"show\">- Sp\u00e9cialit\u00e9 -<\/option><option class=\"\" data-parent=\"41\" value=\"42\">Diagnostic Gyn\u00e9cologique par l\u2019Image<\/option><option class=\"\" data-parent=\"48\" value=\"121\">Infections de transmission sexuelle<\/option><option class=\"\" data-parent=\"52\" value=\"53\">Acupuncture<\/option><option class=\"show\" data-parent=\"28\" value=\"29\">Fausses couches \u00e0 R\u00e9p\u00e9tition (Infertilit\u00e9)<\/option><option class=\"\" data-parent=\"46\" value=\"47\">G\u00e9n\u00e9tique m\u00e9dicale<\/option><option class=\"\" data-parent=\"2\" value=\"10\">Contraception<\/option><option class=\"\" data-parent=\"3\" value=\"4\">Assistance avant la Grossesse<\/option><option class=\"\" data-parent=\"48\" value=\"50\">Fertilit\u00e9 masculine<\/option><option class=\"\" data-parent=\"3\" value=\"1164\">Grossesse<\/option><option class=\"\" data-parent=\"41\" value=\"43\">\u00c9chographie de la Reproduction<\/option><option class=\"\" data-parent=\"2\" value=\"11\">Chirurgie Gyn\u00e9cologique<\/option><option class=\"\" data-parent=\"52\" value=\"54\">Analyses Cliniques<\/option><option class=\"show\" data-parent=\"28\" value=\"30\">Andrologie<\/option><option class=\"\" data-parent=\"52\" value=\"55\">Cytologie<\/option><option class=\"show\" data-parent=\"28\" value=\"31\">Biologie de la Reproduction<\/option><option class=\"\" data-parent=\"41\" value=\"44\">\u00c9chographie obst\u00e9tricale et diagnostic pr\u00e9natal<\/option><option class=\"\" data-parent=\"48\" value=\"49\">Sexualit\u00e9 masculine<\/option><option class=\"\" data-parent=\"3\" value=\"6\">Grossesse et Accouchement<\/option><option class=\"\" data-parent=\"2\" value=\"12\">Contraception<\/option><option class=\"\" data-parent=\"52\" value=\"174\">Direction m\u00e9dicale<\/option><option class=\"\" data-parent=\"3\" value=\"5\">Haut risque obst\u00e9trique<\/option><option class=\"\" data-parent=\"2\" value=\"13\">Endom\u00e9triose<\/option><option class=\"\" data-parent=\"41\" value=\"45\">Endoscopie du sein<\/option><option class=\"show\" data-parent=\"28\" value=\"32\">Diagnostic g\u00e9n\u00e9tique pr\u00e9implantatoire<\/option><option class=\"show\" data-parent=\"28\" value=\"33\">Endocrinologie Gyn\u00e9cologique<\/option><option class=\"\" data-parent=\"52\" value=\"56\">Documentation m\u00e9dicale<\/option><option class=\"\" data-parent=\"3\" value=\"7\">Interruption L\u00e9gale de la Grossesse<\/option><option class=\"\" data-parent=\"2\" value=\"14\">Maladie Inflammatoire Pelvienne<\/option><option class=\"show\" data-parent=\"28\" value=\"34\">Endocrinologie de la reproduction<\/option><option class=\"\" data-parent=\"3\" value=\"8\">Pertes de embryof\u0153tal r\u00e9p\u00e9t\u00e9es<\/option><option class=\"\" data-parent=\"2\" value=\"973\">Gyn\u00e9cologie esth\u00e9tique<\/option><option class=\"\" data-parent=\"52\" value=\"1174\">Endocrinologie<\/option><option class=\"show\" data-parent=\"28\" value=\"35\">\u00c9tude Int\u00e9gr\u00e9e de St\u00e9rilit\u00e9<\/option><option class=\"\" data-parent=\"2\" value=\"15\">Gyn\u00e9cologie de l\u2019Enfance et de l\u2019Adolescence<\/option><option class=\"\" data-parent=\"52\" value=\"57\">Physioth\u00e9rapie de la Femme<\/option><option class=\"\" data-parent=\"3\" value=\"9\">Seconde opinion de Diagnostic Pr\u00e9natal<\/option><option class=\"\" data-parent=\"3\" value=\"1126\">Gardes dans la salle d&#039;accouchement<\/option><option class=\"\" data-parent=\"52\" value=\"122\">Nutrition<\/option><option class=\"\" data-parent=\"2\" value=\"16\">Gyn\u00e9cologie G\u00e9n\u00e9rale<\/option><option class=\"show\" data-parent=\"28\" value=\"36\">Infertlit\u00e9<\/option><option class=\"\" data-parent=\"2\" value=\"17\">Gyn\u00e9cologie Oncologique (Cancer gyn\u00e9cologique et du sein)<\/option><option class=\"show\" data-parent=\"28\" value=\"1104\">G\u00e9n\u00e9tique<\/option><option class=\"\" data-parent=\"52\" value=\"94\">Psychologie<\/option><option class=\"show\" data-parent=\"28\" value=\"37\">Pr\u00e9servation de la fertilit\u00e9<\/option><option class=\"\" data-parent=\"2\" value=\"18\">Hyst\u00e9roscopie<\/option><option class=\"\" data-parent=\"2\" value=\"19\">Infections de transmission sexuelle<\/option><option class=\"show\" data-parent=\"28\" value=\"38\">Programme de don d\u2019ovocytes<\/option><option class=\"show\" data-parent=\"28\" value=\"39\">S\u00e9rodiscordants VIH<\/option><option class=\"\" data-parent=\"2\" value=\"20\">Mastologie (Pathologie mammaire b\u00e9nigne)<\/option><option class=\"\" data-parent=\"2\" value=\"21\">M\u00e9nopause<\/option><option class=\"show\" data-parent=\"28\" value=\"40\">Techniques de Reproduction Assist\u00e9e<\/option><option class=\"\" data-parent=\"2\" value=\"22\">Myomes, kystes des ovaires et maladies des annexes<\/option><option class=\"\" data-parent=\"2\" value=\"23\">Pathologie du Tractus G\u00e9nital Inf\u00e9rieur<\/option><option class=\"\" data-parent=\"2\" value=\"24\">Risque Oncologique<\/option><option class=\"\" data-parent=\"2\" value=\"26\">Plancher Pelvien (Uro-gyn\u00e9cologie)<\/option><option class=\"\" data-parent=\"2\" value=\"27\">Vaccination HPV<\/option><\/select><\/div><\/div><\/div><div class=\"message\"><div class=\"inner\">No results have been found to match your search terms.<\/div><\/div><div class=\"mt-list\"><div class=\"mt-item hide\" data-name=\"Pere N. Barri Soldevila\" data-languages=\"Espagnol|||Catalan|||Anglais|||Fran\u00e7ais\" data-centers=\"Barcelone\" data-medspec=\"11|||13|||16|||18|||22|||26\" data-medarea=\"2\"><div class=\"mt-item-inner\"><div class=\"photo\"><a href=\"#\"><img decoding=\"async\" src=\"https:\/\/www.dexeus.com\/sites\/default\/files\/styles\/equipo_medico\/public\/images\/equipo-humano\/pere-barri-soldevila.png?itok=KFC9H3W2\" alt=\"Pere N. Barri Soldevila\" \/><\/a><\/div><div class=\"name\"><a href=\"#\">Pere N. Barri Soldevila<\/a><\/div><div class=\"position\">Directeur de Dexeus Mujer, Chef de l&#039;Unit\u00e9 de Endom\u00e9triose<\/div><\/div><div class=\"mt-item-overlay\"><div class=\"mt-item-overlay-inner\"><a href=\"#\" class=\"close\"><\/a><div class=\"mt-item-details\"><h4 class=\"name\">Pere N. Barri Soldevila<\/h4><div class=\"left\"><img decoding=\"async\" src=\"https:\/\/www.dexeus.com\/sites\/default\/files\/styles\/equipo_medico\/public\/images\/equipo-humano\/pere-barri-soldevila.png?itok=KFC9H3W2\" alt=\"Pere N. Barri Soldevila\" \/><\/div><div class=\"right\"><div class=\"position\">Directeur de Dexeus Mujer, Chef de l&#039;Unit\u00e9 de Endom\u00e9triose<\/div><div class=\"centers\"><span class=\"label\">Centres: <\/span>Barcelone<\/div><div class=\"languages\"><span class=\"label\">Langues: <\/span>Espagnol, Catalan, Anglais, Fran\u00e7ais<\/div><div class=\"specialities\"><span class=\"label\">Sp\u00e9cialit\u00e9s: <\/span>Chirurgie Gyn\u00e9cologique, Endom\u00e9triose, Gyn\u00e9cologie G\u00e9n\u00e9rale, Hyst\u00e9roscopie, Myomes, kystes des ovaires et maladies des annexes, Plancher Pelvien (Uro-gyn\u00e9cologie)<\/div><\/div><div class=\"description\"><\/div><\/div><\/div><\/div><\/div><div class=\"mt-item \" data-name=\"Nikolaos Polyzos\" data-languages=\"Espagnol|||Anglais|||N\u00e9erlandais|||Grecque\" data-centers=\"Barcelone\" data-medspec=\"16|||33|||35|||40\" data-medarea=\"2|||28\"><div class=\"mt-item-inner\"><div class=\"photo\"><a href=\"#\"><img decoding=\"async\" src=\"https:\/\/www.dexeus.com\/sites\/default\/files\/styles\/equipo_medico\/public\/images\/equipo-humano\/nikolaos-polyzos_0.png?itok=WPx88hKj\" alt=\"Nikolaos Polyzos\" \/><\/a><\/div><div class=\"name\"><a href=\"#\">Nikolaos Polyzos<\/a><\/div><div class=\"position\">Pr\u00e9sident de la Fondation Dexeus Mujer, Directeur Scientifique de Dexeus Mujer<\/div><\/div><div class=\"mt-item-overlay\"><div class=\"mt-item-overlay-inner\"><a href=\"#\" class=\"close\"><\/a><div class=\"mt-item-details\"><h4 class=\"name\">Nikolaos Polyzos<\/h4><div class=\"left\"><img decoding=\"async\" src=\"https:\/\/www.dexeus.com\/sites\/default\/files\/styles\/equipo_medico\/public\/images\/equipo-humano\/nikolaos-polyzos_0.png?itok=WPx88hKj\" alt=\"Nikolaos Polyzos\" \/><\/div><div class=\"right\"><div class=\"position\">Pr\u00e9sident de la Fondation Dexeus Mujer, Directeur Scientifique de Dexeus Mujer<\/div><div class=\"centers\"><span class=\"label\">Centres: <\/span>Barcelone<\/div><div class=\"languages\"><span class=\"label\">Langues: <\/span>Espagnol, Anglais, N\u00e9erlandais, Grecque<\/div><div class=\"specialities\"><span class=\"label\">Sp\u00e9cialit\u00e9s: <\/span>Gyn\u00e9cologie G\u00e9n\u00e9rale, Endocrinologie Gyn\u00e9cologique, \u00c9tude Int\u00e9gr\u00e9e de St\u00e9rilit\u00e9, Techniques de Reproduction Assist\u00e9e<\/div><\/div><div class=\"description\"><\/div><\/div><\/div><\/div><\/div><div class=\"mt-item \" data-name=\"Buenaventura Coroleu Lletget\" data-languages=\"Espagnol|||Catalan|||Anglais\" data-centers=\"Barcelone\" data-medspec=\"40|||35|||37\" data-medarea=\"28\"><div class=\"mt-item-inner\"><div class=\"photo\"><a href=\"#\"><img decoding=\"async\" src=\"https:\/\/www.dexeus.com\/sites\/default\/files\/styles\/equipo_medico\/public\/images\/equipo-medico\/buenaventura-coroleu-lletget.png?itok=mB0wvCCQ\" alt=\"Buenaventura Coroleu Lletget\" \/><\/a><\/div><div class=\"name\"><a href=\"#\">Buenaventura Coroleu Lletget<\/a><\/div><div class=\"position\">Conseiller du Service de M\u00e9decine de la Reproduction<\/div><\/div><div class=\"mt-item-overlay\"><div class=\"mt-item-overlay-inner\"><a href=\"#\" class=\"close\"><\/a><div class=\"mt-item-details\"><h4 class=\"name\">Buenaventura Coroleu Lletget<\/h4><div class=\"left\"><img decoding=\"async\" src=\"https:\/\/www.dexeus.com\/sites\/default\/files\/styles\/equipo_medico\/public\/images\/equipo-medico\/buenaventura-coroleu-lletget.png?itok=mB0wvCCQ\" alt=\"Buenaventura Coroleu Lletget\" \/><\/div><div class=\"right\"><div class=\"position\">Conseiller du Service de M\u00e9decine de la Reproduction<\/div><div class=\"centers\"><span class=\"label\">Centres: <\/span>Barcelone<\/div><div class=\"languages\"><span class=\"label\">Langues: <\/span>Espagnol, Catalan, Anglais<\/div><div class=\"specialities\"><span class=\"label\">Sp\u00e9cialit\u00e9s: <\/span>Techniques de Reproduction Assist\u00e9e, \u00c9tude Int\u00e9gr\u00e9e de St\u00e9rilit\u00e9, Pr\u00e9servation de la fertilit\u00e9<\/div><\/div><div class=\"description\"><\/div><\/div><\/div><\/div><\/div><div class=\"mt-item hide\" data-name=\"Rafael F\u00e1bregas Xaudar\u00f3\" data-languages=\"Espagnol|||Catalan|||Anglais|||Italien|||Fran\u00e7ais\" data-centers=\"Barcelone\" data-medspec=\"16|||17|||11|||20\" data-medarea=\"2\"><div class=\"mt-item-inner\"><div class=\"photo\"><a href=\"#\"><img decoding=\"async\" src=\"https:\/\/www.dexeus.com\/sites\/default\/files\/styles\/equipo_medico\/public\/images\/equipo-medico\/rafael-fabregas-xaurado.png?itok=_6B0cL9W\" alt=\"Rafael F\u00e1bregas Xaudar\u00f3\" \/><\/a><\/div><div class=\"name\"><a href=\"#\">Rafael F\u00e1bregas Xaudar\u00f3<\/a><\/div><div class=\"position\">Conseiller en Gyn\u00e9cologie Oncologique et Mastologie<\/div><\/div><div class=\"mt-item-overlay\"><div class=\"mt-item-overlay-inner\"><a href=\"#\" class=\"close\"><\/a><div class=\"mt-item-details\"><h4 class=\"name\">Rafael F\u00e1bregas Xaudar\u00f3<\/h4><div class=\"left\"><img decoding=\"async\" src=\"https:\/\/www.dexeus.com\/sites\/default\/files\/styles\/equipo_medico\/public\/images\/equipo-medico\/rafael-fabregas-xaurado.png?itok=_6B0cL9W\" alt=\"Rafael F\u00e1bregas Xaudar\u00f3\" \/><\/div><div class=\"right\"><div class=\"position\">Conseiller en Gyn\u00e9cologie Oncologique et Mastologie<\/div><div class=\"centers\"><span class=\"label\">Centres: <\/span>Barcelone<\/div><div class=\"languages\"><span class=\"label\">Langues: <\/span>Espagnol, Catalan, Anglais, Italien, Fran\u00e7ais<\/div><div class=\"specialities\"><span class=\"label\">Sp\u00e9cialit\u00e9s: <\/span>Gyn\u00e9cologie G\u00e9n\u00e9rale, Gyn\u00e9cologie Oncologique (Cancer gyn\u00e9cologique et du sein), Chirurgie Gyn\u00e9cologique, Mastologie (Pathologie mammaire b\u00e9nigne)<\/div><\/div><div class=\"description\"><\/div><\/div><\/div><\/div><\/div><div class=\"mt-item hide\" data-name=\"Alberto Rodr\u00edguez Melc\u00f3n\" data-languages=\"Espagnol|||Anglais\" data-centers=\"Barcelone\" data-medspec=\"4|||5|||6|||8|||16|||44\" data-medarea=\"3|||2|||41\"><div class=\"mt-item-inner\"><div class=\"photo\"><a href=\"#\"><img decoding=\"async\" src=\"https:\/\/www.dexeus.com\/sites\/default\/files\/styles\/equipo_medico\/public\/images\/equipo-medico\/alberto-rodriguez-melcon.png?itok=A-ZDRNR6\" alt=\"Alberto Rodr\u00edguez Melc\u00f3n\" \/><\/a><\/div><div class=\"name\"><a href=\"#\">Alberto Rodr\u00edguez Melc\u00f3n<\/a><\/div><div class=\"position\">Conseiller du Service d&#039;Obst\u00e9trique<\/div><\/div><div class=\"mt-item-overlay\"><div class=\"mt-item-overlay-inner\"><a href=\"#\" class=\"close\"><\/a><div class=\"mt-item-details\"><h4 class=\"name\">Alberto Rodr\u00edguez Melc\u00f3n<\/h4><div class=\"left\"><img decoding=\"async\" src=\"https:\/\/www.dexeus.com\/sites\/default\/files\/styles\/equipo_medico\/public\/images\/equipo-medico\/alberto-rodriguez-melcon.png?itok=A-ZDRNR6\" alt=\"Alberto Rodr\u00edguez Melc\u00f3n\" \/><\/div><div class=\"right\"><div class=\"position\">Conseiller du Service d&#039;Obst\u00e9trique<\/div><div class=\"centers\"><span class=\"label\">Centres: <\/span>Barcelone<\/div><div class=\"languages\"><span class=\"label\">Langues: <\/span>Espagnol, Anglais<\/div><div class=\"specialities\"><span class=\"label\">Sp\u00e9cialit\u00e9s: <\/span>Assistance avant la Grossesse, Haut risque obst\u00e9trique, Grossesse et Accouchement, Pertes de embryof\u0153tal r\u00e9p\u00e9t\u00e9es, Gyn\u00e9cologie G\u00e9n\u00e9rale, \u00c9chographie obst\u00e9tricale et diagnostic pr\u00e9natal<\/div><\/div><div class=\"description\"><\/div><\/div><\/div><\/div><\/div><div class=\"mt-item hide\" data-name=\"Bernat Serra Zantop\" data-languages=\"Espagnol|||Catalan|||Anglais|||Allemand\" data-centers=\"Barcelone\" data-medspec=\"4|||5|||6|||8|||16\" data-medarea=\"3|||2\"><div class=\"mt-item-inner\"><div class=\"photo\"><a href=\"#\"><img decoding=\"async\" src=\"https:\/\/www.dexeus.com\/sites\/default\/files\/styles\/equipo_medico\/public\/images\/equipo-humano\/bernat-serra-zantop.png?itok=gQ-6Xf-h\" alt=\"Bernat Serra Zantop\" \/><\/a><\/div><div class=\"name\"><a href=\"#\">Bernat Serra Zantop<\/a><\/div><div class=\"position\">Conseiller du Service d&#039;Obst\u00e9trique<\/div><\/div><div class=\"mt-item-overlay\"><div class=\"mt-item-overlay-inner\"><a href=\"#\" class=\"close\"><\/a><div class=\"mt-item-details\"><h4 class=\"name\">Bernat Serra Zantop<\/h4><div class=\"left\"><img decoding=\"async\" src=\"https:\/\/www.dexeus.com\/sites\/default\/files\/styles\/equipo_medico\/public\/images\/equipo-humano\/bernat-serra-zantop.png?itok=gQ-6Xf-h\" alt=\"Bernat Serra Zantop\" \/><\/div><div class=\"right\"><div class=\"position\">Conseiller du Service d&#039;Obst\u00e9trique<\/div><div class=\"centers\"><span class=\"label\">Centres: <\/span>Barcelone<\/div><div class=\"languages\"><span class=\"label\">Langues: <\/span>Espagnol, Catalan, Anglais, Allemand<\/div><div class=\"specialities\"><span class=\"label\">Sp\u00e9cialit\u00e9s: <\/span>Assistance avant la Grossesse, Haut risque obst\u00e9trique, Grossesse et Accouchement, Pertes de embryof\u0153tal r\u00e9p\u00e9t\u00e9es, Gyn\u00e9cologie G\u00e9n\u00e9rale<\/div><\/div><div class=\"description\"><\/div><\/div><\/div><\/div><\/div><div class=\"mt-item hide\" data-name=\"Alicia \u00dabeda Hern\u00e1ndez\" data-languages=\"Espagnol|||Catalan|||Anglais|||Fran\u00e7ais\" data-centers=\"Barcelone\" data-medspec=\"16|||17|||18|||19|||22|||23|||27\" data-medarea=\"2\"><div class=\"mt-item-inner\"><div class=\"photo\"><a href=\"#\"><img decoding=\"async\" src=\"https:\/\/www.dexeus.com\/sites\/default\/files\/styles\/equipo_medico\/public\/images\/equipo-medico\/alicia-ubeda-hernandez.png?itok=oNk1rydU\" alt=\"Alicia \u00dabeda Hern\u00e1ndez\" \/><\/a><\/div><div class=\"name\"><a href=\"#\">Alicia \u00dabeda Hern\u00e1ndez<\/a><\/div><div class=\"position\">Conseiller du Service de Gyn\u00e9cologie<\/div><\/div><div class=\"mt-item-overlay\"><div class=\"mt-item-overlay-inner\"><a href=\"#\" class=\"close\"><\/a><div class=\"mt-item-details\"><h4 class=\"name\">Alicia \u00dabeda Hern\u00e1ndez<\/h4><div class=\"left\"><img decoding=\"async\" src=\"https:\/\/www.dexeus.com\/sites\/default\/files\/styles\/equipo_medico\/public\/images\/equipo-medico\/alicia-ubeda-hernandez.png?itok=oNk1rydU\" alt=\"Alicia \u00dabeda Hern\u00e1ndez\" \/><\/div><div class=\"right\"><div class=\"position\">Conseiller du Service de Gyn\u00e9cologie<\/div><div class=\"centers\"><span class=\"label\">Centres: <\/span>Barcelone<\/div><div class=\"languages\"><span class=\"label\">Langues: <\/span>Espagnol, Catalan, Anglais, Fran\u00e7ais<\/div><div class=\"specialities\"><span class=\"label\">Sp\u00e9cialit\u00e9s: <\/span>Gyn\u00e9cologie G\u00e9n\u00e9rale, Gyn\u00e9cologie Oncologique (Cancer gyn\u00e9cologique et du sein), Hyst\u00e9roscopie, Infections de transmission sexuelle, Myomes, kystes des ovaires et maladies des annexes, Pathologie du Tractus G\u00e9nital Inf\u00e9rieur, Vaccination HPV<\/div><\/div><div class=\"description\"><\/div><\/div><\/div><\/div><\/div><div class=\"mt-item hide\" data-name=\"Sonia Baulies Caballero\" data-languages=\"Espagnol|||Catalan|||Anglais|||Fran\u00e7ais\" data-centers=\"Barcelone\" data-medspec=\"16|||17|||11|||20|||22|||42\" data-medarea=\"2|||41\"><div class=\"mt-item-inner\"><div class=\"photo\"><a href=\"#\"><img decoding=\"async\" src=\"https:\/\/www.dexeus.com\/sites\/default\/files\/styles\/equipo_medico\/public\/images\/equipo-medico\/sonia-baulies-caballero.png?itok=0HLtlH9t\" alt=\"Sonia Baulies Caballero\" \/><\/a><\/div><div class=\"name\"><a href=\"#\">Sonia Baulies Caballero<\/a><\/div><div class=\"position\">Chef du Service de Gyn\u00e9cologie<\/div><\/div><div class=\"mt-item-overlay\"><div class=\"mt-item-overlay-inner\"><a href=\"#\" class=\"close\"><\/a><div class=\"mt-item-details\"><h4 class=\"name\">Sonia Baulies Caballero<\/h4><div class=\"left\"><img decoding=\"async\" src=\"https:\/\/www.dexeus.com\/sites\/default\/files\/styles\/equipo_medico\/public\/images\/equipo-medico\/sonia-baulies-caballero.png?itok=0HLtlH9t\" alt=\"Sonia Baulies Caballero\" \/><\/div><div class=\"right\"><div class=\"position\">Chef du Service de Gyn\u00e9cologie<\/div><div class=\"centers\"><span class=\"label\">Centres: <\/span>Barcelone<\/div><div class=\"languages\"><span class=\"label\">Langues: <\/span>Espagnol, Catalan, Anglais, Fran\u00e7ais<\/div><div class=\"specialities\"><span class=\"label\">Sp\u00e9cialit\u00e9s: <\/span>Gyn\u00e9cologie G\u00e9n\u00e9rale, Gyn\u00e9cologie Oncologique (Cancer gyn\u00e9cologique et du sein), Chirurgie Gyn\u00e9cologique, Mastologie (Pathologie mammaire b\u00e9nigne), Myomes, kystes des ovaires et maladies des annexes, Diagnostic Gyn\u00e9cologique par l\u2019Image<\/div><\/div><div class=\"description\"><\/div><\/div><\/div><\/div><\/div><div class=\"mt-item \" data-name=\"Marta Devesa Rodr\u00edguez de la Rua\" data-languages=\"Espagnol|||Catalan|||Anglais|||Fran\u00e7ais\" data-centers=\"Barcelone\" data-medspec=\"16|||40|||35|||37\" data-medarea=\"2|||28\"><div class=\"mt-item-inner\"><div class=\"photo\"><a href=\"#\"><img decoding=\"async\" src=\"https:\/\/www.dexeus.com\/sites\/default\/files\/styles\/equipo_medico\/public\/images\/equipo-humano\/marta-devesa-rodriguez-de-la-rua.png?itok=-605vevn\" alt=\"Marta Devesa Rodr\u00edguez de la Rua\" \/><\/a><\/div><div class=\"name\"><a href=\"#\">Marta Devesa Rodr\u00edguez de la Rua<\/a><\/div><div class=\"position\">Chef du Service de M\u00e9decine de la Reproduction<\/div><\/div><div class=\"mt-item-overlay\"><div class=\"mt-item-overlay-inner\"><a href=\"#\" class=\"close\"><\/a><div class=\"mt-item-details\"><h4 class=\"name\">Marta Devesa Rodr\u00edguez de la Rua<\/h4><div class=\"left\"><img decoding=\"async\" src=\"https:\/\/www.dexeus.com\/sites\/default\/files\/styles\/equipo_medico\/public\/images\/equipo-humano\/marta-devesa-rodriguez-de-la-rua.png?itok=-605vevn\" alt=\"Marta Devesa Rodr\u00edguez de la Rua\" \/><\/div><div class=\"right\"><div class=\"position\">Chef du Service de M\u00e9decine de la Reproduction<\/div><div class=\"centers\"><span class=\"label\">Centres: <\/span>Barcelone<\/div><div class=\"languages\"><span class=\"label\">Langues: <\/span>Espagnol, Catalan, Anglais, Fran\u00e7ais<\/div><div class=\"specialities\"><span class=\"label\">Sp\u00e9cialit\u00e9s: <\/span>Gyn\u00e9cologie G\u00e9n\u00e9rale, Techniques de Reproduction Assist\u00e9e, \u00c9tude Int\u00e9gr\u00e9e de St\u00e9rilit\u00e9, Pr\u00e9servation de la fertilit\u00e9<\/div><\/div><div class=\"description\"><\/div><\/div><\/div><\/div><\/div><div class=\"mt-item hide\" data-name=\"Betlem Graupera Nicolau\" data-languages=\"Espagnol|||Catalan\" data-centers=\"Barcelone\" data-medspec=\"42\" data-medarea=\"41\"><div class=\"mt-item-inner\"><div class=\"photo\"><a href=\"#\"><img decoding=\"async\" src=\"https:\/\/www.dexeus.com\/sites\/default\/files\/styles\/equipo_medico\/public\/images\/equipo-medico\/betlem-graupera-nicolau.png?itok=8fOmh613\" alt=\"Betlem Graupera Nicolau\" \/><\/a><\/div><div class=\"name\"><a href=\"#\">Betlem Graupera Nicolau<\/a><\/div><div class=\"position\">Chef du Service de Diagnostic Gyn\u00e9cologique par Image<\/div><\/div><div class=\"mt-item-overlay\"><div class=\"mt-item-overlay-inner\"><a href=\"#\" class=\"close\"><\/a><div class=\"mt-item-details\"><h4 class=\"name\">Betlem Graupera Nicolau<\/h4><div class=\"left\"><img decoding=\"async\" src=\"https:\/\/www.dexeus.com\/sites\/default\/files\/styles\/equipo_medico\/public\/images\/equipo-medico\/betlem-graupera-nicolau.png?itok=8fOmh613\" alt=\"Betlem Graupera Nicolau\" \/><\/div><div class=\"right\"><div class=\"position\">Chef du Service de Diagnostic Gyn\u00e9cologique par Image<\/div><div class=\"centers\"><span class=\"label\">Centres: <\/span>Barcelone<\/div><div class=\"languages\"><span class=\"label\">Langues: <\/span>Espagnol, Catalan<\/div><div class=\"specialities\"><span class=\"label\">Sp\u00e9cialit\u00e9s: <\/span>Diagnostic Gyn\u00e9cologique par l\u2019Image<\/div><\/div><div class=\"description\"><\/div><\/div><\/div><\/div><\/div><div class=\"mt-item hide\" data-name=\"Sonia Rombaut Segarra\" data-languages=\"Espagnol|||Catalan\" data-centers=\"Barcelone\" data-medspec=\"6|||16|||44\" data-medarea=\"3|||2|||41\"><div class=\"mt-item-inner\"><div class=\"photo\"><a href=\"#\"><img decoding=\"async\" src=\"https:\/\/www.dexeus.com\/sites\/default\/files\/styles\/equipo_medico\/public\/images\/equipo-medico\/sonia-rombaut-segarra.png?itok=vsZOCTCq\" alt=\"Sonia Rombaut Segarra\" \/><\/a><\/div><div class=\"name\"><a href=\"#\">Sonia Rombaut Segarra<\/a><\/div><div class=\"position\">Chef du Service d\u2019Obst\u00e9trique<\/div><\/div><div class=\"mt-item-overlay\"><div class=\"mt-item-overlay-inner\"><a href=\"#\" class=\"close\"><\/a><div class=\"mt-item-details\"><h4 class=\"name\">Sonia Rombaut Segarra<\/h4><div class=\"left\"><img decoding=\"async\" src=\"https:\/\/www.dexeus.com\/sites\/default\/files\/styles\/equipo_medico\/public\/images\/equipo-medico\/sonia-rombaut-segarra.png?itok=vsZOCTCq\" alt=\"Sonia Rombaut Segarra\" \/><\/div><div class=\"right\"><div class=\"position\">Chef du Service d\u2019Obst\u00e9trique<\/div><div class=\"centers\"><span class=\"label\">Centres: <\/span>Barcelone<\/div><div class=\"languages\"><span class=\"label\">Langues: <\/span>Espagnol, Catalan<\/div><div class=\"specialities\"><span class=\"label\">Sp\u00e9cialit\u00e9s: <\/span>Grossesse et Accouchement, Gyn\u00e9cologie G\u00e9n\u00e9rale, \u00c9chographie obst\u00e9tricale et diagnostic pr\u00e9natal<\/div><\/div><div class=\"description\"><\/div><\/div><\/div><\/div><\/div><div class=\"mt-item hide\" data-name=\"Nuria Barbany Freixa\" data-languages=\"Espagnol|||Catalan|||Anglais|||Italien\" data-centers=\"Barcelone\" data-medspec=\"16|||11|||13|||18|||22\" data-medarea=\"2\"><div class=\"mt-item-inner\"><div class=\"photo\"><a href=\"#\"><img decoding=\"async\" src=\"https:\/\/www.dexeus.com\/sites\/default\/files\/styles\/equipo_medico\/public\/images\/equipo_humano\/nuria-barbany-freixa.png?itok=J83t45yD\" alt=\"Nuria Barbany Freixa\" \/><\/a><\/div><div class=\"name\"><a href=\"#\">Nuria Barbany Freixa<\/a><\/div><div class=\"position\">Coordinateur Section Chirurgie Gyn\u00e9cologique<\/div><\/div><div class=\"mt-item-overlay\"><div class=\"mt-item-overlay-inner\"><a href=\"#\" class=\"close\"><\/a><div class=\"mt-item-details\"><h4 class=\"name\">Nuria Barbany Freixa<\/h4><div class=\"left\"><img decoding=\"async\" src=\"https:\/\/www.dexeus.com\/sites\/default\/files\/styles\/equipo_medico\/public\/images\/equipo_humano\/nuria-barbany-freixa.png?itok=J83t45yD\" alt=\"Nuria Barbany Freixa\" \/><\/div><div class=\"right\"><div class=\"position\">Coordinateur Section Chirurgie Gyn\u00e9cologique<\/div><div class=\"centers\"><span class=\"label\">Centres: <\/span>Barcelone<\/div><div class=\"languages\"><span class=\"label\">Langues: <\/span>Espagnol, Catalan, Anglais, Italien<\/div><div class=\"specialities\"><span class=\"label\">Sp\u00e9cialit\u00e9s: <\/span>Gyn\u00e9cologie G\u00e9n\u00e9rale, Chirurgie Gyn\u00e9cologique, Endom\u00e9triose, Hyst\u00e9roscopie, Myomes, kystes des ovaires et maladies des annexes<\/div><\/div><div class=\"description\"><\/div><\/div><\/div><\/div><\/div><div class=\"mt-item \" data-name=\"Montserrat Boada Pal\u00e0\" data-languages=\"Espagnol|||Catalan|||Anglais|||Fran\u00e7ais\" data-centers=\"Barcelone\" data-medspec=\"31|||37\" data-medarea=\"28\"><div class=\"mt-item-inner\"><div class=\"photo\"><a href=\"#\"><img decoding=\"async\" src=\"https:\/\/www.dexeus.com\/sites\/default\/files\/styles\/equipo_medico\/public\/images\/equipo-humano\/montserrat-boada-pala.png?itok=QQuoJopg\" alt=\"Montserrat Boada Pal\u00e0\" \/><\/a><\/div><div class=\"name\"><a href=\"#\">Montserrat Boada Pal\u00e0<\/a><\/div><div class=\"position\">Chef de la Section de Biologie du Service de M\u00e9decine de la Reproduction<\/div><\/div><div class=\"mt-item-overlay\"><div class=\"mt-item-overlay-inner\"><a href=\"#\" class=\"close\"><\/a><div class=\"mt-item-details\"><h4 class=\"name\">Montserrat Boada Pal\u00e0<\/h4><div class=\"left\"><img decoding=\"async\" src=\"https:\/\/www.dexeus.com\/sites\/default\/files\/styles\/equipo_medico\/public\/images\/equipo-humano\/montserrat-boada-pala.png?itok=QQuoJopg\" alt=\"Montserrat Boada Pal\u00e0\" \/><\/div><div class=\"right\"><div class=\"position\">Chef de la Section de Biologie du Service de M\u00e9decine de la Reproduction<\/div><div class=\"centers\"><span class=\"label\">Centres: <\/span>Barcelone<\/div><div class=\"languages\"><span class=\"label\">Langues: <\/span>Espagnol, Catalan, Anglais, Fran\u00e7ais<\/div><div class=\"specialities\"><span class=\"label\">Sp\u00e9cialit\u00e9s: <\/span>Biologie de la Reproduction, Pr\u00e9servation de la fertilit\u00e9<\/div><\/div><div class=\"description\"><\/div><\/div><\/div><\/div><\/div><div class=\"mt-item hide\" data-name=\"Silvia Cabrera D\u00edaz\" data-languages=\"Espagnol|||Catalan|||Anglais\" data-centers=\"Barcelone\" data-medspec=\"16|||11|||18|||22\" data-medarea=\"2\"><div class=\"mt-item-inner\"><div class=\"photo\"><a href=\"#\"><img decoding=\"async\" src=\"https:\/\/www.dexeus.com\/sites\/default\/files\/styles\/equipo_medico\/public\/images\/equipo-humano\/silvia-cabrera-diaz.png?itok=-bg4OiIh\" alt=\"Silvia Cabrera D\u00edaz\" \/><\/a><\/div><div class=\"name\"><a href=\"#\">Silvia Cabrera D\u00edaz<\/a><\/div><div class=\"position\">Directrice  de R&amp;D&amp;i de Gyn\u00e9cologie<\/div><\/div><div class=\"mt-item-overlay\"><div class=\"mt-item-overlay-inner\"><a href=\"#\" class=\"close\"><\/a><div class=\"mt-item-details\"><h4 class=\"name\">Silvia Cabrera D\u00edaz<\/h4><div class=\"left\"><img decoding=\"async\" src=\"https:\/\/www.dexeus.com\/sites\/default\/files\/styles\/equipo_medico\/public\/images\/equipo-humano\/silvia-cabrera-diaz.png?itok=-bg4OiIh\" alt=\"Silvia Cabrera D\u00edaz\" \/><\/div><div class=\"right\"><div class=\"position\">Directrice  de R&amp;D&amp;i de Gyn\u00e9cologie<\/div><div class=\"centers\"><span class=\"label\">Centres: <\/span>Barcelone<\/div><div class=\"languages\"><span class=\"label\">Langues: <\/span>Espagnol, Catalan, Anglais<\/div><div class=\"specialities\"><span class=\"label\">Sp\u00e9cialit\u00e9s: <\/span>Gyn\u00e9cologie G\u00e9n\u00e9rale, Chirurgie Gyn\u00e9cologique, Hyst\u00e9roscopie, Myomes, kystes des ovaires et maladies des annexes<\/div><\/div><div class=\"description\"><\/div><\/div><\/div><\/div><\/div><div class=\"mt-item \" data-name=\"Marta Colodr\u00f3n Bel\u00edo\" data-languages=\"Espagnol|||Anglais|||Fran\u00e7ais\" data-centers=\"Barcelone\" data-medspec=\"16|||40|||35|||37\" data-medarea=\"2|||28\"><div class=\"mt-item-inner\"><div class=\"photo\"><a href=\"#\"><img decoding=\"async\" src=\"https:\/\/www.dexeus.com\/sites\/default\/files\/styles\/equipo_medico\/public\/images\/equipo-humano\/marta-colodron-belio.png?itok=ktBqoT6u\" alt=\"Marta Colodr\u00f3n Bel\u00edo\" \/><\/a><\/div><div class=\"name\"><a href=\"#\">Marta Colodr\u00f3n Bel\u00edo<\/a><\/div><div class=\"position\">Head of Internacional Fertility Services<\/div><\/div><div class=\"mt-item-overlay\"><div class=\"mt-item-overlay-inner\"><a href=\"#\" class=\"close\"><\/a><div class=\"mt-item-details\"><h4 class=\"name\">Marta Colodr\u00f3n Bel\u00edo<\/h4><div class=\"left\"><img decoding=\"async\" src=\"https:\/\/www.dexeus.com\/sites\/default\/files\/styles\/equipo_medico\/public\/images\/equipo-humano\/marta-colodron-belio.png?itok=ktBqoT6u\" alt=\"Marta Colodr\u00f3n Bel\u00edo\" \/><\/div><div class=\"right\"><div class=\"position\">Head of Internacional Fertility Services<\/div><div class=\"centers\"><span class=\"label\">Centres: <\/span>Barcelone<\/div><div class=\"languages\"><span class=\"label\">Langues: <\/span>Espagnol, Anglais, Fran\u00e7ais<\/div><div class=\"specialities\"><span class=\"label\">Sp\u00e9cialit\u00e9s: <\/span>Gyn\u00e9cologie G\u00e9n\u00e9rale, Techniques de Reproduction Assist\u00e9e, \u00c9tude Int\u00e9gr\u00e9e de St\u00e9rilit\u00e9, Pr\u00e9servation de la fertilit\u00e9<\/div><\/div><div class=\"description\"><\/div><\/div><\/div><\/div><\/div><div class=\"mt-item hide\" data-name=\"Nuria Elias Santo Domingo\" data-languages=\"Espagnol|||Catalan|||Anglais\" data-centers=\"Barcelone\" data-medspec=\"4|||5|||6|||16\" data-medarea=\"3|||2\"><div class=\"mt-item-inner\"><div class=\"photo\"><a href=\"#\"><img decoding=\"async\" src=\"https:\/\/www.dexeus.com\/sites\/default\/files\/styles\/equipo_medico\/public\/images\/equipo-humano\/nuria-elias-santo-domingo.png?itok=5Yh5wG07\" alt=\"Nuria Elias Santo Domingo\" \/><\/a><\/div><div class=\"name\"><a href=\"#\">Nuria Elias Santo Domingo<\/a><\/div><div class=\"position\">Coordinatrice Section Salle d&#039;Accouchement<\/div><\/div><div class=\"mt-item-overlay\"><div class=\"mt-item-overlay-inner\"><a href=\"#\" class=\"close\"><\/a><div class=\"mt-item-details\"><h4 class=\"name\">Nuria Elias Santo Domingo<\/h4><div class=\"left\"><img decoding=\"async\" src=\"https:\/\/www.dexeus.com\/sites\/default\/files\/styles\/equipo_medico\/public\/images\/equipo-humano\/nuria-elias-santo-domingo.png?itok=5Yh5wG07\" alt=\"Nuria Elias Santo Domingo\" \/><\/div><div class=\"right\"><div class=\"position\">Coordinatrice Section Salle d&#039;Accouchement<\/div><div class=\"centers\"><span class=\"label\">Centres: <\/span>Barcelone<\/div><div class=\"languages\"><span class=\"label\">Langues: <\/span>Espagnol, Catalan, Anglais<\/div><div class=\"specialities\"><span class=\"label\">Sp\u00e9cialit\u00e9s: <\/span>Assistance avant la Grossesse, Haut risque obst\u00e9trique, Grossesse et Accouchement, Gyn\u00e9cologie G\u00e9n\u00e9rale<\/div><\/div><div class=\"description\"><\/div><\/div><\/div><\/div><\/div><div class=\"mt-item hide\" data-name=\"Francesc Fargas F\u00e0bregas\" data-languages=\"Espagnol|||Catalan|||Anglais|||Fran\u00e7ais\" data-centers=\"Barcelone\" data-medspec=\"16|||17|||11|||20|||22|||4|||6\" data-medarea=\"2|||3\"><div class=\"mt-item-inner\"><div class=\"photo\"><a href=\"#\"><img decoding=\"async\" src=\"https:\/\/www.dexeus.com\/sites\/default\/files\/styles\/equipo_medico\/public\/images\/equipo-humano\/francesc-fargas-fabregas.png?itok=4IaitLRM\" alt=\"Francesc Fargas F\u00e0bregas\" \/><\/a><\/div><div class=\"name\"><a href=\"#\">Francesc Fargas F\u00e0bregas<\/a><\/div><div class=\"position\">Coordonnateur Section Gyn\u00e9cologie Oncologique et Pathologie Mammaire<\/div><\/div><div class=\"mt-item-overlay\"><div class=\"mt-item-overlay-inner\"><a href=\"#\" class=\"close\"><\/a><div class=\"mt-item-details\"><h4 class=\"name\">Francesc Fargas F\u00e0bregas<\/h4><div class=\"left\"><img decoding=\"async\" src=\"https:\/\/www.dexeus.com\/sites\/default\/files\/styles\/equipo_medico\/public\/images\/equipo-humano\/francesc-fargas-fabregas.png?itok=4IaitLRM\" alt=\"Francesc Fargas F\u00e0bregas\" \/><\/div><div class=\"right\"><div class=\"position\">Coordonnateur Section Gyn\u00e9cologie Oncologique et Pathologie Mammaire<\/div><div class=\"centers\"><span class=\"label\">Centres: <\/span>Barcelone<\/div><div class=\"languages\"><span class=\"label\">Langues: <\/span>Espagnol, Catalan, Anglais, Fran\u00e7ais<\/div><div class=\"specialities\"><span class=\"label\">Sp\u00e9cialit\u00e9s: <\/span>Gyn\u00e9cologie G\u00e9n\u00e9rale, Gyn\u00e9cologie Oncologique (Cancer gyn\u00e9cologique et du sein), Chirurgie Gyn\u00e9cologique, Mastologie (Pathologie mammaire b\u00e9nigne), Myomes, kystes des ovaires et maladies des annexes, Assistance avant la Grossesse, Grossesse et Accouchement<\/div><\/div><div class=\"description\"><\/div><\/div><\/div><\/div><\/div><div class=\"mt-item hide\" data-name=\"Elena Monterde Puente\" data-languages=\"Espagnol|||Catalan|||Anglais\" data-centers=\"Barcelone\" data-medspec=\"4|||6|||16|||44\" data-medarea=\"3|||2|||41\"><div class=\"mt-item-inner\"><div class=\"photo\"><a href=\"#\"><img decoding=\"async\" src=\"https:\/\/www.dexeus.com\/sites\/default\/files\/styles\/equipo_medico\/public\/images\/equipo-humano\/elena-monterde-puente.png?itok=5ffmk7a7\" alt=\"Elena Monterde Puente\" \/><\/a><\/div><div class=\"name\"><a href=\"#\">Elena Monterde Puente<\/a><\/div><div class=\"position\">Chef de l&#039;Unit\u00e9 de M\u00e9decine F\u0153tale<\/div><\/div><div class=\"mt-item-overlay\"><div class=\"mt-item-overlay-inner\"><a href=\"#\" class=\"close\"><\/a><div class=\"mt-item-details\"><h4 class=\"name\">Elena Monterde Puente<\/h4><div class=\"left\"><img decoding=\"async\" src=\"https:\/\/www.dexeus.com\/sites\/default\/files\/styles\/equipo_medico\/public\/images\/equipo-humano\/elena-monterde-puente.png?itok=5ffmk7a7\" alt=\"Elena Monterde Puente\" \/><\/div><div class=\"right\"><div class=\"position\">Chef de l&#039;Unit\u00e9 de M\u00e9decine F\u0153tale<\/div><div class=\"centers\"><span class=\"label\">Centres: <\/span>Barcelone<\/div><div class=\"languages\"><span class=\"label\">Langues: <\/span>Espagnol, Catalan, Anglais<\/div><div class=\"specialities\"><span class=\"label\">Sp\u00e9cialit\u00e9s: <\/span>Assistance avant la Grossesse, Grossesse et Accouchement, Gyn\u00e9cologie G\u00e9n\u00e9rale, \u00c9chographie obst\u00e9tricale et diagnostic pr\u00e9natal<\/div><\/div><div class=\"description\"><\/div><\/div><\/div><\/div><\/div><div class=\"mt-item hide\" data-name=\"Pilar Prats Rodr\u00edguez\" data-languages=\"Espagnol|||Catalan|||Anglais|||Allemand\" data-centers=\"Barcelone\" data-medspec=\"4|||5|||6|||16|||44\" data-medarea=\"3|||2|||41\"><div class=\"mt-item-inner\"><div class=\"photo\"><a href=\"#\"><img decoding=\"async\" src=\"https:\/\/www.dexeus.com\/sites\/default\/files\/styles\/equipo_medico\/public\/images\/equipo_humano\/pilar-prats-rodriguez.png?itok=54T0LbH7\" alt=\"Pilar Prats Rodr\u00edguez\" \/><\/a><\/div><div class=\"name\"><a href=\"#\">Pilar Prats Rodr\u00edguez<\/a><\/div><div class=\"position\">Directrice de la R&amp;D&amp;i en Obst\u00e9trique Clinique<\/div><\/div><div class=\"mt-item-overlay\"><div class=\"mt-item-overlay-inner\"><a href=\"#\" class=\"close\"><\/a><div class=\"mt-item-details\"><h4 class=\"name\">Pilar Prats Rodr\u00edguez<\/h4><div class=\"left\"><img decoding=\"async\" src=\"https:\/\/www.dexeus.com\/sites\/default\/files\/styles\/equipo_medico\/public\/images\/equipo_humano\/pilar-prats-rodriguez.png?itok=54T0LbH7\" alt=\"Pilar Prats Rodr\u00edguez\" \/><\/div><div class=\"right\"><div class=\"position\">Directrice de la R&amp;D&amp;i en Obst\u00e9trique Clinique<\/div><div class=\"centers\"><span class=\"label\">Centres: <\/span>Barcelone<\/div><div class=\"languages\"><span class=\"label\">Langues: <\/span>Espagnol, Catalan, Anglais, Allemand<\/div><div class=\"specialities\"><span class=\"label\">Sp\u00e9cialit\u00e9s: <\/span>Assistance avant la Grossesse, Haut risque obst\u00e9trique, Grossesse et Accouchement, Gyn\u00e9cologie G\u00e9n\u00e9rale, \u00c9chographie obst\u00e9tricale et diagnostic pr\u00e9natal<\/div><\/div><div class=\"description\"><\/div><\/div><\/div><\/div><\/div><div class=\"mt-item hide\" data-name=\"Francesc Tresserra Casas\" data-languages=\"Espagnol|||Catalan\" data-centers=\"Barcelone\" data-medspec=\"55\" data-medarea=\"52\"><div class=\"mt-item-inner\"><div class=\"photo\"><a href=\"#\"><img decoding=\"async\" src=\"https:\/\/www.dexeus.com\/sites\/default\/files\/styles\/equipo_medico\/public\/images\/equipo-humano\/francesc-tresserra-casas.png?itok=KQnepj1_\" alt=\"Francesc Tresserra Casas\" \/><\/a><\/div><div class=\"name\"><a href=\"#\">Francesc Tresserra Casas<\/a><\/div><div class=\"position\">Directeur de R&amp;D&amp;i de Gyn\u00e9cologie, Responsable du Laboratoire de Cytologie<\/div><\/div><div class=\"mt-item-overlay\"><div class=\"mt-item-overlay-inner\"><a href=\"#\" class=\"close\"><\/a><div class=\"mt-item-details\"><h4 class=\"name\">Francesc Tresserra Casas<\/h4><div class=\"left\"><img decoding=\"async\" src=\"https:\/\/www.dexeus.com\/sites\/default\/files\/styles\/equipo_medico\/public\/images\/equipo-humano\/francesc-tresserra-casas.png?itok=KQnepj1_\" alt=\"Francesc Tresserra Casas\" \/><\/div><div class=\"right\"><div class=\"position\">Directeur de R&amp;D&amp;i de Gyn\u00e9cologie, Responsable du Laboratoire de Cytologie<\/div><div class=\"centers\"><span class=\"label\">Centres: <\/span>Barcelone<\/div><div class=\"languages\"><span class=\"label\">Langues: <\/span>Espagnol, Catalan<\/div><div class=\"specialities\"><span class=\"label\">Sp\u00e9cialit\u00e9s: <\/span>Cytologie<\/div><\/div><div class=\"description\"><\/div><\/div><\/div><\/div><\/div><div class=\"mt-item hide\" data-name=\"Joan M. Xiberta Pons\" data-languages=\"Espagnol|||Catalan\" data-centers=\"Sant Cugat\" data-medspec=\"4|||6|||16\" data-medarea=\"3|||2\"><div class=\"mt-item-inner\"><div class=\"photo\"><a href=\"#\"><img decoding=\"async\" src=\"https:\/\/www.dexeus.com\/sites\/default\/files\/styles\/equipo_medico\/public\/images\/equipo_humano\/joan-xiberta-pons.png?itok=k20iuVA4\" alt=\"Joan M. Xiberta Pons\" \/><\/a><\/div><div class=\"name\"><a href=\"#\">Joan M. Xiberta Pons<\/a><\/div><div class=\"position\">Conseiller du Service de Gyn\u00e9cologie de Sant Cugat<\/div><\/div><div class=\"mt-item-overlay\"><div class=\"mt-item-overlay-inner\"><a href=\"#\" class=\"close\"><\/a><div class=\"mt-item-details\"><h4 class=\"name\">Joan M. Xiberta Pons<\/h4><div class=\"left\"><img decoding=\"async\" src=\"https:\/\/www.dexeus.com\/sites\/default\/files\/styles\/equipo_medico\/public\/images\/equipo_humano\/joan-xiberta-pons.png?itok=k20iuVA4\" alt=\"Joan M. Xiberta Pons\" \/><\/div><div class=\"right\"><div class=\"position\">Conseiller du Service de Gyn\u00e9cologie de Sant Cugat<\/div><div class=\"centers\"><span class=\"label\">Centres: <\/span>Sant Cugat<\/div><div class=\"languages\"><span class=\"label\">Langues: <\/span>Espagnol, Catalan<\/div><div class=\"specialities\"><span class=\"label\">Sp\u00e9cialit\u00e9s: <\/span>Assistance avant la Grossesse, Grossesse et Accouchement, Gyn\u00e9cologie G\u00e9n\u00e9rale<\/div><\/div><div class=\"description\"><\/div><\/div><\/div><\/div><\/div><div class=\"mt-item hide\" data-name=\"Anna Bogu\u00f1a Nieto\" data-languages=\"Espagnol|||Catalan|||Anglais\" data-centers=\"Sabadell\" data-medspec=\"4|||6|||10|||11|||16|||44\" data-medarea=\"3|||2|||41\"><div class=\"mt-item-inner\"><div class=\"photo\"><a href=\"#\"><img decoding=\"async\" src=\"https:\/\/www.dexeus.com\/sites\/default\/files\/styles\/equipo_medico\/public\/images\/equipo-medico\/anna-boguna-nieto.png?itok=_oO-_FnZ\" alt=\"Anna Bogu\u00f1a Nieto\" \/><\/a><\/div><div class=\"name\"><a href=\"#\">Anna Bogu\u00f1a Nieto<\/a><\/div><div class=\"position\">Coordinatrice du centre de Sabadell<\/div><\/div><div class=\"mt-item-overlay\"><div class=\"mt-item-overlay-inner\"><a href=\"#\" class=\"close\"><\/a><div class=\"mt-item-details\"><h4 class=\"name\">Anna Bogu\u00f1a Nieto<\/h4><div class=\"left\"><img decoding=\"async\" src=\"https:\/\/www.dexeus.com\/sites\/default\/files\/styles\/equipo_medico\/public\/images\/equipo-medico\/anna-boguna-nieto.png?itok=_oO-_FnZ\" alt=\"Anna Bogu\u00f1a Nieto\" \/><\/div><div class=\"right\"><div class=\"position\">Coordinatrice du centre de Sabadell<\/div><div class=\"centers\"><span class=\"label\">Centres: <\/span>Sabadell<\/div><div class=\"languages\"><span class=\"label\">Langues: <\/span>Espagnol, Catalan, Anglais<\/div><div class=\"specialities\"><span class=\"label\">Sp\u00e9cialit\u00e9s: <\/span>Assistance avant la Grossesse, Grossesse et Accouchement, Contraception, Chirurgie Gyn\u00e9cologique, Gyn\u00e9cologie G\u00e9n\u00e9rale, \u00c9chographie obst\u00e9tricale et diagnostic pr\u00e9natal<\/div><\/div><div class=\"description\"><\/div><\/div><\/div><\/div><\/div><div class=\"mt-item hide\" data-name=\"Silvia Franco Camps\" data-languages=\"Espagnol|||Catalan\" data-centers=\"Sant Cugat\" data-medspec=\"16|||11|||18|||22\" data-medarea=\"2\"><div class=\"mt-item-inner\"><div class=\"photo\"><a href=\"#\"><img decoding=\"async\" src=\"https:\/\/www.dexeus.com\/sites\/default\/files\/styles\/equipo_medico\/public\/images\/equipo-humano\/silvia-franco-camps.png?itok=7I8v1fOI\" alt=\"Silvia Franco Camps\" \/><\/a><\/div><div class=\"name\"><a href=\"#\">Silvia Franco Camps<\/a><\/div><div class=\"position\">Coordinatrice du centre de Sant Cugat<\/div><\/div><div class=\"mt-item-overlay\"><div class=\"mt-item-overlay-inner\"><a href=\"#\" class=\"close\"><\/a><div class=\"mt-item-details\"><h4 class=\"name\">Silvia Franco Camps<\/h4><div class=\"left\"><img decoding=\"async\" src=\"https:\/\/www.dexeus.com\/sites\/default\/files\/styles\/equipo_medico\/public\/images\/equipo-humano\/silvia-franco-camps.png?itok=7I8v1fOI\" alt=\"Silvia Franco Camps\" \/><\/div><div class=\"right\"><div class=\"position\">Coordinatrice du centre de Sant Cugat<\/div><div class=\"centers\"><span class=\"label\">Centres: <\/span>Sant Cugat<\/div><div class=\"languages\"><span class=\"label\">Langues: <\/span>Espagnol, Catalan<\/div><div class=\"specialities\"><span class=\"label\">Sp\u00e9cialit\u00e9s: <\/span>Gyn\u00e9cologie G\u00e9n\u00e9rale, Chirurgie Gyn\u00e9cologique, Hyst\u00e9roscopie, Myomes, kystes des ovaires et maladies des annexes<\/div><\/div><div class=\"description\"><\/div><\/div><\/div><\/div><\/div><div class=\"mt-item \" data-name=\"Josep M. Gonzalo Carballes\" data-languages=\"Espagnol|||Catalan|||Anglais|||Fran\u00e7ais\" data-centers=\"Tarragone|||Reus\" data-medspec=\"16|||29|||35|||36|||40\" data-medarea=\"2|||28\"><div class=\"mt-item-inner\"><div class=\"photo\"><a href=\"#\"><img decoding=\"async\" src=\"https:\/\/www.dexeus.com\/sites\/default\/files\/styles\/equipo_medico\/public\/images\/equipo-humano\/josep-m-gonzalo-carballes.png?itok=sn_WZlGE\" alt=\"Josep M. Gonzalo Carballes\" \/><\/a><\/div><div class=\"name\"><a href=\"#\">Josep M. Gonzalo Carballes<\/a><\/div><div class=\"position\">Coordinateur des centres de Tarragone et Reus<\/div><\/div><div class=\"mt-item-overlay\"><div class=\"mt-item-overlay-inner\"><a href=\"#\" class=\"close\"><\/a><div class=\"mt-item-details\"><h4 class=\"name\">Josep M. Gonzalo Carballes<\/h4><div class=\"left\"><img decoding=\"async\" src=\"https:\/\/www.dexeus.com\/sites\/default\/files\/styles\/equipo_medico\/public\/images\/equipo-humano\/josep-m-gonzalo-carballes.png?itok=sn_WZlGE\" alt=\"Josep M. Gonzalo Carballes\" \/><\/div><div class=\"right\"><div class=\"position\">Coordinateur des centres de Tarragone et Reus<\/div><div class=\"centers\"><span class=\"label\">Centres: <\/span>Tarragone, Reus<\/div><div class=\"languages\"><span class=\"label\">Langues: <\/span>Espagnol, Catalan, Anglais, Fran\u00e7ais<\/div><div class=\"specialities\"><span class=\"label\">Sp\u00e9cialit\u00e9s: <\/span>Gyn\u00e9cologie G\u00e9n\u00e9rale, Fausses couches \u00e0 R\u00e9p\u00e9tition (Infertilit\u00e9), \u00c9tude Int\u00e9gr\u00e9e de St\u00e9rilit\u00e9, Infertlit\u00e9, Techniques de Reproduction Assist\u00e9e<\/div><\/div><div class=\"description\"><\/div><\/div><\/div><\/div><\/div><div class=\"mt-item hide\" data-name=\"Jes\u00fas M. Ribas Serra\" data-languages=\"Espagnol|||Catalan\" data-centers=\"Manresa\" data-medspec=\"4|||6|||10|||11|||16|||44\" data-medarea=\"3|||2|||41\"><div class=\"mt-item-inner\"><div class=\"photo\"><a href=\"#\"><img decoding=\"async\" src=\"https:\/\/www.dexeus.com\/sites\/default\/files\/styles\/equipo_medico\/public\/images\/equipo-medico\/jesus-m-ribas-serra.png?itok=et3vX77F\" alt=\"Jes\u00fas M. Ribas Serra\" \/><\/a><\/div><div class=\"name\"><a href=\"#\">Jes\u00fas M. Ribas Serra<\/a><\/div><div class=\"position\">Coordinateur du centre de Manresa<\/div><\/div><div class=\"mt-item-overlay\"><div class=\"mt-item-overlay-inner\"><a href=\"#\" class=\"close\"><\/a><div class=\"mt-item-details\"><h4 class=\"name\">Jes\u00fas M. Ribas Serra<\/h4><div class=\"left\"><img decoding=\"async\" src=\"https:\/\/www.dexeus.com\/sites\/default\/files\/styles\/equipo_medico\/public\/images\/equipo-medico\/jesus-m-ribas-serra.png?itok=et3vX77F\" alt=\"Jes\u00fas M. Ribas Serra\" \/><\/div><div class=\"right\"><div class=\"position\">Coordinateur du centre de Manresa<\/div><div class=\"centers\"><span class=\"label\">Centres: <\/span>Manresa<\/div><div class=\"languages\"><span class=\"label\">Langues: <\/span>Espagnol, Catalan<\/div><div class=\"specialities\"><span class=\"label\">Sp\u00e9cialit\u00e9s: <\/span>Assistance avant la Grossesse, Grossesse et Accouchement, Contraception, Chirurgie Gyn\u00e9cologique, Gyn\u00e9cologie G\u00e9n\u00e9rale, \u00c9chographie obst\u00e9tricale et diagnostic pr\u00e9natal<\/div><\/div><div class=\"description\"><\/div><\/div><\/div><\/div><\/div><div class=\"mt-item hide\" data-name=\"Gerard Albaig\u00e9s Baiget\" data-languages=\"Espagnol|||Catalan|||Anglais\" data-centers=\"Barcelone|||Tarragone\" data-medspec=\"1164|||44|||5|||9\" data-medarea=\"3|||41\"><div class=\"mt-item-inner\"><div class=\"photo\"><a href=\"#\"><img decoding=\"async\" src=\"https:\/\/www.dexeus.com\/sites\/default\/files\/styles\/equipo_medico\/public\/images\/equipo-humano\/gerard-albaiges-baiget.png?itok=iKEAYeY2\" alt=\"Gerard Albaig\u00e9s Baiget\" \/><\/a><\/div><div class=\"name\"><a href=\"#\">Gerard Albaig\u00e9s Baiget<\/a><\/div><div class=\"position\">Coordinateur d&#039;Obst\u00e9trique Tarragone et Reus<\/div><\/div><div class=\"mt-item-overlay\"><div class=\"mt-item-overlay-inner\"><a href=\"#\" class=\"close\"><\/a><div class=\"mt-item-details\"><h4 class=\"name\">Gerard Albaig\u00e9s Baiget<\/h4><div class=\"left\"><img decoding=\"async\" src=\"https:\/\/www.dexeus.com\/sites\/default\/files\/styles\/equipo_medico\/public\/images\/equipo-humano\/gerard-albaiges-baiget.png?itok=iKEAYeY2\" alt=\"Gerard Albaig\u00e9s Baiget\" \/><\/div><div class=\"right\"><div class=\"position\">Coordinateur d&#039;Obst\u00e9trique Tarragone et Reus<\/div><div class=\"centers\"><span class=\"label\">Centres: <\/span>Barcelone, Tarragone<\/div><div class=\"languages\"><span class=\"label\">Langues: <\/span>Espagnol, Catalan, Anglais<\/div><div class=\"specialities\"><span class=\"label\">Sp\u00e9cialit\u00e9s: <\/span>Grossesse, \u00c9chographie obst\u00e9tricale et diagnostic pr\u00e9natal, Haut risque obst\u00e9trique, Seconde opinion de Diagnostic Pr\u00e9natal<\/div><\/div><div class=\"description\"><\/div><\/div><\/div><\/div><\/div><div class=\"mt-item hide\" data-name=\"Marta Claramonte Nieto\" data-languages=\"Espagnol|||Catalan|||Anglais\" data-centers=\"Sant Cugat|||Sabadell\" data-medspec=\"4|||6|||11|||16|||44\" data-medarea=\"3|||2|||41\"><div class=\"mt-item-inner\"><div class=\"photo\"><a href=\"#\"><img decoding=\"async\" src=\"https:\/\/www.dexeus.com\/sites\/default\/files\/styles\/equipo_medico\/public\/images\/equipo_humano\/marta-claramonte-nieto.png?itok=XbPSRFFw\" alt=\"Marta Claramonte Nieto\" \/><\/a><\/div><div class=\"name\"><a href=\"#\">Marta Claramonte Nieto<\/a><\/div><div class=\"position\">Coordinatrice de la Zone d&#039;Accouchement de Sant Cugat<\/div><\/div><div class=\"mt-item-overlay\"><div class=\"mt-item-overlay-inner\"><a href=\"#\" class=\"close\"><\/a><div class=\"mt-item-details\"><h4 class=\"name\">Marta Claramonte Nieto<\/h4><div class=\"left\"><img decoding=\"async\" src=\"https:\/\/www.dexeus.com\/sites\/default\/files\/styles\/equipo_medico\/public\/images\/equipo_humano\/marta-claramonte-nieto.png?itok=XbPSRFFw\" alt=\"Marta Claramonte Nieto\" \/><\/div><div class=\"right\"><div class=\"position\">Coordinatrice de la Zone d&#039;Accouchement de Sant Cugat<\/div><div class=\"centers\"><span class=\"label\">Centres: <\/span>Sant Cugat, Sabadell<\/div><div class=\"languages\"><span class=\"label\">Langues: <\/span>Espagnol, Catalan, Anglais<\/div><div class=\"specialities\"><span class=\"label\">Sp\u00e9cialit\u00e9s: <\/span>Assistance avant la Grossesse, Grossesse et Accouchement, Chirurgie Gyn\u00e9cologique, Gyn\u00e9cologie G\u00e9n\u00e9rale, \u00c9chographie obst\u00e9tricale et diagnostic pr\u00e9natal<\/div><\/div><div class=\"description\"><\/div><\/div><\/div><\/div><\/div><div class=\"mt-item \" data-name=\"Silvia Grau Piera\" data-languages=\"Espagnol\" data-centers=\"Sant Cugat|||Sabadell\" data-medspec=\"16|||35|||36|||38|||40\" data-medarea=\"2|||28\"><div class=\"mt-item-inner\"><div class=\"photo\"><a href=\"#\"><img decoding=\"async\" src=\"https:\/\/www.dexeus.com\/sites\/default\/files\/styles\/equipo_medico\/public\/images\/equipo_humano\/silvia-grau-piera.png?itok=qVHcmlha\" alt=\"Silvia Grau Piera\" \/><\/a><\/div><div class=\"name\"><a href=\"#\">Silvia Grau Piera<\/a><\/div><div class=\"position\">Coordinatrice Zone Reproduction Sant Cugat et Sabadell<\/div><\/div><div class=\"mt-item-overlay\"><div class=\"mt-item-overlay-inner\"><a href=\"#\" class=\"close\"><\/a><div class=\"mt-item-details\"><h4 class=\"name\">Silvia Grau Piera<\/h4><div class=\"left\"><img decoding=\"async\" src=\"https:\/\/www.dexeus.com\/sites\/default\/files\/styles\/equipo_medico\/public\/images\/equipo_humano\/silvia-grau-piera.png?itok=qVHcmlha\" alt=\"Silvia Grau Piera\" \/><\/div><div class=\"right\"><div class=\"position\">Coordinatrice Zone Reproduction Sant Cugat et Sabadell<\/div><div class=\"centers\"><span class=\"label\">Centres: <\/span>Sant Cugat, Sabadell<\/div><div class=\"languages\"><span class=\"label\">Langues: <\/span>Espagnol<\/div><div class=\"specialities\"><span class=\"label\">Sp\u00e9cialit\u00e9s: <\/span>Gyn\u00e9cologie G\u00e9n\u00e9rale, \u00c9tude Int\u00e9gr\u00e9e de St\u00e9rilit\u00e9, Infertlit\u00e9, Programme de don d\u2019ovocytes, Techniques de Reproduction Assist\u00e9e<\/div><\/div><div class=\"description\"><\/div><\/div><\/div><\/div><\/div><div class=\"mt-item hide\" data-name=\"Ricard Sabart\u00e9s Fortuny\" data-languages=\"Espagnol|||Catalan|||Anglais|||Fran\u00e7ais|||Portugais\" data-centers=\"Barcelone\" data-medspec=\"56\" data-medarea=\"52\"><div class=\"mt-item-inner\"><div class=\"photo\"><a href=\"#\"><img decoding=\"async\" src=\"https:\/\/www.dexeus.com\/sites\/default\/files\/styles\/equipo_medico\/public\/images\/equipo-humano\/ricard-sabartes-fortuny.png?itok=HpmfuivS\" alt=\"Ricard Sabart\u00e9s Fortuny\" \/><\/a><\/div><div class=\"name\"><a href=\"#\">Ricard Sabart\u00e9s Fortuny<\/a><\/div><div class=\"position\">Directeur de Soins<\/div><\/div><div class=\"mt-item-overlay\"><div class=\"mt-item-overlay-inner\"><a href=\"#\" class=\"close\"><\/a><div class=\"mt-item-details\"><h4 class=\"name\">Ricard Sabart\u00e9s Fortuny<\/h4><div class=\"left\"><img decoding=\"async\" src=\"https:\/\/www.dexeus.com\/sites\/default\/files\/styles\/equipo_medico\/public\/images\/equipo-humano\/ricard-sabartes-fortuny.png?itok=HpmfuivS\" alt=\"Ricard Sabart\u00e9s Fortuny\" \/><\/div><div class=\"right\"><div class=\"position\">Directeur de Soins<\/div><div class=\"centers\"><span class=\"label\">Centres: <\/span>Barcelone<\/div><div class=\"languages\"><span class=\"label\">Langues: <\/span>Espagnol, Catalan, Anglais, Fran\u00e7ais, Portugais<\/div><div class=\"specialities\"><span class=\"label\">Sp\u00e9cialit\u00e9s: <\/span>Documentation m\u00e9dicale<\/div><\/div><div class=\"description\"><\/div><\/div><\/div><\/div><\/div><div class=\"mt-item hide\" data-name=\"Rebeca Fern\u00e1ndez \u00c1lvarez\" data-languages=\"Espagnol|||Catalan|||Anglais\" data-centers=\"Barcelone\" data-medspec=\"16|||11|||26\" data-medarea=\"2\"><div class=\"mt-item-inner\"><div class=\"photo\"><a href=\"#\"><img decoding=\"async\" src=\"https:\/\/www.dexeus.com\/sites\/default\/files\/styles\/equipo_medico\/public\/images\/equipo-medico\/rebeca-fernandez-alvarez.png?itok=poi_CbpP\" alt=\"Rebeca Fern\u00e1ndez \u00c1lvarez\" \/><\/a><\/div><div class=\"name\"><a href=\"#\">Rebeca Fern\u00e1ndez \u00c1lvarez<\/a><\/div><div class=\"position\">Chef de l\u2019Unit\u00e9 de Plancher Pelvien (Uro-gyn\u00e9cologie)<\/div><\/div><div class=\"mt-item-overlay\"><div class=\"mt-item-overlay-inner\"><a href=\"#\" class=\"close\"><\/a><div class=\"mt-item-details\"><h4 class=\"name\">Rebeca Fern\u00e1ndez \u00c1lvarez<\/h4><div class=\"left\"><img decoding=\"async\" src=\"https:\/\/www.dexeus.com\/sites\/default\/files\/styles\/equipo_medico\/public\/images\/equipo-medico\/rebeca-fernandez-alvarez.png?itok=poi_CbpP\" alt=\"Rebeca Fern\u00e1ndez \u00c1lvarez\" \/><\/div><div class=\"right\"><div class=\"position\">Chef de l\u2019Unit\u00e9 de Plancher Pelvien (Uro-gyn\u00e9cologie)<\/div><div class=\"centers\"><span class=\"label\">Centres: <\/span>Barcelone<\/div><div class=\"languages\"><span class=\"label\">Langues: <\/span>Espagnol, Catalan, Anglais<\/div><div class=\"specialities\"><span class=\"label\">Sp\u00e9cialit\u00e9s: <\/span>Gyn\u00e9cologie G\u00e9n\u00e9rale, Chirurgie Gyn\u00e9cologique, Plancher Pelvien (Uro-gyn\u00e9cologie)<\/div><\/div><div class=\"description\"><\/div><\/div><\/div><\/div><\/div><div class=\"mt-item hide\" data-name=\"Pascual Garc\u00eda Alfaro\" data-languages=\"Espagnol\" data-centers=\"Barcelone\" data-medspec=\"21\" data-medarea=\"2\"><div class=\"mt-item-inner\"><div class=\"photo\"><a href=\"#\"><img decoding=\"async\" src=\"https:\/\/www.dexeus.com\/sites\/default\/files\/styles\/equipo_medico\/public\/images\/equipo-humano\/pascual_garcia_alfaro.png?itok=fIWw5xN9\" alt=\"Pascual Garc\u00eda Alfaro\" \/><\/a><\/div><div class=\"name\"><a href=\"#\">Pascual Garc\u00eda Alfaro<\/a><\/div><div class=\"position\">Chef de l&#039;Unit\u00e9 de M\u00e9nopause<\/div><\/div><div class=\"mt-item-overlay\"><div class=\"mt-item-overlay-inner\"><a href=\"#\" class=\"close\"><\/a><div class=\"mt-item-details\"><h4 class=\"name\">Pascual Garc\u00eda Alfaro<\/h4><div class=\"left\"><img decoding=\"async\" src=\"https:\/\/www.dexeus.com\/sites\/default\/files\/styles\/equipo_medico\/public\/images\/equipo-humano\/pascual_garcia_alfaro.png?itok=fIWw5xN9\" alt=\"Pascual Garc\u00eda Alfaro\" \/><\/div><div class=\"right\"><div class=\"position\">Chef de l&#039;Unit\u00e9 de M\u00e9nopause<\/div><div class=\"centers\"><span class=\"label\">Centres: <\/span>Barcelone<\/div><div class=\"languages\"><span class=\"label\">Langues: <\/span>Espagnol<\/div><div class=\"specialities\"><span class=\"label\">Sp\u00e9cialit\u00e9s: <\/span>M\u00e9nopause<\/div><\/div><div class=\"description\"><\/div><\/div><\/div><\/div><\/div><div class=\"mt-item \" data-name=\"\u00c1lvaro Vives Su\u00f1\u00e9\" data-languages=\"Espagnol|||Catalan|||Anglais|||Allemand\" data-centers=\"Barcelone\" data-medspec=\"30|||50|||121|||49\" data-medarea=\"28|||48\"><div class=\"mt-item-inner\"><div class=\"photo\"><a href=\"#\"><img decoding=\"async\" src=\"https:\/\/www.dexeus.com\/sites\/default\/files\/styles\/equipo_medico\/public\/images\/equipo-medico\/alvaro-vives-sune.png?itok=wVfGqbTq\" alt=\"\u00c1lvaro Vives Su\u00f1\u00e9\" \/><\/a><\/div><div class=\"name\"><a href=\"#\">\u00c1lvaro Vives Su\u00f1\u00e9<\/a><\/div><div class=\"position\">Responsable de l\u2019Unit\u00e9 de Sant\u00e9 de l\u2019Homme, Andrologue<\/div><\/div><div class=\"mt-item-overlay\"><div class=\"mt-item-overlay-inner\"><a href=\"#\" class=\"close\"><\/a><div class=\"mt-item-details\"><h4 class=\"name\">\u00c1lvaro Vives Su\u00f1\u00e9<\/h4><div class=\"left\"><img decoding=\"async\" src=\"https:\/\/www.dexeus.com\/sites\/default\/files\/styles\/equipo_medico\/public\/images\/equipo-medico\/alvaro-vives-sune.png?itok=wVfGqbTq\" alt=\"\u00c1lvaro Vives Su\u00f1\u00e9\" \/><\/div><div class=\"right\"><div class=\"position\">Responsable de l\u2019Unit\u00e9 de Sant\u00e9 de l\u2019Homme, Andrologue<\/div><div class=\"centers\"><span class=\"label\">Centres: <\/span>Barcelone<\/div><div class=\"languages\"><span class=\"label\">Langues: <\/span>Espagnol, Catalan, Anglais, Allemand<\/div><div class=\"specialities\"><span class=\"label\">Sp\u00e9cialit\u00e9s: <\/span>Andrologie, Fertilit\u00e9 masculine, Infections de transmission sexuelle, Sexualit\u00e9 masculine<\/div><\/div><div class=\"description\"><p><\/p>\n<\/div><\/div><\/div><\/div><\/div><div class=\"mt-item hide\" data-name=\"Esther Moreno Hurtado\" data-languages=\"Espagnol|||Catalan|||Anglais\" data-centers=\"Barcelone\" data-medspec=\"54\" data-medarea=\"52\"><div class=\"mt-item-inner\"><div class=\"photo\"><a href=\"#\"><img decoding=\"async\" src=\"https:\/\/www.dexeus.com\/sites\/default\/files\/styles\/equipo_medico\/public\/images\/equipo-humano\/esther-moreno-hurtado.png?itok=b2Y1gVY6\" alt=\"Esther Moreno Hurtado\" \/><\/a><\/div><div class=\"name\"><a href=\"#\">Esther Moreno Hurtado<\/a><\/div><div class=\"position\">Responsable du Laboratoire d&#039;analyses cliniques<\/div><\/div><div class=\"mt-item-overlay\"><div class=\"mt-item-overlay-inner\"><a href=\"#\" class=\"close\"><\/a><div class=\"mt-item-details\"><h4 class=\"name\">Esther Moreno Hurtado<\/h4><div class=\"left\"><img decoding=\"async\" src=\"https:\/\/www.dexeus.com\/sites\/default\/files\/styles\/equipo_medico\/public\/images\/equipo-humano\/esther-moreno-hurtado.png?itok=b2Y1gVY6\" alt=\"Esther Moreno Hurtado\" \/><\/div><div class=\"right\"><div class=\"position\">Responsable du Laboratoire d&#039;analyses cliniques<\/div><div class=\"centers\"><span class=\"label\">Centres: <\/span>Barcelone<\/div><div class=\"languages\"><span class=\"label\">Langues: <\/span>Espagnol, Catalan, Anglais<\/div><div class=\"specialities\"><span class=\"label\">Sp\u00e9cialit\u00e9s: <\/span>Analyses Cliniques<\/div><\/div><div class=\"description\"><\/div><\/div><\/div><\/div><\/div><div class=\"mt-item hide\" data-name=\"Tomas J. Cortadellas Rosel\" data-languages=\"Espagnol|||Catalan|||Anglais|||Fran\u00e7ais\" data-centers=\"Sant Cugat\" data-medspec=\"16|||17|||20\" data-medarea=\"2\"><div class=\"mt-item-inner\"><div class=\"photo\"><a href=\"#\"><img decoding=\"async\" src=\"https:\/\/www.dexeus.com\/sites\/default\/files\/styles\/equipo_medico\/public\/images\/equipo_humano\/tomas-cortadellas-rosel.png?itok=7xcdol3E\" alt=\"Tomas J. Cortadellas Rosel\" \/><\/a><\/div><div class=\"name\"><a href=\"#\">Tomas J. Cortadellas Rosel<\/a><\/div><div class=\"position\">Coordinateur de l&#039;Unit\u00e9 de Pathologie Mammaire centre Sant Cugat<\/div><\/div><div class=\"mt-item-overlay\"><div class=\"mt-item-overlay-inner\"><a href=\"#\" class=\"close\"><\/a><div class=\"mt-item-details\"><h4 class=\"name\">Tomas J. Cortadellas Rosel<\/h4><div class=\"left\"><img decoding=\"async\" src=\"https:\/\/www.dexeus.com\/sites\/default\/files\/styles\/equipo_medico\/public\/images\/equipo_humano\/tomas-cortadellas-rosel.png?itok=7xcdol3E\" alt=\"Tomas J. Cortadellas Rosel\" \/><\/div><div class=\"right\"><div class=\"position\">Coordinateur de l&#039;Unit\u00e9 de Pathologie Mammaire centre Sant Cugat<\/div><div class=\"centers\"><span class=\"label\">Centres: <\/span>Sant Cugat<\/div><div class=\"languages\"><span class=\"label\">Langues: <\/span>Espagnol, Catalan, Anglais, Fran\u00e7ais<\/div><div class=\"specialities\"><span class=\"label\">Sp\u00e9cialit\u00e9s: <\/span>Gyn\u00e9cologie G\u00e9n\u00e9rale, Gyn\u00e9cologie Oncologique (Cancer gyn\u00e9cologique et du sein), Mastologie (Pathologie mammaire b\u00e9nigne)<\/div><\/div><div class=\"description\"><\/div><\/div><\/div><\/div><\/div><div class=\"mt-item hide\" data-name=\"Maria A. Abreu Pandare\" data-languages=\"Espagnol\" data-centers=\"Barcelone\" data-medspec=\"16|||42|||21\" data-medarea=\"2|||41\"><div class=\"mt-item-inner\"><div class=\"photo\"><a href=\"#\"><img decoding=\"async\" src=\"https:\/\/www.dexeus.com\/sites\/default\/files\/styles\/equipo_medico\/public\/images\/equipo-humano\/maria-a-abreu-pandare.png?itok=_J1wKIqb\" alt=\"Maria A. Abreu Pandare\" \/><\/a><\/div><div class=\"name\"><a href=\"#\">Maria A. Abreu Pandare<\/a><\/div><div class=\"position\">M\u00e9decin-adjoint<\/div><\/div><div class=\"mt-item-overlay\"><div class=\"mt-item-overlay-inner\"><a href=\"#\" class=\"close\"><\/a><div class=\"mt-item-details\"><h4 class=\"name\">Maria A. Abreu Pandare<\/h4><div class=\"left\"><img decoding=\"async\" src=\"https:\/\/www.dexeus.com\/sites\/default\/files\/styles\/equipo_medico\/public\/images\/equipo-humano\/maria-a-abreu-pandare.png?itok=_J1wKIqb\" alt=\"Maria A. Abreu Pandare\" \/><\/div><div class=\"right\"><div class=\"position\">M\u00e9decin-adjoint<\/div><div class=\"centers\"><span class=\"label\">Centres: <\/span>Barcelone<\/div><div class=\"languages\"><span class=\"label\">Langues: <\/span>Espagnol<\/div><div class=\"specialities\"><span class=\"label\">Sp\u00e9cialit\u00e9s: <\/span>Gyn\u00e9cologie G\u00e9n\u00e9rale, Diagnostic Gyn\u00e9cologique par l\u2019Image, M\u00e9nopause<\/div><\/div><div class=\"description\"><\/div><\/div><\/div><\/div><\/div><div class=\"mt-item hide\" data-name=\"Lisette J. Ach\u00e9 Cabrera\" data-languages=\"Espagnol\" data-centers=\"Barcelone\" data-medspec=\"16|||21|||10|||12\" data-medarea=\"2\"><div class=\"mt-item-inner\"><div class=\"photo\"><a href=\"#\"><img decoding=\"async\" src=\"https:\/\/www.dexeus.com\/sites\/default\/files\/styles\/equipo_medico\/public\/images\/equipo-humano\/lisette-ache-cabrera.png?itok=1KHZnxFS\" alt=\"Lisette J. Ach\u00e9 Cabrera\" \/><\/a><\/div><div class=\"name\"><a href=\"#\">Lisette J. Ach\u00e9 Cabrera<\/a><\/div><div class=\"position\">M\u00e9decin-adjoint<\/div><\/div><div class=\"mt-item-overlay\"><div class=\"mt-item-overlay-inner\"><a href=\"#\" class=\"close\"><\/a><div class=\"mt-item-details\"><h4 class=\"name\">Lisette J. Ach\u00e9 Cabrera<\/h4><div class=\"left\"><img decoding=\"async\" src=\"https:\/\/www.dexeus.com\/sites\/default\/files\/styles\/equipo_medico\/public\/images\/equipo-humano\/lisette-ache-cabrera.png?itok=1KHZnxFS\" alt=\"Lisette J. Ach\u00e9 Cabrera\" \/><\/div><div class=\"right\"><div class=\"position\">M\u00e9decin-adjoint<\/div><div class=\"centers\"><span class=\"label\">Centres: <\/span>Barcelone<\/div><div class=\"languages\"><span class=\"label\">Langues: <\/span>Espagnol<\/div><div class=\"specialities\"><span class=\"label\">Sp\u00e9cialit\u00e9s: <\/span>Gyn\u00e9cologie G\u00e9n\u00e9rale, M\u00e9nopause, Contraception, Contraception<\/div><\/div><div class=\"description\"><\/div><\/div><\/div><\/div><\/div><div class=\"mt-item hide\" data-name=\"Maria I. Alonso Vargas\" data-languages=\"Espagnol|||Catalan\" data-centers=\"Tarragone\" data-medspec=\"20\" data-medarea=\"2\"><div class=\"mt-item-inner\"><div class=\"photo\"><a href=\"#\"><img decoding=\"async\" src=\"https:\/\/www.dexeus.com\/sites\/default\/files\/styles\/equipo_medico\/public\/images\/equipo-humano\/maria-alonso-vargas.png?itok=_Mq9TCC6\" alt=\"Maria I. Alonso Vargas\" \/><\/a><\/div><div class=\"name\"><a href=\"#\">Maria I. Alonso Vargas<\/a><\/div><div class=\"position\">M\u00e9decin-adjoint<\/div><\/div><div class=\"mt-item-overlay\"><div class=\"mt-item-overlay-inner\"><a href=\"#\" class=\"close\"><\/a><div class=\"mt-item-details\"><h4 class=\"name\">Maria I. Alonso Vargas<\/h4><div class=\"left\"><img decoding=\"async\" src=\"https:\/\/www.dexeus.com\/sites\/default\/files\/styles\/equipo_medico\/public\/images\/equipo-humano\/maria-alonso-vargas.png?itok=_Mq9TCC6\" alt=\"Maria I. Alonso Vargas\" \/><\/div><div class=\"right\"><div class=\"position\">M\u00e9decin-adjoint<\/div><div class=\"centers\"><span class=\"label\">Centres: <\/span>Tarragone<\/div><div class=\"languages\"><span class=\"label\">Langues: <\/span>Espagnol, Catalan<\/div><div class=\"specialities\"><span class=\"label\">Sp\u00e9cialit\u00e9s: <\/span>Mastologie (Pathologie mammaire b\u00e9nigne)<\/div><\/div><div class=\"description\"><\/div><\/div><\/div><\/div><\/div><div class=\"mt-item \" data-name=\"Manuel \u00c1lvarez Almod\u00f3var\" data-languages=\"Espagnol|||Anglais\" data-centers=\"Barcelone\" data-medspec=\"16|||35|||36|||40\" data-medarea=\"2|||28\"><div class=\"mt-item-inner\"><div class=\"photo\"><a href=\"#\"><img decoding=\"async\" src=\"https:\/\/www.dexeus.com\/sites\/default\/files\/styles\/equipo_medico\/public\/images\/equipo-medico\/manuel-alvarez-almodovar.png?itok=8H0bgtSI\" alt=\"Manuel \u00c1lvarez Almod\u00f3var\" \/><\/a><\/div><div class=\"name\"><a href=\"#\">Manuel \u00c1lvarez Almod\u00f3var<\/a><\/div><div class=\"position\">M\u00e9decin-adjoint<\/div><\/div><div class=\"mt-item-overlay\"><div class=\"mt-item-overlay-inner\"><a href=\"#\" class=\"close\"><\/a><div class=\"mt-item-details\"><h4 class=\"name\">Manuel \u00c1lvarez Almod\u00f3var<\/h4><div class=\"left\"><img decoding=\"async\" src=\"https:\/\/www.dexeus.com\/sites\/default\/files\/styles\/equipo_medico\/public\/images\/equipo-medico\/manuel-alvarez-almodovar.png?itok=8H0bgtSI\" alt=\"Manuel \u00c1lvarez Almod\u00f3var\" \/><\/div><div class=\"right\"><div class=\"position\">M\u00e9decin-adjoint<\/div><div class=\"centers\"><span class=\"label\">Centres: <\/span>Barcelone<\/div><div class=\"languages\"><span class=\"label\">Langues: <\/span>Espagnol, Anglais<\/div><div class=\"specialities\"><span class=\"label\">Sp\u00e9cialit\u00e9s: <\/span>Gyn\u00e9cologie G\u00e9n\u00e9rale, \u00c9tude Int\u00e9gr\u00e9e de St\u00e9rilit\u00e9, Infertlit\u00e9, Techniques de Reproduction Assist\u00e9e<\/div><\/div><div class=\"description\"><\/div><\/div><\/div><\/div><\/div><div class=\"mt-item hide\" data-name=\"Carmen Ara P\u00e9rez\" data-languages=\"Espagnol|||Catalan|||Fran\u00e7ais\" data-centers=\"Barcelone\" data-medspec=\"11|||16|||17|||20|||45\" data-medarea=\"2|||41\"><div class=\"mt-item-inner\"><div class=\"photo\"><a href=\"#\"><img decoding=\"async\" src=\"https:\/\/www.dexeus.com\/sites\/default\/files\/styles\/equipo_medico\/public\/images\/equipo-medico\/carmen-ara-perez.png?itok=WlUOxusg\" alt=\"Carmen Ara P\u00e9rez\" \/><\/a><\/div><div class=\"name\"><a href=\"#\">Carmen Ara P\u00e9rez<\/a><\/div><div class=\"position\">M\u00e9decin-adjoint<\/div><\/div><div class=\"mt-item-overlay\"><div class=\"mt-item-overlay-inner\"><a href=\"#\" class=\"close\"><\/a><div class=\"mt-item-details\"><h4 class=\"name\">Carmen Ara P\u00e9rez<\/h4><div class=\"left\"><img decoding=\"async\" src=\"https:\/\/www.dexeus.com\/sites\/default\/files\/styles\/equipo_medico\/public\/images\/equipo-medico\/carmen-ara-perez.png?itok=WlUOxusg\" alt=\"Carmen Ara P\u00e9rez\" \/><\/div><div class=\"right\"><div class=\"position\">M\u00e9decin-adjoint<\/div><div class=\"centers\"><span class=\"label\">Centres: <\/span>Barcelone<\/div><div class=\"languages\"><span class=\"label\">Langues: <\/span>Espagnol, Catalan, Fran\u00e7ais<\/div><div class=\"specialities\"><span class=\"label\">Sp\u00e9cialit\u00e9s: <\/span>Chirurgie Gyn\u00e9cologique, Gyn\u00e9cologie G\u00e9n\u00e9rale, Gyn\u00e9cologie Oncologique (Cancer gyn\u00e9cologique et du sein), Mastologie (Pathologie mammaire b\u00e9nigne), Endoscopie du sein<\/div><\/div><div class=\"description\"><\/div><\/div><\/div><\/div><\/div><div class=\"mt-item hide\" data-name=\"Patricia Arag\u00f3n Casaled\" data-languages=\"Espagnol|||Catalan\" data-centers=\"Sant Cugat\" data-medspec=\"4|||6|||16\" data-medarea=\"3|||2\"><div class=\"mt-item-inner\"><div class=\"photo\"><a href=\"#\"><img decoding=\"async\" src=\"https:\/\/www.dexeus.com\/sites\/default\/files\/styles\/equipo_medico\/public\/images\/equipo_medico\/0-sin-foto-mujer.png?itok=ovq87Zyx\" alt=\"Patricia Arag\u00f3n Casaled\" \/><\/a><\/div><div class=\"name\"><a href=\"#\">Patricia Arag\u00f3n Casaled<\/a><\/div><div class=\"position\">M\u00e9decin-adjoint<\/div><\/div><div class=\"mt-item-overlay\"><div class=\"mt-item-overlay-inner\"><a href=\"#\" class=\"close\"><\/a><div class=\"mt-item-details\"><h4 class=\"name\">Patricia Arag\u00f3n Casaled<\/h4><div class=\"left\"><img decoding=\"async\" src=\"https:\/\/www.dexeus.com\/sites\/default\/files\/styles\/equipo_medico\/public\/images\/equipo_medico\/0-sin-foto-mujer.png?itok=ovq87Zyx\" alt=\"Patricia Arag\u00f3n Casaled\" \/><\/div><div class=\"right\"><div class=\"position\">M\u00e9decin-adjoint<\/div><div class=\"centers\"><span class=\"label\">Centres: <\/span>Sant Cugat<\/div><div class=\"languages\"><span class=\"label\">Langues: <\/span>Espagnol, Catalan<\/div><div class=\"specialities\"><span class=\"label\">Sp\u00e9cialit\u00e9s: <\/span>Assistance avant la Grossesse, Grossesse et Accouchement, Gyn\u00e9cologie G\u00e9n\u00e9rale<\/div><\/div><div class=\"description\"><\/div><\/div><\/div><\/div><\/div><div class=\"mt-item hide\" data-name=\"Mireia Arenas Redondo\" data-languages=\"Espagnol|||Catalan|||Anglais\" data-centers=\"Barcelone|||Sabadell\" data-medspec=\"6|||10|||11|||14|||16|||18|||19|||22|||23|||27\" data-medarea=\"3|||2\"><div class=\"mt-item-inner\"><div class=\"photo\"><a href=\"#\"><img decoding=\"async\" src=\"https:\/\/www.dexeus.com\/sites\/default\/files\/styles\/equipo_medico\/public\/images\/equipo_humano\/mireia-arenas-redondo2.png?itok=ve7rkWMN\" alt=\"Mireia Arenas Redondo\" \/><\/a><\/div><div class=\"name\"><a href=\"#\">Mireia Arenas Redondo<\/a><\/div><div class=\"position\">M\u00e9decin-adjoint<\/div><\/div><div class=\"mt-item-overlay\"><div class=\"mt-item-overlay-inner\"><a href=\"#\" class=\"close\"><\/a><div class=\"mt-item-details\"><h4 class=\"name\">Mireia Arenas Redondo<\/h4><div class=\"left\"><img decoding=\"async\" src=\"https:\/\/www.dexeus.com\/sites\/default\/files\/styles\/equipo_medico\/public\/images\/equipo_humano\/mireia-arenas-redondo2.png?itok=ve7rkWMN\" alt=\"Mireia Arenas Redondo\" \/><\/div><div class=\"right\"><div class=\"position\">M\u00e9decin-adjoint<\/div><div class=\"centers\"><span class=\"label\">Centres: <\/span>Barcelone, Sabadell<\/div><div class=\"languages\"><span class=\"label\">Langues: <\/span>Espagnol, Catalan, Anglais<\/div><div class=\"specialities\"><span class=\"label\">Sp\u00e9cialit\u00e9s: <\/span>Grossesse et Accouchement, Contraception, Chirurgie Gyn\u00e9cologique, Maladie Inflammatoire Pelvienne, Gyn\u00e9cologie G\u00e9n\u00e9rale, Hyst\u00e9roscopie, Infections de transmission sexuelle, Myomes, kystes des ovaires et maladies des annexes, Pathologie du Tractus G\u00e9nital Inf\u00e9rieur, Vaccination HPV<\/div><\/div><div class=\"description\"><p>\u00a0<\/p><\/div><\/div><\/div><\/div><\/div><div class=\"mt-item hide\" data-name=\"Reinaldo E. Arg\u00fcello Vergara\" data-languages=\"Espagnol|||Anglais\" data-centers=\"Barcelone|||Sabadell|||Manresa\" data-medspec=\"42\" data-medarea=\"41\"><div class=\"mt-item-inner\"><div class=\"photo\"><a href=\"#\"><img decoding=\"async\" src=\"https:\/\/www.dexeus.com\/sites\/default\/files\/styles\/equipo_medico\/public\/images\/equipo-humano\/reinaldo-arguello-vergara.png?itok=qpCfegK3\" alt=\"Reinaldo E. Arg\u00fcello Vergara\" \/><\/a><\/div><div class=\"name\"><a href=\"#\">Reinaldo E. Arg\u00fcello Vergara<\/a><\/div><div class=\"position\">M\u00e9decin-adjoint, Service de Diagnostic Gyn\u00e9cologique par Image<\/div><\/div><div class=\"mt-item-overlay\"><div class=\"mt-item-overlay-inner\"><a href=\"#\" class=\"close\"><\/a><div class=\"mt-item-details\"><h4 class=\"name\">Reinaldo E. Arg\u00fcello Vergara<\/h4><div class=\"left\"><img decoding=\"async\" src=\"https:\/\/www.dexeus.com\/sites\/default\/files\/styles\/equipo_medico\/public\/images\/equipo-humano\/reinaldo-arguello-vergara.png?itok=qpCfegK3\" alt=\"Reinaldo E. Arg\u00fcello Vergara\" \/><\/div><div class=\"right\"><div class=\"position\">M\u00e9decin-adjoint, Service de Diagnostic Gyn\u00e9cologique par Image<\/div><div class=\"centers\"><span class=\"label\">Centres: <\/span>Barcelone, Sabadell, Manresa<\/div><div class=\"languages\"><span class=\"label\">Langues: <\/span>Espagnol, Anglais<\/div><div class=\"specialities\"><span class=\"label\">Sp\u00e9cialit\u00e9s: <\/span>Diagnostic Gyn\u00e9cologique par l\u2019Image<\/div><\/div><div class=\"description\"><\/div><\/div><\/div><\/div><\/div><div class=\"mt-item hide\" data-name=\"Jorge L. Arias Rayo\" data-languages=\"Espagnol\" data-centers=\"Sant Cugat|||Sabadell\" data-medspec=\"4|||6|||16\" data-medarea=\"3|||2\"><div class=\"mt-item-inner\"><div class=\"photo\"><a href=\"#\"><img decoding=\"async\" src=\"https:\/\/www.dexeus.com\/sites\/default\/files\/styles\/equipo_medico\/public\/images\/equipo-humano\/jorge-arias-rayo.png?itok=u93ADeQO\" alt=\"Jorge L. Arias Rayo\" \/><\/a><\/div><div class=\"name\"><a href=\"#\">Jorge L. Arias Rayo<\/a><\/div><div class=\"position\">M\u00e9decin-adjoint<\/div><\/div><div class=\"mt-item-overlay\"><div class=\"mt-item-overlay-inner\"><a href=\"#\" class=\"close\"><\/a><div class=\"mt-item-details\"><h4 class=\"name\">Jorge L. Arias Rayo<\/h4><div class=\"left\"><img decoding=\"async\" src=\"https:\/\/www.dexeus.com\/sites\/default\/files\/styles\/equipo_medico\/public\/images\/equipo-humano\/jorge-arias-rayo.png?itok=u93ADeQO\" alt=\"Jorge L. Arias Rayo\" \/><\/div><div class=\"right\"><div class=\"position\">M\u00e9decin-adjoint<\/div><div class=\"centers\"><span class=\"label\">Centres: <\/span>Sant Cugat, Sabadell<\/div><div class=\"languages\"><span class=\"label\">Langues: <\/span>Espagnol<\/div><div class=\"specialities\"><span class=\"label\">Sp\u00e9cialit\u00e9s: <\/span>Assistance avant la Grossesse, Grossesse et Accouchement, Gyn\u00e9cologie G\u00e9n\u00e9rale<\/div><\/div><div class=\"description\"><\/div><\/div><\/div><\/div><\/div><div class=\"mt-item \" data-name=\"Jos\u00e9 A. Arr\u00fas Soldi\" data-languages=\"Espagnol\" data-centers=\"Barcelone|||Sant Cugat\" data-medspec=\"30|||50|||121|||49\" data-medarea=\"28|||48\"><div class=\"mt-item-inner\"><div class=\"photo\"><a href=\"#\"><img decoding=\"async\" src=\"https:\/\/www.dexeus.com\/sites\/default\/files\/styles\/equipo_medico\/public\/images\/equipo-humano\/jose-arrus-soldi.png?itok=HIj7MKp6\" alt=\"Jos\u00e9 A. Arr\u00fas Soldi\" \/><\/a><\/div><div class=\"name\"><a href=\"#\">Jos\u00e9 A. Arr\u00fas Soldi<\/a><\/div><div class=\"position\">M\u00e9decin-adjoint, Andrologue<\/div><\/div><div class=\"mt-item-overlay\"><div class=\"mt-item-overlay-inner\"><a href=\"#\" class=\"close\"><\/a><div class=\"mt-item-details\"><h4 class=\"name\">Jos\u00e9 A. Arr\u00fas Soldi<\/h4><div class=\"left\"><img decoding=\"async\" src=\"https:\/\/www.dexeus.com\/sites\/default\/files\/styles\/equipo_medico\/public\/images\/equipo-humano\/jose-arrus-soldi.png?itok=HIj7MKp6\" alt=\"Jos\u00e9 A. Arr\u00fas Soldi\" \/><\/div><div class=\"right\"><div class=\"position\">M\u00e9decin-adjoint, Andrologue<\/div><div class=\"centers\"><span class=\"label\">Centres: <\/span>Barcelone, Sant Cugat<\/div><div class=\"languages\"><span class=\"label\">Langues: <\/span>Espagnol<\/div><div class=\"specialities\"><span class=\"label\">Sp\u00e9cialit\u00e9s: <\/span>Andrologie, Fertilit\u00e9 masculine, Infections de transmission sexuelle, Sexualit\u00e9 masculine<\/div><\/div><div class=\"description\"><\/div><\/div><\/div><\/div><\/div><div class=\"mt-item hide\" data-name=\"Anna Asturg\u00f3 Muntal\" data-languages=\"Espagnol|||Catalan|||Anglais\" data-centers=\"Barcelone|||Sabadell\" data-medspec=\"6|||16|||27|||19|||23\" data-medarea=\"3|||2\"><div class=\"mt-item-inner\"><div class=\"photo\"><a href=\"#\"><img decoding=\"async\" src=\"https:\/\/www.dexeus.com\/sites\/default\/files\/styles\/equipo_medico\/public\/images\/equipo-medico\/anna-asturgo-muntal.png?itok=OkTG0XXp\" alt=\"Anna Asturg\u00f3 Muntal\" \/><\/a><\/div><div class=\"name\"><a href=\"#\">Anna Asturg\u00f3 Muntal<\/a><\/div><div class=\"position\">M\u00e9decin-adjoint<\/div><\/div><div class=\"mt-item-overlay\"><div class=\"mt-item-overlay-inner\"><a href=\"#\" class=\"close\"><\/a><div class=\"mt-item-details\"><h4 class=\"name\">Anna Asturg\u00f3 Muntal<\/h4><div class=\"left\"><img decoding=\"async\" src=\"https:\/\/www.dexeus.com\/sites\/default\/files\/styles\/equipo_medico\/public\/images\/equipo-medico\/anna-asturgo-muntal.png?itok=OkTG0XXp\" alt=\"Anna Asturg\u00f3 Muntal\" \/><\/div><div class=\"right\"><div class=\"position\">M\u00e9decin-adjoint<\/div><div class=\"centers\"><span class=\"label\">Centres: <\/span>Barcelone, Sabadell<\/div><div class=\"languages\"><span class=\"label\">Langues: <\/span>Espagnol, Catalan, Anglais<\/div><div class=\"specialities\"><span class=\"label\">Sp\u00e9cialit\u00e9s: <\/span>Grossesse et Accouchement, Gyn\u00e9cologie G\u00e9n\u00e9rale, Vaccination HPV, Infections de transmission sexuelle, Pathologie du Tractus G\u00e9nital Inf\u00e9rieur<\/div><\/div><div class=\"description\"><\/div><\/div><\/div><\/div><\/div><div class=\"mt-item hide\" data-name=\"Marta Avella Marcos\" data-languages=\"Espagnol|||Catalan\" data-centers=\"Sant Cugat\" data-medspec=\"4|||6|||16|||21\" data-medarea=\"3|||2\"><div class=\"mt-item-inner\"><div class=\"photo\"><a href=\"#\"><img decoding=\"async\" src=\"https:\/\/www.dexeus.com\/sites\/default\/files\/styles\/equipo_medico\/public\/images\/equipo_medico\/marta-avella-marcos.png?itok=uIFzw-Nc\" alt=\"Marta Avella Marcos\" \/><\/a><\/div><div class=\"name\"><a href=\"#\">Marta Avella Marcos<\/a><\/div><div class=\"position\">M\u00e9decin-adjoint<\/div><\/div><div class=\"mt-item-overlay\"><div class=\"mt-item-overlay-inner\"><a href=\"#\" class=\"close\"><\/a><div class=\"mt-item-details\"><h4 class=\"name\">Marta Avella Marcos<\/h4><div class=\"left\"><img decoding=\"async\" src=\"https:\/\/www.dexeus.com\/sites\/default\/files\/styles\/equipo_medico\/public\/images\/equipo_medico\/marta-avella-marcos.png?itok=uIFzw-Nc\" alt=\"Marta Avella Marcos\" \/><\/div><div class=\"right\"><div class=\"position\">M\u00e9decin-adjoint<\/div><div class=\"centers\"><span class=\"label\">Centres: <\/span>Sant Cugat<\/div><div class=\"languages\"><span class=\"label\">Langues: <\/span>Espagnol, Catalan<\/div><div class=\"specialities\"><span class=\"label\">Sp\u00e9cialit\u00e9s: <\/span>Assistance avant la Grossesse, Grossesse et Accouchement, Gyn\u00e9cologie G\u00e9n\u00e9rale, M\u00e9nopause<\/div><\/div><div class=\"description\"><\/div><\/div><\/div><\/div><\/div><div class=\"mt-item hide\" data-name=\"Helena Bagan Robledo\" data-languages=\"Espagnol|||Catalan\" data-centers=\"Sant Cugat\" data-medspec=\"4|||6|||16\" data-medarea=\"3|||2\"><div class=\"mt-item-inner\"><div class=\"photo\"><a href=\"#\"><img decoding=\"async\" src=\"https:\/\/www.dexeus.com\/sites\/default\/files\/styles\/equipo_medico\/public\/images\/equipo_humano\/helena-bagan-robledo.png?itok=yAcqKuv9\" alt=\"Helena Bagan Robledo\" \/><\/a><\/div><div class=\"name\"><a href=\"#\">Helena Bagan Robledo<\/a><\/div><div class=\"position\">M\u00e9decin-adjoint<\/div><\/div><div class=\"mt-item-overlay\"><div class=\"mt-item-overlay-inner\"><a href=\"#\" class=\"close\"><\/a><div class=\"mt-item-details\"><h4 class=\"name\">Helena Bagan Robledo<\/h4><div class=\"left\"><img decoding=\"async\" src=\"https:\/\/www.dexeus.com\/sites\/default\/files\/styles\/equipo_medico\/public\/images\/equipo_humano\/helena-bagan-robledo.png?itok=yAcqKuv9\" alt=\"Helena Bagan Robledo\" \/><\/div><div class=\"right\"><div class=\"position\">M\u00e9decin-adjoint<\/div><div class=\"centers\"><span class=\"label\">Centres: <\/span>Sant Cugat<\/div><div class=\"languages\"><span class=\"label\">Langues: <\/span>Espagnol, Catalan<\/div><div class=\"specialities\"><span class=\"label\">Sp\u00e9cialit\u00e9s: <\/span>Assistance avant la Grossesse, Grossesse et Accouchement, Gyn\u00e9cologie G\u00e9n\u00e9rale<\/div><\/div><div class=\"description\"><\/div><\/div><\/div><\/div><\/div><div class=\"mt-item hide\" data-name=\"Micaela Bagnati\" data-languages=\"Espagnol|||Anglais\" data-centers=\"Sant Cugat|||Manresa\" data-medspec=\"15|||16\" data-medarea=\"2\"><div class=\"mt-item-inner\"><div class=\"photo\"><a href=\"#\"><img decoding=\"async\" src=\"https:\/\/www.dexeus.com\/sites\/default\/files\/styles\/equipo_medico\/public\/images\/equipo-medico\/micaela-bagnati.png?itok=ZoUKWHTR\" alt=\"Micaela Bagnati\" \/><\/a><\/div><div class=\"name\"><a href=\"#\">Micaela Bagnati<\/a><\/div><div class=\"position\">M\u00e9decin-adjoint<\/div><\/div><div class=\"mt-item-overlay\"><div class=\"mt-item-overlay-inner\"><a href=\"#\" class=\"close\"><\/a><div class=\"mt-item-details\"><h4 class=\"name\">Micaela Bagnati<\/h4><div class=\"left\"><img decoding=\"async\" src=\"https:\/\/www.dexeus.com\/sites\/default\/files\/styles\/equipo_medico\/public\/images\/equipo-medico\/micaela-bagnati.png?itok=ZoUKWHTR\" alt=\"Micaela Bagnati\" \/><\/div><div class=\"right\"><div class=\"position\">M\u00e9decin-adjoint<\/div><div class=\"centers\"><span class=\"label\">Centres: <\/span>Sant Cugat, Manresa<\/div><div class=\"languages\"><span class=\"label\">Langues: <\/span>Espagnol, Anglais<\/div><div class=\"specialities\"><span class=\"label\">Sp\u00e9cialit\u00e9s: <\/span>Gyn\u00e9cologie de l\u2019Enfance et de l\u2019Adolescence, Gyn\u00e9cologie G\u00e9n\u00e9rale<\/div><\/div><div class=\"description\"><\/div><\/div><\/div><\/div><\/div><div class=\"mt-item \" data-name=\"Isela E. Ba\u00f1uelos Martinez\" data-languages=\"Espagnol\" data-centers=\"Barcelone|||Sant Cugat\" data-medspec=\"16|||33|||29|||34|||35|||36|||40\" data-medarea=\"2|||28\"><div class=\"mt-item-inner\"><div class=\"photo\"><a href=\"#\"><img decoding=\"async\" src=\"https:\/\/www.dexeus.com\/sites\/default\/files\/styles\/equipo_medico\/public\/images\/equipo-humano\/isela-elizabeth-banuelos-martinez.png?itok=kddPuFnR\" alt=\"Isela E. Ba\u00f1uelos Martinez\" \/><\/a><\/div><div class=\"name\"><a href=\"#\">Isela E. Ba\u00f1uelos Martinez<\/a><\/div><div class=\"position\">M\u00e9decin-adjoint<\/div><\/div><div class=\"mt-item-overlay\"><div class=\"mt-item-overlay-inner\"><a href=\"#\" class=\"close\"><\/a><div class=\"mt-item-details\"><h4 class=\"name\">Isela E. Ba\u00f1uelos Martinez<\/h4><div class=\"left\"><img decoding=\"async\" src=\"https:\/\/www.dexeus.com\/sites\/default\/files\/styles\/equipo_medico\/public\/images\/equipo-humano\/isela-elizabeth-banuelos-martinez.png?itok=kddPuFnR\" alt=\"Isela E. Ba\u00f1uelos Martinez\" \/><\/div><div class=\"right\"><div class=\"position\">M\u00e9decin-adjoint<\/div><div class=\"centers\"><span class=\"label\">Centres: <\/span>Barcelone, Sant Cugat<\/div><div class=\"languages\"><span class=\"label\">Langues: <\/span>Espagnol<\/div><div class=\"specialities\"><span class=\"label\">Sp\u00e9cialit\u00e9s: <\/span>Gyn\u00e9cologie G\u00e9n\u00e9rale, Endocrinologie Gyn\u00e9cologique, Fausses couches \u00e0 R\u00e9p\u00e9tition (Infertilit\u00e9), Endocrinologie de la reproduction, \u00c9tude Int\u00e9gr\u00e9e de St\u00e9rilit\u00e9, Infertlit\u00e9, Techniques de Reproduction Assist\u00e9e<\/div><\/div><div class=\"description\"><\/div><\/div><\/div><\/div><\/div><div class=\"mt-item \" data-name=\"Lidia Barber\u00e1n Mart\u00ednez\" data-languages=\"Espagnol|||Catalan|||Anglais\" data-centers=\"Barcelone\" data-medspec=\"35|||36|||40|||4|||6|||16\" data-medarea=\"28|||3|||2\"><div class=\"mt-item-inner\"><div class=\"photo\"><a href=\"#\"><img decoding=\"async\" src=\"https:\/\/www.dexeus.com\/sites\/default\/files\/styles\/equipo_medico\/public\/images\/equipo-humano\/lidia-barberan-martinez.png?itok=-twTbxVW\" alt=\"Lidia Barber\u00e1n Mart\u00ednez\" \/><\/a><\/div><div class=\"name\"><a href=\"#\">Lidia Barber\u00e1n Mart\u00ednez<\/a><\/div><div class=\"position\">M\u00e9decin-adjoint<\/div><\/div><div class=\"mt-item-overlay\"><div class=\"mt-item-overlay-inner\"><a href=\"#\" class=\"close\"><\/a><div class=\"mt-item-details\"><h4 class=\"name\">Lidia Barber\u00e1n Mart\u00ednez<\/h4><div class=\"left\"><img decoding=\"async\" src=\"https:\/\/www.dexeus.com\/sites\/default\/files\/styles\/equipo_medico\/public\/images\/equipo-humano\/lidia-barberan-martinez.png?itok=-twTbxVW\" alt=\"Lidia Barber\u00e1n Mart\u00ednez\" \/><\/div><div class=\"right\"><div class=\"position\">M\u00e9decin-adjoint<\/div><div class=\"centers\"><span class=\"label\">Centres: <\/span>Barcelone<\/div><div class=\"languages\"><span class=\"label\">Langues: <\/span>Espagnol, Catalan, Anglais<\/div><div class=\"specialities\"><span class=\"label\">Sp\u00e9cialit\u00e9s: <\/span>\u00c9tude Int\u00e9gr\u00e9e de St\u00e9rilit\u00e9, Infertlit\u00e9, Techniques de Reproduction Assist\u00e9e, Assistance avant la Grossesse, Grossesse et Accouchement, Gyn\u00e9cologie G\u00e9n\u00e9rale<\/div><\/div><div class=\"description\"><\/div><\/div><\/div><\/div><\/div><div class=\"mt-item \" data-name=\"Cristina Benito Pedregosa\" data-languages=\"Espagnol|||Catalan\" data-centers=\"Sabadell|||Manresa\" data-medspec=\"35|||40|||36|||37\" data-medarea=\"28\"><div class=\"mt-item-inner\"><div class=\"photo\"><a href=\"#\"><img decoding=\"async\" src=\"https:\/\/www.dexeus.com\/sites\/default\/files\/styles\/equipo_medico\/public\/images\/equipo-humano\/cristina-benito-pedregosa.png?itok=TmvnJ0Gc\" alt=\"Cristina Benito Pedregosa\" \/><\/a><\/div><div class=\"name\"><a href=\"#\">Cristina Benito Pedregosa<\/a><\/div><div class=\"position\">M\u00e9decin-adjoint<\/div><\/div><div class=\"mt-item-overlay\"><div class=\"mt-item-overlay-inner\"><a href=\"#\" class=\"close\"><\/a><div class=\"mt-item-details\"><h4 class=\"name\">Cristina Benito Pedregosa<\/h4><div class=\"left\"><img decoding=\"async\" src=\"https:\/\/www.dexeus.com\/sites\/default\/files\/styles\/equipo_medico\/public\/images\/equipo-humano\/cristina-benito-pedregosa.png?itok=TmvnJ0Gc\" alt=\"Cristina Benito Pedregosa\" \/><\/div><div class=\"right\"><div class=\"position\">M\u00e9decin-adjoint<\/div><div class=\"centers\"><span class=\"label\">Centres: <\/span>Sabadell, Manresa<\/div><div class=\"languages\"><span class=\"label\">Langues: <\/span>Espagnol, Catalan<\/div><div class=\"specialities\"><span class=\"label\">Sp\u00e9cialit\u00e9s: <\/span>\u00c9tude Int\u00e9gr\u00e9e de St\u00e9rilit\u00e9, Techniques de Reproduction Assist\u00e9e, Infertlit\u00e9, Pr\u00e9servation de la fertilit\u00e9<\/div><\/div><div class=\"description\"><\/div><\/div><\/div><\/div><\/div><div class=\"mt-item hide\" data-name=\"Sara S. Bermudez Sparice\" data-languages=\"Espagnol\" data-centers=\"Barcelone\" data-medspec=\"973|||16\" data-medarea=\"2\"><div class=\"mt-item-inner\"><div class=\"photo\"><a href=\"#\"><img decoding=\"async\" src=\"https:\/\/www.dexeus.com\/sites\/default\/files\/styles\/equipo_medico\/public\/images\/equipo_humano\/sara-bermudez-sparice.png?itok=0_Jj-MLR\" alt=\"Sara S. Bermudez Sparice\" \/><\/a><\/div><div class=\"name\"><a href=\"#\">Sara S. Bermudez Sparice<\/a><\/div><div class=\"position\">M\u00e9decin-adjoint<\/div><\/div><div class=\"mt-item-overlay\"><div class=\"mt-item-overlay-inner\"><a href=\"#\" class=\"close\"><\/a><div class=\"mt-item-details\"><h4 class=\"name\">Sara S. Bermudez Sparice<\/h4><div class=\"left\"><img decoding=\"async\" src=\"https:\/\/www.dexeus.com\/sites\/default\/files\/styles\/equipo_medico\/public\/images\/equipo_humano\/sara-bermudez-sparice.png?itok=0_Jj-MLR\" alt=\"Sara S. Bermudez Sparice\" \/><\/div><div class=\"right\"><div class=\"position\">M\u00e9decin-adjoint<\/div><div class=\"centers\"><span class=\"label\">Centres: <\/span>Barcelone<\/div><div class=\"languages\"><span class=\"label\">Langues: <\/span>Espagnol<\/div><div class=\"specialities\"><span class=\"label\">Sp\u00e9cialit\u00e9s: <\/span>Gyn\u00e9cologie esth\u00e9tique, Gyn\u00e9cologie G\u00e9n\u00e9rale<\/div><\/div><div class=\"description\"><\/div><\/div><\/div><\/div><\/div><div class=\"mt-item hide\" data-name=\"Mireia Bernal Claverol\" data-languages=\"Espagnol|||Catalan|||Anglais|||Fran\u00e7ais|||Italien\" data-centers=\"Barcelone\" data-medspec=\"4|||6|||16|||44\" data-medarea=\"3|||2|||41\"><div class=\"mt-item-inner\"><div class=\"photo\"><a href=\"#\"><img decoding=\"async\" src=\"https:\/\/www.dexeus.com\/sites\/default\/files\/styles\/equipo_medico\/public\/images\/equipo-humano\/mireia-bernal-claverol.png?itok=hBpG4jcI\" alt=\"Mireia Bernal Claverol\" \/><\/a><\/div><div class=\"name\"><a href=\"#\">Mireia Bernal Claverol<\/a><\/div><div class=\"position\">M\u00e9decin-adjoint<\/div><\/div><div class=\"mt-item-overlay\"><div class=\"mt-item-overlay-inner\"><a href=\"#\" class=\"close\"><\/a><div class=\"mt-item-details\"><h4 class=\"name\">Mireia Bernal Claverol<\/h4><div class=\"left\"><img decoding=\"async\" src=\"https:\/\/www.dexeus.com\/sites\/default\/files\/styles\/equipo_medico\/public\/images\/equipo-humano\/mireia-bernal-claverol.png?itok=hBpG4jcI\" alt=\"Mireia Bernal Claverol\" \/><\/div><div class=\"right\"><div class=\"position\">M\u00e9decin-adjoint<\/div><div class=\"centers\"><span class=\"label\">Centres: <\/span>Barcelone<\/div><div class=\"languages\"><span class=\"label\">Langues: <\/span>Espagnol, Catalan, Anglais, Fran\u00e7ais, Italien<\/div><div class=\"specialities\"><span class=\"label\">Sp\u00e9cialit\u00e9s: <\/span>Assistance avant la Grossesse, Grossesse et Accouchement, Gyn\u00e9cologie G\u00e9n\u00e9rale, \u00c9chographie obst\u00e9tricale et diagnostic pr\u00e9natal<\/div><\/div><div class=\"description\"><\/div><\/div><\/div><\/div><\/div><div class=\"mt-item hide\" data-name=\"Maria N. Blanche\" data-languages=\"Espagnol|||Anglais\" data-centers=\"Barcelone\" data-medspec=\"42\" data-medarea=\"41\"><div class=\"mt-item-inner\"><div class=\"photo\"><a href=\"#\"><img decoding=\"async\" src=\"https:\/\/www.dexeus.com\/sites\/default\/files\/styles\/equipo_medico\/public\/images\/equipo-humano\/maria-natalia-blanche.png?itok=zZCvq_-1\" alt=\"Maria N. Blanche\" \/><\/a><\/div><div class=\"name\"><a href=\"#\">Maria N. Blanche<\/a><\/div><div class=\"position\">M\u00e9decin-adjoint, Service de Diagnostic Gyn\u00e9cologique par Image<\/div><\/div><div class=\"mt-item-overlay\"><div class=\"mt-item-overlay-inner\"><a href=\"#\" class=\"close\"><\/a><div class=\"mt-item-details\"><h4 class=\"name\">Maria N. Blanche<\/h4><div class=\"left\"><img decoding=\"async\" src=\"https:\/\/www.dexeus.com\/sites\/default\/files\/styles\/equipo_medico\/public\/images\/equipo-humano\/maria-natalia-blanche.png?itok=zZCvq_-1\" alt=\"Maria N. Blanche\" \/><\/div><div class=\"right\"><div class=\"position\">M\u00e9decin-adjoint, Service de Diagnostic Gyn\u00e9cologique par Image<\/div><div class=\"centers\"><span class=\"label\">Centres: <\/span>Barcelone<\/div><div class=\"languages\"><span class=\"label\">Langues: <\/span>Espagnol, Anglais<\/div><div class=\"specialities\"><span class=\"label\">Sp\u00e9cialit\u00e9s: <\/span>Diagnostic Gyn\u00e9cologique par l\u2019Image<\/div><\/div><div class=\"description\"><\/div><\/div><\/div><\/div><\/div><div class=\"mt-item hide\" data-name=\"Francys V. Blanco Mendez\" data-languages=\"Espagnol|||Anglais|||Fran\u00e7ais\" data-centers=\"Barcelone\" data-medspec=\"16|||42\" data-medarea=\"2|||41\"><div class=\"mt-item-inner\"><div class=\"photo\"><a href=\"#\"><img decoding=\"async\" src=\"https:\/\/www.dexeus.com\/sites\/default\/files\/styles\/equipo_medico\/public\/images\/equipo-humano\/francys-del-valle-blanco-mendez.png?itok=5VksHB83\" alt=\"Francys V. Blanco Mendez\" \/><\/a><\/div><div class=\"name\"><a href=\"#\">Francys V. Blanco Mendez<\/a><\/div><div class=\"position\">M\u00e9decin-adjoint<\/div><\/div><div class=\"mt-item-overlay\"><div class=\"mt-item-overlay-inner\"><a href=\"#\" class=\"close\"><\/a><div class=\"mt-item-details\"><h4 class=\"name\">Francys V. Blanco Mendez<\/h4><div class=\"left\"><img decoding=\"async\" src=\"https:\/\/www.dexeus.com\/sites\/default\/files\/styles\/equipo_medico\/public\/images\/equipo-humano\/francys-del-valle-blanco-mendez.png?itok=5VksHB83\" alt=\"Francys V. Blanco Mendez\" \/><\/div><div class=\"right\"><div class=\"position\">M\u00e9decin-adjoint<\/div><div class=\"centers\"><span class=\"label\">Centres: <\/span>Barcelone<\/div><div class=\"languages\"><span class=\"label\">Langues: <\/span>Espagnol, Anglais, Fran\u00e7ais<\/div><div class=\"specialities\"><span class=\"label\">Sp\u00e9cialit\u00e9s: <\/span>Gyn\u00e9cologie G\u00e9n\u00e9rale, Diagnostic Gyn\u00e9cologique par l\u2019Image<\/div><\/div><div class=\"description\"><\/div><\/div><\/div><\/div><\/div><div class=\"mt-item hide\" data-name=\"Jos\u00e9 Mar\u00eda Bogu\u00f1\u00e1 Ponsa\" data-languages=\"Espagnol|||Catalan\" data-centers=\"Barcelone\" data-medspec=\"4|||6\" data-medarea=\"3\"><div class=\"mt-item-inner\"><div class=\"photo\"><a href=\"#\"><img decoding=\"async\" src=\"https:\/\/www.dexeus.com\/sites\/default\/files\/styles\/equipo_medico\/public\/images\/equipo-humano\/jose-maria-boguna-ponsa.png?itok=54_VFrlK\" alt=\"Jos\u00e9 Mar\u00eda Bogu\u00f1\u00e1 Ponsa\" \/><\/a><\/div><div class=\"name\"><a href=\"#\">Jos\u00e9 Mar\u00eda Bogu\u00f1\u00e1 Ponsa<\/a><\/div><div class=\"position\">M\u00e9decin-adjoint<\/div><\/div><div class=\"mt-item-overlay\"><div class=\"mt-item-overlay-inner\"><a href=\"#\" class=\"close\"><\/a><div class=\"mt-item-details\"><h4 class=\"name\">Jos\u00e9 Mar\u00eda Bogu\u00f1\u00e1 Ponsa<\/h4><div class=\"left\"><img decoding=\"async\" src=\"https:\/\/www.dexeus.com\/sites\/default\/files\/styles\/equipo_medico\/public\/images\/equipo-humano\/jose-maria-boguna-ponsa.png?itok=54_VFrlK\" alt=\"Jos\u00e9 Mar\u00eda Bogu\u00f1\u00e1 Ponsa\" \/><\/div><div class=\"right\"><div class=\"position\">M\u00e9decin-adjoint<\/div><div class=\"centers\"><span class=\"label\">Centres: <\/span>Barcelone<\/div><div class=\"languages\"><span class=\"label\">Langues: <\/span>Espagnol, Catalan<\/div><div class=\"specialities\"><span class=\"label\">Sp\u00e9cialit\u00e9s: <\/span>Assistance avant la Grossesse, Grossesse et Accouchement<\/div><\/div><div class=\"description\"><\/div><\/div><\/div><\/div><\/div><div class=\"mt-item hide\" data-name=\"Juan Lorenzo Browne\" data-languages=\"Espagnol|||Anglais|||Fran\u00e7ais\" data-centers=\"Barcelone\" data-medspec=\"42\" data-medarea=\"41\"><div class=\"mt-item-inner\"><div class=\"photo\"><a href=\"#\"><img decoding=\"async\" src=\"https:\/\/www.dexeus.com\/sites\/default\/files\/styles\/equipo_medico\/public\/images\/equipo-medico\/juan-lorenzo-browne.png?itok=g3MG4x8C\" alt=\"Juan Lorenzo Browne\" \/><\/a><\/div><div class=\"name\"><a href=\"#\">Juan Lorenzo Browne<\/a><\/div><div class=\"position\">M\u00e9decin-adjoint, Service de Diagnostic Gyn\u00e9cologique par Image<\/div><\/div><div class=\"mt-item-overlay\"><div class=\"mt-item-overlay-inner\"><a href=\"#\" class=\"close\"><\/a><div class=\"mt-item-details\"><h4 class=\"name\">Juan Lorenzo Browne<\/h4><div class=\"left\"><img decoding=\"async\" src=\"https:\/\/www.dexeus.com\/sites\/default\/files\/styles\/equipo_medico\/public\/images\/equipo-medico\/juan-lorenzo-browne.png?itok=g3MG4x8C\" alt=\"Juan Lorenzo Browne\" \/><\/div><div class=\"right\"><div class=\"position\">M\u00e9decin-adjoint, Service de Diagnostic Gyn\u00e9cologique par Image<\/div><div class=\"centers\"><span class=\"label\">Centres: <\/span>Barcelone<\/div><div class=\"languages\"><span class=\"label\">Langues: <\/span>Espagnol, Anglais, Fran\u00e7ais<\/div><div class=\"specialities\"><span class=\"label\">Sp\u00e9cialit\u00e9s: <\/span>Diagnostic Gyn\u00e9cologique par l\u2019Image<\/div><\/div><div class=\"description\"><\/div><\/div><\/div><\/div><\/div><div class=\"mt-item hide\" data-name=\"Evelyn S. Cabana Duce\" data-languages=\"Espagnol\" data-centers=\"Barcelone\" data-medspec=\"16|||42|||21|||10|||12\" data-medarea=\"2|||41\"><div class=\"mt-item-inner\"><div class=\"photo\"><a href=\"#\"><img decoding=\"async\" src=\"https:\/\/www.dexeus.com\/sites\/default\/files\/styles\/equipo_medico\/public\/images\/equipo_medico\/evelyn-sol-cabana-duce.png?itok=920Iz6oU\" alt=\"Evelyn S. Cabana Duce\" \/><\/a><\/div><div class=\"name\"><a href=\"#\">Evelyn S. Cabana Duce<\/a><\/div><div class=\"position\">M\u00e9decin-adjoint<\/div><\/div><div class=\"mt-item-overlay\"><div class=\"mt-item-overlay-inner\"><a href=\"#\" class=\"close\"><\/a><div class=\"mt-item-details\"><h4 class=\"name\">Evelyn S. Cabana Duce<\/h4><div class=\"left\"><img decoding=\"async\" src=\"https:\/\/www.dexeus.com\/sites\/default\/files\/styles\/equipo_medico\/public\/images\/equipo_medico\/evelyn-sol-cabana-duce.png?itok=920Iz6oU\" alt=\"Evelyn S. Cabana Duce\" \/><\/div><div class=\"right\"><div class=\"position\">M\u00e9decin-adjoint<\/div><div class=\"centers\"><span class=\"label\">Centres: <\/span>Barcelone<\/div><div class=\"languages\"><span class=\"label\">Langues: <\/span>Espagnol<\/div><div class=\"specialities\"><span class=\"label\">Sp\u00e9cialit\u00e9s: <\/span>Gyn\u00e9cologie G\u00e9n\u00e9rale, Diagnostic Gyn\u00e9cologique par l\u2019Image, M\u00e9nopause, Contraception, Contraception<\/div><\/div><div class=\"description\"><\/div><\/div><\/div><\/div><\/div><div class=\"mt-item hide\" data-name=\"Mart\u00ed Cantallops Ciucio\" data-languages=\"Espagnol|||Catalan\" data-centers=\"Sant Cugat\" data-medspec=\"4|||6|||16\" data-medarea=\"3|||2\"><div class=\"mt-item-inner\"><div class=\"photo\"><a href=\"#\"><img decoding=\"async\" src=\"https:\/\/www.dexeus.com\/sites\/default\/files\/styles\/equipo_medico\/public\/images\/equipo-medico\/marti-cantallops-ciucio.png?itok=xsALLHs0\" alt=\"Mart\u00ed Cantallops Ciucio\" \/><\/a><\/div><div class=\"name\"><a href=\"#\">Mart\u00ed Cantallops Ciucio<\/a><\/div><div class=\"position\">M\u00e9decin-adjoint<\/div><\/div><div class=\"mt-item-overlay\"><div class=\"mt-item-overlay-inner\"><a href=\"#\" class=\"close\"><\/a><div class=\"mt-item-details\"><h4 class=\"name\">Mart\u00ed Cantallops Ciucio<\/h4><div class=\"left\"><img decoding=\"async\" src=\"https:\/\/www.dexeus.com\/sites\/default\/files\/styles\/equipo_medico\/public\/images\/equipo-medico\/marti-cantallops-ciucio.png?itok=xsALLHs0\" alt=\"Mart\u00ed Cantallops Ciucio\" \/><\/div><div class=\"right\"><div class=\"position\">M\u00e9decin-adjoint<\/div><div class=\"centers\"><span class=\"label\">Centres: <\/span>Sant Cugat<\/div><div class=\"languages\"><span class=\"label\">Langues: <\/span>Espagnol, Catalan<\/div><div class=\"specialities\"><span class=\"label\">Sp\u00e9cialit\u00e9s: <\/span>Assistance avant la Grossesse, Grossesse et Accouchement, Gyn\u00e9cologie G\u00e9n\u00e9rale<\/div><\/div><div class=\"description\"><\/div><\/div><\/div><\/div><\/div><div class=\"mt-item hide\" data-name=\"Dario Cassina\" data-languages=\"Espagnol|||Anglais|||Italien\" data-centers=\"Barcelone\" data-medspec=\"42\" data-medarea=\"41\"><div class=\"mt-item-inner\"><div class=\"photo\"><a href=\"#\"><img decoding=\"async\" src=\"https:\/\/www.dexeus.com\/sites\/default\/files\/styles\/equipo_medico\/public\/images\/equipo_humano\/dario_cassina.png?itok=Yk5tmnWk\" alt=\"Dario Cassina\" \/><\/a><\/div><div class=\"name\"><a href=\"#\">Dario Cassina<\/a><\/div><div class=\"position\">M\u00e9decin-adjoint, Service de Diagnostic Gyn\u00e9cologique par Image<\/div><\/div><div class=\"mt-item-overlay\"><div class=\"mt-item-overlay-inner\"><a href=\"#\" class=\"close\"><\/a><div class=\"mt-item-details\"><h4 class=\"name\">Dario Cassina<\/h4><div class=\"left\"><img decoding=\"async\" src=\"https:\/\/www.dexeus.com\/sites\/default\/files\/styles\/equipo_medico\/public\/images\/equipo_humano\/dario_cassina.png?itok=Yk5tmnWk\" alt=\"Dario Cassina\" \/><\/div><div class=\"right\"><div class=\"position\">M\u00e9decin-adjoint, Service de Diagnostic Gyn\u00e9cologique par Image<\/div><div class=\"centers\"><span class=\"label\">Centres: <\/span>Barcelone<\/div><div class=\"languages\"><span class=\"label\">Langues: <\/span>Espagnol, Anglais, Italien<\/div><div class=\"specialities\"><span class=\"label\">Sp\u00e9cialit\u00e9s: <\/span>Diagnostic Gyn\u00e9cologique par l\u2019Image<\/div><\/div><div class=\"description\"><\/div><\/div><\/div><\/div><\/div><div class=\"mt-item hide\" data-name=\"Romina Castagno\" data-languages=\"Espagnol|||Catalan|||Anglais|||Fran\u00e7ais\" data-centers=\"Barcelone\" data-medspec=\"16|||21|||973\" data-medarea=\"2\"><div class=\"mt-item-inner\"><div class=\"photo\"><a href=\"#\"><img decoding=\"async\" src=\"https:\/\/www.dexeus.com\/sites\/default\/files\/styles\/equipo_medico\/public\/images\/equipo_medico\/romina-castagno.png?itok=UgkYz6I7\" alt=\"Romina Castagno\" \/><\/a><\/div><div class=\"name\"><a href=\"#\">Romina Castagno<\/a><\/div><div class=\"position\">M\u00e9decin-adjoint<\/div><\/div><div class=\"mt-item-overlay\"><div class=\"mt-item-overlay-inner\"><a href=\"#\" class=\"close\"><\/a><div class=\"mt-item-details\"><h4 class=\"name\">Romina Castagno<\/h4><div class=\"left\"><img decoding=\"async\" src=\"https:\/\/www.dexeus.com\/sites\/default\/files\/styles\/equipo_medico\/public\/images\/equipo_medico\/romina-castagno.png?itok=UgkYz6I7\" alt=\"Romina Castagno\" \/><\/div><div class=\"right\"><div class=\"position\">M\u00e9decin-adjoint<\/div><div class=\"centers\"><span class=\"label\">Centres: <\/span>Barcelone<\/div><div class=\"languages\"><span class=\"label\">Langues: <\/span>Espagnol, Catalan, Anglais, Fran\u00e7ais<\/div><div class=\"specialities\"><span class=\"label\">Sp\u00e9cialit\u00e9s: <\/span>Gyn\u00e9cologie G\u00e9n\u00e9rale, M\u00e9nopause, Gyn\u00e9cologie esth\u00e9tique<\/div><\/div><div class=\"description\"><\/div><\/div><\/div><\/div><\/div><div class=\"mt-item hide\" data-name=\"Ines Castellv\u00ed Ib\u00e1\u00f1ez\" data-languages=\"Espagnol|||Catalan\" data-centers=\"Barcelone\" data-medspec=\"1126|||4|||6|||16\" data-medarea=\"3|||2\"><div class=\"mt-item-inner\"><div class=\"photo\"><a href=\"#\"><img decoding=\"async\" src=\"https:\/\/www.dexeus.com\/sites\/default\/files\/styles\/equipo_medico\/public\/images\/equipo-humano\/ines-castellvi-ibanez.png?itok=owpPTX6O\" alt=\"Ines Castellv\u00ed Ib\u00e1\u00f1ez\" \/><\/a><\/div><div class=\"name\"><a href=\"#\">Ines Castellv\u00ed Ib\u00e1\u00f1ez<\/a><\/div><div class=\"position\">M\u00e9decin<\/div><\/div><div class=\"mt-item-overlay\"><div class=\"mt-item-overlay-inner\"><a href=\"#\" class=\"close\"><\/a><div class=\"mt-item-details\"><h4 class=\"name\">Ines Castellv\u00ed Ib\u00e1\u00f1ez<\/h4><div class=\"left\"><img decoding=\"async\" src=\"https:\/\/www.dexeus.com\/sites\/default\/files\/styles\/equipo_medico\/public\/images\/equipo-humano\/ines-castellvi-ibanez.png?itok=owpPTX6O\" alt=\"Ines Castellv\u00ed Ib\u00e1\u00f1ez\" \/><\/div><div class=\"right\"><div class=\"position\">M\u00e9decin<\/div><div class=\"centers\"><span class=\"label\">Centres: <\/span>Barcelone<\/div><div class=\"languages\"><span class=\"label\">Langues: <\/span>Espagnol, Catalan<\/div><div class=\"specialities\"><span class=\"label\">Sp\u00e9cialit\u00e9s: <\/span>Gardes dans la salle d&#039;accouchement, Assistance avant la Grossesse, Grossesse et Accouchement, Gyn\u00e9cologie G\u00e9n\u00e9rale<\/div><\/div><div class=\"description\"><\/div><\/div><\/div><\/div><\/div><div class=\"mt-item hide\" data-name=\"Mireia Castilla Rodr\u00edguez\" data-languages=\"Espagnol|||Catalan|||Anglais\" data-centers=\"Sant Cugat\" data-medspec=\"4|||6|||16|||21\" data-medarea=\"3|||2\"><div class=\"mt-item-inner\"><div class=\"photo\"><a href=\"#\"><img decoding=\"async\" src=\"https:\/\/www.dexeus.com\/sites\/default\/files\/styles\/equipo_medico\/public\/images\/equipo-humano\/mireia-castilla-rodriguez.png?itok=x62sZwEI\" alt=\"Mireia Castilla Rodr\u00edguez\" \/><\/a><\/div><div class=\"name\"><a href=\"#\">Mireia Castilla Rodr\u00edguez<\/a><\/div><div class=\"position\">M\u00e9decin-adjoint<\/div><\/div><div class=\"mt-item-overlay\"><div class=\"mt-item-overlay-inner\"><a href=\"#\" class=\"close\"><\/a><div class=\"mt-item-details\"><h4 class=\"name\">Mireia Castilla Rodr\u00edguez<\/h4><div class=\"left\"><img decoding=\"async\" src=\"https:\/\/www.dexeus.com\/sites\/default\/files\/styles\/equipo_medico\/public\/images\/equipo-humano\/mireia-castilla-rodriguez.png?itok=x62sZwEI\" alt=\"Mireia Castilla Rodr\u00edguez\" \/><\/div><div class=\"right\"><div class=\"position\">M\u00e9decin-adjoint<\/div><div class=\"centers\"><span class=\"label\">Centres: <\/span>Sant Cugat<\/div><div class=\"languages\"><span class=\"label\">Langues: <\/span>Espagnol, Catalan, Anglais<\/div><div class=\"specialities\"><span class=\"label\">Sp\u00e9cialit\u00e9s: <\/span>Assistance avant la Grossesse, Grossesse et Accouchement, Gyn\u00e9cologie G\u00e9n\u00e9rale, M\u00e9nopause<\/div><\/div><div class=\"description\"><\/div><\/div><\/div><\/div><\/div><div class=\"mt-item hide\" data-name=\"Mariana Castro Barba\" data-languages=\"Espagnol\" data-centers=\"Barcelone|||Manresa\" data-medspec=\"42\" data-medarea=\"41\"><div class=\"mt-item-inner\"><div class=\"photo\"><a href=\"#\"><img decoding=\"async\" src=\"https:\/\/www.dexeus.com\/sites\/default\/files\/styles\/equipo_medico\/public\/images\/equipo-humano\/mariana-castro-barba.png?itok=-29XaUs7\" alt=\"Mariana Castro Barba\" \/><\/a><\/div><div class=\"name\"><a href=\"#\">Mariana Castro Barba<\/a><\/div><div class=\"position\">M\u00e9decin-adjoint, Service de Diagnostic Gyn\u00e9cologique par Image<\/div><\/div><div class=\"mt-item-overlay\"><div class=\"mt-item-overlay-inner\"><a href=\"#\" class=\"close\"><\/a><div class=\"mt-item-details\"><h4 class=\"name\">Mariana Castro Barba<\/h4><div class=\"left\"><img decoding=\"async\" src=\"https:\/\/www.dexeus.com\/sites\/default\/files\/styles\/equipo_medico\/public\/images\/equipo-humano\/mariana-castro-barba.png?itok=-29XaUs7\" alt=\"Mariana Castro Barba\" \/><\/div><div class=\"right\"><div class=\"position\">M\u00e9decin-adjoint, Service de Diagnostic Gyn\u00e9cologique par Image<\/div><div class=\"centers\"><span class=\"label\">Centres: <\/span>Barcelone, Manresa<\/div><div class=\"languages\"><span class=\"label\">Langues: <\/span>Espagnol<\/div><div class=\"specialities\"><span class=\"label\">Sp\u00e9cialit\u00e9s: <\/span>Diagnostic Gyn\u00e9cologique par l\u2019Image<\/div><\/div><div class=\"description\"><\/div><\/div><\/div><\/div><\/div><div class=\"mt-item \" data-name=\"Ainhoa Coco Lizarraga\" data-languages=\"Espagnol|||Catalan|||Anglais\" data-centers=\"Sant Cugat|||Sabadell\" data-medspec=\"35|||37|||40\" data-medarea=\"28\"><div class=\"mt-item-inner\"><div class=\"photo\"><a href=\"#\"><img decoding=\"async\" src=\"https:\/\/www.dexeus.com\/sites\/default\/files\/styles\/equipo_medico\/public\/images\/equipo_humano\/ainhoa-coco-lizarraga.png?itok=B8qd5MJl\" alt=\"Ainhoa Coco Lizarraga\" \/><\/a><\/div><div class=\"name\"><a href=\"#\">Ainhoa Coco Lizarraga<\/a><\/div><div class=\"position\">M\u00e9decin-adjoint<\/div><\/div><div class=\"mt-item-overlay\"><div class=\"mt-item-overlay-inner\"><a href=\"#\" class=\"close\"><\/a><div class=\"mt-item-details\"><h4 class=\"name\">Ainhoa Coco Lizarraga<\/h4><div class=\"left\"><img decoding=\"async\" src=\"https:\/\/www.dexeus.com\/sites\/default\/files\/styles\/equipo_medico\/public\/images\/equipo_humano\/ainhoa-coco-lizarraga.png?itok=B8qd5MJl\" alt=\"Ainhoa Coco Lizarraga\" \/><\/div><div class=\"right\"><div class=\"position\">M\u00e9decin-adjoint<\/div><div class=\"centers\"><span class=\"label\">Centres: <\/span>Sant Cugat, Sabadell<\/div><div class=\"languages\"><span class=\"label\">Langues: <\/span>Espagnol, Catalan, Anglais<\/div><div class=\"specialities\"><span class=\"label\">Sp\u00e9cialit\u00e9s: <\/span>\u00c9tude Int\u00e9gr\u00e9e de St\u00e9rilit\u00e9, Pr\u00e9servation de la fertilit\u00e9, Techniques de Reproduction Assist\u00e9e<\/div><\/div><div class=\"description\"><\/div><\/div><\/div><\/div><\/div><div class=\"mt-item hide\" data-name=\"Aaron Cohen Castiel\" data-languages=\"Espagnol|||Anglais\" data-centers=\"Barcelone\" data-medspec=\"16|||17|||21|||23|||19|||14|||10|||27\" data-medarea=\"2\"><div class=\"mt-item-inner\"><div class=\"photo\"><a href=\"#\"><img decoding=\"async\" src=\"https:\/\/www.dexeus.com\/sites\/default\/files\/styles\/equipo_medico\/public\/images\/equipo-humano\/aaron-cohen-castiel.png?itok=3iS8y9fs\" alt=\"Aaron Cohen Castiel\" \/><\/a><\/div><div class=\"name\"><a href=\"#\">Aaron Cohen Castiel<\/a><\/div><div class=\"position\">M\u00e9decin-adjoint<\/div><\/div><div class=\"mt-item-overlay\"><div class=\"mt-item-overlay-inner\"><a href=\"#\" class=\"close\"><\/a><div class=\"mt-item-details\"><h4 class=\"name\">Aaron Cohen Castiel<\/h4><div class=\"left\"><img decoding=\"async\" src=\"https:\/\/www.dexeus.com\/sites\/default\/files\/styles\/equipo_medico\/public\/images\/equipo-humano\/aaron-cohen-castiel.png?itok=3iS8y9fs\" alt=\"Aaron Cohen Castiel\" \/><\/div><div class=\"right\"><div class=\"position\">M\u00e9decin-adjoint<\/div><div class=\"centers\"><span class=\"label\">Centres: <\/span>Barcelone<\/div><div class=\"languages\"><span class=\"label\">Langues: <\/span>Espagnol, Anglais<\/div><div class=\"specialities\"><span class=\"label\">Sp\u00e9cialit\u00e9s: <\/span>Gyn\u00e9cologie G\u00e9n\u00e9rale, Gyn\u00e9cologie Oncologique (Cancer gyn\u00e9cologique et du sein), M\u00e9nopause, Pathologie du Tractus G\u00e9nital Inf\u00e9rieur, Infections de transmission sexuelle, Maladie Inflammatoire Pelvienne, Contraception, Vaccination HPV<\/div><\/div><div class=\"description\"><\/div><\/div><\/div><\/div><\/div><div class=\"mt-item hide\" data-name=\"Sandra Coll Girona\" data-languages=\"Espagnol|||Catalan|||Anglais|||Italien|||Fran\u00e7ais\" data-centers=\"Sant Cugat\" data-medspec=\"4|||6|||16\" data-medarea=\"3|||2\"><div class=\"mt-item-inner\"><div class=\"photo\"><a href=\"#\"><img decoding=\"async\" src=\"https:\/\/www.dexeus.com\/sites\/default\/files\/styles\/equipo_medico\/public\/images\/equipo_medico\/sandra-coll-girona.png?itok=bPCZCxXh\" alt=\"Sandra Coll Girona\" \/><\/a><\/div><div class=\"name\"><a href=\"#\">Sandra Coll Girona<\/a><\/div><div class=\"position\">M\u00e9decin-adjoint<\/div><\/div><div class=\"mt-item-overlay\"><div class=\"mt-item-overlay-inner\"><a href=\"#\" class=\"close\"><\/a><div class=\"mt-item-details\"><h4 class=\"name\">Sandra Coll Girona<\/h4><div class=\"left\"><img decoding=\"async\" src=\"https:\/\/www.dexeus.com\/sites\/default\/files\/styles\/equipo_medico\/public\/images\/equipo_medico\/sandra-coll-girona.png?itok=bPCZCxXh\" alt=\"Sandra Coll Girona\" \/><\/div><div class=\"right\"><div class=\"position\">M\u00e9decin-adjoint<\/div><div class=\"centers\"><span class=\"label\">Centres: <\/span>Sant Cugat<\/div><div class=\"languages\"><span class=\"label\">Langues: <\/span>Espagnol, Catalan, Anglais, Italien, Fran\u00e7ais<\/div><div class=\"specialities\"><span class=\"label\">Sp\u00e9cialit\u00e9s: <\/span>Assistance avant la Grossesse, Grossesse et Accouchement, Gyn\u00e9cologie G\u00e9n\u00e9rale<\/div><\/div><div class=\"description\"><\/div><\/div><\/div><\/div><\/div><div class=\"mt-item hide\" data-name=\"Ana L. Contreras Vergara\" data-languages=\"Espagnol\" data-centers=\"Sant Cugat\" data-medspec=\"4|||6|||16|||44|||11\" data-medarea=\"3|||2|||41\"><div class=\"mt-item-inner\"><div class=\"photo\"><a href=\"#\"><img decoding=\"async\" src=\"https:\/\/www.dexeus.com\/sites\/default\/files\/styles\/equipo_medico\/public\/images\/equipo-humano\/ana-l-contreras-vergara.png?itok=hnPRSSP2\" alt=\"Ana L. Contreras Vergara\" \/><\/a><\/div><div class=\"name\"><a href=\"#\">Ana L. Contreras Vergara<\/a><\/div><div class=\"position\">M\u00e9decin-adjoint<\/div><\/div><div class=\"mt-item-overlay\"><div class=\"mt-item-overlay-inner\"><a href=\"#\" class=\"close\"><\/a><div class=\"mt-item-details\"><h4 class=\"name\">Ana L. Contreras Vergara<\/h4><div class=\"left\"><img decoding=\"async\" src=\"https:\/\/www.dexeus.com\/sites\/default\/files\/styles\/equipo_medico\/public\/images\/equipo-humano\/ana-l-contreras-vergara.png?itok=hnPRSSP2\" alt=\"Ana L. Contreras Vergara\" \/><\/div><div class=\"right\"><div class=\"position\">M\u00e9decin-adjoint<\/div><div class=\"centers\"><span class=\"label\">Centres: <\/span>Sant Cugat<\/div><div class=\"languages\"><span class=\"label\">Langues: <\/span>Espagnol<\/div><div class=\"specialities\"><span class=\"label\">Sp\u00e9cialit\u00e9s: <\/span>Assistance avant la Grossesse, Grossesse et Accouchement, Gyn\u00e9cologie G\u00e9n\u00e9rale, \u00c9chographie obst\u00e9tricale et diagnostic pr\u00e9natal, Chirurgie Gyn\u00e9cologique<\/div><\/div><div class=\"description\"><\/div><\/div><\/div><\/div><\/div><div class=\"mt-item hide\" data-name=\"Berta Cortes Olivera\" data-languages=\"Espagnol|||Catalan\" data-centers=\"Barcelone\" data-medspec=\"1126|||4|||6|||16\" data-medarea=\"3|||2\"><div class=\"mt-item-inner\"><div class=\"photo\"><a href=\"#\"><img decoding=\"async\" src=\"https:\/\/www.dexeus.com\/sites\/default\/files\/styles\/equipo_medico\/public\/images\/equipo-humano\/berta-cortes-olivera.png?itok=ZEC-Bf4G\" alt=\"Berta Cortes Olivera\" \/><\/a><\/div><div class=\"name\"><a href=\"#\">Berta Cortes Olivera<\/a><\/div><div class=\"position\">M\u00e9decin<\/div><\/div><div class=\"mt-item-overlay\"><div class=\"mt-item-overlay-inner\"><a href=\"#\" class=\"close\"><\/a><div class=\"mt-item-details\"><h4 class=\"name\">Berta Cortes Olivera<\/h4><div class=\"left\"><img decoding=\"async\" src=\"https:\/\/www.dexeus.com\/sites\/default\/files\/styles\/equipo_medico\/public\/images\/equipo-humano\/berta-cortes-olivera.png?itok=ZEC-Bf4G\" alt=\"Berta Cortes Olivera\" \/><\/div><div class=\"right\"><div class=\"position\">M\u00e9decin<\/div><div class=\"centers\"><span class=\"label\">Centres: <\/span>Barcelone<\/div><div class=\"languages\"><span class=\"label\">Langues: <\/span>Espagnol, Catalan<\/div><div class=\"specialities\"><span class=\"label\">Sp\u00e9cialit\u00e9s: <\/span>Gardes dans la salle d&#039;accouchement, Assistance avant la Grossesse, Grossesse et Accouchement, Gyn\u00e9cologie G\u00e9n\u00e9rale<\/div><\/div><div class=\"description\"><\/div><\/div><\/div><\/div><\/div><div class=\"mt-item hide\" data-name=\"Eduardo H. De Le\u00f3n\" data-languages=\"Espagnol\" data-centers=\"Manresa\" data-medspec=\"16\" data-medarea=\"2\"><div class=\"mt-item-inner\"><div class=\"photo\"><a href=\"#\"><img decoding=\"async\" src=\"https:\/\/www.dexeus.com\/sites\/default\/files\/styles\/equipo_medico\/public\/images\/equipo_medico\/0-sin-foto-hombre.png?itok=96LsU2bQ\" alt=\"Eduardo H. De Le\u00f3n\" \/><\/a><\/div><div class=\"name\"><a href=\"#\">Eduardo H. De Le\u00f3n<\/a><\/div><div class=\"position\">M\u00e9decin-adjoint<\/div><\/div><div class=\"mt-item-overlay\"><div class=\"mt-item-overlay-inner\"><a href=\"#\" class=\"close\"><\/a><div class=\"mt-item-details\"><h4 class=\"name\">Eduardo H. De Le\u00f3n<\/h4><div class=\"left\"><img decoding=\"async\" src=\"https:\/\/www.dexeus.com\/sites\/default\/files\/styles\/equipo_medico\/public\/images\/equipo_medico\/0-sin-foto-hombre.png?itok=96LsU2bQ\" alt=\"Eduardo H. De Le\u00f3n\" \/><\/div><div class=\"right\"><div class=\"position\">M\u00e9decin-adjoint<\/div><div class=\"centers\"><span class=\"label\">Centres: <\/span>Manresa<\/div><div class=\"languages\"><span class=\"label\">Langues: <\/span>Espagnol<\/div><div class=\"specialities\"><span class=\"label\">Sp\u00e9cialit\u00e9s: <\/span>Gyn\u00e9cologie G\u00e9n\u00e9rale<\/div><\/div><div class=\"description\"><\/div><\/div><\/div><\/div><\/div><div class=\"mt-item hide\" data-name=\"Cristina De Lorenzo Gonzalez\" data-languages=\"Espagnol\" data-centers=\"Barcelone\" data-medspec=\"4|||6|||16\" data-medarea=\"3|||2\"><div class=\"mt-item-inner\"><div class=\"photo\"><a href=\"#\"><img decoding=\"async\" src=\"https:\/\/www.dexeus.com\/sites\/default\/files\/styles\/equipo_medico\/public\/images\/equipo_medico\/cristina-de-lorenzo-gonzalez.png?itok=qB9wEjJa\" alt=\"Cristina De Lorenzo Gonzalez\" \/><\/a><\/div><div class=\"name\"><a href=\"#\">Cristina De Lorenzo Gonzalez<\/a><\/div><div class=\"position\">M\u00e9decin-adjoint<\/div><\/div><div class=\"mt-item-overlay\"><div class=\"mt-item-overlay-inner\"><a href=\"#\" class=\"close\"><\/a><div class=\"mt-item-details\"><h4 class=\"name\">Cristina De Lorenzo Gonzalez<\/h4><div class=\"left\"><img decoding=\"async\" src=\"https:\/\/www.dexeus.com\/sites\/default\/files\/styles\/equipo_medico\/public\/images\/equipo_medico\/cristina-de-lorenzo-gonzalez.png?itok=qB9wEjJa\" alt=\"Cristina De Lorenzo Gonzalez\" \/><\/div><div class=\"right\"><div class=\"position\">M\u00e9decin-adjoint<\/div><div class=\"centers\"><span class=\"label\">Centres: <\/span>Barcelone<\/div><div class=\"languages\"><span class=\"label\">Langues: <\/span>Espagnol<\/div><div class=\"specialities\"><span class=\"label\">Sp\u00e9cialit\u00e9s: <\/span>Assistance avant la Grossesse, Grossesse et Accouchement, Gyn\u00e9cologie G\u00e9n\u00e9rale<\/div><\/div><div class=\"description\"><\/div><\/div><\/div><\/div><\/div><div class=\"mt-item hide\" data-name=\"Antonella de Ponte Davi\" data-languages=\"Espagnol|||Anglais|||Portugais\" data-centers=\"Barcelone\" data-medspec=\"973|||16|||21|||25|||10\" data-medarea=\"2\"><div class=\"mt-item-inner\"><div class=\"photo\"><a href=\"#\"><img decoding=\"async\" src=\"https:\/\/www.dexeus.com\/sites\/default\/files\/styles\/equipo_medico\/public\/images\/equipo-humano\/antonella-deponte-davi.png?itok=wSlppCki\" alt=\"Antonella de Ponte Davi\" \/><\/a><\/div><div class=\"name\"><a href=\"#\">Antonella de Ponte Davi<\/a><\/div><div class=\"position\">M\u00e9decin-adjoint<\/div><\/div><div class=\"mt-item-overlay\"><div class=\"mt-item-overlay-inner\"><a href=\"#\" class=\"close\"><\/a><div class=\"mt-item-details\"><h4 class=\"name\">Antonella de Ponte Davi<\/h4><div class=\"left\"><img decoding=\"async\" src=\"https:\/\/www.dexeus.com\/sites\/default\/files\/styles\/equipo_medico\/public\/images\/equipo-humano\/antonella-deponte-davi.png?itok=wSlppCki\" alt=\"Antonella de Ponte Davi\" \/><\/div><div class=\"right\"><div class=\"position\">M\u00e9decin-adjoint<\/div><div class=\"centers\"><span class=\"label\">Centres: <\/span>Barcelone<\/div><div class=\"languages\"><span class=\"label\">Langues: <\/span>Espagnol, Anglais, Portugais<\/div><div class=\"specialities\"><span class=\"label\">Sp\u00e9cialit\u00e9s: <\/span>Gyn\u00e9cologie esth\u00e9tique, Gyn\u00e9cologie G\u00e9n\u00e9rale, M\u00e9nopause, Contraception<\/div><\/div><div class=\"description\"><\/div><\/div><\/div><\/div><\/div><div class=\"mt-item hide\" data-name=\"Areany N. Delgado Rodriguez\" data-languages=\"Espagnol|||Anglais\" data-centers=\"Reus\" data-medspec=\"4|||6|||16|||10|||44\" data-medarea=\"3|||2|||41\"><div class=\"mt-item-inner\"><div class=\"photo\"><a href=\"#\"><img decoding=\"async\" src=\"https:\/\/www.dexeus.com\/sites\/default\/files\/styles\/equipo_medico\/public\/images\/equipo_humano\/areany-nayleth-delgado-rodriguez.png?itok=kANTaFxZ\" alt=\"Areany N. Delgado Rodriguez\" \/><\/a><\/div><div class=\"name\"><a href=\"#\">Areany N. Delgado Rodriguez<\/a><\/div><div class=\"position\">M\u00e9decin-adjoint<\/div><\/div><div class=\"mt-item-overlay\"><div class=\"mt-item-overlay-inner\"><a href=\"#\" class=\"close\"><\/a><div class=\"mt-item-details\"><h4 class=\"name\">Areany N. Delgado Rodriguez<\/h4><div class=\"left\"><img decoding=\"async\" src=\"https:\/\/www.dexeus.com\/sites\/default\/files\/styles\/equipo_medico\/public\/images\/equipo_humano\/areany-nayleth-delgado-rodriguez.png?itok=kANTaFxZ\" alt=\"Areany N. Delgado Rodriguez\" \/><\/div><div class=\"right\"><div class=\"position\">M\u00e9decin-adjoint<\/div><div class=\"centers\"><span class=\"label\">Centres: <\/span>Reus<\/div><div class=\"languages\"><span class=\"label\">Langues: <\/span>Espagnol, Anglais<\/div><div class=\"specialities\"><span class=\"label\">Sp\u00e9cialit\u00e9s: <\/span>Assistance avant la Grossesse, Grossesse et Accouchement, Gyn\u00e9cologie G\u00e9n\u00e9rale, Contraception, \u00c9chographie obst\u00e9tricale et diagnostic pr\u00e9natal<\/div><\/div><div class=\"description\"><\/div><\/div><\/div><\/div><\/div><div class=\"mt-item hide\" data-name=\"Estefania Lujan Delrieu\" data-languages=\"Espagnol\" data-centers=\"Barcelone\" data-medspec=\"42\" data-medarea=\"41\"><div class=\"mt-item-inner\"><div class=\"photo\"><a href=\"#\"><img decoding=\"async\" src=\"https:\/\/www.dexeus.com\/sites\/default\/files\/styles\/equipo_medico\/public\/images\/equipo-humano\/estefania-lujan-delrieu.png?itok=clH0rX7p\" alt=\"Estefania Lujan Delrieu\" \/><\/a><\/div><div class=\"name\"><a href=\"#\">Estefania Lujan Delrieu<\/a><\/div><div class=\"position\">M\u00e9decin-adjoint, Service de Diagnostic Gyn\u00e9cologique par Image<\/div><\/div><div class=\"mt-item-overlay\"><div class=\"mt-item-overlay-inner\"><a href=\"#\" class=\"close\"><\/a><div class=\"mt-item-details\"><h4 class=\"name\">Estefania Lujan Delrieu<\/h4><div class=\"left\"><img decoding=\"async\" src=\"https:\/\/www.dexeus.com\/sites\/default\/files\/styles\/equipo_medico\/public\/images\/equipo-humano\/estefania-lujan-delrieu.png?itok=clH0rX7p\" alt=\"Estefania Lujan Delrieu\" \/><\/div><div class=\"right\"><div class=\"position\">M\u00e9decin-adjoint, Service de Diagnostic Gyn\u00e9cologique par Image<\/div><div class=\"centers\"><span class=\"label\">Centres: <\/span>Barcelone<\/div><div class=\"languages\"><span class=\"label\">Langues: <\/span>Espagnol<\/div><div class=\"specialities\"><span class=\"label\">Sp\u00e9cialit\u00e9s: <\/span>Diagnostic Gyn\u00e9cologique par l\u2019Image<\/div><\/div><div class=\"description\"><\/div><\/div><\/div><\/div><\/div><div class=\"mt-item hide\" data-name=\"Carolina Deus Botti\" data-languages=\"Espagnol|||Catalan\" data-centers=\"Sant Cugat\" data-medspec=\"4|||6|||16\" data-medarea=\"3|||2\"><div class=\"mt-item-inner\"><div class=\"photo\"><a href=\"#\"><img decoding=\"async\" src=\"https:\/\/www.dexeus.com\/sites\/default\/files\/styles\/equipo_medico\/public\/images\/equipo_humano\/carolina-deus-botti.png?itok=A2gZlRiX\" alt=\"Carolina Deus Botti\" \/><\/a><\/div><div class=\"name\"><a href=\"#\">Carolina Deus Botti<\/a><\/div><div class=\"position\">M\u00e9decin-adjoint<\/div><\/div><div class=\"mt-item-overlay\"><div class=\"mt-item-overlay-inner\"><a href=\"#\" class=\"close\"><\/a><div class=\"mt-item-details\"><h4 class=\"name\">Carolina Deus Botti<\/h4><div class=\"left\"><img decoding=\"async\" src=\"https:\/\/www.dexeus.com\/sites\/default\/files\/styles\/equipo_medico\/public\/images\/equipo_humano\/carolina-deus-botti.png?itok=A2gZlRiX\" alt=\"Carolina Deus Botti\" \/><\/div><div class=\"right\"><div class=\"position\">M\u00e9decin-adjoint<\/div><div class=\"centers\"><span class=\"label\">Centres: <\/span>Sant Cugat<\/div><div class=\"languages\"><span class=\"label\">Langues: <\/span>Espagnol, Catalan<\/div><div class=\"specialities\"><span class=\"label\">Sp\u00e9cialit\u00e9s: <\/span>Assistance avant la Grossesse, Grossesse et Accouchement, Gyn\u00e9cologie G\u00e9n\u00e9rale<\/div><\/div><div class=\"description\"><\/div><\/div><\/div><\/div><\/div><div class=\"mt-item hide\" data-name=\"Patricia D\u00edaz Rubio\" data-languages=\"Espagnol|||Catalan\" data-centers=\"Barcelone\" data-medspec=\"1126\" data-medarea=\"3\"><div class=\"mt-item-inner\"><div class=\"photo\"><a href=\"#\"><img decoding=\"async\" src=\"https:\/\/www.dexeus.com\/sites\/default\/files\/styles\/equipo_medico\/public\/images\/equipo-humano\/patricia-diaz-rubio.png?itok=2H61IgVz\" alt=\"Patricia D\u00edaz Rubio\" \/><\/a><\/div><div class=\"name\"><a href=\"#\">Patricia D\u00edaz Rubio<\/a><\/div><div class=\"position\">M\u00e9decin<\/div><\/div><div class=\"mt-item-overlay\"><div class=\"mt-item-overlay-inner\"><a href=\"#\" class=\"close\"><\/a><div class=\"mt-item-details\"><h4 class=\"name\">Patricia D\u00edaz Rubio<\/h4><div class=\"left\"><img decoding=\"async\" src=\"https:\/\/www.dexeus.com\/sites\/default\/files\/styles\/equipo_medico\/public\/images\/equipo-humano\/patricia-diaz-rubio.png?itok=2H61IgVz\" alt=\"Patricia D\u00edaz Rubio\" \/><\/div><div class=\"right\"><div class=\"position\">M\u00e9decin<\/div><div class=\"centers\"><span class=\"label\">Centres: <\/span>Barcelone<\/div><div class=\"languages\"><span class=\"label\">Langues: <\/span>Espagnol, Catalan<\/div><div class=\"specialities\"><span class=\"label\">Sp\u00e9cialit\u00e9s: <\/span>Gardes dans la salle d&#039;accouchement<\/div><\/div><div class=\"description\"><\/div><\/div><\/div><\/div><\/div><div class=\"mt-item hide\" data-name=\"Nadia Dom\u00ednguez Olivera\" data-languages=\"Espagnol|||Anglais|||Fran\u00e7ais\" data-centers=\"Barcelone\" data-medspec=\"4|||6|||5|||44|||16\" data-medarea=\"3|||41|||2\"><div class=\"mt-item-inner\"><div class=\"photo\"><a href=\"#\"><img decoding=\"async\" src=\"https:\/\/www.dexeus.com\/sites\/default\/files\/styles\/equipo_medico\/public\/images\/equipo-humano\/nadia-dominguez-olivera.png?itok=Ls6ffW9i\" alt=\"Nadia Dom\u00ednguez Olivera\" \/><\/a><\/div><div class=\"name\"><a href=\"#\">Nadia Dom\u00ednguez Olivera<\/a><\/div><div class=\"position\">M\u00e9decin-adjoint<\/div><\/div><div class=\"mt-item-overlay\"><div class=\"mt-item-overlay-inner\"><a href=\"#\" class=\"close\"><\/a><div class=\"mt-item-details\"><h4 class=\"name\">Nadia Dom\u00ednguez Olivera<\/h4><div class=\"left\"><img decoding=\"async\" src=\"https:\/\/www.dexeus.com\/sites\/default\/files\/styles\/equipo_medico\/public\/images\/equipo-humano\/nadia-dominguez-olivera.png?itok=Ls6ffW9i\" alt=\"Nadia Dom\u00ednguez Olivera\" \/><\/div><div class=\"right\"><div class=\"position\">M\u00e9decin-adjoint<\/div><div class=\"centers\"><span class=\"label\">Centres: <\/span>Barcelone<\/div><div class=\"languages\"><span class=\"label\">Langues: <\/span>Espagnol, Anglais, Fran\u00e7ais<\/div><div class=\"specialities\"><span class=\"label\">Sp\u00e9cialit\u00e9s: <\/span>Assistance avant la Grossesse, Grossesse et Accouchement, Haut risque obst\u00e9trique, \u00c9chographie obst\u00e9tricale et diagnostic pr\u00e9natal, Gyn\u00e9cologie G\u00e9n\u00e9rale<\/div><\/div><div class=\"description\"><\/div><\/div><\/div><\/div><\/div><div class=\"mt-item \" data-name=\"Valeria Donno\" data-languages=\"Espagnol|||Anglais|||Italien\" data-centers=\"Barcelone\" data-medspec=\"35|||36|||40\" data-medarea=\"28\"><div class=\"mt-item-inner\"><div class=\"photo\"><a href=\"#\"><img decoding=\"async\" src=\"https:\/\/www.dexeus.com\/sites\/default\/files\/styles\/equipo_medico\/public\/images\/equipo-humano\/valeria-donno.png?itok=tZjYNrg_\" alt=\"Valeria Donno\" \/><\/a><\/div><div class=\"name\"><a href=\"#\">Valeria Donno<\/a><\/div><div class=\"position\">M\u00e9decin-adjoint<\/div><\/div><div class=\"mt-item-overlay\"><div class=\"mt-item-overlay-inner\"><a href=\"#\" class=\"close\"><\/a><div class=\"mt-item-details\"><h4 class=\"name\">Valeria Donno<\/h4><div class=\"left\"><img decoding=\"async\" src=\"https:\/\/www.dexeus.com\/sites\/default\/files\/styles\/equipo_medico\/public\/images\/equipo-humano\/valeria-donno.png?itok=tZjYNrg_\" alt=\"Valeria Donno\" \/><\/div><div class=\"right\"><div class=\"position\">M\u00e9decin-adjoint<\/div><div class=\"centers\"><span class=\"label\">Centres: <\/span>Barcelone<\/div><div class=\"languages\"><span class=\"label\">Langues: <\/span>Espagnol, Anglais, Italien<\/div><div class=\"specialities\"><span class=\"label\">Sp\u00e9cialit\u00e9s: <\/span>\u00c9tude Int\u00e9gr\u00e9e de St\u00e9rilit\u00e9, Infertlit\u00e9, Techniques de Reproduction Assist\u00e9e<\/div><\/div><div class=\"description\"><\/div><\/div><\/div><\/div><\/div><div class=\"mt-item hide\" data-name=\"M\u00f3nica Echevarria Telleria\" data-languages=\"Espagnol|||Catalan|||Anglais\" data-centers=\"Barcelone\" data-medspec=\"44\" data-medarea=\"41\"><div class=\"mt-item-inner\"><div class=\"photo\"><a href=\"#\"><img decoding=\"async\" src=\"https:\/\/www.dexeus.com\/sites\/default\/files\/styles\/equipo_medico\/public\/images\/equipo_humano\/monica-echevarria-telleria.png?itok=UqQ7UiXf\" alt=\"M\u00f3nica Echevarria Telleria\" \/><\/a><\/div><div class=\"name\"><a href=\"#\">M\u00f3nica Echevarria Telleria<\/a><\/div><div class=\"position\">M\u00e9decin-adjoint, Section de M\u00e9decine F\u0153tale<\/div><\/div><div class=\"mt-item-overlay\"><div class=\"mt-item-overlay-inner\"><a href=\"#\" class=\"close\"><\/a><div class=\"mt-item-details\"><h4 class=\"name\">M\u00f3nica Echevarria Telleria<\/h4><div class=\"left\"><img decoding=\"async\" src=\"https:\/\/www.dexeus.com\/sites\/default\/files\/styles\/equipo_medico\/public\/images\/equipo_humano\/monica-echevarria-telleria.png?itok=UqQ7UiXf\" alt=\"M\u00f3nica Echevarria Telleria\" \/><\/div><div class=\"right\"><div class=\"position\">M\u00e9decin-adjoint, Section de M\u00e9decine F\u0153tale<\/div><div class=\"centers\"><span class=\"label\">Centres: <\/span>Barcelone<\/div><div class=\"languages\"><span class=\"label\">Langues: <\/span>Espagnol, Catalan, Anglais<\/div><div class=\"specialities\"><span class=\"label\">Sp\u00e9cialit\u00e9s: <\/span>\u00c9chographie obst\u00e9tricale et diagnostic pr\u00e9natal<\/div><\/div><div class=\"description\"><\/div><\/div><\/div><\/div><\/div><div class=\"mt-item hide\" data-name=\"Elena Fern\u00e1ndez Miranda\" data-languages=\"Espagnol\" data-centers=\"Barcelone\" data-medspec=\"6|||16|||11|||18|||22\" data-medarea=\"3|||2\"><div class=\"mt-item-inner\"><div class=\"photo\"><a href=\"#\"><img decoding=\"async\" src=\"https:\/\/www.dexeus.com\/sites\/default\/files\/styles\/equipo_medico\/public\/images\/equipo-medico\/elena-fernandez-miranda.png?itok=RgLuvnpY\" alt=\"Elena Fern\u00e1ndez Miranda\" \/><\/a><\/div><div class=\"name\"><a href=\"#\">Elena Fern\u00e1ndez Miranda<\/a><\/div><div class=\"position\">M\u00e9decin-adjoint<\/div><\/div><div class=\"mt-item-overlay\"><div class=\"mt-item-overlay-inner\"><a href=\"#\" class=\"close\"><\/a><div class=\"mt-item-details\"><h4 class=\"name\">Elena Fern\u00e1ndez Miranda<\/h4><div class=\"left\"><img decoding=\"async\" src=\"https:\/\/www.dexeus.com\/sites\/default\/files\/styles\/equipo_medico\/public\/images\/equipo-medico\/elena-fernandez-miranda.png?itok=RgLuvnpY\" alt=\"Elena Fern\u00e1ndez Miranda\" \/><\/div><div class=\"right\"><div class=\"position\">M\u00e9decin-adjoint<\/div><div class=\"centers\"><span class=\"label\">Centres: <\/span>Barcelone<\/div><div class=\"languages\"><span class=\"label\">Langues: <\/span>Espagnol<\/div><div class=\"specialities\"><span class=\"label\">Sp\u00e9cialit\u00e9s: <\/span>Grossesse et Accouchement, Gyn\u00e9cologie G\u00e9n\u00e9rale, Chirurgie Gyn\u00e9cologique, Hyst\u00e9roscopie, Myomes, kystes des ovaires et maladies des annexes<\/div><\/div><div class=\"description\"><\/div><\/div><\/div><\/div><\/div><div class=\"mt-item hide\" data-name=\"Susana G. Fernandez Paez\" data-languages=\"Espagnol\" data-centers=\"Barcelone|||Sant Cugat\" data-medspec=\"42\" data-medarea=\"41\"><div class=\"mt-item-inner\"><div class=\"photo\"><a href=\"#\"><img decoding=\"async\" src=\"https:\/\/www.dexeus.com\/sites\/default\/files\/styles\/equipo_medico\/public\/images\/equipo-humano\/susana-g-fernandez-paez.png?itok=_35nOV40\" alt=\"Susana G. Fernandez Paez\" \/><\/a><\/div><div class=\"name\"><a href=\"#\">Susana G. Fernandez Paez<\/a><\/div><div class=\"position\">M\u00e9decin-adjoint, Service de Diagnostic Gyn\u00e9cologique par Image<\/div><\/div><div class=\"mt-item-overlay\"><div class=\"mt-item-overlay-inner\"><a href=\"#\" class=\"close\"><\/a><div class=\"mt-item-details\"><h4 class=\"name\">Susana G. Fernandez Paez<\/h4><div class=\"left\"><img decoding=\"async\" src=\"https:\/\/www.dexeus.com\/sites\/default\/files\/styles\/equipo_medico\/public\/images\/equipo-humano\/susana-g-fernandez-paez.png?itok=_35nOV40\" alt=\"Susana G. Fernandez Paez\" \/><\/div><div class=\"right\"><div class=\"position\">M\u00e9decin-adjoint, Service de Diagnostic Gyn\u00e9cologique par Image<\/div><div class=\"centers\"><span class=\"label\">Centres: <\/span>Barcelone, Sant Cugat<\/div><div class=\"languages\"><span class=\"label\">Langues: <\/span>Espagnol<\/div><div class=\"specialities\"><span class=\"label\">Sp\u00e9cialit\u00e9s: <\/span>Diagnostic Gyn\u00e9cologique par l\u2019Image<\/div><\/div><div class=\"description\"><\/div><\/div><\/div><\/div><\/div><div class=\"mt-item hide\" data-name=\"Mar\u00eda Fern\u00e1ndez-Cid Villasen\u00edn\" data-languages=\"Espagnol|||Catalan\" data-centers=\"Barcelone\" data-medspec=\"42\" data-medarea=\"41\"><div class=\"mt-item-inner\"><div class=\"photo\"><a href=\"#\"><img decoding=\"async\" src=\"https:\/\/www.dexeus.com\/sites\/default\/files\/styles\/equipo_medico\/public\/images\/equipo_humano\/maria-fernandez-cid-villasenin.png?itok=tvuK5tyO\" alt=\"Mar\u00eda Fern\u00e1ndez-Cid Villasen\u00edn\" \/><\/a><\/div><div class=\"name\"><a href=\"#\">Mar\u00eda Fern\u00e1ndez-Cid Villasen\u00edn<\/a><\/div><div class=\"position\">M\u00e9decin-adjoint, Service de Diagnostic Gyn\u00e9cologique par Image<\/div><\/div><div class=\"mt-item-overlay\"><div class=\"mt-item-overlay-inner\"><a href=\"#\" class=\"close\"><\/a><div class=\"mt-item-details\"><h4 class=\"name\">Mar\u00eda Fern\u00e1ndez-Cid Villasen\u00edn<\/h4><div class=\"left\"><img decoding=\"async\" src=\"https:\/\/www.dexeus.com\/sites\/default\/files\/styles\/equipo_medico\/public\/images\/equipo_humano\/maria-fernandez-cid-villasenin.png?itok=tvuK5tyO\" alt=\"Mar\u00eda Fern\u00e1ndez-Cid Villasen\u00edn\" \/><\/div><div class=\"right\"><div class=\"position\">M\u00e9decin-adjoint, Service de Diagnostic Gyn\u00e9cologique par Image<\/div><div class=\"centers\"><span class=\"label\">Centres: <\/span>Barcelone<\/div><div class=\"languages\"><span class=\"label\">Langues: <\/span>Espagnol, Catalan<\/div><div class=\"specialities\"><span class=\"label\">Sp\u00e9cialit\u00e9s: <\/span>Diagnostic Gyn\u00e9cologique par l\u2019Image<\/div><\/div><div class=\"description\"><\/div><\/div><\/div><\/div><\/div><div class=\"mt-item hide\" data-name=\"Lidia Fortuny Garrido\" data-languages=\"Espagnol|||Catalan|||Anglais\" data-centers=\"Barcelone\" data-medspec=\"42\" data-medarea=\"41\"><div class=\"mt-item-inner\"><div class=\"photo\"><a href=\"#\"><img decoding=\"async\" src=\"https:\/\/www.dexeus.com\/sites\/default\/files\/styles\/equipo_medico\/public\/images\/equipo-humano\/lidia-fortuny-garrido.png?itok=MOrne8ft\" alt=\"Lidia Fortuny Garrido\" \/><\/a><\/div><div class=\"name\"><a href=\"#\">Lidia Fortuny Garrido<\/a><\/div><div class=\"position\">M\u00e9decin-adjoint, Service de Diagnostic Gyn\u00e9cologique par Image<\/div><\/div><div class=\"mt-item-overlay\"><div class=\"mt-item-overlay-inner\"><a href=\"#\" class=\"close\"><\/a><div class=\"mt-item-details\"><h4 class=\"name\">Lidia Fortuny Garrido<\/h4><div class=\"left\"><img decoding=\"async\" src=\"https:\/\/www.dexeus.com\/sites\/default\/files\/styles\/equipo_medico\/public\/images\/equipo-humano\/lidia-fortuny-garrido.png?itok=MOrne8ft\" alt=\"Lidia Fortuny Garrido\" \/><\/div><div class=\"right\"><div class=\"position\">M\u00e9decin-adjoint, Service de Diagnostic Gyn\u00e9cologique par Image<\/div><div class=\"centers\"><span class=\"label\">Centres: <\/span>Barcelone<\/div><div class=\"languages\"><span class=\"label\">Langues: <\/span>Espagnol, Catalan, Anglais<\/div><div class=\"specialities\"><span class=\"label\">Sp\u00e9cialit\u00e9s: <\/span>Diagnostic Gyn\u00e9cologique par l\u2019Image<\/div><\/div><div class=\"description\"><\/div><\/div><\/div><\/div><\/div><div class=\"mt-item hide\" data-name=\"Cristina Franco Borr\u00e1s\" data-languages=\"Espagnol|||Catalan\" data-centers=\"Tarragone\" data-medspec=\"1174\" data-medarea=\"52\"><div class=\"mt-item-inner\"><div class=\"photo\"><a href=\"#\"><img decoding=\"async\" src=\"https:\/\/www.dexeus.com\/sites\/default\/files\/styles\/equipo_medico\/public\/images\/equipo_medico\/0-sin-foto-mujer.png?itok=ovq87Zyx\" alt=\"Cristina Franco Borr\u00e1s\" \/><\/a><\/div><div class=\"name\"><a href=\"#\">Cristina Franco Borr\u00e1s<\/a><\/div><div class=\"position\">M\u00e9decin-adjoint<\/div><\/div><div class=\"mt-item-overlay\"><div class=\"mt-item-overlay-inner\"><a href=\"#\" class=\"close\"><\/a><div class=\"mt-item-details\"><h4 class=\"name\">Cristina Franco Borr\u00e1s<\/h4><div class=\"left\"><img decoding=\"async\" src=\"https:\/\/www.dexeus.com\/sites\/default\/files\/styles\/equipo_medico\/public\/images\/equipo_medico\/0-sin-foto-mujer.png?itok=ovq87Zyx\" alt=\"Cristina Franco Borr\u00e1s\" \/><\/div><div class=\"right\"><div class=\"position\">M\u00e9decin-adjoint<\/div><div class=\"centers\"><span class=\"label\">Centres: <\/span>Tarragone<\/div><div class=\"languages\"><span class=\"label\">Langues: <\/span>Espagnol, Catalan<\/div><div class=\"specialities\"><span class=\"label\">Sp\u00e9cialit\u00e9s: <\/span>Endocrinologie<\/div><\/div><div class=\"description\"><\/div><\/div><\/div><\/div><\/div><div class=\"mt-item \" data-name=\"Gerarda Gaeta\" data-languages=\"Espagnol|||Anglais|||Italien|||Fran\u00e7ais\" data-centers=\"Barcelone\" data-medspec=\"4|||6|||16|||35|||36|||40\" data-medarea=\"3|||2|||28\"><div class=\"mt-item-inner\"><div class=\"photo\"><a href=\"#\"><img decoding=\"async\" src=\"https:\/\/www.dexeus.com\/sites\/default\/files\/styles\/equipo_medico\/public\/images\/equipo-humano\/gerarda-gaeta.png?itok=uUTYqFfZ\" alt=\"Gerarda Gaeta\" \/><\/a><\/div><div class=\"name\"><a href=\"#\">Gerarda Gaeta<\/a><\/div><div class=\"position\">M\u00e9decin-adjoint<\/div><\/div><div class=\"mt-item-overlay\"><div class=\"mt-item-overlay-inner\"><a href=\"#\" class=\"close\"><\/a><div class=\"mt-item-details\"><h4 class=\"name\">Gerarda Gaeta<\/h4><div class=\"left\"><img decoding=\"async\" src=\"https:\/\/www.dexeus.com\/sites\/default\/files\/styles\/equipo_medico\/public\/images\/equipo-humano\/gerarda-gaeta.png?itok=uUTYqFfZ\" alt=\"Gerarda Gaeta\" \/><\/div><div class=\"right\"><div class=\"position\">M\u00e9decin-adjoint<\/div><div class=\"centers\"><span class=\"label\">Centres: <\/span>Barcelone<\/div><div class=\"languages\"><span class=\"label\">Langues: <\/span>Espagnol, Anglais, Italien, Fran\u00e7ais<\/div><div class=\"specialities\"><span class=\"label\">Sp\u00e9cialit\u00e9s: <\/span>Assistance avant la Grossesse, Grossesse et Accouchement, Gyn\u00e9cologie G\u00e9n\u00e9rale, \u00c9tude Int\u00e9gr\u00e9e de St\u00e9rilit\u00e9, Infertlit\u00e9, Techniques de Reproduction Assist\u00e9e<\/div><\/div><div class=\"description\"><\/div><\/div><\/div><\/div><\/div><div class=\"mt-item hide\" data-name=\"Alberto J. Gallardo Trejo\" data-languages=\"Espagnol|||Anglais\" data-centers=\"Barcelone|||Sabadell\" data-medspec=\"16\" data-medarea=\"2\"><div class=\"mt-item-inner\"><div class=\"photo\"><a href=\"#\"><img decoding=\"async\" src=\"https:\/\/www.dexeus.com\/sites\/default\/files\/styles\/equipo_medico\/public\/images\/equipo-medico\/alberto-jose-gallardo-trejo.png?itok=y0MH5I0G\" alt=\"Alberto J. Gallardo Trejo\" \/><\/a><\/div><div class=\"name\"><a href=\"#\">Alberto J. Gallardo Trejo<\/a><\/div><div class=\"position\">M\u00e9decin-adjoint<\/div><\/div><div class=\"mt-item-overlay\"><div class=\"mt-item-overlay-inner\"><a href=\"#\" class=\"close\"><\/a><div class=\"mt-item-details\"><h4 class=\"name\">Alberto J. Gallardo Trejo<\/h4><div class=\"left\"><img decoding=\"async\" src=\"https:\/\/www.dexeus.com\/sites\/default\/files\/styles\/equipo_medico\/public\/images\/equipo-medico\/alberto-jose-gallardo-trejo.png?itok=y0MH5I0G\" alt=\"Alberto J. Gallardo Trejo\" \/><\/div><div class=\"right\"><div class=\"position\">M\u00e9decin-adjoint<\/div><div class=\"centers\"><span class=\"label\">Centres: <\/span>Barcelone, Sabadell<\/div><div class=\"languages\"><span class=\"label\">Langues: <\/span>Espagnol, Anglais<\/div><div class=\"specialities\"><span class=\"label\">Sp\u00e9cialit\u00e9s: <\/span>Gyn\u00e9cologie G\u00e9n\u00e9rale<\/div><\/div><div class=\"description\"><\/div><\/div><\/div><\/div><\/div><div class=\"mt-item hide\" data-name=\"N\u00faria G\u00e1rcia Barbara\" data-languages=\"Espagnol|||Catalan\" data-centers=\"Sant Cugat\" data-medspec=\"4|||6|||16\" data-medarea=\"3|||2\"><div class=\"mt-item-inner\"><div class=\"photo\"><a href=\"#\"><img decoding=\"async\" src=\"https:\/\/www.dexeus.com\/sites\/default\/files\/styles\/equipo_medico\/public\/images\/equipo_medico\/0-sin-foto-mujer.png?itok=ovq87Zyx\" alt=\"N\u00faria G\u00e1rcia Barbara\" \/><\/a><\/div><div class=\"name\"><a href=\"#\">N\u00faria G\u00e1rcia Barbara<\/a><\/div><div class=\"position\">M\u00e9decin-adjoint<\/div><\/div><div class=\"mt-item-overlay\"><div class=\"mt-item-overlay-inner\"><a href=\"#\" class=\"close\"><\/a><div class=\"mt-item-details\"><h4 class=\"name\">N\u00faria G\u00e1rcia Barbara<\/h4><div class=\"left\"><img decoding=\"async\" src=\"https:\/\/www.dexeus.com\/sites\/default\/files\/styles\/equipo_medico\/public\/images\/equipo_medico\/0-sin-foto-mujer.png?itok=ovq87Zyx\" alt=\"N\u00faria G\u00e1rcia Barbara\" \/><\/div><div class=\"right\"><div class=\"position\">M\u00e9decin-adjoint<\/div><div class=\"centers\"><span class=\"label\">Centres: <\/span>Sant Cugat<\/div><div class=\"languages\"><span class=\"label\">Langues: <\/span>Espagnol, Catalan<\/div><div class=\"specialities\"><span class=\"label\">Sp\u00e9cialit\u00e9s: <\/span>Assistance avant la Grossesse, Grossesse et Accouchement, Gyn\u00e9cologie G\u00e9n\u00e9rale<\/div><\/div><div class=\"description\"><\/div><\/div><\/div><\/div><\/div><div class=\"mt-item hide\" data-name=\"Mar\u00eda Garc\u00eda Gallardo\" data-languages=\"Espagnol\" data-centers=\"Barcelone\" data-medspec=\"4|||6|||16|||17|||20|||42\" data-medarea=\"3|||2|||41\"><div class=\"mt-item-inner\"><div class=\"photo\"><a href=\"#\"><img decoding=\"async\" src=\"https:\/\/www.dexeus.com\/sites\/default\/files\/styles\/equipo_medico\/public\/images\/equipo_humano\/maria-garcia-gallardo.png?itok=P6xPyq-j\" alt=\"Mar\u00eda Garc\u00eda Gallardo\" \/><\/a><\/div><div class=\"name\"><a href=\"#\">Mar\u00eda Garc\u00eda Gallardo<\/a><\/div><div class=\"position\">M\u00e9decin-adjoint<\/div><\/div><div class=\"mt-item-overlay\"><div class=\"mt-item-overlay-inner\"><a href=\"#\" class=\"close\"><\/a><div class=\"mt-item-details\"><h4 class=\"name\">Mar\u00eda Garc\u00eda Gallardo<\/h4><div class=\"left\"><img decoding=\"async\" src=\"https:\/\/www.dexeus.com\/sites\/default\/files\/styles\/equipo_medico\/public\/images\/equipo_humano\/maria-garcia-gallardo.png?itok=P6xPyq-j\" alt=\"Mar\u00eda Garc\u00eda Gallardo\" \/><\/div><div class=\"right\"><div class=\"position\">M\u00e9decin-adjoint<\/div><div class=\"centers\"><span class=\"label\">Centres: <\/span>Barcelone<\/div><div class=\"languages\"><span class=\"label\">Langues: <\/span>Espagnol<\/div><div class=\"specialities\"><span class=\"label\">Sp\u00e9cialit\u00e9s: <\/span>Assistance avant la Grossesse, Grossesse et Accouchement, Gyn\u00e9cologie G\u00e9n\u00e9rale, Gyn\u00e9cologie Oncologique (Cancer gyn\u00e9cologique et du sein), Mastologie (Pathologie mammaire b\u00e9nigne), Diagnostic Gyn\u00e9cologique par l\u2019Image<\/div><\/div><div class=\"description\"><\/div><\/div><\/div><\/div><\/div><div class=\"mt-item hide\" data-name=\"Mar\u00eda Garc\u00eda Noguera\" data-languages=\"Espagnol|||Catalan|||Anglais\" data-centers=\"Barcelone\" data-medspec=\"4|||6|||16|||44\" data-medarea=\"3|||2|||41\"><div class=\"mt-item-inner\"><div class=\"photo\"><a href=\"#\"><img decoding=\"async\" src=\"https:\/\/www.dexeus.com\/sites\/default\/files\/styles\/equipo_medico\/public\/images\/equipo_humano\/maria-garcia-noguera.png?itok=5tuqvZob\" alt=\"Mar\u00eda Garc\u00eda Noguera\" \/><\/a><\/div><div class=\"name\"><a href=\"#\">Mar\u00eda Garc\u00eda Noguera<\/a><\/div><div class=\"position\">M\u00e9decin-adjoint<\/div><\/div><div class=\"mt-item-overlay\"><div class=\"mt-item-overlay-inner\"><a href=\"#\" class=\"close\"><\/a><div class=\"mt-item-details\"><h4 class=\"name\">Mar\u00eda Garc\u00eda Noguera<\/h4><div class=\"left\"><img decoding=\"async\" src=\"https:\/\/www.dexeus.com\/sites\/default\/files\/styles\/equipo_medico\/public\/images\/equipo_humano\/maria-garcia-noguera.png?itok=5tuqvZob\" alt=\"Mar\u00eda Garc\u00eda Noguera\" \/><\/div><div class=\"right\"><div class=\"position\">M\u00e9decin-adjoint<\/div><div class=\"centers\"><span class=\"label\">Centres: <\/span>Barcelone<\/div><div class=\"languages\"><span class=\"label\">Langues: <\/span>Espagnol, Catalan, Anglais<\/div><div class=\"specialities\"><span class=\"label\">Sp\u00e9cialit\u00e9s: <\/span>Assistance avant la Grossesse, Grossesse et Accouchement, Gyn\u00e9cologie G\u00e9n\u00e9rale, \u00c9chographie obst\u00e9tricale et diagnostic pr\u00e9natal<\/div><\/div><div class=\"description\"><\/div><\/div><\/div><\/div><\/div><div class=\"mt-item hide\" data-name=\"Barbaro Garc\u00eda P\u00e9rez\" data-languages=\"Espagnol|||Catalan\" data-centers=\"Manresa\" data-medspec=\"4|||6|||16\" data-medarea=\"3|||2\"><div class=\"mt-item-inner\"><div class=\"photo\"><a href=\"#\"><img decoding=\"async\" src=\"https:\/\/www.dexeus.com\/sites\/default\/files\/styles\/equipo_medico\/public\/images\/equipo_medico\/0-sin-foto-hombre.png?itok=96LsU2bQ\" alt=\"Barbaro Garc\u00eda P\u00e9rez\" \/><\/a><\/div><div class=\"name\"><a href=\"#\">Barbaro Garc\u00eda P\u00e9rez<\/a><\/div><div class=\"position\">M\u00e9decin-adjoint<\/div><\/div><div class=\"mt-item-overlay\"><div class=\"mt-item-overlay-inner\"><a href=\"#\" class=\"close\"><\/a><div class=\"mt-item-details\"><h4 class=\"name\">Barbaro Garc\u00eda P\u00e9rez<\/h4><div class=\"left\"><img decoding=\"async\" src=\"https:\/\/www.dexeus.com\/sites\/default\/files\/styles\/equipo_medico\/public\/images\/equipo_medico\/0-sin-foto-hombre.png?itok=96LsU2bQ\" alt=\"Barbaro Garc\u00eda P\u00e9rez\" \/><\/div><div class=\"right\"><div class=\"position\">M\u00e9decin-adjoint<\/div><div class=\"centers\"><span class=\"label\">Centres: <\/span>Manresa<\/div><div class=\"languages\"><span class=\"label\">Langues: <\/span>Espagnol, Catalan<\/div><div class=\"specialities\"><span class=\"label\">Sp\u00e9cialit\u00e9s: <\/span>Assistance avant la Grossesse, Grossesse et Accouchement, Gyn\u00e9cologie G\u00e9n\u00e9rale<\/div><\/div><div class=\"description\"><\/div><\/div><\/div><\/div><\/div><div class=\"mt-item hide\" data-name=\"M\u00aa Teresa Gavald\u00e0 Pellice\" data-languages=\"Espagnol|||Catalan\" data-centers=\"Reus\" data-medspec=\"16|||4|||6\" data-medarea=\"2|||3\"><div class=\"mt-item-inner\"><div class=\"photo\"><a href=\"#\"><img decoding=\"async\" src=\"https:\/\/www.dexeus.com\/sites\/default\/files\/styles\/equipo_medico\/public\/images\/equipo-medico\/ma-teresa-gavalda-pellice.png?itok=tH-94Uhv\" alt=\"M\u00aa Teresa Gavald\u00e0 Pellice\" \/><\/a><\/div><div class=\"name\"><a href=\"#\">M\u00aa Teresa Gavald\u00e0 Pellice<\/a><\/div><div class=\"position\">M\u00e9decin-adjoint<\/div><\/div><div class=\"mt-item-overlay\"><div class=\"mt-item-overlay-inner\"><a href=\"#\" class=\"close\"><\/a><div class=\"mt-item-details\"><h4 class=\"name\">M\u00aa Teresa Gavald\u00e0 Pellice<\/h4><div class=\"left\"><img decoding=\"async\" src=\"https:\/\/www.dexeus.com\/sites\/default\/files\/styles\/equipo_medico\/public\/images\/equipo-medico\/ma-teresa-gavalda-pellice.png?itok=tH-94Uhv\" alt=\"M\u00aa Teresa Gavald\u00e0 Pellice\" \/><\/div><div class=\"right\"><div class=\"position\">M\u00e9decin-adjoint<\/div><div class=\"centers\"><span class=\"label\">Centres: <\/span>Reus<\/div><div class=\"languages\"><span class=\"label\">Langues: <\/span>Espagnol, Catalan<\/div><div class=\"specialities\"><span class=\"label\">Sp\u00e9cialit\u00e9s: <\/span>Gyn\u00e9cologie G\u00e9n\u00e9rale, Assistance avant la Grossesse, Grossesse et Accouchement<\/div><\/div><div class=\"description\"><\/div><\/div><\/div><\/div><\/div><div class=\"mt-item hide\" data-name=\"Mar\u00eda E. Gil Romero\" data-languages=\"Espagnol|||Catalan\" data-centers=\"Sant Cugat\" data-medspec=\"4|||6|||16\" data-medarea=\"3|||2\"><div class=\"mt-item-inner\"><div class=\"photo\"><a href=\"#\"><img decoding=\"async\" src=\"https:\/\/www.dexeus.com\/sites\/default\/files\/styles\/equipo_medico\/public\/images\/equipo-humano\/maria-e-gil-romero.png?itok=hNET4hPe\" alt=\"Mar\u00eda E. Gil Romero\" \/><\/a><\/div><div class=\"name\"><a href=\"#\">Mar\u00eda E. Gil Romero<\/a><\/div><div class=\"position\">M\u00e9decin-adjoint<\/div><\/div><div class=\"mt-item-overlay\"><div class=\"mt-item-overlay-inner\"><a href=\"#\" class=\"close\"><\/a><div class=\"mt-item-details\"><h4 class=\"name\">Mar\u00eda E. Gil Romero<\/h4><div class=\"left\"><img decoding=\"async\" src=\"https:\/\/www.dexeus.com\/sites\/default\/files\/styles\/equipo_medico\/public\/images\/equipo-humano\/maria-e-gil-romero.png?itok=hNET4hPe\" alt=\"Mar\u00eda E. Gil Romero\" \/><\/div><div class=\"right\"><div class=\"position\">M\u00e9decin-adjoint<\/div><div class=\"centers\"><span class=\"label\">Centres: <\/span>Sant Cugat<\/div><div class=\"languages\"><span class=\"label\">Langues: <\/span>Espagnol, Catalan<\/div><div class=\"specialities\"><span class=\"label\">Sp\u00e9cialit\u00e9s: <\/span>Assistance avant la Grossesse, Grossesse et Accouchement, Gyn\u00e9cologie G\u00e9n\u00e9rale<\/div><\/div><div class=\"description\"><\/div><\/div><\/div><\/div><\/div><div class=\"mt-item hide\" data-name=\"N\u00faria Ginjaume Garc\u00eda\" data-languages=\"Espagnol|||Catalan\" data-centers=\"Sant Cugat\" data-medspec=\"4|||6|||16\" data-medarea=\"3|||2\"><div class=\"mt-item-inner\"><div class=\"photo\"><a href=\"#\"><img decoding=\"async\" src=\"https:\/\/www.dexeus.com\/sites\/default\/files\/styles\/equipo_medico\/public\/images\/equipo_medico\/0-sin-foto-mujer.png?itok=ovq87Zyx\" alt=\"N\u00faria Ginjaume Garc\u00eda\" \/><\/a><\/div><div class=\"name\"><a href=\"#\">N\u00faria Ginjaume Garc\u00eda<\/a><\/div><div class=\"position\">M\u00e9decin-adjoint<\/div><\/div><div class=\"mt-item-overlay\"><div class=\"mt-item-overlay-inner\"><a href=\"#\" class=\"close\"><\/a><div class=\"mt-item-details\"><h4 class=\"name\">N\u00faria Ginjaume Garc\u00eda<\/h4><div class=\"left\"><img decoding=\"async\" src=\"https:\/\/www.dexeus.com\/sites\/default\/files\/styles\/equipo_medico\/public\/images\/equipo_medico\/0-sin-foto-mujer.png?itok=ovq87Zyx\" alt=\"N\u00faria Ginjaume Garc\u00eda\" \/><\/div><div class=\"right\"><div class=\"position\">M\u00e9decin-adjoint<\/div><div class=\"centers\"><span class=\"label\">Centres: <\/span>Sant Cugat<\/div><div class=\"languages\"><span class=\"label\">Langues: <\/span>Espagnol, Catalan<\/div><div class=\"specialities\"><span class=\"label\">Sp\u00e9cialit\u00e9s: <\/span>Assistance avant la Grossesse, Grossesse et Accouchement, Gyn\u00e9cologie G\u00e9n\u00e9rale<\/div><\/div><div class=\"description\"><\/div><\/div><\/div><\/div><\/div><div class=\"mt-item hide\" data-name=\"Margarita Gomez Del Valle\" data-languages=\"Espagnol|||Catalan\" data-centers=\"Sant Cugat\" data-medspec=\"4|||6|||16\" data-medarea=\"3|||2\"><div class=\"mt-item-inner\"><div class=\"photo\"><a href=\"#\"><img decoding=\"async\" src=\"https:\/\/www.dexeus.com\/sites\/default\/files\/styles\/equipo_medico\/public\/images\/equipo_humano\/margarita-gomez-del-valle.png?itok=Qt7HnAEj\" alt=\"Margarita Gomez Del Valle\" \/><\/a><\/div><div class=\"name\"><a href=\"#\">Margarita Gomez Del Valle<\/a><\/div><div class=\"position\">M\u00e9decin-adjoint<\/div><\/div><div class=\"mt-item-overlay\"><div class=\"mt-item-overlay-inner\"><a href=\"#\" class=\"close\"><\/a><div class=\"mt-item-details\"><h4 class=\"name\">Margarita Gomez Del Valle<\/h4><div class=\"left\"><img decoding=\"async\" src=\"https:\/\/www.dexeus.com\/sites\/default\/files\/styles\/equipo_medico\/public\/images\/equipo_humano\/margarita-gomez-del-valle.png?itok=Qt7HnAEj\" alt=\"Margarita Gomez Del Valle\" \/><\/div><div class=\"right\"><div class=\"position\">M\u00e9decin-adjoint<\/div><div class=\"centers\"><span class=\"label\">Centres: <\/span>Sant Cugat<\/div><div class=\"languages\"><span class=\"label\">Langues: <\/span>Espagnol, Catalan<\/div><div class=\"specialities\"><span class=\"label\">Sp\u00e9cialit\u00e9s: <\/span>Assistance avant la Grossesse, Grossesse et Accouchement, Gyn\u00e9cologie G\u00e9n\u00e9rale<\/div><\/div><div class=\"description\"><\/div><\/div><\/div><\/div><\/div><div class=\"mt-item hide\" data-name=\"Elena G\u00f3mez Valencia\" data-languages=\"Espagnol|||Catalan\" data-centers=\"Manresa\" data-medspec=\"4|||6|||16\" data-medarea=\"3|||2\"><div class=\"mt-item-inner\"><div class=\"photo\"><a href=\"#\"><img decoding=\"async\" src=\"https:\/\/www.dexeus.com\/sites\/default\/files\/styles\/equipo_medico\/public\/images\/equipo_medico\/0-sin-foto-mujer.png?itok=ovq87Zyx\" alt=\"Elena G\u00f3mez Valencia\" \/><\/a><\/div><div class=\"name\"><a href=\"#\">Elena G\u00f3mez Valencia<\/a><\/div><div class=\"position\">M\u00e9decin-adjoint<\/div><\/div><div class=\"mt-item-overlay\"><div class=\"mt-item-overlay-inner\"><a href=\"#\" class=\"close\"><\/a><div class=\"mt-item-details\"><h4 class=\"name\">Elena G\u00f3mez Valencia<\/h4><div class=\"left\"><img decoding=\"async\" src=\"https:\/\/www.dexeus.com\/sites\/default\/files\/styles\/equipo_medico\/public\/images\/equipo_medico\/0-sin-foto-mujer.png?itok=ovq87Zyx\" alt=\"Elena G\u00f3mez Valencia\" \/><\/div><div class=\"right\"><div class=\"position\">M\u00e9decin-adjoint<\/div><div class=\"centers\"><span class=\"label\">Centres: <\/span>Manresa<\/div><div class=\"languages\"><span class=\"label\">Langues: <\/span>Espagnol, Catalan<\/div><div class=\"specialities\"><span class=\"label\">Sp\u00e9cialit\u00e9s: <\/span>Assistance avant la Grossesse, Grossesse et Accouchement, Gyn\u00e9cologie G\u00e9n\u00e9rale<\/div><\/div><div class=\"description\"><\/div><\/div><\/div><\/div><\/div><div class=\"mt-item \" data-name=\"Isabeth Gonzalez de Campagnolo\" data-languages=\"Espagnol|||Anglais\" data-centers=\"Barcelone\" data-medspec=\"4|||10|||16|||29|||35|||36|||40\" data-medarea=\"3|||2|||28\"><div class=\"mt-item-inner\"><div class=\"photo\"><a href=\"#\"><img decoding=\"async\" src=\"https:\/\/www.dexeus.com\/sites\/default\/files\/styles\/equipo_medico\/public\/images\/equipo-humano\/isabeth-gonzalez-de-campagnolo.png?itok=Ryjc_Yrq\" alt=\"Isabeth Gonzalez de Campagnolo\" \/><\/a><\/div><div class=\"name\"><a href=\"#\">Isabeth Gonzalez de Campagnolo<\/a><\/div><div class=\"position\">M\u00e9decin<\/div><\/div><div class=\"mt-item-overlay\"><div class=\"mt-item-overlay-inner\"><a href=\"#\" class=\"close\"><\/a><div class=\"mt-item-details\"><h4 class=\"name\">Isabeth Gonzalez de Campagnolo<\/h4><div class=\"left\"><img decoding=\"async\" src=\"https:\/\/www.dexeus.com\/sites\/default\/files\/styles\/equipo_medico\/public\/images\/equipo-humano\/isabeth-gonzalez-de-campagnolo.png?itok=Ryjc_Yrq\" alt=\"Isabeth Gonzalez de Campagnolo\" \/><\/div><div class=\"right\"><div class=\"position\">M\u00e9decin<\/div><div class=\"centers\"><span class=\"label\">Centres: <\/span>Barcelone<\/div><div class=\"languages\"><span class=\"label\">Langues: <\/span>Espagnol, Anglais<\/div><div class=\"specialities\"><span class=\"label\">Sp\u00e9cialit\u00e9s: <\/span>Assistance avant la Grossesse, Contraception, Gyn\u00e9cologie G\u00e9n\u00e9rale, Fausses couches \u00e0 R\u00e9p\u00e9tition (Infertilit\u00e9), \u00c9tude Int\u00e9gr\u00e9e de St\u00e9rilit\u00e9, Infertlit\u00e9, Techniques de Reproduction Assist\u00e9e<\/div><\/div><div class=\"description\"><\/div><\/div><\/div><\/div><\/div><div class=\"mt-item hide\" data-name=\"Coralia J. Gonzalez Pe\u00f1a\" data-languages=\"Espagnol\" data-centers=\"Sabadell\" data-medspec=\"4|||6|||16\" data-medarea=\"3|||2\"><div class=\"mt-item-inner\"><div class=\"photo\"><a href=\"#\"><img decoding=\"async\" src=\"https:\/\/www.dexeus.com\/sites\/default\/files\/styles\/equipo_medico\/public\/images\/equipo-humano\/coralia-josefina-gonzalez-pena.png?itok=cbz8CcEs\" alt=\"Coralia J. Gonzalez Pe\u00f1a\" \/><\/a><\/div><div class=\"name\"><a href=\"#\">Coralia J. Gonzalez Pe\u00f1a<\/a><\/div><div class=\"position\">M\u00e9decin-adjoint<\/div><\/div><div class=\"mt-item-overlay\"><div class=\"mt-item-overlay-inner\"><a href=\"#\" class=\"close\"><\/a><div class=\"mt-item-details\"><h4 class=\"name\">Coralia J. Gonzalez Pe\u00f1a<\/h4><div class=\"left\"><img decoding=\"async\" src=\"https:\/\/www.dexeus.com\/sites\/default\/files\/styles\/equipo_medico\/public\/images\/equipo-humano\/coralia-josefina-gonzalez-pena.png?itok=cbz8CcEs\" alt=\"Coralia J. Gonzalez Pe\u00f1a\" \/><\/div><div class=\"right\"><div class=\"position\">M\u00e9decin-adjoint<\/div><div class=\"centers\"><span class=\"label\">Centres: <\/span>Sabadell<\/div><div class=\"languages\"><span class=\"label\">Langues: <\/span>Espagnol<\/div><div class=\"specialities\"><span class=\"label\">Sp\u00e9cialit\u00e9s: <\/span>Assistance avant la Grossesse, Grossesse et Accouchement, Gyn\u00e9cologie G\u00e9n\u00e9rale<\/div><\/div><div class=\"description\"><p><a href=\"http:\/\/yandex.ru\">\u044f\u043d\u0434\u0435\u043a\u0441<\/a><\/p>\n<\/div><\/div><\/div><\/div><\/div><div class=\"mt-item hide\" data-name=\"Ram\u00f3n R. Guevara Mar\u00edn\" data-languages=\"Espagnol\" data-centers=\"Reus\" data-medspec=\"4|||6|||16|||44\" data-medarea=\"3|||2|||41\"><div class=\"mt-item-inner\"><div class=\"photo\"><a href=\"#\"><img decoding=\"async\" src=\"https:\/\/www.dexeus.com\/sites\/default\/files\/styles\/equipo_medico\/public\/images\/equipo_medico\/0-sin-foto-hombre.png?itok=96LsU2bQ\" alt=\"Ram\u00f3n R. Guevara Mar\u00edn\" \/><\/a><\/div><div class=\"name\"><a href=\"#\">Ram\u00f3n R. Guevara Mar\u00edn<\/a><\/div><div class=\"position\">M\u00e9decin-adjoint<\/div><\/div><div class=\"mt-item-overlay\"><div class=\"mt-item-overlay-inner\"><a href=\"#\" class=\"close\"><\/a><div class=\"mt-item-details\"><h4 class=\"name\">Ram\u00f3n R. Guevara Mar\u00edn<\/h4><div class=\"left\"><img decoding=\"async\" src=\"https:\/\/www.dexeus.com\/sites\/default\/files\/styles\/equipo_medico\/public\/images\/equipo_medico\/0-sin-foto-hombre.png?itok=96LsU2bQ\" alt=\"Ram\u00f3n R. Guevara Mar\u00edn\" \/><\/div><div class=\"right\"><div class=\"position\">M\u00e9decin-adjoint<\/div><div class=\"centers\"><span class=\"label\">Centres: <\/span>Reus<\/div><div class=\"languages\"><span class=\"label\">Langues: <\/span>Espagnol<\/div><div class=\"specialities\"><span class=\"label\">Sp\u00e9cialit\u00e9s: <\/span>Assistance avant la Grossesse, Grossesse et Accouchement, Gyn\u00e9cologie G\u00e9n\u00e9rale, \u00c9chographie obst\u00e9tricale et diagnostic pr\u00e9natal<\/div><\/div><div class=\"description\"><\/div><\/div><\/div><\/div><\/div><div class=\"mt-item hide\" data-name=\"Yolanda Guillemat Font\" data-languages=\"Espagnol|||Catalan\" data-centers=\"Sant Cugat\" data-medspec=\"4|||6|||16\" data-medarea=\"3|||2\"><div class=\"mt-item-inner\"><div class=\"photo\"><a href=\"#\"><img decoding=\"async\" src=\"https:\/\/www.dexeus.com\/sites\/default\/files\/styles\/equipo_medico\/public\/images\/equipo_humano\/yolanda-guillemat-font.png?itok=48WAoiqL\" alt=\"Yolanda Guillemat Font\" \/><\/a><\/div><div class=\"name\"><a href=\"#\">Yolanda Guillemat Font<\/a><\/div><div class=\"position\">M\u00e9decin-adjoint<\/div><\/div><div class=\"mt-item-overlay\"><div class=\"mt-item-overlay-inner\"><a href=\"#\" class=\"close\"><\/a><div class=\"mt-item-details\"><h4 class=\"name\">Yolanda Guillemat Font<\/h4><div class=\"left\"><img decoding=\"async\" src=\"https:\/\/www.dexeus.com\/sites\/default\/files\/styles\/equipo_medico\/public\/images\/equipo_humano\/yolanda-guillemat-font.png?itok=48WAoiqL\" alt=\"Yolanda Guillemat Font\" \/><\/div><div class=\"right\"><div class=\"position\">M\u00e9decin-adjoint<\/div><div class=\"centers\"><span class=\"label\">Centres: <\/span>Sant Cugat<\/div><div class=\"languages\"><span class=\"label\">Langues: <\/span>Espagnol, Catalan<\/div><div class=\"specialities\"><span class=\"label\">Sp\u00e9cialit\u00e9s: <\/span>Assistance avant la Grossesse, Grossesse et Accouchement, Gyn\u00e9cologie G\u00e9n\u00e9rale<\/div><\/div><div class=\"description\"><\/div><\/div><\/div><\/div><\/div><div class=\"mt-item hide\" data-name=\"Andrea Guti\u00e9rrez Gallego\" data-languages=\"Espagnol\" data-centers=\"Manresa\" data-medspec=\"4|||6|||16\" data-medarea=\"3|||2\"><div class=\"mt-item-inner\"><div class=\"photo\"><a href=\"#\"><img decoding=\"async\" src=\"https:\/\/www.dexeus.com\/sites\/default\/files\/styles\/equipo_medico\/public\/images\/equipo-humano\/andrea-gutierrez-gallego.png?itok=MuDQJmiK\" alt=\"Andrea Guti\u00e9rrez Gallego\" \/><\/a><\/div><div class=\"name\"><a href=\"#\">Andrea Guti\u00e9rrez Gallego<\/a><\/div><div class=\"position\">M\u00e9decin-adjoint<\/div><\/div><div class=\"mt-item-overlay\"><div class=\"mt-item-overlay-inner\"><a href=\"#\" class=\"close\"><\/a><div class=\"mt-item-details\"><h4 class=\"name\">Andrea Guti\u00e9rrez Gallego<\/h4><div class=\"left\"><img decoding=\"async\" src=\"https:\/\/www.dexeus.com\/sites\/default\/files\/styles\/equipo_medico\/public\/images\/equipo-humano\/andrea-gutierrez-gallego.png?itok=MuDQJmiK\" alt=\"Andrea Guti\u00e9rrez Gallego\" \/><\/div><div class=\"right\"><div class=\"position\">M\u00e9decin-adjoint<\/div><div class=\"centers\"><span class=\"label\">Centres: <\/span>Manresa<\/div><div class=\"languages\"><span class=\"label\">Langues: <\/span>Espagnol<\/div><div class=\"specialities\"><span class=\"label\">Sp\u00e9cialit\u00e9s: <\/span>Assistance avant la Grossesse, Grossesse et Accouchement, Gyn\u00e9cologie G\u00e9n\u00e9rale<\/div><\/div><div class=\"description\"><\/div><\/div><\/div><\/div><\/div><div class=\"mt-item hide\" data-name=\"Lourdes Hereter Romeu\" data-languages=\"Espagnol|||Catalan\" data-centers=\"Barcelone|||Sant Cugat\" data-medspec=\"42\" data-medarea=\"41\"><div class=\"mt-item-inner\"><div class=\"photo\"><a href=\"#\"><img decoding=\"async\" src=\"https:\/\/www.dexeus.com\/sites\/default\/files\/styles\/equipo_medico\/public\/images\/equipo_humano\/lourdes-hereter-romeu.png?itok=A96fhHl8\" alt=\"Lourdes Hereter Romeu\" \/><\/a><\/div><div class=\"name\"><a href=\"#\">Lourdes Hereter Romeu<\/a><\/div><div class=\"position\">M\u00e9decin-adjoint, Service de Diagnostic Gyn\u00e9cologique par Image<\/div><\/div><div class=\"mt-item-overlay\"><div class=\"mt-item-overlay-inner\"><a href=\"#\" class=\"close\"><\/a><div class=\"mt-item-details\"><h4 class=\"name\">Lourdes Hereter Romeu<\/h4><div class=\"left\"><img decoding=\"async\" src=\"https:\/\/www.dexeus.com\/sites\/default\/files\/styles\/equipo_medico\/public\/images\/equipo_humano\/lourdes-hereter-romeu.png?itok=A96fhHl8\" alt=\"Lourdes Hereter Romeu\" \/><\/div><div class=\"right\"><div class=\"position\">M\u00e9decin-adjoint, Service de Diagnostic Gyn\u00e9cologique par Image<\/div><div class=\"centers\"><span class=\"label\">Centres: <\/span>Barcelone, Sant Cugat<\/div><div class=\"languages\"><span class=\"label\">Langues: <\/span>Espagnol, Catalan<\/div><div class=\"specialities\"><span class=\"label\">Sp\u00e9cialit\u00e9s: <\/span>Diagnostic Gyn\u00e9cologique par l\u2019Image<\/div><\/div><div class=\"description\"><\/div><\/div><\/div><\/div><\/div><div class=\"mt-item hide\" data-name=\"Sayda M. Hernandez Villegas\" data-languages=\"Espagnol\" data-centers=\"Barcelone|||Sabadell\" data-medspec=\"42\" data-medarea=\"41\"><div class=\"mt-item-inner\"><div class=\"photo\"><a href=\"#\"><img decoding=\"async\" src=\"https:\/\/www.dexeus.com\/sites\/default\/files\/styles\/equipo_medico\/public\/images\/equipo_humano\/sayda-mercedes-hernandez-villegas.png?itok=mbdQxwXw\" alt=\"Sayda M. Hernandez Villegas\" \/><\/a><\/div><div class=\"name\"><a href=\"#\">Sayda M. Hernandez Villegas<\/a><\/div><div class=\"position\">M\u00e9decin-adjoint, Service de Diagnostic Gyn\u00e9cologique par Image<\/div><\/div><div class=\"mt-item-overlay\"><div class=\"mt-item-overlay-inner\"><a href=\"#\" class=\"close\"><\/a><div class=\"mt-item-details\"><h4 class=\"name\">Sayda M. Hernandez Villegas<\/h4><div class=\"left\"><img decoding=\"async\" src=\"https:\/\/www.dexeus.com\/sites\/default\/files\/styles\/equipo_medico\/public\/images\/equipo_humano\/sayda-mercedes-hernandez-villegas.png?itok=mbdQxwXw\" alt=\"Sayda M. Hernandez Villegas\" \/><\/div><div class=\"right\"><div class=\"position\">M\u00e9decin-adjoint, Service de Diagnostic Gyn\u00e9cologique par Image<\/div><div class=\"centers\"><span class=\"label\">Centres: <\/span>Barcelone, Sabadell<\/div><div class=\"languages\"><span class=\"label\">Langues: <\/span>Espagnol<\/div><div class=\"specialities\"><span class=\"label\">Sp\u00e9cialit\u00e9s: <\/span>Diagnostic Gyn\u00e9cologique par l\u2019Image<\/div><\/div><div class=\"description\"><\/div><\/div><\/div><\/div><\/div><div class=\"mt-item hide\" data-name=\"Judith Hidalgo Tarr\u00e9s\" data-languages=\"Espagnol|||Catalan|||Anglais\" data-centers=\"Sant Cugat\" data-medspec=\"4|||6|||16|||44\" data-medarea=\"3|||2|||41\"><div class=\"mt-item-inner\"><div class=\"photo\"><a href=\"#\"><img decoding=\"async\" src=\"https:\/\/www.dexeus.com\/sites\/default\/files\/styles\/equipo_medico\/public\/images\/equipo-humano\/judit-hidalgo-tarres.png?itok=yh73K3bO\" alt=\"Judith Hidalgo Tarr\u00e9s\" \/><\/a><\/div><div class=\"name\"><a href=\"#\">Judith Hidalgo Tarr\u00e9s<\/a><\/div><div class=\"position\">M\u00e9decin-adjoint<\/div><\/div><div class=\"mt-item-overlay\"><div class=\"mt-item-overlay-inner\"><a href=\"#\" class=\"close\"><\/a><div class=\"mt-item-details\"><h4 class=\"name\">Judith Hidalgo Tarr\u00e9s<\/h4><div class=\"left\"><img decoding=\"async\" src=\"https:\/\/www.dexeus.com\/sites\/default\/files\/styles\/equipo_medico\/public\/images\/equipo-humano\/judit-hidalgo-tarres.png?itok=yh73K3bO\" alt=\"Judith Hidalgo Tarr\u00e9s\" \/><\/div><div class=\"right\"><div class=\"position\">M\u00e9decin-adjoint<\/div><div class=\"centers\"><span class=\"label\">Centres: <\/span>Sant Cugat<\/div><div class=\"languages\"><span class=\"label\">Langues: <\/span>Espagnol, Catalan, Anglais<\/div><div class=\"specialities\"><span class=\"label\">Sp\u00e9cialit\u00e9s: <\/span>Assistance avant la Grossesse, Grossesse et Accouchement, Gyn\u00e9cologie G\u00e9n\u00e9rale, \u00c9chographie obst\u00e9tricale et diagnostic pr\u00e9natal<\/div><\/div><div class=\"description\"><\/div><\/div><\/div><\/div><\/div><div class=\"mt-item hide\" data-name=\"Yannick Hurni\" data-languages=\"Espagnol|||Anglais|||Italien|||Fran\u00e7ais|||Allemand|||Portugais\" data-centers=\"Barcelone\" data-medspec=\"16|||13|||18|||11|||22|||10\" data-medarea=\"2\"><div class=\"mt-item-inner\"><div class=\"photo\"><a href=\"#\"><img decoding=\"async\" src=\"https:\/\/www.dexeus.com\/sites\/default\/files\/styles\/equipo_medico\/public\/images\/equipo_medico\/yannick-hurni.png?itok=QKd-kqAI\" alt=\"Yannick Hurni\" \/><\/a><\/div><div class=\"name\"><a href=\"#\">Yannick Hurni<\/a><\/div><div class=\"position\">M\u00e9decin-adjoint<\/div><\/div><div class=\"mt-item-overlay\"><div class=\"mt-item-overlay-inner\"><a href=\"#\" class=\"close\"><\/a><div class=\"mt-item-details\"><h4 class=\"name\">Yannick Hurni<\/h4><div class=\"left\"><img decoding=\"async\" src=\"https:\/\/www.dexeus.com\/sites\/default\/files\/styles\/equipo_medico\/public\/images\/equipo_medico\/yannick-hurni.png?itok=QKd-kqAI\" alt=\"Yannick Hurni\" \/><\/div><div class=\"right\"><div class=\"position\">M\u00e9decin-adjoint<\/div><div class=\"centers\"><span class=\"label\">Centres: <\/span>Barcelone<\/div><div class=\"languages\"><span class=\"label\">Langues: <\/span>Espagnol, Anglais, Italien, Fran\u00e7ais, Allemand, Portugais<\/div><div class=\"specialities\"><span class=\"label\">Sp\u00e9cialit\u00e9s: <\/span>Gyn\u00e9cologie G\u00e9n\u00e9rale, Endom\u00e9triose, Hyst\u00e9roscopie, Chirurgie Gyn\u00e9cologique, Myomes, kystes des ovaires et maladies des annexes, Contraception<\/div><\/div><div class=\"description\"><\/div><\/div><\/div><\/div><\/div><div class=\"mt-item hide\" data-name=\"Judith Jurado Seguer\" data-languages=\"Espagnol|||Catalan|||Anglais\" data-centers=\"Sant Cugat|||Sabadell\" data-medspec=\"4|||6|||16|||20|||11\" data-medarea=\"3|||2\"><div class=\"mt-item-inner\"><div class=\"photo\"><a href=\"#\"><img decoding=\"async\" src=\"https:\/\/www.dexeus.com\/sites\/default\/files\/styles\/equipo_medico\/public\/images\/equipo-medico\/judith-jurado-seguer.png?itok=K3NjL_Yz\" alt=\"Judith Jurado Seguer\" \/><\/a><\/div><div class=\"name\"><a href=\"#\">Judith Jurado Seguer<\/a><\/div><div class=\"position\">M\u00e9decin-adjoint<\/div><\/div><div class=\"mt-item-overlay\"><div class=\"mt-item-overlay-inner\"><a href=\"#\" class=\"close\"><\/a><div class=\"mt-item-details\"><h4 class=\"name\">Judith Jurado Seguer<\/h4><div class=\"left\"><img decoding=\"async\" src=\"https:\/\/www.dexeus.com\/sites\/default\/files\/styles\/equipo_medico\/public\/images\/equipo-medico\/judith-jurado-seguer.png?itok=K3NjL_Yz\" alt=\"Judith Jurado Seguer\" \/><\/div><div class=\"right\"><div class=\"position\">M\u00e9decin-adjoint<\/div><div class=\"centers\"><span class=\"label\">Centres: <\/span>Sant Cugat, Sabadell<\/div><div class=\"languages\"><span class=\"label\">Langues: <\/span>Espagnol, Catalan, Anglais<\/div><div class=\"specialities\"><span class=\"label\">Sp\u00e9cialit\u00e9s: <\/span>Assistance avant la Grossesse, Grossesse et Accouchement, Gyn\u00e9cologie G\u00e9n\u00e9rale, Mastologie (Pathologie mammaire b\u00e9nigne), Chirurgie Gyn\u00e9cologique<\/div><\/div><div class=\"description\"><\/div><\/div><\/div><\/div><\/div><div class=\"mt-item hide\" data-name=\"Josefina V. Lamas Brice\u00f1o\" data-languages=\"Espagnol|||Anglais\" data-centers=\"Tarragone\" data-medspec=\"42\" data-medarea=\"41\"><div class=\"mt-item-inner\"><div class=\"photo\"><a href=\"#\"><img decoding=\"async\" src=\"https:\/\/www.dexeus.com\/sites\/default\/files\/styles\/equipo_medico\/public\/images\/equipo-humano\/josefina-lamas-briceno.png?itok=SGhOIXOG\" alt=\"Josefina V. Lamas Brice\u00f1o\" \/><\/a><\/div><div class=\"name\"><a href=\"#\">Josefina V. Lamas Brice\u00f1o<\/a><\/div><div class=\"position\">M\u00e9decin-adjoint, Service de Diagnostic Gyn\u00e9cologique par Image<\/div><\/div><div class=\"mt-item-overlay\"><div class=\"mt-item-overlay-inner\"><a href=\"#\" class=\"close\"><\/a><div class=\"mt-item-details\"><h4 class=\"name\">Josefina V. Lamas Brice\u00f1o<\/h4><div class=\"left\"><img decoding=\"async\" src=\"https:\/\/www.dexeus.com\/sites\/default\/files\/styles\/equipo_medico\/public\/images\/equipo-humano\/josefina-lamas-briceno.png?itok=SGhOIXOG\" alt=\"Josefina V. Lamas Brice\u00f1o\" \/><\/div><div class=\"right\"><div class=\"position\">M\u00e9decin-adjoint, Service de Diagnostic Gyn\u00e9cologique par Image<\/div><div class=\"centers\"><span class=\"label\">Centres: <\/span>Tarragone<\/div><div class=\"languages\"><span class=\"label\">Langues: <\/span>Espagnol, Anglais<\/div><div class=\"specialities\"><span class=\"label\">Sp\u00e9cialit\u00e9s: <\/span>Diagnostic Gyn\u00e9cologique par l\u2019Image<\/div><\/div><div class=\"description\"><\/div><\/div><\/div><\/div><\/div><div class=\"mt-item \" data-name=\"Fr\u00e9d\u00e9ric Lamazou\" data-languages=\"Espagnol|||Fran\u00e7ais\" data-centers=\"Barcelone\" data-medspec=\"35|||40|||36|||37\" data-medarea=\"28\"><div class=\"mt-item-inner\"><div class=\"photo\"><a href=\"#\"><img decoding=\"async\" src=\"https:\/\/www.dexeus.com\/sites\/default\/files\/styles\/equipo_medico\/public\/images\/equipo-humano\/frederic-lamazou.png?itok=NrxMb8kd\" alt=\"Fr\u00e9d\u00e9ric Lamazou\" \/><\/a><\/div><div class=\"name\"><a href=\"#\">Fr\u00e9d\u00e9ric Lamazou<\/a><\/div><div class=\"position\">M\u00e9decin-adjoint<\/div><\/div><div class=\"mt-item-overlay\"><div class=\"mt-item-overlay-inner\"><a href=\"#\" class=\"close\"><\/a><div class=\"mt-item-details\"><h4 class=\"name\">Fr\u00e9d\u00e9ric Lamazou<\/h4><div class=\"left\"><img decoding=\"async\" src=\"https:\/\/www.dexeus.com\/sites\/default\/files\/styles\/equipo_medico\/public\/images\/equipo-humano\/frederic-lamazou.png?itok=NrxMb8kd\" alt=\"Fr\u00e9d\u00e9ric Lamazou\" \/><\/div><div class=\"right\"><div class=\"position\">M\u00e9decin-adjoint<\/div><div class=\"centers\"><span class=\"label\">Centres: <\/span>Barcelone<\/div><div class=\"languages\"><span class=\"label\">Langues: <\/span>Espagnol, Fran\u00e7ais<\/div><div class=\"specialities\"><span class=\"label\">Sp\u00e9cialit\u00e9s: <\/span>\u00c9tude Int\u00e9gr\u00e9e de St\u00e9rilit\u00e9, Techniques de Reproduction Assist\u00e9e, Infertlit\u00e9, Pr\u00e9servation de la fertilit\u00e9<\/div><\/div><div class=\"description\"><\/div><\/div><\/div><\/div><\/div><div class=\"mt-item hide\" data-name=\"Marta Larroya Sola\" data-languages=\"Espagnol|||Catalan|||Anglais\" data-centers=\"Barcelone|||Sant Cugat\" data-medspec=\"4|||6|||16|||44\" data-medarea=\"3|||2|||41\"><div class=\"mt-item-inner\"><div class=\"photo\"><a href=\"#\"><img decoding=\"async\" src=\"https:\/\/www.dexeus.com\/sites\/default\/files\/styles\/equipo_medico\/public\/images\/equipo_medico\/marta-larroya-sola.png?itok=AihMvaog\" alt=\"Marta Larroya Sola\" \/><\/a><\/div><div class=\"name\"><a href=\"#\">Marta Larroya Sola<\/a><\/div><div class=\"position\">M\u00e9decin-adjoint<\/div><\/div><div class=\"mt-item-overlay\"><div class=\"mt-item-overlay-inner\"><a href=\"#\" class=\"close\"><\/a><div class=\"mt-item-details\"><h4 class=\"name\">Marta Larroya Sola<\/h4><div class=\"left\"><img decoding=\"async\" src=\"https:\/\/www.dexeus.com\/sites\/default\/files\/styles\/equipo_medico\/public\/images\/equipo_medico\/marta-larroya-sola.png?itok=AihMvaog\" alt=\"Marta Larroya Sola\" \/><\/div><div class=\"right\"><div class=\"position\">M\u00e9decin-adjoint<\/div><div class=\"centers\"><span class=\"label\">Centres: <\/span>Barcelone, Sant Cugat<\/div><div class=\"languages\"><span class=\"label\">Langues: <\/span>Espagnol, Catalan, Anglais<\/div><div class=\"specialities\"><span class=\"label\">Sp\u00e9cialit\u00e9s: <\/span>Assistance avant la Grossesse, Grossesse et Accouchement, Gyn\u00e9cologie G\u00e9n\u00e9rale, \u00c9chographie obst\u00e9tricale et diagnostic pr\u00e9natal<\/div><\/div><div class=\"description\"><\/div><\/div><\/div><\/div><\/div><div class=\"mt-item hide\" data-name=\"Fabrizia Lavecchia\" data-languages=\"Espagnol|||Catalan|||Anglais|||Italien\" data-centers=\"Barcelone|||Sabadell\" data-medspec=\"16|||4|||6|||11|||22|||18|||10\" data-medarea=\"2|||3\"><div class=\"mt-item-inner\"><div class=\"photo\"><a href=\"#\"><img decoding=\"async\" src=\"https:\/\/www.dexeus.com\/sites\/default\/files\/styles\/equipo_medico\/public\/images\/equipo-humano\/fabrizia-lavecchia.png?itok=CI7CHEC8\" alt=\"Fabrizia Lavecchia\" \/><\/a><\/div><div class=\"name\"><a href=\"#\">Fabrizia Lavecchia<\/a><\/div><div class=\"position\">M\u00e9decin-adjoint<\/div><\/div><div class=\"mt-item-overlay\"><div class=\"mt-item-overlay-inner\"><a href=\"#\" class=\"close\"><\/a><div class=\"mt-item-details\"><h4 class=\"name\">Fabrizia Lavecchia<\/h4><div class=\"left\"><img decoding=\"async\" src=\"https:\/\/www.dexeus.com\/sites\/default\/files\/styles\/equipo_medico\/public\/images\/equipo-humano\/fabrizia-lavecchia.png?itok=CI7CHEC8\" alt=\"Fabrizia Lavecchia\" \/><\/div><div class=\"right\"><div class=\"position\">M\u00e9decin-adjoint<\/div><div class=\"centers\"><span class=\"label\">Centres: <\/span>Barcelone, Sabadell<\/div><div class=\"languages\"><span class=\"label\">Langues: <\/span>Espagnol, Catalan, Anglais, Italien<\/div><div class=\"specialities\"><span class=\"label\">Sp\u00e9cialit\u00e9s: <\/span>Gyn\u00e9cologie G\u00e9n\u00e9rale, Assistance avant la Grossesse, Grossesse et Accouchement, Chirurgie Gyn\u00e9cologique, Myomes, kystes des ovaires et maladies des annexes, Hyst\u00e9roscopie, Contraception<\/div><\/div><div class=\"description\"><\/div><\/div><\/div><\/div><\/div><div class=\"mt-item hide\" data-name=\"Nuria Li Liao\" data-languages=\"Espagnol|||Catalan|||Anglais\" data-centers=\"Barcelone|||Sant Cugat\" data-medspec=\"16|||23|||6\" data-medarea=\"2|||3\"><div class=\"mt-item-inner\"><div class=\"photo\"><a href=\"#\"><img decoding=\"async\" src=\"https:\/\/www.dexeus.com\/sites\/default\/files\/styles\/equipo_medico\/public\/images\/equipo_humano\/nuria-li-liao.png?itok=qcdD6YQ9\" alt=\"Nuria Li Liao\" \/><\/a><\/div><div class=\"name\"><a href=\"#\">Nuria Li Liao<\/a><\/div><div class=\"position\">M\u00e9decin-adjoint<\/div><\/div><div class=\"mt-item-overlay\"><div class=\"mt-item-overlay-inner\"><a href=\"#\" class=\"close\"><\/a><div class=\"mt-item-details\"><h4 class=\"name\">Nuria Li Liao<\/h4><div class=\"left\"><img decoding=\"async\" src=\"https:\/\/www.dexeus.com\/sites\/default\/files\/styles\/equipo_medico\/public\/images\/equipo_humano\/nuria-li-liao.png?itok=qcdD6YQ9\" alt=\"Nuria Li Liao\" \/><\/div><div class=\"right\"><div class=\"position\">M\u00e9decin-adjoint<\/div><div class=\"centers\"><span class=\"label\">Centres: <\/span>Barcelone, Sant Cugat<\/div><div class=\"languages\"><span class=\"label\">Langues: <\/span>Espagnol, Catalan, Anglais<\/div><div class=\"specialities\"><span class=\"label\">Sp\u00e9cialit\u00e9s: <\/span>Gyn\u00e9cologie G\u00e9n\u00e9rale, Pathologie du Tractus G\u00e9nital Inf\u00e9rieur, Grossesse et Accouchement<\/div><\/div><div class=\"description\"><\/div><\/div><\/div><\/div><\/div><div class=\"mt-item hide\" data-name=\"Laia Lloses Mir\u00f3\" data-languages=\"Espagnol|||Catalan\" data-centers=\"Barcelone\" data-medspec=\"1126|||4|||6|||16\" data-medarea=\"3|||2\"><div class=\"mt-item-inner\"><div class=\"photo\"><a href=\"#\"><img decoding=\"async\" src=\"https:\/\/www.dexeus.com\/sites\/default\/files\/styles\/equipo_medico\/public\/images\/equipo-humano\/laia-lloses-miro.png?itok=bw6jd52x\" alt=\"Laia Lloses Mir\u00f3\" \/><\/a><\/div><div class=\"name\"><a href=\"#\">Laia Lloses Mir\u00f3<\/a><\/div><div class=\"position\">M\u00e9decin<\/div><\/div><div class=\"mt-item-overlay\"><div class=\"mt-item-overlay-inner\"><a href=\"#\" class=\"close\"><\/a><div class=\"mt-item-details\"><h4 class=\"name\">Laia Lloses Mir\u00f3<\/h4><div class=\"left\"><img decoding=\"async\" src=\"https:\/\/www.dexeus.com\/sites\/default\/files\/styles\/equipo_medico\/public\/images\/equipo-humano\/laia-lloses-miro.png?itok=bw6jd52x\" alt=\"Laia Lloses Mir\u00f3\" \/><\/div><div class=\"right\"><div class=\"position\">M\u00e9decin<\/div><div class=\"centers\"><span class=\"label\">Centres: <\/span>Barcelone<\/div><div class=\"languages\"><span class=\"label\">Langues: <\/span>Espagnol, Catalan<\/div><div class=\"specialities\"><span class=\"label\">Sp\u00e9cialit\u00e9s: <\/span>Gardes dans la salle d&#039;accouchement, Assistance avant la Grossesse, Grossesse et Accouchement, Gyn\u00e9cologie G\u00e9n\u00e9rale<\/div><\/div><div class=\"description\"><\/div><\/div><\/div><\/div><\/div><div class=\"mt-item hide\" data-name=\"Mar\u00eda C. L\u00f3pez L\u00f3pez\" data-languages=\"Espagnol\" data-centers=\"Barcelone\" data-medspec=\"4|||6|||44\" data-medarea=\"3|||41\"><div class=\"mt-item-inner\"><div class=\"photo\"><a href=\"#\"><img decoding=\"async\" src=\"https:\/\/www.dexeus.com\/sites\/default\/files\/styles\/equipo_medico\/public\/images\/equipo_medico\/maria-cristina-lopez-lopez.png?itok=FHoISGUJ\" alt=\"Mar\u00eda C. L\u00f3pez L\u00f3pez\" \/><\/a><\/div><div class=\"name\"><a href=\"#\">Mar\u00eda C. L\u00f3pez L\u00f3pez<\/a><\/div><div class=\"position\">M\u00e9decin-adjoint<\/div><\/div><div class=\"mt-item-overlay\"><div class=\"mt-item-overlay-inner\"><a href=\"#\" class=\"close\"><\/a><div class=\"mt-item-details\"><h4 class=\"name\">Mar\u00eda C. L\u00f3pez L\u00f3pez<\/h4><div class=\"left\"><img decoding=\"async\" src=\"https:\/\/www.dexeus.com\/sites\/default\/files\/styles\/equipo_medico\/public\/images\/equipo_medico\/maria-cristina-lopez-lopez.png?itok=FHoISGUJ\" alt=\"Mar\u00eda C. L\u00f3pez L\u00f3pez\" \/><\/div><div class=\"right\"><div class=\"position\">M\u00e9decin-adjoint<\/div><div class=\"centers\"><span class=\"label\">Centres: <\/span>Barcelone<\/div><div class=\"languages\"><span class=\"label\">Langues: <\/span>Espagnol<\/div><div class=\"specialities\"><span class=\"label\">Sp\u00e9cialit\u00e9s: <\/span>Assistance avant la Grossesse, Grossesse et Accouchement, \u00c9chographie obst\u00e9tricale et diagnostic pr\u00e9natal<\/div><\/div><div class=\"description\"><\/div><\/div><\/div><\/div><\/div><div class=\"mt-item hide\" data-name=\"Clara L\u00f3pez Sebasti\u00e1n\" data-languages=\"Espagnol|||Catalan|||Anglais|||Fran\u00e7ais\" data-centers=\"Barcelone|||Sabadell\" data-medspec=\"4|||6|||16|||26|||11|||22|||19\" data-medarea=\"3|||2\"><div class=\"mt-item-inner\"><div class=\"photo\"><a href=\"#\"><img decoding=\"async\" src=\"https:\/\/www.dexeus.com\/sites\/default\/files\/styles\/equipo_medico\/public\/images\/equipo-humano\/clara-lopez-sebastian.png?itok=Chxigm70\" alt=\"Clara L\u00f3pez Sebasti\u00e1n\" \/><\/a><\/div><div class=\"name\"><a href=\"#\">Clara L\u00f3pez Sebasti\u00e1n<\/a><\/div><div class=\"position\">M\u00e9decin-adjoint<\/div><\/div><div class=\"mt-item-overlay\"><div class=\"mt-item-overlay-inner\"><a href=\"#\" class=\"close\"><\/a><div class=\"mt-item-details\"><h4 class=\"name\">Clara L\u00f3pez Sebasti\u00e1n<\/h4><div class=\"left\"><img decoding=\"async\" src=\"https:\/\/www.dexeus.com\/sites\/default\/files\/styles\/equipo_medico\/public\/images\/equipo-humano\/clara-lopez-sebastian.png?itok=Chxigm70\" alt=\"Clara L\u00f3pez Sebasti\u00e1n\" \/><\/div><div class=\"right\"><div class=\"position\">M\u00e9decin-adjoint<\/div><div class=\"centers\"><span class=\"label\">Centres: <\/span>Barcelone, Sabadell<\/div><div class=\"languages\"><span class=\"label\">Langues: <\/span>Espagnol, Catalan, Anglais, Fran\u00e7ais<\/div><div class=\"specialities\"><span class=\"label\">Sp\u00e9cialit\u00e9s: <\/span>Assistance avant la Grossesse, Grossesse et Accouchement, Gyn\u00e9cologie G\u00e9n\u00e9rale, Plancher Pelvien (Uro-gyn\u00e9cologie), Chirurgie Gyn\u00e9cologique, Myomes, kystes des ovaires et maladies des annexes, Infections de transmission sexuelle<\/div><\/div><div class=\"description\"><\/div><\/div><\/div><\/div><\/div><div class=\"mt-item hide\" data-name=\"Delia M. Lopez Ya\u00f1ez\" data-languages=\"Espagnol|||Catalan|||Anglais\" data-centers=\"Barcelone|||Sabadell\" data-medspec=\"42\" data-medarea=\"41\"><div class=\"mt-item-inner\"><div class=\"photo\"><a href=\"#\"><img decoding=\"async\" src=\"https:\/\/www.dexeus.com\/sites\/default\/files\/styles\/equipo_medico\/public\/images\/equipo_humano\/delia-maria-lopez-yanez.png?itok=ram1CNES\" alt=\"Delia M. Lopez Ya\u00f1ez\" \/><\/a><\/div><div class=\"name\"><a href=\"#\">Delia M. Lopez Ya\u00f1ez<\/a><\/div><div class=\"position\">M\u00e9decin-adjoint, Service de Diagnostic Gyn\u00e9cologique par Image<\/div><\/div><div class=\"mt-item-overlay\"><div class=\"mt-item-overlay-inner\"><a href=\"#\" class=\"close\"><\/a><div class=\"mt-item-details\"><h4 class=\"name\">Delia M. Lopez Ya\u00f1ez<\/h4><div class=\"left\"><img decoding=\"async\" src=\"https:\/\/www.dexeus.com\/sites\/default\/files\/styles\/equipo_medico\/public\/images\/equipo_humano\/delia-maria-lopez-yanez.png?itok=ram1CNES\" alt=\"Delia M. Lopez Ya\u00f1ez\" \/><\/div><div class=\"right\"><div class=\"position\">M\u00e9decin-adjoint, Service de Diagnostic Gyn\u00e9cologique par Image<\/div><div class=\"centers\"><span class=\"label\">Centres: <\/span>Barcelone, Sabadell<\/div><div class=\"languages\"><span class=\"label\">Langues: <\/span>Espagnol, Catalan, Anglais<\/div><div class=\"specialities\"><span class=\"label\">Sp\u00e9cialit\u00e9s: <\/span>Diagnostic Gyn\u00e9cologique par l\u2019Image<\/div><\/div><div class=\"description\">\u00a0<\/div><\/div><\/div><\/div><\/div><div class=\"mt-item hide\" data-name=\"Laura A. Manosalvas Escovar\" data-languages=\"Espagnol\" data-centers=\"Barcelone\" data-medspec=\"1126\" data-medarea=\"3\"><div class=\"mt-item-inner\"><div class=\"photo\"><a href=\"#\"><img decoding=\"async\" src=\"https:\/\/www.dexeus.com\/sites\/default\/files\/styles\/equipo_medico\/public\/images\/equipo-humano\/laura-manosalvas-escovar.png?itok=jwcHDLsk\" alt=\"Laura A. Manosalvas Escovar\" \/><\/a><\/div><div class=\"name\"><a href=\"#\">Laura A. Manosalvas Escovar<\/a><\/div><div class=\"position\">M\u00e9decin<\/div><\/div><div class=\"mt-item-overlay\"><div class=\"mt-item-overlay-inner\"><a href=\"#\" class=\"close\"><\/a><div class=\"mt-item-details\"><h4 class=\"name\">Laura A. Manosalvas Escovar<\/h4><div class=\"left\"><img decoding=\"async\" src=\"https:\/\/www.dexeus.com\/sites\/default\/files\/styles\/equipo_medico\/public\/images\/equipo-humano\/laura-manosalvas-escovar.png?itok=jwcHDLsk\" alt=\"Laura A. Manosalvas Escovar\" \/><\/div><div class=\"right\"><div class=\"position\">M\u00e9decin<\/div><div class=\"centers\"><span class=\"label\">Centres: <\/span>Barcelone<\/div><div class=\"languages\"><span class=\"label\">Langues: <\/span>Espagnol<\/div><div class=\"specialities\"><span class=\"label\">Sp\u00e9cialit\u00e9s: <\/span>Gardes dans la salle d&#039;accouchement<\/div><\/div><div class=\"description\"><\/div><\/div><\/div><\/div><\/div><div class=\"mt-item hide\" data-name=\"Silvana P. Mart\u00ednez\" data-languages=\"Espagnol|||Anglais\" data-centers=\"Barcelone|||Sant Cugat\" data-medspec=\"4|||6|||16\" data-medarea=\"3|||2\"><div class=\"mt-item-inner\"><div class=\"photo\"><a href=\"#\"><img decoding=\"async\" src=\"https:\/\/www.dexeus.com\/sites\/default\/files\/styles\/equipo_medico\/public\/images\/equipo-humano\/silvana-paula-martinez.png?itok=Lk4Iiyl1\" alt=\"Silvana P. Mart\u00ednez\" \/><\/a><\/div><div class=\"name\"><a href=\"#\">Silvana P. Mart\u00ednez<\/a><\/div><div class=\"position\">M\u00e9decin-adjoint<\/div><\/div><div class=\"mt-item-overlay\"><div class=\"mt-item-overlay-inner\"><a href=\"#\" class=\"close\"><\/a><div class=\"mt-item-details\"><h4 class=\"name\">Silvana P. Mart\u00ednez<\/h4><div class=\"left\"><img decoding=\"async\" src=\"https:\/\/www.dexeus.com\/sites\/default\/files\/styles\/equipo_medico\/public\/images\/equipo-humano\/silvana-paula-martinez.png?itok=Lk4Iiyl1\" alt=\"Silvana P. Mart\u00ednez\" \/><\/div><div class=\"right\"><div class=\"position\">M\u00e9decin-adjoint<\/div><div class=\"centers\"><span class=\"label\">Centres: <\/span>Barcelone, Sant Cugat<\/div><div class=\"languages\"><span class=\"label\">Langues: <\/span>Espagnol, Anglais<\/div><div class=\"specialities\"><span class=\"label\">Sp\u00e9cialit\u00e9s: <\/span>Assistance avant la Grossesse, Grossesse et Accouchement, Gyn\u00e9cologie G\u00e9n\u00e9rale<\/div><\/div><div class=\"description\"><\/div><\/div><\/div><\/div><\/div><div class=\"mt-item hide\" data-name=\"Sonia Mart\u00ednez Garc\u00eda\" data-languages=\"Espagnol|||Catalan|||Anglais\" data-centers=\"Barcelone|||Sabadell\" data-medspec=\"16|||11|||10|||4|||6\" data-medarea=\"2|||3\"><div class=\"mt-item-inner\"><div class=\"photo\"><a href=\"#\"><img decoding=\"async\" src=\"https:\/\/www.dexeus.com\/sites\/default\/files\/styles\/equipo_medico\/public\/images\/equipo-medico\/sonia-martinez-garcia.png?itok=JS1UOLEI\" alt=\"Sonia Mart\u00ednez Garc\u00eda\" \/><\/a><\/div><div class=\"name\"><a href=\"#\">Sonia Mart\u00ednez Garc\u00eda<\/a><\/div><div class=\"position\">M\u00e9decin-adjoint<\/div><\/div><div class=\"mt-item-overlay\"><div class=\"mt-item-overlay-inner\"><a href=\"#\" class=\"close\"><\/a><div class=\"mt-item-details\"><h4 class=\"name\">Sonia Mart\u00ednez Garc\u00eda<\/h4><div class=\"left\"><img decoding=\"async\" src=\"https:\/\/www.dexeus.com\/sites\/default\/files\/styles\/equipo_medico\/public\/images\/equipo-medico\/sonia-martinez-garcia.png?itok=JS1UOLEI\" alt=\"Sonia Mart\u00ednez Garc\u00eda\" \/><\/div><div class=\"right\"><div class=\"position\">M\u00e9decin-adjoint<\/div><div class=\"centers\"><span class=\"label\">Centres: <\/span>Barcelone, Sabadell<\/div><div class=\"languages\"><span class=\"label\">Langues: <\/span>Espagnol, Catalan, Anglais<\/div><div class=\"specialities\"><span class=\"label\">Sp\u00e9cialit\u00e9s: <\/span>Gyn\u00e9cologie G\u00e9n\u00e9rale, Chirurgie Gyn\u00e9cologique, Contraception, Assistance avant la Grossesse, Grossesse et Accouchement<\/div><\/div><div class=\"description\"><\/div><\/div><\/div><\/div><\/div><div class=\"mt-item hide\" data-name=\"Milagros Martinez Medina\" data-languages=\"Espagnol|||Catalan\" data-centers=\"Sant Cugat\" data-medspec=\"4|||6|||16\" data-medarea=\"3|||2\"><div class=\"mt-item-inner\"><div class=\"photo\"><a href=\"#\"><img decoding=\"async\" src=\"https:\/\/www.dexeus.com\/sites\/default\/files\/styles\/equipo_medico\/public\/images\/equipo_humano\/milagros-martinez-medina.png?itok=Z5DVkar4\" alt=\"Milagros Martinez Medina\" \/><\/a><\/div><div class=\"name\"><a href=\"#\">Milagros Martinez Medina<\/a><\/div><div class=\"position\">M\u00e9decin-adjoint<\/div><\/div><div class=\"mt-item-overlay\"><div class=\"mt-item-overlay-inner\"><a href=\"#\" class=\"close\"><\/a><div class=\"mt-item-details\"><h4 class=\"name\">Milagros Martinez Medina<\/h4><div class=\"left\"><img decoding=\"async\" src=\"https:\/\/www.dexeus.com\/sites\/default\/files\/styles\/equipo_medico\/public\/images\/equipo_humano\/milagros-martinez-medina.png?itok=Z5DVkar4\" alt=\"Milagros Martinez Medina\" \/><\/div><div class=\"right\"><div class=\"position\">M\u00e9decin-adjoint<\/div><div class=\"centers\"><span class=\"label\">Centres: <\/span>Sant Cugat<\/div><div class=\"languages\"><span class=\"label\">Langues: <\/span>Espagnol, Catalan<\/div><div class=\"specialities\"><span class=\"label\">Sp\u00e9cialit\u00e9s: <\/span>Assistance avant la Grossesse, Grossesse et Accouchement, Gyn\u00e9cologie G\u00e9n\u00e9rale<\/div><\/div><div class=\"description\"><\/div><\/div><\/div><\/div><\/div><div class=\"mt-item hide\" data-name=\"Ra\u00fal Mart\u00ednez Rodr\u00edguez\" data-languages=\"Espagnol|||Catalan\" data-centers=\"Manresa\" data-medspec=\"4|||6|||16\" data-medarea=\"3|||2\"><div class=\"mt-item-inner\"><div class=\"photo\"><a href=\"#\"><img decoding=\"async\" src=\"https:\/\/www.dexeus.com\/sites\/default\/files\/styles\/equipo_medico\/public\/images\/equipo_medico\/0-sin-foto-hombre.png?itok=96LsU2bQ\" alt=\"Ra\u00fal Mart\u00ednez Rodr\u00edguez\" \/><\/a><\/div><div class=\"name\"><a href=\"#\">Ra\u00fal Mart\u00ednez Rodr\u00edguez<\/a><\/div><div class=\"position\">M\u00e9decin-adjoint<\/div><\/div><div class=\"mt-item-overlay\"><div class=\"mt-item-overlay-inner\"><a href=\"#\" class=\"close\"><\/a><div class=\"mt-item-details\"><h4 class=\"name\">Ra\u00fal Mart\u00ednez Rodr\u00edguez<\/h4><div class=\"left\"><img decoding=\"async\" src=\"https:\/\/www.dexeus.com\/sites\/default\/files\/styles\/equipo_medico\/public\/images\/equipo_medico\/0-sin-foto-hombre.png?itok=96LsU2bQ\" alt=\"Ra\u00fal Mart\u00ednez Rodr\u00edguez\" \/><\/div><div class=\"right\"><div class=\"position\">M\u00e9decin-adjoint<\/div><div class=\"centers\"><span class=\"label\">Centres: <\/span>Manresa<\/div><div class=\"languages\"><span class=\"label\">Langues: <\/span>Espagnol, Catalan<\/div><div class=\"specialities\"><span class=\"label\">Sp\u00e9cialit\u00e9s: <\/span>Assistance avant la Grossesse, Grossesse et Accouchement, Gyn\u00e9cologie G\u00e9n\u00e9rale<\/div><\/div><div class=\"description\"><\/div><\/div><\/div><\/div><\/div><div class=\"mt-item hide\" data-name=\"Clara Mart\u00ednez Saura\" data-languages=\"Espagnol|||Catalan|||Anglais|||Fran\u00e7ais\" data-centers=\"Barcelone\" data-medspec=\"4|||6|||16\" data-medarea=\"3|||2\"><div class=\"mt-item-inner\"><div class=\"photo\"><a href=\"#\"><img decoding=\"async\" src=\"https:\/\/www.dexeus.com\/sites\/default\/files\/styles\/equipo_medico\/public\/images\/equipo-humano\/clara-martinez-saura.png?itok=PJ5u73UI\" alt=\"Clara Mart\u00ednez Saura\" \/><\/a><\/div><div class=\"name\"><a href=\"#\">Clara Mart\u00ednez Saura<\/a><\/div><div class=\"position\">M\u00e9decin-adjoint<\/div><\/div><div class=\"mt-item-overlay\"><div class=\"mt-item-overlay-inner\"><a href=\"#\" class=\"close\"><\/a><div class=\"mt-item-details\"><h4 class=\"name\">Clara Mart\u00ednez Saura<\/h4><div class=\"left\"><img decoding=\"async\" src=\"https:\/\/www.dexeus.com\/sites\/default\/files\/styles\/equipo_medico\/public\/images\/equipo-humano\/clara-martinez-saura.png?itok=PJ5u73UI\" alt=\"Clara Mart\u00ednez Saura\" \/><\/div><div class=\"right\"><div class=\"position\">M\u00e9decin-adjoint<\/div><div class=\"centers\"><span class=\"label\">Centres: <\/span>Barcelone<\/div><div class=\"languages\"><span class=\"label\">Langues: <\/span>Espagnol, Catalan, Anglais, Fran\u00e7ais<\/div><div class=\"specialities\"><span class=\"label\">Sp\u00e9cialit\u00e9s: <\/span>Assistance avant la Grossesse, Grossesse et Accouchement, Gyn\u00e9cologie G\u00e9n\u00e9rale<\/div><\/div><div class=\"description\"><\/div><\/div><\/div><\/div><\/div><div class=\"mt-item hide\" data-name=\"Alejandra Matos Ugas\" data-languages=\"Espagnol\" data-centers=\"Barcelone\" data-medspec=\"42\" data-medarea=\"41\"><div class=\"mt-item-inner\"><div class=\"photo\"><a href=\"#\"><img decoding=\"async\" src=\"https:\/\/www.dexeus.com\/sites\/default\/files\/styles\/equipo_medico\/public\/images\/equipo-humano\/alejandra-matos-ugas.png?itok=eYzI5gbI\" alt=\"Alejandra Matos Ugas\" \/><\/a><\/div><div class=\"name\"><a href=\"#\">Alejandra Matos Ugas<\/a><\/div><div class=\"position\">M\u00e9decin-adjoint, Service de Diagnostic Gyn\u00e9cologique par Image<\/div><\/div><div class=\"mt-item-overlay\"><div class=\"mt-item-overlay-inner\"><a href=\"#\" class=\"close\"><\/a><div class=\"mt-item-details\"><h4 class=\"name\">Alejandra Matos Ugas<\/h4><div class=\"left\"><img decoding=\"async\" src=\"https:\/\/www.dexeus.com\/sites\/default\/files\/styles\/equipo_medico\/public\/images\/equipo-humano\/alejandra-matos-ugas.png?itok=eYzI5gbI\" alt=\"Alejandra Matos Ugas\" \/><\/div><div class=\"right\"><div class=\"position\">M\u00e9decin-adjoint, Service de Diagnostic Gyn\u00e9cologique par Image<\/div><div class=\"centers\"><span class=\"label\">Centres: <\/span>Barcelone<\/div><div class=\"languages\"><span class=\"label\">Langues: <\/span>Espagnol<\/div><div class=\"specialities\"><span class=\"label\">Sp\u00e9cialit\u00e9s: <\/span>Diagnostic Gyn\u00e9cologique par l\u2019Image<\/div><\/div><div class=\"description\"><\/div><\/div><\/div><\/div><\/div><div class=\"mt-item hide\" data-name=\"Maria V. Mendez Cordero\" data-languages=\"Espagnol|||Anglais\" data-centers=\"Barcelone\" data-medspec=\"42\" data-medarea=\"41\"><div class=\"mt-item-inner\"><div class=\"photo\"><a href=\"#\"><img decoding=\"async\" src=\"https:\/\/www.dexeus.com\/sites\/default\/files\/styles\/equipo_medico\/public\/images\/equipo_humano\/maria-victoria-mendez-cordero.png?itok=2dC98ClS\" alt=\"Maria V. Mendez Cordero\" \/><\/a><\/div><div class=\"name\"><a href=\"#\">Maria V. Mendez Cordero<\/a><\/div><div class=\"position\">M\u00e9decin-adjoint, Service de Diagnostic Gyn\u00e9cologique par Image<\/div><\/div><div class=\"mt-item-overlay\"><div class=\"mt-item-overlay-inner\"><a href=\"#\" class=\"close\"><\/a><div class=\"mt-item-details\"><h4 class=\"name\">Maria V. Mendez Cordero<\/h4><div class=\"left\"><img decoding=\"async\" src=\"https:\/\/www.dexeus.com\/sites\/default\/files\/styles\/equipo_medico\/public\/images\/equipo_humano\/maria-victoria-mendez-cordero.png?itok=2dC98ClS\" alt=\"Maria V. Mendez Cordero\" \/><\/div><div class=\"right\"><div class=\"position\">M\u00e9decin-adjoint, Service de Diagnostic Gyn\u00e9cologique par Image<\/div><div class=\"centers\"><span class=\"label\">Centres: <\/span>Barcelone<\/div><div class=\"languages\"><span class=\"label\">Langues: <\/span>Espagnol, Anglais<\/div><div class=\"specialities\"><span class=\"label\">Sp\u00e9cialit\u00e9s: <\/span>Diagnostic Gyn\u00e9cologique par l\u2019Image<\/div><\/div><div class=\"description\"><\/div><\/div><\/div><\/div><\/div><div class=\"mt-item \" data-name=\"Mariana B. Miguens\" data-languages=\"Espagnol|||Anglais\" data-centers=\"Barcelone\" data-medspec=\"35|||36|||40\" data-medarea=\"28\"><div class=\"mt-item-inner\"><div class=\"photo\"><a href=\"#\"><img decoding=\"async\" src=\"https:\/\/www.dexeus.com\/sites\/default\/files\/styles\/equipo_medico\/public\/images\/equipo_humano\/mariana-beatriz-miguens.png?itok=kck6vYbK\" alt=\"Mariana B. Miguens\" \/><\/a><\/div><div class=\"name\"><a href=\"#\">Mariana B. Miguens<\/a><\/div><div class=\"position\">M\u00e9decin<\/div><\/div><div class=\"mt-item-overlay\"><div class=\"mt-item-overlay-inner\"><a href=\"#\" class=\"close\"><\/a><div class=\"mt-item-details\"><h4 class=\"name\">Mariana B. Miguens<\/h4><div class=\"left\"><img decoding=\"async\" src=\"https:\/\/www.dexeus.com\/sites\/default\/files\/styles\/equipo_medico\/public\/images\/equipo_humano\/mariana-beatriz-miguens.png?itok=kck6vYbK\" alt=\"Mariana B. Miguens\" \/><\/div><div class=\"right\"><div class=\"position\">M\u00e9decin<\/div><div class=\"centers\"><span class=\"label\">Centres: <\/span>Barcelone<\/div><div class=\"languages\"><span class=\"label\">Langues: <\/span>Espagnol, Anglais<\/div><div class=\"specialities\"><span class=\"label\">Sp\u00e9cialit\u00e9s: <\/span>\u00c9tude Int\u00e9gr\u00e9e de St\u00e9rilit\u00e9, Infertlit\u00e9, Techniques de Reproduction Assist\u00e9e<\/div><\/div><div class=\"description\"><\/div><\/div><\/div><\/div><\/div><div class=\"mt-item hide\" data-name=\"Mar\u00eda Monta\u00f1o Serrano\" data-languages=\"Espagnol|||Anglais|||Italien\" data-centers=\"Barcelone\" data-medspec=\"16|||11|||13|||22|||23|||4|||6\" data-medarea=\"2|||3\"><div class=\"mt-item-inner\"><div class=\"photo\"><a href=\"#\"><img decoding=\"async\" src=\"https:\/\/www.dexeus.com\/sites\/default\/files\/styles\/equipo_medico\/public\/images\/equipo_medico\/maria-montano-serrano.png?itok=Mab-wWUu\" alt=\"Mar\u00eda Monta\u00f1o Serrano\" \/><\/a><\/div><div class=\"name\"><a href=\"#\">Mar\u00eda Monta\u00f1o Serrano<\/a><\/div><div class=\"position\">M\u00e9decin-adjoint<\/div><\/div><div class=\"mt-item-overlay\"><div class=\"mt-item-overlay-inner\"><a href=\"#\" class=\"close\"><\/a><div class=\"mt-item-details\"><h4 class=\"name\">Mar\u00eda Monta\u00f1o Serrano<\/h4><div class=\"left\"><img decoding=\"async\" src=\"https:\/\/www.dexeus.com\/sites\/default\/files\/styles\/equipo_medico\/public\/images\/equipo_medico\/maria-montano-serrano.png?itok=Mab-wWUu\" alt=\"Mar\u00eda Monta\u00f1o Serrano\" \/><\/div><div class=\"right\"><div class=\"position\">M\u00e9decin-adjoint<\/div><div class=\"centers\"><span class=\"label\">Centres: <\/span>Barcelone<\/div><div class=\"languages\"><span class=\"label\">Langues: <\/span>Espagnol, Anglais, Italien<\/div><div class=\"specialities\"><span class=\"label\">Sp\u00e9cialit\u00e9s: <\/span>Gyn\u00e9cologie G\u00e9n\u00e9rale, Chirurgie Gyn\u00e9cologique, Endom\u00e9triose, Myomes, kystes des ovaires et maladies des annexes, Pathologie du Tractus G\u00e9nital Inf\u00e9rieur, Assistance avant la Grossesse, Grossesse et Accouchement<\/div><\/div><div class=\"description\"><\/div><\/div><\/div><\/div><\/div><div class=\"mt-item hide\" data-name=\"Arantxa Montells Llaberia\" data-languages=\"Espagnol|||Catalan\" data-centers=\"Manresa\" data-medspec=\"4|||6|||16\" data-medarea=\"3|||2\"><div class=\"mt-item-inner\"><div class=\"photo\"><a href=\"#\"><img decoding=\"async\" src=\"https:\/\/www.dexeus.com\/sites\/default\/files\/styles\/equipo_medico\/public\/images\/equipo-medico\/arantxa-montells-llaberia.png?itok=3QP8nXvu\" alt=\"Arantxa Montells Llaberia\" \/><\/a><\/div><div class=\"name\"><a href=\"#\">Arantxa Montells Llaberia<\/a><\/div><div class=\"position\">M\u00e9decin-adjoint<\/div><\/div><div class=\"mt-item-overlay\"><div class=\"mt-item-overlay-inner\"><a href=\"#\" class=\"close\"><\/a><div class=\"mt-item-details\"><h4 class=\"name\">Arantxa Montells Llaberia<\/h4><div class=\"left\"><img decoding=\"async\" src=\"https:\/\/www.dexeus.com\/sites\/default\/files\/styles\/equipo_medico\/public\/images\/equipo-medico\/arantxa-montells-llaberia.png?itok=3QP8nXvu\" alt=\"Arantxa Montells Llaberia\" \/><\/div><div class=\"right\"><div class=\"position\">M\u00e9decin-adjoint<\/div><div class=\"centers\"><span class=\"label\">Centres: <\/span>Manresa<\/div><div class=\"languages\"><span class=\"label\">Langues: <\/span>Espagnol, Catalan<\/div><div class=\"specialities\"><span class=\"label\">Sp\u00e9cialit\u00e9s: <\/span>Assistance avant la Grossesse, Grossesse et Accouchement, Gyn\u00e9cologie G\u00e9n\u00e9rale<\/div><\/div><div class=\"description\"><\/div><\/div><\/div><\/div><\/div><div class=\"mt-item hide\" data-name=\"Montserrat Monterde Priego\" data-languages=\"Espagnol\" data-centers=\"Barcelone\" data-medspec=\"973|||15|||21|||4|||6\" data-medarea=\"2|||3\"><div class=\"mt-item-inner\"><div class=\"photo\"><a href=\"#\"><img decoding=\"async\" src=\"https:\/\/www.dexeus.com\/sites\/default\/files\/styles\/equipo_medico\/public\/images\/equipo-humano\/montserrat-monterde-priego.png?itok=Mmd_mS7S\" alt=\"Montserrat Monterde Priego\" \/><\/a><\/div><div class=\"name\"><a href=\"#\">Montserrat Monterde Priego<\/a><\/div><div class=\"position\">M\u00e9decin-adjoint<\/div><\/div><div class=\"mt-item-overlay\"><div class=\"mt-item-overlay-inner\"><a href=\"#\" class=\"close\"><\/a><div class=\"mt-item-details\"><h4 class=\"name\">Montserrat Monterde Priego<\/h4><div class=\"left\"><img decoding=\"async\" src=\"https:\/\/www.dexeus.com\/sites\/default\/files\/styles\/equipo_medico\/public\/images\/equipo-humano\/montserrat-monterde-priego.png?itok=Mmd_mS7S\" alt=\"Montserrat Monterde Priego\" \/><\/div><div class=\"right\"><div class=\"position\">M\u00e9decin-adjoint<\/div><div class=\"centers\"><span class=\"label\">Centres: <\/span>Barcelone<\/div><div class=\"languages\"><span class=\"label\">Langues: <\/span>Espagnol<\/div><div class=\"specialities\"><span class=\"label\">Sp\u00e9cialit\u00e9s: <\/span>Gyn\u00e9cologie esth\u00e9tique, Gyn\u00e9cologie de l\u2019Enfance et de l\u2019Adolescence, M\u00e9nopause, Assistance avant la Grossesse, Grossesse et Accouchement<\/div><\/div><div class=\"description\"><\/div><\/div><\/div><\/div><\/div><div class=\"mt-item hide\" data-name=\"Claudia Montero Carreras\" data-languages=\"Espagnol|||Catalan|||Anglais\" data-centers=\"Barcelone\" data-medspec=\"4|||6|||16|||44\" data-medarea=\"3|||2|||41\"><div class=\"mt-item-inner\"><div class=\"photo\"><a href=\"#\"><img decoding=\"async\" src=\"https:\/\/www.dexeus.com\/sites\/default\/files\/styles\/equipo_medico\/public\/images\/equipo_humano\/claudia-montero-carreras.png?itok=9Hwrwe2v\" alt=\"Claudia Montero Carreras\" \/><\/a><\/div><div class=\"name\"><a href=\"#\">Claudia Montero Carreras<\/a><\/div><div class=\"position\">M\u00e9decin-adjoint<\/div><\/div><div class=\"mt-item-overlay\"><div class=\"mt-item-overlay-inner\"><a href=\"#\" class=\"close\"><\/a><div class=\"mt-item-details\"><h4 class=\"name\">Claudia Montero Carreras<\/h4><div class=\"left\"><img decoding=\"async\" src=\"https:\/\/www.dexeus.com\/sites\/default\/files\/styles\/equipo_medico\/public\/images\/equipo_humano\/claudia-montero-carreras.png?itok=9Hwrwe2v\" alt=\"Claudia Montero Carreras\" \/><\/div><div class=\"right\"><div class=\"position\">M\u00e9decin-adjoint<\/div><div class=\"centers\"><span class=\"label\">Centres: <\/span>Barcelone<\/div><div class=\"languages\"><span class=\"label\">Langues: <\/span>Espagnol, Catalan, Anglais<\/div><div class=\"specialities\"><span class=\"label\">Sp\u00e9cialit\u00e9s: <\/span>Assistance avant la Grossesse, Grossesse et Accouchement, Gyn\u00e9cologie G\u00e9n\u00e9rale, \u00c9chographie obst\u00e9tricale et diagnostic pr\u00e9natal<\/div><\/div><div class=\"description\"><\/div><\/div><\/div><\/div><\/div><div class=\"mt-item hide\" data-name=\"Teresa Montes Usategui\" data-languages=\"Espagnol\" data-centers=\"Manresa\" data-medspec=\"16|||20|||11\" data-medarea=\"2\"><div class=\"mt-item-inner\"><div class=\"photo\"><a href=\"#\"><img decoding=\"async\" src=\"https:\/\/www.dexeus.com\/sites\/default\/files\/styles\/equipo_medico\/public\/images\/equipo_medico\/0-sin-foto-mujer.png?itok=ovq87Zyx\" alt=\"Teresa Montes Usategui\" \/><\/a><\/div><div class=\"name\"><a href=\"#\">Teresa Montes Usategui<\/a><\/div><div class=\"position\">M\u00e9decin-adjoint<\/div><\/div><div class=\"mt-item-overlay\"><div class=\"mt-item-overlay-inner\"><a href=\"#\" class=\"close\"><\/a><div class=\"mt-item-details\"><h4 class=\"name\">Teresa Montes Usategui<\/h4><div class=\"left\"><img decoding=\"async\" src=\"https:\/\/www.dexeus.com\/sites\/default\/files\/styles\/equipo_medico\/public\/images\/equipo_medico\/0-sin-foto-mujer.png?itok=ovq87Zyx\" alt=\"Teresa Montes Usategui\" \/><\/div><div class=\"right\"><div class=\"position\">M\u00e9decin-adjoint<\/div><div class=\"centers\"><span class=\"label\">Centres: <\/span>Manresa<\/div><div class=\"languages\"><span class=\"label\">Langues: <\/span>Espagnol<\/div><div class=\"specialities\"><span class=\"label\">Sp\u00e9cialit\u00e9s: <\/span>Gyn\u00e9cologie G\u00e9n\u00e9rale, Mastologie (Pathologie mammaire b\u00e9nigne), Chirurgie Gyn\u00e9cologique<\/div><\/div><div class=\"description\"><\/div><\/div><\/div><\/div><\/div><div class=\"mt-item hide\" data-name=\"Elena Moretti\" data-languages=\"Espagnol|||Anglais|||Italien|||Fran\u00e7ais\" data-centers=\"Barcelone\" data-medspec=\"10|||15|||16|||19|||23|||27\" data-medarea=\"2\"><div class=\"mt-item-inner\"><div class=\"photo\"><a href=\"#\"><img decoding=\"async\" src=\"https:\/\/www.dexeus.com\/sites\/default\/files\/styles\/equipo_medico\/public\/images\/equipo-medico\/elena-moretti.png?itok=nPmUBokP\" alt=\"Elena Moretti\" \/><\/a><\/div><div class=\"name\"><a href=\"#\">Elena Moretti<\/a><\/div><div class=\"position\">M\u00e9decin-adjoint<\/div><\/div><div class=\"mt-item-overlay\"><div class=\"mt-item-overlay-inner\"><a href=\"#\" class=\"close\"><\/a><div class=\"mt-item-details\"><h4 class=\"name\">Elena Moretti<\/h4><div class=\"left\"><img decoding=\"async\" src=\"https:\/\/www.dexeus.com\/sites\/default\/files\/styles\/equipo_medico\/public\/images\/equipo-medico\/elena-moretti.png?itok=nPmUBokP\" alt=\"Elena Moretti\" \/><\/div><div class=\"right\"><div class=\"position\">M\u00e9decin-adjoint<\/div><div class=\"centers\"><span class=\"label\">Centres: <\/span>Barcelone<\/div><div class=\"languages\"><span class=\"label\">Langues: <\/span>Espagnol, Anglais, Italien, Fran\u00e7ais<\/div><div class=\"specialities\"><span class=\"label\">Sp\u00e9cialit\u00e9s: <\/span>Contraception, Gyn\u00e9cologie de l\u2019Enfance et de l\u2019Adolescence, Gyn\u00e9cologie G\u00e9n\u00e9rale, Infections de transmission sexuelle, Pathologie du Tractus G\u00e9nital Inf\u00e9rieur, Vaccination HPV<\/div><\/div><div class=\"description\"><\/div><\/div><\/div><\/div><\/div><div class=\"mt-item hide\" data-name=\"Eugenia Morillo Sallent\" data-languages=\"Espagnol|||Catalan\" data-centers=\"Barcelone\" data-medspec=\"1126|||4|||6|||16\" data-medarea=\"3|||2\"><div class=\"mt-item-inner\"><div class=\"photo\"><a href=\"#\"><img decoding=\"async\" src=\"https:\/\/www.dexeus.com\/sites\/default\/files\/styles\/equipo_medico\/public\/images\/equipo_medico\/0-sin-foto-mujer.png?itok=ovq87Zyx\" alt=\"Eugenia Morillo Sallent\" \/><\/a><\/div><div class=\"name\"><a href=\"#\">Eugenia Morillo Sallent<\/a><\/div><div class=\"position\">M\u00e9decin<\/div><\/div><div class=\"mt-item-overlay\"><div class=\"mt-item-overlay-inner\"><a href=\"#\" class=\"close\"><\/a><div class=\"mt-item-details\"><h4 class=\"name\">Eugenia Morillo Sallent<\/h4><div class=\"left\"><img decoding=\"async\" src=\"https:\/\/www.dexeus.com\/sites\/default\/files\/styles\/equipo_medico\/public\/images\/equipo_medico\/0-sin-foto-mujer.png?itok=ovq87Zyx\" alt=\"Eugenia Morillo Sallent\" \/><\/div><div class=\"right\"><div class=\"position\">M\u00e9decin<\/div><div class=\"centers\"><span class=\"label\">Centres: <\/span>Barcelone<\/div><div class=\"languages\"><span class=\"label\">Langues: <\/span>Espagnol, Catalan<\/div><div class=\"specialities\"><span class=\"label\">Sp\u00e9cialit\u00e9s: <\/span>Gardes dans la salle d&#039;accouchement, Assistance avant la Grossesse, Grossesse et Accouchement, Gyn\u00e9cologie G\u00e9n\u00e9rale<\/div><\/div><div class=\"description\"><\/div><\/div><\/div><\/div><\/div><div class=\"mt-item hide\" data-name=\"Raquel Mula Used\" data-languages=\"Espagnol|||Catalan|||Anglais\" data-centers=\"Barcelone\" data-medspec=\"4|||5|||6|||16|||44\" data-medarea=\"3|||2|||41\"><div class=\"mt-item-inner\"><div class=\"photo\"><a href=\"#\"><img decoding=\"async\" src=\"https:\/\/www.dexeus.com\/sites\/default\/files\/styles\/equipo_medico\/public\/images\/equipo_humano\/raquel-mula-used.png?itok=_UlcpDHq\" alt=\"Raquel Mula Used\" \/><\/a><\/div><div class=\"name\"><a href=\"#\">Raquel Mula Used<\/a><\/div><div class=\"position\">M\u00e9decin-adjoint<\/div><\/div><div class=\"mt-item-overlay\"><div class=\"mt-item-overlay-inner\"><a href=\"#\" class=\"close\"><\/a><div class=\"mt-item-details\"><h4 class=\"name\">Raquel Mula Used<\/h4><div class=\"left\"><img decoding=\"async\" src=\"https:\/\/www.dexeus.com\/sites\/default\/files\/styles\/equipo_medico\/public\/images\/equipo_humano\/raquel-mula-used.png?itok=_UlcpDHq\" alt=\"Raquel Mula Used\" \/><\/div><div class=\"right\"><div class=\"position\">M\u00e9decin-adjoint<\/div><div class=\"centers\"><span class=\"label\">Centres: <\/span>Barcelone<\/div><div class=\"languages\"><span class=\"label\">Langues: <\/span>Espagnol, Catalan, Anglais<\/div><div class=\"specialities\"><span class=\"label\">Sp\u00e9cialit\u00e9s: <\/span>Assistance avant la Grossesse, Haut risque obst\u00e9trique, Grossesse et Accouchement, Gyn\u00e9cologie G\u00e9n\u00e9rale, \u00c9chographie obst\u00e9tricale et diagnostic pr\u00e9natal<\/div><\/div><div class=\"description\"><p><\/p><\/div><\/div><\/div><\/div><\/div><div class=\"mt-item hide\" data-name=\"Ana Mu\u00f1oz Prades\" data-languages=\"Espagnol|||Catalan\" data-centers=\"Barcelone\" data-medspec=\"44\" data-medarea=\"41\"><div class=\"mt-item-inner\"><div class=\"photo\"><a href=\"#\"><img decoding=\"async\" src=\"https:\/\/www.dexeus.com\/sites\/default\/files\/styles\/equipo_medico\/public\/images\/equipo_humano\/ana-munoz-prades.png?itok=PZAiOus5\" alt=\"Ana Mu\u00f1oz Prades\" \/><\/a><\/div><div class=\"name\"><a href=\"#\">Ana Mu\u00f1oz Prades<\/a><\/div><div class=\"position\">M\u00e9decin-adjoint, Section de M\u00e9decine F\u0153tale<\/div><\/div><div class=\"mt-item-overlay\"><div class=\"mt-item-overlay-inner\"><a href=\"#\" class=\"close\"><\/a><div class=\"mt-item-details\"><h4 class=\"name\">Ana Mu\u00f1oz Prades<\/h4><div class=\"left\"><img decoding=\"async\" src=\"https:\/\/www.dexeus.com\/sites\/default\/files\/styles\/equipo_medico\/public\/images\/equipo_humano\/ana-munoz-prades.png?itok=PZAiOus5\" alt=\"Ana Mu\u00f1oz Prades\" \/><\/div><div class=\"right\"><div class=\"position\">M\u00e9decin-adjoint, Section de M\u00e9decine F\u0153tale<\/div><div class=\"centers\"><span class=\"label\">Centres: <\/span>Barcelone<\/div><div class=\"languages\"><span class=\"label\">Langues: <\/span>Espagnol, Catalan<\/div><div class=\"specialities\"><span class=\"label\">Sp\u00e9cialit\u00e9s: <\/span>\u00c9chographie obst\u00e9tricale et diagnostic pr\u00e9natal<\/div><\/div><div class=\"description\"><\/div><\/div><\/div><\/div><\/div><div class=\"mt-item \" data-name=\"N\u00faria Murcia Contreras\" data-languages=\"Espagnol|||Catalan|||Anglais\" data-centers=\"Barcelone|||Manresa\" data-medspec=\"35|||36|||38|||40|||37\" data-medarea=\"28\"><div class=\"mt-item-inner\"><div class=\"photo\"><a href=\"#\"><img decoding=\"async\" src=\"https:\/\/www.dexeus.com\/sites\/default\/files\/styles\/equipo_medico\/public\/images\/equipo-humano\/nuria-murcia-contreras.png?itok=Gc5xz6mT\" alt=\"N\u00faria Murcia Contreras\" \/><\/a><\/div><div class=\"name\"><a href=\"#\">N\u00faria Murcia Contreras<\/a><\/div><div class=\"position\">M\u00e9decin-adjoint<\/div><\/div><div class=\"mt-item-overlay\"><div class=\"mt-item-overlay-inner\"><a href=\"#\" class=\"close\"><\/a><div class=\"mt-item-details\"><h4 class=\"name\">N\u00faria Murcia Contreras<\/h4><div class=\"left\"><img decoding=\"async\" src=\"https:\/\/www.dexeus.com\/sites\/default\/files\/styles\/equipo_medico\/public\/images\/equipo-humano\/nuria-murcia-contreras.png?itok=Gc5xz6mT\" alt=\"N\u00faria Murcia Contreras\" \/><\/div><div class=\"right\"><div class=\"position\">M\u00e9decin-adjoint<\/div><div class=\"centers\"><span class=\"label\">Centres: <\/span>Barcelone, Manresa<\/div><div class=\"languages\"><span class=\"label\">Langues: <\/span>Espagnol, Catalan, Anglais<\/div><div class=\"specialities\"><span class=\"label\">Sp\u00e9cialit\u00e9s: <\/span>\u00c9tude Int\u00e9gr\u00e9e de St\u00e9rilit\u00e9, Infertlit\u00e9, Programme de don d\u2019ovocytes, Techniques de Reproduction Assist\u00e9e, Pr\u00e9servation de la fertilit\u00e9<\/div><\/div><div class=\"description\"><\/div><\/div><\/div><\/div><\/div><div class=\"mt-item hide\" data-name=\"Elena Murillo Trens\" data-languages=\"Espagnol|||Catalan|||Anglais|||Fran\u00e7ais\" data-centers=\"Barcelone\" data-medspec=\"6|||16|||19|||23|||27\" data-medarea=\"3|||2\"><div class=\"mt-item-inner\"><div class=\"photo\"><a href=\"#\"><img decoding=\"async\" src=\"https:\/\/www.dexeus.com\/sites\/default\/files\/styles\/equipo_medico\/public\/images\/equipo_humano\/elena-murillo-trens.png?itok=ikK5ltaz\" alt=\"Elena Murillo Trens\" \/><\/a><\/div><div class=\"name\"><a href=\"#\">Elena Murillo Trens<\/a><\/div><div class=\"position\">M\u00e9decin-adjoint<\/div><\/div><div class=\"mt-item-overlay\"><div class=\"mt-item-overlay-inner\"><a href=\"#\" class=\"close\"><\/a><div class=\"mt-item-details\"><h4 class=\"name\">Elena Murillo Trens<\/h4><div class=\"left\"><img decoding=\"async\" src=\"https:\/\/www.dexeus.com\/sites\/default\/files\/styles\/equipo_medico\/public\/images\/equipo_humano\/elena-murillo-trens.png?itok=ikK5ltaz\" alt=\"Elena Murillo Trens\" \/><\/div><div class=\"right\"><div class=\"position\">M\u00e9decin-adjoint<\/div><div class=\"centers\"><span class=\"label\">Centres: <\/span>Barcelone<\/div><div class=\"languages\"><span class=\"label\">Langues: <\/span>Espagnol, Catalan, Anglais, Fran\u00e7ais<\/div><div class=\"specialities\"><span class=\"label\">Sp\u00e9cialit\u00e9s: <\/span>Grossesse et Accouchement, Gyn\u00e9cologie G\u00e9n\u00e9rale, Infections de transmission sexuelle, Pathologie du Tractus G\u00e9nital Inf\u00e9rieur, Vaccination HPV<\/div><\/div><div class=\"description\"><\/div><\/div><\/div><\/div><\/div><div class=\"mt-item hide\" data-name=\"Angelina Naranjo Boccardo\" data-languages=\"Espagnol|||Anglais|||Italien\" data-centers=\"Manresa\" data-medspec=\"4|||6|||16|||121|||13|||14|||17|||20|||21|||10|||22|||23|||26\" data-medarea=\"3|||2|||48\"><div class=\"mt-item-inner\"><div class=\"photo\"><a href=\"#\"><img decoding=\"async\" src=\"https:\/\/www.dexeus.com\/sites\/default\/files\/styles\/equipo_medico\/public\/images\/equipo_medico\/0-sin-foto-mujer.png?itok=ovq87Zyx\" alt=\"Angelina Naranjo Boccardo\" \/><\/a><\/div><div class=\"name\"><a href=\"#\">Angelina Naranjo Boccardo<\/a><\/div><div class=\"position\">M\u00e9decin-adjoint<\/div><\/div><div class=\"mt-item-overlay\"><div class=\"mt-item-overlay-inner\"><a href=\"#\" class=\"close\"><\/a><div class=\"mt-item-details\"><h4 class=\"name\">Angelina Naranjo Boccardo<\/h4><div class=\"left\"><img decoding=\"async\" src=\"https:\/\/www.dexeus.com\/sites\/default\/files\/styles\/equipo_medico\/public\/images\/equipo_medico\/0-sin-foto-mujer.png?itok=ovq87Zyx\" alt=\"Angelina Naranjo Boccardo\" \/><\/div><div class=\"right\"><div class=\"position\">M\u00e9decin-adjoint<\/div><div class=\"centers\"><span class=\"label\">Centres: <\/span>Manresa<\/div><div class=\"languages\"><span class=\"label\">Langues: <\/span>Espagnol, Anglais, Italien<\/div><div class=\"specialities\"><span class=\"label\">Sp\u00e9cialit\u00e9s: <\/span>Assistance avant la Grossesse, Grossesse et Accouchement, Gyn\u00e9cologie G\u00e9n\u00e9rale, Infections de transmission sexuelle, Endom\u00e9triose, Maladie Inflammatoire Pelvienne, Gyn\u00e9cologie Oncologique (Cancer gyn\u00e9cologique et du sein), Mastologie (Pathologie mammaire b\u00e9nigne), M\u00e9nopause, Contraception, Myomes, kystes des ovaires et maladies des annexes, Pathologie du Tractus G\u00e9nital Inf\u00e9rieur, Plancher Pelvien (Uro-gyn\u00e9cologie)<\/div><\/div><div class=\"description\"><\/div><\/div><\/div><\/div><\/div><div class=\"mt-item hide\" data-name=\"Beatriz Navarro Guri\" data-languages=\"Espagnol|||Catalan|||Anglais\" data-centers=\"Barcelone\" data-medspec=\"42\" data-medarea=\"41\"><div class=\"mt-item-inner\"><div class=\"photo\"><a href=\"#\"><img decoding=\"async\" src=\"https:\/\/www.dexeus.com\/sites\/default\/files\/styles\/equipo_medico\/public\/images\/equipo_humano\/beatriz-navarro-guri.png?itok=BN8jJMlF\" alt=\"Beatriz Navarro Guri\" \/><\/a><\/div><div class=\"name\"><a href=\"#\">Beatriz Navarro Guri<\/a><\/div><div class=\"position\">M\u00e9decin-adjoint, Service de Diagnostic Gyn\u00e9cologique par Image<\/div><\/div><div class=\"mt-item-overlay\"><div class=\"mt-item-overlay-inner\"><a href=\"#\" class=\"close\"><\/a><div class=\"mt-item-details\"><h4 class=\"name\">Beatriz Navarro Guri<\/h4><div class=\"left\"><img decoding=\"async\" src=\"https:\/\/www.dexeus.com\/sites\/default\/files\/styles\/equipo_medico\/public\/images\/equipo_humano\/beatriz-navarro-guri.png?itok=BN8jJMlF\" alt=\"Beatriz Navarro Guri\" \/><\/div><div class=\"right\"><div class=\"position\">M\u00e9decin-adjoint, Service de Diagnostic Gyn\u00e9cologique par Image<\/div><div class=\"centers\"><span class=\"label\">Centres: <\/span>Barcelone<\/div><div class=\"languages\"><span class=\"label\">Langues: <\/span>Espagnol, Catalan, Anglais<\/div><div class=\"specialities\"><span class=\"label\">Sp\u00e9cialit\u00e9s: <\/span>Diagnostic Gyn\u00e9cologique par l\u2019Image<\/div><\/div><div class=\"description\"><\/div><\/div><\/div><\/div><\/div><div class=\"mt-item hide\" data-name=\"Alfredo R. Navas\" data-languages=\"Espagnol|||Anglais|||Fran\u00e7ais\" data-centers=\"Barcelone\" data-medspec=\"16|||42\" data-medarea=\"2|||41\"><div class=\"mt-item-inner\"><div class=\"photo\"><a href=\"#\"><img decoding=\"async\" src=\"https:\/\/www.dexeus.com\/sites\/default\/files\/styles\/equipo_medico\/public\/images\/equipo-humano\/alfredo-r-navas.png?itok=4PTZ6dI7\" alt=\"Alfredo R. Navas\" \/><\/a><\/div><div class=\"name\"><a href=\"#\">Alfredo R. Navas<\/a><\/div><div class=\"position\">M\u00e9decin-adjoint<\/div><\/div><div class=\"mt-item-overlay\"><div class=\"mt-item-overlay-inner\"><a href=\"#\" class=\"close\"><\/a><div class=\"mt-item-details\"><h4 class=\"name\">Alfredo R. Navas<\/h4><div class=\"left\"><img decoding=\"async\" src=\"https:\/\/www.dexeus.com\/sites\/default\/files\/styles\/equipo_medico\/public\/images\/equipo-humano\/alfredo-r-navas.png?itok=4PTZ6dI7\" alt=\"Alfredo R. Navas\" \/><\/div><div class=\"right\"><div class=\"position\">M\u00e9decin-adjoint<\/div><div class=\"centers\"><span class=\"label\">Centres: <\/span>Barcelone<\/div><div class=\"languages\"><span class=\"label\">Langues: <\/span>Espagnol, Anglais, Fran\u00e7ais<\/div><div class=\"specialities\"><span class=\"label\">Sp\u00e9cialit\u00e9s: <\/span>Gyn\u00e9cologie G\u00e9n\u00e9rale, Diagnostic Gyn\u00e9cologique par l\u2019Image<\/div><\/div><div class=\"description\"><\/div><\/div><\/div><\/div><\/div><div class=\"mt-item hide\" data-name=\"Jesica L. Obercie\" data-languages=\"Espagnol|||Anglais\" data-centers=\"Barcelone\" data-medspec=\"15|||16|||21|||10\" data-medarea=\"2\"><div class=\"mt-item-inner\"><div class=\"photo\"><a href=\"#\"><img decoding=\"async\" src=\"https:\/\/www.dexeus.com\/sites\/default\/files\/styles\/equipo_medico\/public\/images\/equipo-humano\/jesica-lujan-obercie.png?itok=vXnlgNM2\" alt=\"Jesica L. Obercie\" \/><\/a><\/div><div class=\"name\"><a href=\"#\">Jesica L. Obercie<\/a><\/div><div class=\"position\">M\u00e9decin-adjoint<\/div><\/div><div class=\"mt-item-overlay\"><div class=\"mt-item-overlay-inner\"><a href=\"#\" class=\"close\"><\/a><div class=\"mt-item-details\"><h4 class=\"name\">Jesica L. Obercie<\/h4><div class=\"left\"><img decoding=\"async\" src=\"https:\/\/www.dexeus.com\/sites\/default\/files\/styles\/equipo_medico\/public\/images\/equipo-humano\/jesica-lujan-obercie.png?itok=vXnlgNM2\" alt=\"Jesica L. Obercie\" \/><\/div><div class=\"right\"><div class=\"position\">M\u00e9decin-adjoint<\/div><div class=\"centers\"><span class=\"label\">Centres: <\/span>Barcelone<\/div><div class=\"languages\"><span class=\"label\">Langues: <\/span>Espagnol, Anglais<\/div><div class=\"specialities\"><span class=\"label\">Sp\u00e9cialit\u00e9s: <\/span>Gyn\u00e9cologie de l\u2019Enfance et de l\u2019Adolescence, Gyn\u00e9cologie G\u00e9n\u00e9rale, M\u00e9nopause, Contraception<\/div><\/div><div class=\"description\"><\/div><\/div><\/div><\/div><\/div><div class=\"mt-item hide\" data-name=\"Maria L. Ortiz Rondon\" data-languages=\"Espagnol\" data-centers=\"Barcelone|||Sabadell\" data-medspec=\"42\" data-medarea=\"41\"><div class=\"mt-item-inner\"><div class=\"photo\"><a href=\"#\"><img decoding=\"async\" src=\"https:\/\/www.dexeus.com\/sites\/default\/files\/styles\/equipo_medico\/public\/images\/equipo-humano\/maria-l-ortiz-rondon.png?itok=xShFdFNx\" alt=\"Maria L. Ortiz Rondon\" \/><\/a><\/div><div class=\"name\"><a href=\"#\">Maria L. Ortiz Rondon<\/a><\/div><div class=\"position\">M\u00e9decin-adjoint, Service de Diagnostic Gyn\u00e9cologique par Image<\/div><\/div><div class=\"mt-item-overlay\"><div class=\"mt-item-overlay-inner\"><a href=\"#\" class=\"close\"><\/a><div class=\"mt-item-details\"><h4 class=\"name\">Maria L. Ortiz Rondon<\/h4><div class=\"left\"><img decoding=\"async\" src=\"https:\/\/www.dexeus.com\/sites\/default\/files\/styles\/equipo_medico\/public\/images\/equipo-humano\/maria-l-ortiz-rondon.png?itok=xShFdFNx\" alt=\"Maria L. Ortiz Rondon\" \/><\/div><div class=\"right\"><div class=\"position\">M\u00e9decin-adjoint, Service de Diagnostic Gyn\u00e9cologique par Image<\/div><div class=\"centers\"><span class=\"label\">Centres: <\/span>Barcelone, Sabadell<\/div><div class=\"languages\"><span class=\"label\">Langues: <\/span>Espagnol<\/div><div class=\"specialities\"><span class=\"label\">Sp\u00e9cialit\u00e9s: <\/span>Diagnostic Gyn\u00e9cologique par l\u2019Image<\/div><\/div><div class=\"description\"><\/div><\/div><\/div><\/div><\/div><div class=\"mt-item hide\" data-name=\"Nimet Ozbey Kuru\" data-languages=\"Espagnol|||Catalan|||Anglais|||Turc\" data-centers=\"Barcelone\" data-medspec=\"16|||11|||4|||44|||6|||5|||8\" data-medarea=\"2|||3|||41\"><div class=\"mt-item-inner\"><div class=\"photo\"><a href=\"#\"><img decoding=\"async\" src=\"https:\/\/www.dexeus.com\/sites\/default\/files\/styles\/equipo_medico\/public\/images\/equipo_humano\/nimet-caner.png?itok=HeHal1mo\" alt=\"Nimet Ozbey Kuru\" \/><\/a><\/div><div class=\"name\"><a href=\"#\">Nimet Ozbey Kuru<\/a><\/div><div class=\"position\">M\u00e9decin-adjoint<\/div><\/div><div class=\"mt-item-overlay\"><div class=\"mt-item-overlay-inner\"><a href=\"#\" class=\"close\"><\/a><div class=\"mt-item-details\"><h4 class=\"name\">Nimet Ozbey Kuru<\/h4><div class=\"left\"><img decoding=\"async\" src=\"https:\/\/www.dexeus.com\/sites\/default\/files\/styles\/equipo_medico\/public\/images\/equipo_humano\/nimet-caner.png?itok=HeHal1mo\" alt=\"Nimet Ozbey Kuru\" \/><\/div><div class=\"right\"><div class=\"position\">M\u00e9decin-adjoint<\/div><div class=\"centers\"><span class=\"label\">Centres: <\/span>Barcelone<\/div><div class=\"languages\"><span class=\"label\">Langues: <\/span>Espagnol, Catalan, Anglais, Turc<\/div><div class=\"specialities\"><span class=\"label\">Sp\u00e9cialit\u00e9s: <\/span>Gyn\u00e9cologie G\u00e9n\u00e9rale, Chirurgie Gyn\u00e9cologique, Assistance avant la Grossesse, \u00c9chographie obst\u00e9tricale et diagnostic pr\u00e9natal, Grossesse et Accouchement, Haut risque obst\u00e9trique, Pertes de embryof\u0153tal r\u00e9p\u00e9t\u00e9es<\/div><\/div><div class=\"description\"><\/div><\/div><\/div><\/div><\/div><div class=\"mt-item hide\" data-name=\"Anna Pag\u00e8s Francesch\" data-languages=\"Espagnol|||Catalan\" data-centers=\"Barcelone\" data-medspec=\"4|||6|||16\" data-medarea=\"3|||2\"><div class=\"mt-item-inner\"><div class=\"photo\"><a href=\"#\"><img decoding=\"async\" src=\"https:\/\/www.dexeus.com\/sites\/default\/files\/styles\/equipo_medico\/public\/images\/equipo-humano\/anna-pages-francesch.png?itok=P4xsyV3N\" alt=\"Anna Pag\u00e8s Francesch\" \/><\/a><\/div><div class=\"name\"><a href=\"#\">Anna Pag\u00e8s Francesch<\/a><\/div><div class=\"position\">M\u00e9decin<\/div><\/div><div class=\"mt-item-overlay\"><div class=\"mt-item-overlay-inner\"><a href=\"#\" class=\"close\"><\/a><div class=\"mt-item-details\"><h4 class=\"name\">Anna Pag\u00e8s Francesch<\/h4><div class=\"left\"><img decoding=\"async\" src=\"https:\/\/www.dexeus.com\/sites\/default\/files\/styles\/equipo_medico\/public\/images\/equipo-humano\/anna-pages-francesch.png?itok=P4xsyV3N\" alt=\"Anna Pag\u00e8s Francesch\" \/><\/div><div class=\"right\"><div class=\"position\">M\u00e9decin<\/div><div class=\"centers\"><span class=\"label\">Centres: <\/span>Barcelone<\/div><div class=\"languages\"><span class=\"label\">Langues: <\/span>Espagnol, Catalan<\/div><div class=\"specialities\"><span class=\"label\">Sp\u00e9cialit\u00e9s: <\/span>Assistance avant la Grossesse, Grossesse et Accouchement, Gyn\u00e9cologie G\u00e9n\u00e9rale<\/div><\/div><div class=\"description\"><\/div><\/div><\/div><\/div><\/div><div class=\"mt-item hide\" data-name=\"Mar\u00eda Pellis\u00e9 Tintor\u00e9\" data-languages=\"Espagnol|||Catalan\" data-centers=\"Barcelone\" data-medspec=\"4|||6|||16|||20\" data-medarea=\"3|||2\"><div class=\"mt-item-inner\"><div class=\"photo\"><a href=\"#\"><img decoding=\"async\" src=\"https:\/\/www.dexeus.com\/sites\/default\/files\/styles\/equipo_medico\/public\/images\/equipo_humano\/maria-pellise-tintore.png?itok=KzJDc2hI\" alt=\"Mar\u00eda Pellis\u00e9 Tintor\u00e9\" \/><\/a><\/div><div class=\"name\"><a href=\"#\">Mar\u00eda Pellis\u00e9 Tintor\u00e9<\/a><\/div><div class=\"position\">M\u00e9decin-adjoint<\/div><\/div><div class=\"mt-item-overlay\"><div class=\"mt-item-overlay-inner\"><a href=\"#\" class=\"close\"><\/a><div class=\"mt-item-details\"><h4 class=\"name\">Mar\u00eda Pellis\u00e9 Tintor\u00e9<\/h4><div class=\"left\"><img decoding=\"async\" src=\"https:\/\/www.dexeus.com\/sites\/default\/files\/styles\/equipo_medico\/public\/images\/equipo_humano\/maria-pellise-tintore.png?itok=KzJDc2hI\" alt=\"Mar\u00eda Pellis\u00e9 Tintor\u00e9\" \/><\/div><div class=\"right\"><div class=\"position\">M\u00e9decin-adjoint<\/div><div class=\"centers\"><span class=\"label\">Centres: <\/span>Barcelone<\/div><div class=\"languages\"><span class=\"label\">Langues: <\/span>Espagnol, Catalan<\/div><div class=\"specialities\"><span class=\"label\">Sp\u00e9cialit\u00e9s: <\/span>Assistance avant la Grossesse, Grossesse et Accouchement, Gyn\u00e9cologie G\u00e9n\u00e9rale, Mastologie (Pathologie mammaire b\u00e9nigne)<\/div><\/div><div class=\"description\"><\/div><\/div><\/div><\/div><\/div><div class=\"mt-item hide\" data-name=\"Laura V. Perdomo Velasquez\" data-languages=\"Espagnol|||Catalan|||Anglais\" data-centers=\"Barcelone\" data-medspec=\"4|||6|||16|||44|||5\" data-medarea=\"3|||2|||41\"><div class=\"mt-item-inner\"><div class=\"photo\"><a href=\"#\"><img decoding=\"async\" src=\"https:\/\/www.dexeus.com\/sites\/default\/files\/styles\/equipo_medico\/public\/images\/equipo-humano\/laura-perdomo-velasquez.png?itok=UPOs1gay\" alt=\"Laura V. Perdomo Velasquez\" \/><\/a><\/div><div class=\"name\"><a href=\"#\">Laura V. Perdomo Velasquez<\/a><\/div><div class=\"position\">M\u00e9decin-adjoint<\/div><\/div><div class=\"mt-item-overlay\"><div class=\"mt-item-overlay-inner\"><a href=\"#\" class=\"close\"><\/a><div class=\"mt-item-details\"><h4 class=\"name\">Laura V. Perdomo Velasquez<\/h4><div class=\"left\"><img decoding=\"async\" src=\"https:\/\/www.dexeus.com\/sites\/default\/files\/styles\/equipo_medico\/public\/images\/equipo-humano\/laura-perdomo-velasquez.png?itok=UPOs1gay\" alt=\"Laura V. Perdomo Velasquez\" \/><\/div><div class=\"right\"><div class=\"position\">M\u00e9decin-adjoint<\/div><div class=\"centers\"><span class=\"label\">Centres: <\/span>Barcelone<\/div><div class=\"languages\"><span class=\"label\">Langues: <\/span>Espagnol, Catalan, Anglais<\/div><div class=\"specialities\"><span class=\"label\">Sp\u00e9cialit\u00e9s: <\/span>Assistance avant la Grossesse, Grossesse et Accouchement, Gyn\u00e9cologie G\u00e9n\u00e9rale, \u00c9chographie obst\u00e9tricale et diagnostic pr\u00e9natal, Haut risque obst\u00e9trique<\/div><\/div><div class=\"description\"><\/div><\/div><\/div><\/div><\/div><div class=\"mt-item hide\" data-name=\"Jorge A. Perez Fuentes\" data-languages=\"Espagnol|||Catalan|||Anglais\" data-centers=\"Barcelone\" data-medspec=\"42\" data-medarea=\"41\"><div class=\"mt-item-inner\"><div class=\"photo\"><a href=\"#\"><img decoding=\"async\" src=\"https:\/\/www.dexeus.com\/sites\/default\/files\/styles\/equipo_medico\/public\/images\/equipo-medico\/jorge-andres-perez-fuentes.png?itok=i9iTrC9l\" alt=\"Jorge A. Perez Fuentes\" \/><\/a><\/div><div class=\"name\"><a href=\"#\">Jorge A. Perez Fuentes<\/a><\/div><div class=\"position\">M\u00e9decin-adjoint<\/div><\/div><div class=\"mt-item-overlay\"><div class=\"mt-item-overlay-inner\"><a href=\"#\" class=\"close\"><\/a><div class=\"mt-item-details\"><h4 class=\"name\">Jorge A. Perez Fuentes<\/h4><div class=\"left\"><img decoding=\"async\" src=\"https:\/\/www.dexeus.com\/sites\/default\/files\/styles\/equipo_medico\/public\/images\/equipo-medico\/jorge-andres-perez-fuentes.png?itok=i9iTrC9l\" alt=\"Jorge A. Perez Fuentes\" \/><\/div><div class=\"right\"><div class=\"position\">M\u00e9decin-adjoint<\/div><div class=\"centers\"><span class=\"label\">Centres: <\/span>Barcelone<\/div><div class=\"languages\"><span class=\"label\">Langues: <\/span>Espagnol, Catalan, Anglais<\/div><div class=\"specialities\"><span class=\"label\">Sp\u00e9cialit\u00e9s: <\/span>Diagnostic Gyn\u00e9cologique par l\u2019Image<\/div><\/div><div class=\"description\"><\/div><\/div><\/div><\/div><\/div><div class=\"mt-item hide\" data-name=\"Adriana Pizarro Pimentel\" data-languages=\"Espagnol\" data-centers=\"Barcelone\" data-medspec=\"42\" data-medarea=\"41\"><div class=\"mt-item-inner\"><div class=\"photo\"><a href=\"#\"><img decoding=\"async\" src=\"https:\/\/www.dexeus.com\/sites\/default\/files\/styles\/equipo_medico\/public\/images\/equipo_humano\/adriana-pizarro-pimentel.png?itok=ZFDMsfjd\" alt=\"Adriana Pizarro Pimentel\" \/><\/a><\/div><div class=\"name\"><a href=\"#\">Adriana Pizarro Pimentel<\/a><\/div><div class=\"position\">M\u00e9decin-adjoint, Service de Diagnostic Gyn\u00e9cologique par Image<\/div><\/div><div class=\"mt-item-overlay\"><div class=\"mt-item-overlay-inner\"><a href=\"#\" class=\"close\"><\/a><div class=\"mt-item-details\"><h4 class=\"name\">Adriana Pizarro Pimentel<\/h4><div class=\"left\"><img decoding=\"async\" src=\"https:\/\/www.dexeus.com\/sites\/default\/files\/styles\/equipo_medico\/public\/images\/equipo_humano\/adriana-pizarro-pimentel.png?itok=ZFDMsfjd\" alt=\"Adriana Pizarro Pimentel\" \/><\/div><div class=\"right\"><div class=\"position\">M\u00e9decin-adjoint, Service de Diagnostic Gyn\u00e9cologique par Image<\/div><div class=\"centers\"><span class=\"label\">Centres: <\/span>Barcelone<\/div><div class=\"languages\"><span class=\"label\">Langues: <\/span>Espagnol<\/div><div class=\"specialities\"><span class=\"label\">Sp\u00e9cialit\u00e9s: <\/span>Diagnostic Gyn\u00e9cologique par l\u2019Image<\/div><\/div><div class=\"description\"><\/div><\/div><\/div><\/div><\/div><div class=\"mt-item hide\" data-name=\"Clara Plat\u00f3n Galofr\u00e9\" data-languages=\"Espagnol|||Catalan\" data-centers=\"Barcelone\" data-medspec=\"1126|||4|||6|||16\" data-medarea=\"3|||2\"><div class=\"mt-item-inner\"><div class=\"photo\"><a href=\"#\"><img decoding=\"async\" src=\"https:\/\/www.dexeus.com\/sites\/default\/files\/styles\/equipo_medico\/public\/images\/equipo_medico\/0-sin-foto-mujer.png?itok=ovq87Zyx\" alt=\"Clara Plat\u00f3n Galofr\u00e9\" \/><\/a><\/div><div class=\"name\"><a href=\"#\">Clara Plat\u00f3n Galofr\u00e9<\/a><\/div><div class=\"position\">M\u00e9decin<\/div><\/div><div class=\"mt-item-overlay\"><div class=\"mt-item-overlay-inner\"><a href=\"#\" class=\"close\"><\/a><div class=\"mt-item-details\"><h4 class=\"name\">Clara Plat\u00f3n Galofr\u00e9<\/h4><div class=\"left\"><img decoding=\"async\" src=\"https:\/\/www.dexeus.com\/sites\/default\/files\/styles\/equipo_medico\/public\/images\/equipo_medico\/0-sin-foto-mujer.png?itok=ovq87Zyx\" alt=\"Clara Plat\u00f3n Galofr\u00e9\" \/><\/div><div class=\"right\"><div class=\"position\">M\u00e9decin<\/div><div class=\"centers\"><span class=\"label\">Centres: <\/span>Barcelone<\/div><div class=\"languages\"><span class=\"label\">Langues: <\/span>Espagnol, Catalan<\/div><div class=\"specialities\"><span class=\"label\">Sp\u00e9cialit\u00e9s: <\/span>Gardes dans la salle d&#039;accouchement, Assistance avant la Grossesse, Grossesse et Accouchement, Gyn\u00e9cologie G\u00e9n\u00e9rale<\/div><\/div><div class=\"description\"><\/div><\/div><\/div><\/div><\/div><div class=\"mt-item \" data-name=\"Candela Pomeraantz\" data-languages=\"Espagnol|||Anglais\" data-centers=\"Reus\" data-medspec=\"4|||1164|||16|||35|||36|||40\" data-medarea=\"3|||2|||28\"><div class=\"mt-item-inner\"><div class=\"photo\"><a href=\"#\"><img decoding=\"async\" src=\"https:\/\/www.dexeus.com\/sites\/default\/files\/styles\/equipo_medico\/public\/images\/equipo-humano\/candela-pomeraantz.png?itok=ZSfKYuKp\" alt=\"Candela Pomeraantz\" \/><\/a><\/div><div class=\"name\"><a href=\"#\">Candela Pomeraantz<\/a><\/div><div class=\"position\">M\u00e9decin-adjoint<\/div><\/div><div class=\"mt-item-overlay\"><div class=\"mt-item-overlay-inner\"><a href=\"#\" class=\"close\"><\/a><div class=\"mt-item-details\"><h4 class=\"name\">Candela Pomeraantz<\/h4><div class=\"left\"><img decoding=\"async\" src=\"https:\/\/www.dexeus.com\/sites\/default\/files\/styles\/equipo_medico\/public\/images\/equipo-humano\/candela-pomeraantz.png?itok=ZSfKYuKp\" alt=\"Candela Pomeraantz\" \/><\/div><div class=\"right\"><div class=\"position\">M\u00e9decin-adjoint<\/div><div class=\"centers\"><span class=\"label\">Centres: <\/span>Reus<\/div><div class=\"languages\"><span class=\"label\">Langues: <\/span>Espagnol, Anglais<\/div><div class=\"specialities\"><span class=\"label\">Sp\u00e9cialit\u00e9s: <\/span>Assistance avant la Grossesse, Grossesse, Gyn\u00e9cologie G\u00e9n\u00e9rale, \u00c9tude Int\u00e9gr\u00e9e de St\u00e9rilit\u00e9, Infertlit\u00e9, Techniques de Reproduction Assist\u00e9e<\/div><\/div><div class=\"description\"><\/div><\/div><\/div><\/div><\/div><div class=\"mt-item hide\" data-name=\"Laia Pons Jim\u00e9nez\" data-languages=\"Espagnol|||Catalan|||Anglais\" data-centers=\"Barcelone|||Sabadell\" data-medspec=\"16|||11|||22|||10|||4|||6\" data-medarea=\"2|||3\"><div class=\"mt-item-inner\"><div class=\"photo\"><a href=\"#\"><img decoding=\"async\" src=\"https:\/\/www.dexeus.com\/sites\/default\/files\/styles\/equipo_medico\/public\/images\/equipo-humano\/laia-pons-jimenez.png?itok=UP6hT_Yp\" alt=\"Laia Pons Jim\u00e9nez\" \/><\/a><\/div><div class=\"name\"><a href=\"#\">Laia Pons Jim\u00e9nez<\/a><\/div><div class=\"position\">M\u00e9decin-adjoint<\/div><\/div><div class=\"mt-item-overlay\"><div class=\"mt-item-overlay-inner\"><a href=\"#\" class=\"close\"><\/a><div class=\"mt-item-details\"><h4 class=\"name\">Laia Pons Jim\u00e9nez<\/h4><div class=\"left\"><img decoding=\"async\" src=\"https:\/\/www.dexeus.com\/sites\/default\/files\/styles\/equipo_medico\/public\/images\/equipo-humano\/laia-pons-jimenez.png?itok=UP6hT_Yp\" alt=\"Laia Pons Jim\u00e9nez\" \/><\/div><div class=\"right\"><div class=\"position\">M\u00e9decin-adjoint<\/div><div class=\"centers\"><span class=\"label\">Centres: <\/span>Barcelone, Sabadell<\/div><div class=\"languages\"><span class=\"label\">Langues: <\/span>Espagnol, Catalan, Anglais<\/div><div class=\"specialities\"><span class=\"label\">Sp\u00e9cialit\u00e9s: <\/span>Gyn\u00e9cologie G\u00e9n\u00e9rale, Chirurgie Gyn\u00e9cologique, Myomes, kystes des ovaires et maladies des annexes, Contraception, Assistance avant la Grossesse, Grossesse et Accouchement<\/div><\/div><div class=\"description\"><\/div><\/div><\/div><\/div><\/div><div class=\"mt-item hide\" data-name=\"Anelice Alexandra Popescu\" data-languages=\"Espagnol|||Anglais|||Roumain\" data-centers=\"Barcelone|||Sant Cugat|||Sabadell\" data-medspec=\"4|||6|||16\" data-medarea=\"3|||2\"><div class=\"mt-item-inner\"><div class=\"photo\"><a href=\"#\"><img decoding=\"async\" src=\"https:\/\/www.dexeus.com\/sites\/default\/files\/styles\/equipo_medico\/public\/images\/equipo-medico\/anelice-alexandra-popescu.png?itok=jpiSsc09\" alt=\"Anelice Alexandra Popescu\" \/><\/a><\/div><div class=\"name\"><a href=\"#\">Anelice Alexandra Popescu<\/a><\/div><div class=\"position\">M\u00e9decin-adjoint<\/div><\/div><div class=\"mt-item-overlay\"><div class=\"mt-item-overlay-inner\"><a href=\"#\" class=\"close\"><\/a><div class=\"mt-item-details\"><h4 class=\"name\">Anelice Alexandra Popescu<\/h4><div class=\"left\"><img decoding=\"async\" src=\"https:\/\/www.dexeus.com\/sites\/default\/files\/styles\/equipo_medico\/public\/images\/equipo-medico\/anelice-alexandra-popescu.png?itok=jpiSsc09\" alt=\"Anelice Alexandra Popescu\" \/><\/div><div class=\"right\"><div class=\"position\">M\u00e9decin-adjoint<\/div><div class=\"centers\"><span class=\"label\">Centres: <\/span>Barcelone, Sant Cugat, Sabadell<\/div><div class=\"languages\"><span class=\"label\">Langues: <\/span>Espagnol, Anglais, Roumain<\/div><div class=\"specialities\"><span class=\"label\">Sp\u00e9cialit\u00e9s: <\/span>Assistance avant la Grossesse, Grossesse et Accouchement, Gyn\u00e9cologie G\u00e9n\u00e9rale<\/div><\/div><div class=\"description\"><\/div><\/div><\/div><\/div><\/div><div class=\"mt-item hide\" data-name=\"Jorge Puentes Corral\" data-languages=\"Espagnol\" data-centers=\"Barcelone\" data-medspec=\"16|||18|||23|||22\" data-medarea=\"2\"><div class=\"mt-item-inner\"><div class=\"photo\"><a href=\"#\"><img decoding=\"async\" src=\"https:\/\/www.dexeus.com\/sites\/default\/files\/styles\/equipo_medico\/public\/images\/equipo-humano\/jorge-puentes-corral.png?itok=qSbZnbTX\" alt=\"Jorge Puentes Corral\" \/><\/a><\/div><div class=\"name\"><a href=\"#\">Jorge Puentes Corral<\/a><\/div><div class=\"position\">M\u00e9decin-adjoint<\/div><\/div><div class=\"mt-item-overlay\"><div class=\"mt-item-overlay-inner\"><a href=\"#\" class=\"close\"><\/a><div class=\"mt-item-details\"><h4 class=\"name\">Jorge Puentes Corral<\/h4><div class=\"left\"><img decoding=\"async\" src=\"https:\/\/www.dexeus.com\/sites\/default\/files\/styles\/equipo_medico\/public\/images\/equipo-humano\/jorge-puentes-corral.png?itok=qSbZnbTX\" alt=\"Jorge Puentes Corral\" \/><\/div><div class=\"right\"><div class=\"position\">M\u00e9decin-adjoint<\/div><div class=\"centers\"><span class=\"label\">Centres: <\/span>Barcelone<\/div><div class=\"languages\"><span class=\"label\">Langues: <\/span>Espagnol<\/div><div class=\"specialities\"><span class=\"label\">Sp\u00e9cialit\u00e9s: <\/span>Gyn\u00e9cologie G\u00e9n\u00e9rale, Hyst\u00e9roscopie, Pathologie du Tractus G\u00e9nital Inf\u00e9rieur, Myomes, kystes des ovaires et maladies des annexes<\/div><\/div><div class=\"description\"><\/div><\/div><\/div><\/div><\/div><div class=\"mt-item hide\" data-name=\"M. Est\u00edbaliz Quesada i Sales\" data-languages=\"Espagnol|||Catalan|||Anglais\" data-centers=\"Manresa\" data-medspec=\"4|||6|||10|||11|||16|||44\" data-medarea=\"3|||2|||41\"><div class=\"mt-item-inner\"><div class=\"photo\"><a href=\"#\"><img decoding=\"async\" src=\"https:\/\/www.dexeus.com\/sites\/default\/files\/styles\/equipo_medico\/public\/images\/equipo_medico\/estibaliz_quesada.png?itok=IN1IaHBw\" alt=\"M. Est\u00edbaliz Quesada i Sales\" \/><\/a><\/div><div class=\"name\"><a href=\"#\">M. Est\u00edbaliz Quesada i Sales<\/a><\/div><div class=\"position\">M\u00e9decin-adjoint<\/div><\/div><div class=\"mt-item-overlay\"><div class=\"mt-item-overlay-inner\"><a href=\"#\" class=\"close\"><\/a><div class=\"mt-item-details\"><h4 class=\"name\">M. Est\u00edbaliz Quesada i Sales<\/h4><div class=\"left\"><img decoding=\"async\" src=\"https:\/\/www.dexeus.com\/sites\/default\/files\/styles\/equipo_medico\/public\/images\/equipo_medico\/estibaliz_quesada.png?itok=IN1IaHBw\" alt=\"M. Est\u00edbaliz Quesada i Sales\" \/><\/div><div class=\"right\"><div class=\"position\">M\u00e9decin-adjoint<\/div><div class=\"centers\"><span class=\"label\">Centres: <\/span>Manresa<\/div><div class=\"languages\"><span class=\"label\">Langues: <\/span>Espagnol, Catalan, Anglais<\/div><div class=\"specialities\"><span class=\"label\">Sp\u00e9cialit\u00e9s: <\/span>Assistance avant la Grossesse, Grossesse et Accouchement, Contraception, Chirurgie Gyn\u00e9cologique, Gyn\u00e9cologie G\u00e9n\u00e9rale, \u00c9chographie obst\u00e9tricale et diagnostic pr\u00e9natal<\/div><\/div><div class=\"description\"><\/div><\/div><\/div><\/div><\/div><div class=\"mt-item hide\" data-name=\"Gabriela T. Quintero Polly\" data-languages=\"Espagnol|||Catalan\" data-centers=\"Barcelone\" data-medspec=\"42\" data-medarea=\"41\"><div class=\"mt-item-inner\"><div class=\"photo\"><a href=\"#\"><img decoding=\"async\" src=\"https:\/\/www.dexeus.com\/sites\/default\/files\/styles\/equipo_medico\/public\/images\/equipo_humano\/gabriela-tibisay-quintero-polly.png?itok=v0NmL7Nf\" alt=\"Gabriela T. Quintero Polly\" \/><\/a><\/div><div class=\"name\"><a href=\"#\">Gabriela T. Quintero Polly<\/a><\/div><div class=\"position\">M\u00e9decin-adjoint, Service de Diagnostic Gyn\u00e9cologique par Image<\/div><\/div><div class=\"mt-item-overlay\"><div class=\"mt-item-overlay-inner\"><a href=\"#\" class=\"close\"><\/a><div class=\"mt-item-details\"><h4 class=\"name\">Gabriela T. Quintero Polly<\/h4><div class=\"left\"><img decoding=\"async\" src=\"https:\/\/www.dexeus.com\/sites\/default\/files\/styles\/equipo_medico\/public\/images\/equipo_humano\/gabriela-tibisay-quintero-polly.png?itok=v0NmL7Nf\" alt=\"Gabriela T. Quintero Polly\" \/><\/div><div class=\"right\"><div class=\"position\">M\u00e9decin-adjoint, Service de Diagnostic Gyn\u00e9cologique par Image<\/div><div class=\"centers\"><span class=\"label\">Centres: <\/span>Barcelone<\/div><div class=\"languages\"><span class=\"label\">Langues: <\/span>Espagnol, Catalan<\/div><div class=\"specialities\"><span class=\"label\">Sp\u00e9cialit\u00e9s: <\/span>Diagnostic Gyn\u00e9cologique par l\u2019Image<\/div><\/div><div class=\"description\"><p><\/p>\n\n<\/div><\/div><\/div><\/div><\/div><div class=\"mt-item hide\" data-name=\"Gabriel Ramos Dios\" data-languages=\"Espagnol|||Catalan\" data-centers=\"Manresa\" data-medspec=\"4|||6|||16\" data-medarea=\"3|||2\"><div class=\"mt-item-inner\"><div class=\"photo\"><a href=\"#\"><img decoding=\"async\" src=\"https:\/\/www.dexeus.com\/sites\/default\/files\/styles\/equipo_medico\/public\/images\/equipo_medico\/0-sin-foto-hombre.png?itok=96LsU2bQ\" alt=\"Gabriel Ramos Dios\" \/><\/a><\/div><div class=\"name\"><a href=\"#\">Gabriel Ramos Dios<\/a><\/div><div class=\"position\">M\u00e9decin-adjoint<\/div><\/div><div class=\"mt-item-overlay\"><div class=\"mt-item-overlay-inner\"><a href=\"#\" class=\"close\"><\/a><div class=\"mt-item-details\"><h4 class=\"name\">Gabriel Ramos Dios<\/h4><div class=\"left\"><img decoding=\"async\" src=\"https:\/\/www.dexeus.com\/sites\/default\/files\/styles\/equipo_medico\/public\/images\/equipo_medico\/0-sin-foto-hombre.png?itok=96LsU2bQ\" alt=\"Gabriel Ramos Dios\" \/><\/div><div class=\"right\"><div class=\"position\">M\u00e9decin-adjoint<\/div><div class=\"centers\"><span class=\"label\">Centres: <\/span>Manresa<\/div><div class=\"languages\"><span class=\"label\">Langues: <\/span>Espagnol, Catalan<\/div><div class=\"specialities\"><span class=\"label\">Sp\u00e9cialit\u00e9s: <\/span>Assistance avant la Grossesse, Grossesse et Accouchement, Gyn\u00e9cologie G\u00e9n\u00e9rale<\/div><\/div><div class=\"description\"><\/div><\/div><\/div><\/div><\/div><div class=\"mt-item hide\" data-name=\"Marta Ricart Calleja\" data-languages=\"Espagnol|||Catalan|||Anglais\" data-centers=\"Barcelone\" data-medspec=\"4|||6|||16|||44\" data-medarea=\"3|||2|||41\"><div class=\"mt-item-inner\"><div class=\"photo\"><a href=\"#\"><img decoding=\"async\" src=\"https:\/\/www.dexeus.com\/sites\/default\/files\/styles\/equipo_medico\/public\/images\/equipo_medico\/marta-ricart-calleja.png?itok=6H9o1Cn-\" alt=\"Marta Ricart Calleja\" \/><\/a><\/div><div class=\"name\"><a href=\"#\">Marta Ricart Calleja<\/a><\/div><div class=\"position\">M\u00e9decin-adjoint<\/div><\/div><div class=\"mt-item-overlay\"><div class=\"mt-item-overlay-inner\"><a href=\"#\" class=\"close\"><\/a><div class=\"mt-item-details\"><h4 class=\"name\">Marta Ricart Calleja<\/h4><div class=\"left\"><img decoding=\"async\" src=\"https:\/\/www.dexeus.com\/sites\/default\/files\/styles\/equipo_medico\/public\/images\/equipo_medico\/marta-ricart-calleja.png?itok=6H9o1Cn-\" alt=\"Marta Ricart Calleja\" \/><\/div><div class=\"right\"><div class=\"position\">M\u00e9decin-adjoint<\/div><div class=\"centers\"><span class=\"label\">Centres: <\/span>Barcelone<\/div><div class=\"languages\"><span class=\"label\">Langues: <\/span>Espagnol, Catalan, Anglais<\/div><div class=\"specialities\"><span class=\"label\">Sp\u00e9cialit\u00e9s: <\/span>Assistance avant la Grossesse, Grossesse et Accouchement, Gyn\u00e9cologie G\u00e9n\u00e9rale, \u00c9chographie obst\u00e9tricale et diagnostic pr\u00e9natal<\/div><\/div><div class=\"description\"><\/div><\/div><\/div><\/div><\/div><div class=\"mt-item hide\" data-name=\"Ana\u00efs Rilo Fernandez\" data-languages=\"Espagnol|||Catalan|||Anglais\" data-centers=\"Barcelone\" data-medspec=\"4|||6|||16|||44\" data-medarea=\"3|||2|||41\"><div class=\"mt-item-inner\"><div class=\"photo\"><a href=\"#\"><img decoding=\"async\" src=\"https:\/\/www.dexeus.com\/sites\/default\/files\/styles\/equipo_medico\/public\/images\/equipo-medico\/anais-rilo-fernandez.png?itok=hENKmXus\" alt=\"Ana\u00efs Rilo Fernandez\" \/><\/a><\/div><div class=\"name\"><a href=\"#\">Ana\u00efs Rilo Fernandez<\/a><\/div><div class=\"position\">M\u00e9decin-adjoint<\/div><\/div><div class=\"mt-item-overlay\"><div class=\"mt-item-overlay-inner\"><a href=\"#\" class=\"close\"><\/a><div class=\"mt-item-details\"><h4 class=\"name\">Ana\u00efs Rilo Fernandez<\/h4><div class=\"left\"><img decoding=\"async\" src=\"https:\/\/www.dexeus.com\/sites\/default\/files\/styles\/equipo_medico\/public\/images\/equipo-medico\/anais-rilo-fernandez.png?itok=hENKmXus\" alt=\"Ana\u00efs Rilo Fernandez\" \/><\/div><div class=\"right\"><div class=\"position\">M\u00e9decin-adjoint<\/div><div class=\"centers\"><span class=\"label\">Centres: <\/span>Barcelone<\/div><div class=\"languages\"><span class=\"label\">Langues: <\/span>Espagnol, Catalan, Anglais<\/div><div class=\"specialities\"><span class=\"label\">Sp\u00e9cialit\u00e9s: <\/span>Assistance avant la Grossesse, Grossesse et Accouchement, Gyn\u00e9cologie G\u00e9n\u00e9rale, \u00c9chographie obst\u00e9tricale et diagnostic pr\u00e9natal<\/div><\/div><div class=\"description\"><\/div><\/div><\/div><\/div><\/div><div class=\"mt-item hide\" data-name=\"Xavier Ripoll Espiau\" data-languages=\"Espagnol|||Catalan\" data-centers=\"Manresa\" data-medspec=\"4|||6|||16\" data-medarea=\"3|||2\"><div class=\"mt-item-inner\"><div class=\"photo\"><a href=\"#\"><img decoding=\"async\" src=\"https:\/\/www.dexeus.com\/sites\/default\/files\/styles\/equipo_medico\/public\/images\/equipo_medico\/0-sin-foto-hombre.png?itok=96LsU2bQ\" alt=\"Xavier Ripoll Espiau\" \/><\/a><\/div><div class=\"name\"><a href=\"#\">Xavier Ripoll Espiau<\/a><\/div><div class=\"position\">M\u00e9decin-adjoint<\/div><\/div><div class=\"mt-item-overlay\"><div class=\"mt-item-overlay-inner\"><a href=\"#\" class=\"close\"><\/a><div class=\"mt-item-details\"><h4 class=\"name\">Xavier Ripoll Espiau<\/h4><div class=\"left\"><img decoding=\"async\" src=\"https:\/\/www.dexeus.com\/sites\/default\/files\/styles\/equipo_medico\/public\/images\/equipo_medico\/0-sin-foto-hombre.png?itok=96LsU2bQ\" alt=\"Xavier Ripoll Espiau\" \/><\/div><div class=\"right\"><div class=\"position\">M\u00e9decin-adjoint<\/div><div class=\"centers\"><span class=\"label\">Centres: <\/span>Manresa<\/div><div class=\"languages\"><span class=\"label\">Langues: <\/span>Espagnol, Catalan<\/div><div class=\"specialities\"><span class=\"label\">Sp\u00e9cialit\u00e9s: <\/span>Assistance avant la Grossesse, Grossesse et Accouchement, Gyn\u00e9cologie G\u00e9n\u00e9rale<\/div><\/div><div class=\"description\"><\/div><\/div><\/div><\/div><\/div><div class=\"mt-item hide\" data-name=\"Julia Roca Obradors\" data-languages=\"Espagnol\" data-centers=\"Manresa\" data-medspec=\"44\" data-medarea=\"41\"><div class=\"mt-item-inner\"><div class=\"photo\"><a href=\"#\"><img decoding=\"async\" src=\"https:\/\/www.dexeus.com\/sites\/default\/files\/styles\/equipo_medico\/public\/images\/equipo_medico\/0-sin-foto-mujer.png?itok=ovq87Zyx\" alt=\"Julia Roca Obradors\" \/><\/a><\/div><div class=\"name\"><a href=\"#\">Julia Roca Obradors<\/a><\/div><div class=\"position\">M\u00e9decin-adjoint, Section de M\u00e9decine F\u0153tale<\/div><\/div><div class=\"mt-item-overlay\"><div class=\"mt-item-overlay-inner\"><a href=\"#\" class=\"close\"><\/a><div class=\"mt-item-details\"><h4 class=\"name\">Julia Roca Obradors<\/h4><div class=\"left\"><img decoding=\"async\" src=\"https:\/\/www.dexeus.com\/sites\/default\/files\/styles\/equipo_medico\/public\/images\/equipo_medico\/0-sin-foto-mujer.png?itok=ovq87Zyx\" alt=\"Julia Roca Obradors\" \/><\/div><div class=\"right\"><div class=\"position\">M\u00e9decin-adjoint, Section de M\u00e9decine F\u0153tale<\/div><div class=\"centers\"><span class=\"label\">Centres: <\/span>Manresa<\/div><div class=\"languages\"><span class=\"label\">Langues: <\/span>Espagnol<\/div><div class=\"specialities\"><span class=\"label\">Sp\u00e9cialit\u00e9s: <\/span>\u00c9chographie obst\u00e9tricale et diagnostic pr\u00e9natal<\/div><\/div><div class=\"description\"><\/div><\/div><\/div><\/div><\/div><div class=\"mt-item \" data-name=\"Dalia Rodr\u00edguez Barredo\" data-languages=\"Espagnol|||Catalan|||Anglais|||Italien\" data-centers=\"Barcelone\" data-medspec=\"35|||36|||38|||40\" data-medarea=\"28\"><div class=\"mt-item-inner\"><div class=\"photo\"><a href=\"#\"><img decoding=\"async\" src=\"https:\/\/www.dexeus.com\/sites\/default\/files\/styles\/equipo_medico\/public\/images\/equipo_humano\/dalia-rodriguez-barredo.png?itok=GV2JCj9k\" alt=\"Dalia Rodr\u00edguez Barredo\" \/><\/a><\/div><div class=\"name\"><a href=\"#\">Dalia Rodr\u00edguez Barredo<\/a><\/div><div class=\"position\">M\u00e9decin-adjoint<\/div><\/div><div class=\"mt-item-overlay\"><div class=\"mt-item-overlay-inner\"><a href=\"#\" class=\"close\"><\/a><div class=\"mt-item-details\"><h4 class=\"name\">Dalia Rodr\u00edguez Barredo<\/h4><div class=\"left\"><img decoding=\"async\" src=\"https:\/\/www.dexeus.com\/sites\/default\/files\/styles\/equipo_medico\/public\/images\/equipo_humano\/dalia-rodriguez-barredo.png?itok=GV2JCj9k\" alt=\"Dalia Rodr\u00edguez Barredo\" \/><\/div><div class=\"right\"><div class=\"position\">M\u00e9decin-adjoint<\/div><div class=\"centers\"><span class=\"label\">Centres: <\/span>Barcelone<\/div><div class=\"languages\"><span class=\"label\">Langues: <\/span>Espagnol, Catalan, Anglais, Italien<\/div><div class=\"specialities\"><span class=\"label\">Sp\u00e9cialit\u00e9s: <\/span>\u00c9tude Int\u00e9gr\u00e9e de St\u00e9rilit\u00e9, Infertlit\u00e9, Programme de don d\u2019ovocytes, Techniques de Reproduction Assist\u00e9e<\/div><\/div><div class=\"description\"><\/div><\/div><\/div><\/div><\/div><div class=\"mt-item \" data-name=\"Ambar F. Rodr\u00edguez Matera\" data-languages=\"Espagnol|||Anglais\" data-centers=\"Sant Cugat\" data-medspec=\"16|||33|||12|||10\" data-medarea=\"2|||28\"><div class=\"mt-item-inner\"><div class=\"photo\"><a href=\"#\"><img decoding=\"async\" src=\"https:\/\/www.dexeus.com\/sites\/default\/files\/styles\/equipo_medico\/public\/images\/equipo-humano\/ambar-rodriguez-materano.png?itok=7ofhWppf\" alt=\"Ambar F. Rodr\u00edguez Matera\" \/><\/a><\/div><div class=\"name\"><a href=\"#\">Ambar F. Rodr\u00edguez Matera<\/a><\/div><div class=\"position\">M\u00e9decin-adjoint<\/div><\/div><div class=\"mt-item-overlay\"><div class=\"mt-item-overlay-inner\"><a href=\"#\" class=\"close\"><\/a><div class=\"mt-item-details\"><h4 class=\"name\">Ambar F. Rodr\u00edguez Matera<\/h4><div class=\"left\"><img decoding=\"async\" src=\"https:\/\/www.dexeus.com\/sites\/default\/files\/styles\/equipo_medico\/public\/images\/equipo-humano\/ambar-rodriguez-materano.png?itok=7ofhWppf\" alt=\"Ambar F. Rodr\u00edguez Matera\" \/><\/div><div class=\"right\"><div class=\"position\">M\u00e9decin-adjoint<\/div><div class=\"centers\"><span class=\"label\">Centres: <\/span>Sant Cugat<\/div><div class=\"languages\"><span class=\"label\">Langues: <\/span>Espagnol, Anglais<\/div><div class=\"specialities\"><span class=\"label\">Sp\u00e9cialit\u00e9s: <\/span>Gyn\u00e9cologie G\u00e9n\u00e9rale, Endocrinologie Gyn\u00e9cologique, Contraception, Contraception<\/div><\/div><div class=\"description\"><\/div><\/div><\/div><\/div><\/div><div class=\"mt-item hide\" data-name=\"M\u00aa \u00c1ngeles Rodr\u00edguez P\u00e9rez\" data-languages=\"Espagnol|||Catalan|||Anglais\" data-centers=\"Barcelone\" data-medspec=\"44|||7\" data-medarea=\"41|||3\"><div class=\"mt-item-inner\"><div class=\"photo\"><a href=\"#\"><img decoding=\"async\" src=\"https:\/\/www.dexeus.com\/sites\/default\/files\/styles\/equipo_medico\/public\/images\/equipo_humano\/maria-angeles-rodriguez-perez.png?itok=QV2a-QEu\" alt=\"M\u00aa \u00c1ngeles Rodr\u00edguez P\u00e9rez\" \/><\/a><\/div><div class=\"name\"><a href=\"#\">M\u00aa \u00c1ngeles Rodr\u00edguez P\u00e9rez<\/a><\/div><div class=\"position\">M\u00e9decin-adjoint, Section de M\u00e9decine F\u0153tale<\/div><\/div><div class=\"mt-item-overlay\"><div class=\"mt-item-overlay-inner\"><a href=\"#\" class=\"close\"><\/a><div class=\"mt-item-details\"><h4 class=\"name\">M\u00aa \u00c1ngeles Rodr\u00edguez P\u00e9rez<\/h4><div class=\"left\"><img decoding=\"async\" src=\"https:\/\/www.dexeus.com\/sites\/default\/files\/styles\/equipo_medico\/public\/images\/equipo_humano\/maria-angeles-rodriguez-perez.png?itok=QV2a-QEu\" alt=\"M\u00aa \u00c1ngeles Rodr\u00edguez P\u00e9rez\" \/><\/div><div class=\"right\"><div class=\"position\">M\u00e9decin-adjoint, Section de M\u00e9decine F\u0153tale<\/div><div class=\"centers\"><span class=\"label\">Centres: <\/span>Barcelone<\/div><div class=\"languages\"><span class=\"label\">Langues: <\/span>Espagnol, Catalan, Anglais<\/div><div class=\"specialities\"><span class=\"label\">Sp\u00e9cialit\u00e9s: <\/span>\u00c9chographie obst\u00e9tricale et diagnostic pr\u00e9natal, Interruption L\u00e9gale de la Grossesse<\/div><\/div><div class=\"description\"><\/div><\/div><\/div><\/div><\/div><div class=\"mt-item hide\" data-name=\"Marcelo D. Rodr\u00edguez Salazar\" data-languages=\"Espagnol\" data-centers=\"Barcelone\" data-medspec=\"4|||6|||16\" data-medarea=\"3|||2\"><div class=\"mt-item-inner\"><div class=\"photo\"><a href=\"#\"><img decoding=\"async\" src=\"https:\/\/www.dexeus.com\/sites\/default\/files\/styles\/equipo_medico\/public\/images\/equipo-humano\/marcelo-rodriguez-salazar.png?itok=Edry3Lx6\" alt=\"Marcelo D. Rodr\u00edguez Salazar\" \/><\/a><\/div><div class=\"name\"><a href=\"#\">Marcelo D. Rodr\u00edguez Salazar<\/a><\/div><div class=\"position\">M\u00e9decin-adjoint<\/div><\/div><div class=\"mt-item-overlay\"><div class=\"mt-item-overlay-inner\"><a href=\"#\" class=\"close\"><\/a><div class=\"mt-item-details\"><h4 class=\"name\">Marcelo D. Rodr\u00edguez Salazar<\/h4><div class=\"left\"><img decoding=\"async\" src=\"https:\/\/www.dexeus.com\/sites\/default\/files\/styles\/equipo_medico\/public\/images\/equipo-humano\/marcelo-rodriguez-salazar.png?itok=Edry3Lx6\" alt=\"Marcelo D. Rodr\u00edguez Salazar\" \/><\/div><div class=\"right\"><div class=\"position\">M\u00e9decin-adjoint<\/div><div class=\"centers\"><span class=\"label\">Centres: <\/span>Barcelone<\/div><div class=\"languages\"><span class=\"label\">Langues: <\/span>Espagnol<\/div><div class=\"specialities\"><span class=\"label\">Sp\u00e9cialit\u00e9s: <\/span>Assistance avant la Grossesse, Grossesse et Accouchement, Gyn\u00e9cologie G\u00e9n\u00e9rale<\/div><\/div><div class=\"description\"><\/div><\/div><\/div><\/div><\/div><div class=\"mt-item hide\" data-name=\"Marcos A. R\u00f6mer Herrera\" data-languages=\"Espagnol\" data-centers=\"Barcelone|||Sabadell\" data-medspec=\"4|||6|||16\" data-medarea=\"3|||2\"><div class=\"mt-item-inner\"><div class=\"photo\"><a href=\"#\"><img decoding=\"async\" src=\"https:\/\/www.dexeus.com\/sites\/default\/files\/styles\/equipo_medico\/public\/images\/equipo-humano\/marcos-romer-herrera.png?itok=jD91FNEZ\" alt=\"Marcos A. R\u00f6mer Herrera\" \/><\/a><\/div><div class=\"name\"><a href=\"#\">Marcos A. R\u00f6mer Herrera<\/a><\/div><div class=\"position\">M\u00e9decin-adjoint<\/div><\/div><div class=\"mt-item-overlay\"><div class=\"mt-item-overlay-inner\"><a href=\"#\" class=\"close\"><\/a><div class=\"mt-item-details\"><h4 class=\"name\">Marcos A. R\u00f6mer Herrera<\/h4><div class=\"left\"><img decoding=\"async\" src=\"https:\/\/www.dexeus.com\/sites\/default\/files\/styles\/equipo_medico\/public\/images\/equipo-humano\/marcos-romer-herrera.png?itok=jD91FNEZ\" alt=\"Marcos A. R\u00f6mer Herrera\" \/><\/div><div class=\"right\"><div class=\"position\">M\u00e9decin-adjoint<\/div><div class=\"centers\"><span class=\"label\">Centres: <\/span>Barcelone, Sabadell<\/div><div class=\"languages\"><span class=\"label\">Langues: <\/span>Espagnol<\/div><div class=\"specialities\"><span class=\"label\">Sp\u00e9cialit\u00e9s: <\/span>Assistance avant la Grossesse, Grossesse et Accouchement, Gyn\u00e9cologie G\u00e9n\u00e9rale<\/div><\/div><div class=\"description\"><\/div><\/div><\/div><\/div><\/div><div class=\"mt-item hide\" data-name=\"Montserrat E. Romero Pati\u00f1o\" data-languages=\"Espagnol|||Catalan\" data-centers=\"Tarragone\" data-medspec=\"16\" data-medarea=\"2\"><div class=\"mt-item-inner\"><div class=\"photo\"><a href=\"#\"><img decoding=\"async\" src=\"https:\/\/www.dexeus.com\/sites\/default\/files\/styles\/equipo_medico\/public\/images\/equipo-humano\/montserrat-romero-patino.png?itok=FzSt2ua_\" alt=\"Montserrat E. Romero Pati\u00f1o\" \/><\/a><\/div><div class=\"name\"><a href=\"#\">Montserrat E. Romero Pati\u00f1o<\/a><\/div><div class=\"position\">M\u00e9decin-adjoint<\/div><\/div><div class=\"mt-item-overlay\"><div class=\"mt-item-overlay-inner\"><a href=\"#\" class=\"close\"><\/a><div class=\"mt-item-details\"><h4 class=\"name\">Montserrat E. Romero Pati\u00f1o<\/h4><div class=\"left\"><img decoding=\"async\" src=\"https:\/\/www.dexeus.com\/sites\/default\/files\/styles\/equipo_medico\/public\/images\/equipo-humano\/montserrat-romero-patino.png?itok=FzSt2ua_\" alt=\"Montserrat E. Romero Pati\u00f1o\" \/><\/div><div class=\"right\"><div class=\"position\">M\u00e9decin-adjoint<\/div><div class=\"centers\"><span class=\"label\">Centres: <\/span>Tarragone<\/div><div class=\"languages\"><span class=\"label\">Langues: <\/span>Espagnol, Catalan<\/div><div class=\"specialities\"><span class=\"label\">Sp\u00e9cialit\u00e9s: <\/span>Gyn\u00e9cologie G\u00e9n\u00e9rale<\/div><\/div><div class=\"description\"><\/div><\/div><\/div><\/div><\/div><div class=\"mt-item hide\" data-name=\"Jorge Ruiz Caballero\" data-languages=\"Espagnol\" data-centers=\"Barcelone\" data-medspec=\"16|||26\" data-medarea=\"2\"><div class=\"mt-item-inner\"><div class=\"photo\"><a href=\"#\"><img decoding=\"async\" src=\"https:\/\/www.dexeus.com\/sites\/default\/files\/styles\/equipo_medico\/public\/images\/equipo-medico\/jorge-ruiz-caballero.png?itok=KO--lWe3\" alt=\"Jorge Ruiz Caballero\" \/><\/a><\/div><div class=\"name\"><a href=\"#\">Jorge Ruiz Caballero<\/a><\/div><div class=\"position\">M\u00e9decin-adjoint<\/div><\/div><div class=\"mt-item-overlay\"><div class=\"mt-item-overlay-inner\"><a href=\"#\" class=\"close\"><\/a><div class=\"mt-item-details\"><h4 class=\"name\">Jorge Ruiz Caballero<\/h4><div class=\"left\"><img decoding=\"async\" src=\"https:\/\/www.dexeus.com\/sites\/default\/files\/styles\/equipo_medico\/public\/images\/equipo-medico\/jorge-ruiz-caballero.png?itok=KO--lWe3\" alt=\"Jorge Ruiz Caballero\" \/><\/div><div class=\"right\"><div class=\"position\">M\u00e9decin-adjoint<\/div><div class=\"centers\"><span class=\"label\">Centres: <\/span>Barcelone<\/div><div class=\"languages\"><span class=\"label\">Langues: <\/span>Espagnol<\/div><div class=\"specialities\"><span class=\"label\">Sp\u00e9cialit\u00e9s: <\/span>Gyn\u00e9cologie G\u00e9n\u00e9rale, Plancher Pelvien (Uro-gyn\u00e9cologie)<\/div><\/div><div class=\"description\"><\/div><\/div><\/div><\/div><\/div><div class=\"mt-item hide\" data-name=\"Karely J. Ruiz Ordonez\" data-languages=\"Espagnol|||Anglais\" data-centers=\"Reus\" data-medspec=\"42\" data-medarea=\"41\"><div class=\"mt-item-inner\"><div class=\"photo\"><a href=\"#\"><img decoding=\"async\" src=\"https:\/\/www.dexeus.com\/sites\/default\/files\/styles\/equipo_medico\/public\/images\/equipo-medico\/karely-jeannine-ruiz-ordonez.png?itok=FsdtshDN\" alt=\"Karely J. Ruiz Ordonez\" \/><\/a><\/div><div class=\"name\"><a href=\"#\">Karely J. Ruiz Ordonez<\/a><\/div><div class=\"position\">M\u00e9decin-adjoint, Service de Diagnostic Gyn\u00e9cologique par Image<\/div><\/div><div class=\"mt-item-overlay\"><div class=\"mt-item-overlay-inner\"><a href=\"#\" class=\"close\"><\/a><div class=\"mt-item-details\"><h4 class=\"name\">Karely J. Ruiz Ordonez<\/h4><div class=\"left\"><img decoding=\"async\" src=\"https:\/\/www.dexeus.com\/sites\/default\/files\/styles\/equipo_medico\/public\/images\/equipo-medico\/karely-jeannine-ruiz-ordonez.png?itok=FsdtshDN\" alt=\"Karely J. Ruiz Ordonez\" \/><\/div><div class=\"right\"><div class=\"position\">M\u00e9decin-adjoint, Service de Diagnostic Gyn\u00e9cologique par Image<\/div><div class=\"centers\"><span class=\"label\">Centres: <\/span>Reus<\/div><div class=\"languages\"><span class=\"label\">Langues: <\/span>Espagnol, Anglais<\/div><div class=\"specialities\"><span class=\"label\">Sp\u00e9cialit\u00e9s: <\/span>Diagnostic Gyn\u00e9cologique par l\u2019Image<\/div><\/div><div class=\"description\"><\/div><\/div><\/div><\/div><\/div><div class=\"mt-item hide\" data-name=\"Raquel Saiz Viv\u00f3\" data-languages=\"Espagnol|||Catalan\" data-centers=\"Barcelone\" data-medspec=\"1126|||4|||6|||16\" data-medarea=\"3|||2\"><div class=\"mt-item-inner\"><div class=\"photo\"><a href=\"#\"><img decoding=\"async\" src=\"https:\/\/www.dexeus.com\/sites\/default\/files\/styles\/equipo_medico\/public\/images\/equipo-humano\/raquel-saiz-vivo.png?itok=956fUU4y\" alt=\"Raquel Saiz Viv\u00f3\" \/><\/a><\/div><div class=\"name\"><a href=\"#\">Raquel Saiz Viv\u00f3<\/a><\/div><div class=\"position\">M\u00e9decin<\/div><\/div><div class=\"mt-item-overlay\"><div class=\"mt-item-overlay-inner\"><a href=\"#\" class=\"close\"><\/a><div class=\"mt-item-details\"><h4 class=\"name\">Raquel Saiz Viv\u00f3<\/h4><div class=\"left\"><img decoding=\"async\" src=\"https:\/\/www.dexeus.com\/sites\/default\/files\/styles\/equipo_medico\/public\/images\/equipo-humano\/raquel-saiz-vivo.png?itok=956fUU4y\" alt=\"Raquel Saiz Viv\u00f3\" \/><\/div><div class=\"right\"><div class=\"position\">M\u00e9decin<\/div><div class=\"centers\"><span class=\"label\">Centres: <\/span>Barcelone<\/div><div class=\"languages\"><span class=\"label\">Langues: <\/span>Espagnol, Catalan<\/div><div class=\"specialities\"><span class=\"label\">Sp\u00e9cialit\u00e9s: <\/span>Gardes dans la salle d&#039;accouchement, Assistance avant la Grossesse, Grossesse et Accouchement, Gyn\u00e9cologie G\u00e9n\u00e9rale<\/div><\/div><div class=\"description\"><\/div><\/div><\/div><\/div><\/div><div class=\"mt-item hide\" data-name=\"Olga Salas Torrents\" data-languages=\"Espagnol|||Catalan\" data-centers=\"Tarragone|||Reus\" data-medspec=\"14|||16|||19|||23|||27\" data-medarea=\"2\"><div class=\"mt-item-inner\"><div class=\"photo\"><a href=\"#\"><img decoding=\"async\" src=\"https:\/\/www.dexeus.com\/sites\/default\/files\/styles\/equipo_medico\/public\/images\/equipo-medico\/olga-salas-torrents.png?itok=JpWYlH0G\" alt=\"Olga Salas Torrents\" \/><\/a><\/div><div class=\"name\"><a href=\"#\">Olga Salas Torrents<\/a><\/div><div class=\"position\">M\u00e9decin-adjoint<\/div><\/div><div class=\"mt-item-overlay\"><div class=\"mt-item-overlay-inner\"><a href=\"#\" class=\"close\"><\/a><div class=\"mt-item-details\"><h4 class=\"name\">Olga Salas Torrents<\/h4><div class=\"left\"><img decoding=\"async\" src=\"https:\/\/www.dexeus.com\/sites\/default\/files\/styles\/equipo_medico\/public\/images\/equipo-medico\/olga-salas-torrents.png?itok=JpWYlH0G\" alt=\"Olga Salas Torrents\" \/><\/div><div class=\"right\"><div class=\"position\">M\u00e9decin-adjoint<\/div><div class=\"centers\"><span class=\"label\">Centres: <\/span>Tarragone, Reus<\/div><div class=\"languages\"><span class=\"label\">Langues: <\/span>Espagnol, Catalan<\/div><div class=\"specialities\"><span class=\"label\">Sp\u00e9cialit\u00e9s: <\/span>Maladie Inflammatoire Pelvienne, Gyn\u00e9cologie G\u00e9n\u00e9rale, Infections de transmission sexuelle, Pathologie du Tractus G\u00e9nital Inf\u00e9rieur, Vaccination HPV<\/div><\/div><div class=\"description\"><\/div><\/div><\/div><\/div><\/div><div class=\"mt-item hide\" data-name=\"Sulimar Salazar Maldonado\" data-languages=\"Espagnol|||Catalan|||Anglais\" data-centers=\"Barcelone|||Sabadell\" data-medspec=\"42\" data-medarea=\"41\"><div class=\"mt-item-inner\"><div class=\"photo\"><a href=\"#\"><img decoding=\"async\" src=\"https:\/\/www.dexeus.com\/sites\/default\/files\/styles\/equipo_medico\/public\/images\/equipo-medico\/sulimar-salazar-maldonado.png?itok=sSbi2jAo\" alt=\"Sulimar Salazar Maldonado\" \/><\/a><\/div><div class=\"name\"><a href=\"#\">Sulimar Salazar Maldonado<\/a><\/div><div class=\"position\">M\u00e9decin-adjoint, Service de Diagnostic Gyn\u00e9cologique par Image<\/div><\/div><div class=\"mt-item-overlay\"><div class=\"mt-item-overlay-inner\"><a href=\"#\" class=\"close\"><\/a><div class=\"mt-item-details\"><h4 class=\"name\">Sulimar Salazar Maldonado<\/h4><div class=\"left\"><img decoding=\"async\" src=\"https:\/\/www.dexeus.com\/sites\/default\/files\/styles\/equipo_medico\/public\/images\/equipo-medico\/sulimar-salazar-maldonado.png?itok=sSbi2jAo\" alt=\"Sulimar Salazar Maldonado\" \/><\/div><div class=\"right\"><div class=\"position\">M\u00e9decin-adjoint, Service de Diagnostic Gyn\u00e9cologique par Image<\/div><div class=\"centers\"><span class=\"label\">Centres: <\/span>Barcelone, Sabadell<\/div><div class=\"languages\"><span class=\"label\">Langues: <\/span>Espagnol, Catalan, Anglais<\/div><div class=\"specialities\"><span class=\"label\">Sp\u00e9cialit\u00e9s: <\/span>Diagnostic Gyn\u00e9cologique par l\u2019Image<\/div><\/div><div class=\"description\"><\/div><\/div><\/div><\/div><\/div><div class=\"mt-item hide\" data-name=\"Juan R. Salinas Pe\u00f1a\" data-languages=\"Espagnol|||Catalan|||Anglais\" data-centers=\"Tarragone\" data-medspec=\"16|||26|||17|||23|||11\" data-medarea=\"2\"><div class=\"mt-item-inner\"><div class=\"photo\"><a href=\"#\"><img decoding=\"async\" src=\"https:\/\/www.dexeus.com\/sites\/default\/files\/styles\/equipo_medico\/public\/images\/equipo-humano\/juan-r-salinas-pena.png?itok=lpG9GoVb\" alt=\"Juan R. Salinas Pe\u00f1a\" \/><\/a><\/div><div class=\"name\"><a href=\"#\">Juan R. Salinas Pe\u00f1a<\/a><\/div><div class=\"position\">M\u00e9decin-adjoint<\/div><\/div><div class=\"mt-item-overlay\"><div class=\"mt-item-overlay-inner\"><a href=\"#\" class=\"close\"><\/a><div class=\"mt-item-details\"><h4 class=\"name\">Juan R. Salinas Pe\u00f1a<\/h4><div class=\"left\"><img decoding=\"async\" src=\"https:\/\/www.dexeus.com\/sites\/default\/files\/styles\/equipo_medico\/public\/images\/equipo-humano\/juan-r-salinas-pena.png?itok=lpG9GoVb\" alt=\"Juan R. Salinas Pe\u00f1a\" \/><\/div><div class=\"right\"><div class=\"position\">M\u00e9decin-adjoint<\/div><div class=\"centers\"><span class=\"label\">Centres: <\/span>Tarragone<\/div><div class=\"languages\"><span class=\"label\">Langues: <\/span>Espagnol, Catalan, Anglais<\/div><div class=\"specialities\"><span class=\"label\">Sp\u00e9cialit\u00e9s: <\/span>Gyn\u00e9cologie G\u00e9n\u00e9rale, Plancher Pelvien (Uro-gyn\u00e9cologie), Gyn\u00e9cologie Oncologique (Cancer gyn\u00e9cologique et du sein), Pathologie du Tractus G\u00e9nital Inf\u00e9rieur, Chirurgie Gyn\u00e9cologique<\/div><\/div><div class=\"description\"><\/div><\/div><\/div><\/div><\/div><div class=\"mt-item \" data-name=\"Teresa S\u00e1nchez Escofet\" data-languages=\"Espagnol|||Catalan\" data-centers=\"Reus\" data-medspec=\"16|||4|||1164|||29|||35|||36|||40\" data-medarea=\"2|||3|||28\"><div class=\"mt-item-inner\"><div class=\"photo\"><a href=\"#\"><img decoding=\"async\" src=\"https:\/\/www.dexeus.com\/sites\/default\/files\/styles\/equipo_medico\/public\/images\/equipo-medico\/teresa-sanchez-escofet.png?itok=A_g6KP85\" alt=\"Teresa S\u00e1nchez Escofet\" \/><\/a><\/div><div class=\"name\"><a href=\"#\">Teresa S\u00e1nchez Escofet<\/a><\/div><div class=\"position\">M\u00e9decin-adjoint<\/div><\/div><div class=\"mt-item-overlay\"><div class=\"mt-item-overlay-inner\"><a href=\"#\" class=\"close\"><\/a><div class=\"mt-item-details\"><h4 class=\"name\">Teresa S\u00e1nchez Escofet<\/h4><div class=\"left\"><img decoding=\"async\" src=\"https:\/\/www.dexeus.com\/sites\/default\/files\/styles\/equipo_medico\/public\/images\/equipo-medico\/teresa-sanchez-escofet.png?itok=A_g6KP85\" alt=\"Teresa S\u00e1nchez Escofet\" \/><\/div><div class=\"right\"><div class=\"position\">M\u00e9decin-adjoint<\/div><div class=\"centers\"><span class=\"label\">Centres: <\/span>Reus<\/div><div class=\"languages\"><span class=\"label\">Langues: <\/span>Espagnol, Catalan<\/div><div class=\"specialities\"><span class=\"label\">Sp\u00e9cialit\u00e9s: <\/span>Gyn\u00e9cologie G\u00e9n\u00e9rale, Assistance avant la Grossesse, Grossesse, Fausses couches \u00e0 R\u00e9p\u00e9tition (Infertilit\u00e9), \u00c9tude Int\u00e9gr\u00e9e de St\u00e9rilit\u00e9, Infertlit\u00e9, Techniques de Reproduction Assist\u00e9e<\/div><\/div><div class=\"description\"><\/div><\/div><\/div><\/div><\/div><div class=\"mt-item hide\" data-name=\"Jesus A. Sanchez Monta\u00f1ez\" data-languages=\"Espagnol\" data-centers=\"Reus\" data-medspec=\"4|||6|||16\" data-medarea=\"3|||2\"><div class=\"mt-item-inner\"><div class=\"photo\"><a href=\"#\"><img decoding=\"async\" src=\"https:\/\/www.dexeus.com\/sites\/default\/files\/styles\/equipo_medico\/public\/images\/equipo-humano\/jesus-alejandro-sanchez-montanez.png?itok=8b_S0J3q\" alt=\"Jesus A. Sanchez Monta\u00f1ez\" \/><\/a><\/div><div class=\"name\"><a href=\"#\">Jesus A. Sanchez Monta\u00f1ez<\/a><\/div><div class=\"position\">M\u00e9decin-adjoint<\/div><\/div><div class=\"mt-item-overlay\"><div class=\"mt-item-overlay-inner\"><a href=\"#\" class=\"close\"><\/a><div class=\"mt-item-details\"><h4 class=\"name\">Jesus A. Sanchez Monta\u00f1ez<\/h4><div class=\"left\"><img decoding=\"async\" src=\"https:\/\/www.dexeus.com\/sites\/default\/files\/styles\/equipo_medico\/public\/images\/equipo-humano\/jesus-alejandro-sanchez-montanez.png?itok=8b_S0J3q\" alt=\"Jesus A. Sanchez Monta\u00f1ez\" \/><\/div><div class=\"right\"><div class=\"position\">M\u00e9decin-adjoint<\/div><div class=\"centers\"><span class=\"label\">Centres: <\/span>Reus<\/div><div class=\"languages\"><span class=\"label\">Langues: <\/span>Espagnol<\/div><div class=\"specialities\"><span class=\"label\">Sp\u00e9cialit\u00e9s: <\/span>Assistance avant la Grossesse, Grossesse et Accouchement, Gyn\u00e9cologie G\u00e9n\u00e9rale<\/div><\/div><div class=\"description\"><\/div><\/div><\/div><\/div><\/div><div class=\"mt-item hide\" data-name=\"Manuel S\u00e1nchez Prieto\" data-languages=\"Espagnol|||Catalan\" data-centers=\"Sant Cugat\" data-medspec=\"4|||6|||16|||21\" data-medarea=\"3|||2\"><div class=\"mt-item-inner\"><div class=\"photo\"><a href=\"#\"><img decoding=\"async\" src=\"https:\/\/www.dexeus.com\/sites\/default\/files\/styles\/equipo_medico\/public\/images\/equipo_medico\/manuel-sanchez-prieto.png?itok=JpB4HzL1\" alt=\"Manuel S\u00e1nchez Prieto\" \/><\/a><\/div><div class=\"name\"><a href=\"#\">Manuel S\u00e1nchez Prieto<\/a><\/div><div class=\"position\">M\u00e9decin-adjoint<\/div><\/div><div class=\"mt-item-overlay\"><div class=\"mt-item-overlay-inner\"><a href=\"#\" class=\"close\"><\/a><div class=\"mt-item-details\"><h4 class=\"name\">Manuel S\u00e1nchez Prieto<\/h4><div class=\"left\"><img decoding=\"async\" src=\"https:\/\/www.dexeus.com\/sites\/default\/files\/styles\/equipo_medico\/public\/images\/equipo_medico\/manuel-sanchez-prieto.png?itok=JpB4HzL1\" alt=\"Manuel S\u00e1nchez Prieto\" \/><\/div><div class=\"right\"><div class=\"position\">M\u00e9decin-adjoint<\/div><div class=\"centers\"><span class=\"label\">Centres: <\/span>Sant Cugat<\/div><div class=\"languages\"><span class=\"label\">Langues: <\/span>Espagnol, Catalan<\/div><div class=\"specialities\"><span class=\"label\">Sp\u00e9cialit\u00e9s: <\/span>Assistance avant la Grossesse, Grossesse et Accouchement, Gyn\u00e9cologie G\u00e9n\u00e9rale, M\u00e9nopause<\/div><\/div><div class=\"description\"><\/div><\/div><\/div><\/div><\/div><div class=\"mt-item hide\" data-name=\"Gonzalo S\u00e1nchez Rubio\" data-languages=\"Espagnol\" data-centers=\"Tarragone\" data-medspec=\"16\" data-medarea=\"2\"><div class=\"mt-item-inner\"><div class=\"photo\"><a href=\"#\"><img decoding=\"async\" src=\"https:\/\/www.dexeus.com\/sites\/default\/files\/styles\/equipo_medico\/public\/images\/equipo-humano\/gonzalo-sanchez-rubio.png?itok=FVIhYYn9\" alt=\"Gonzalo S\u00e1nchez Rubio\" \/><\/a><\/div><div class=\"name\"><a href=\"#\">Gonzalo S\u00e1nchez Rubio<\/a><\/div><div class=\"position\">M\u00e9decin-adjoint<\/div><\/div><div class=\"mt-item-overlay\"><div class=\"mt-item-overlay-inner\"><a href=\"#\" class=\"close\"><\/a><div class=\"mt-item-details\"><h4 class=\"name\">Gonzalo S\u00e1nchez Rubio<\/h4><div class=\"left\"><img decoding=\"async\" src=\"https:\/\/www.dexeus.com\/sites\/default\/files\/styles\/equipo_medico\/public\/images\/equipo-humano\/gonzalo-sanchez-rubio.png?itok=FVIhYYn9\" alt=\"Gonzalo S\u00e1nchez Rubio\" \/><\/div><div class=\"right\"><div class=\"position\">M\u00e9decin-adjoint<\/div><div class=\"centers\"><span class=\"label\">Centres: <\/span>Tarragone<\/div><div class=\"languages\"><span class=\"label\">Langues: <\/span>Espagnol<\/div><div class=\"specialities\"><span class=\"label\">Sp\u00e9cialit\u00e9s: <\/span>Gyn\u00e9cologie G\u00e9n\u00e9rale<\/div><\/div><div class=\"description\"><\/div><\/div><\/div><\/div><\/div><div class=\"mt-item hide\" data-name=\"Maria C. Sanchez Silva\" data-languages=\"Espagnol|||Catalan|||Anglais\" data-centers=\"Barcelone\" data-medspec=\"42\" data-medarea=\"41\"><div class=\"mt-item-inner\"><div class=\"photo\"><a href=\"#\"><img decoding=\"async\" src=\"https:\/\/www.dexeus.com\/sites\/default\/files\/styles\/equipo_medico\/public\/images\/equipo-medico\/maria-cecilia-sanchez-silva.png?itok=6aLNAAeQ\" alt=\"Maria C. Sanchez Silva\" \/><\/a><\/div><div class=\"name\"><a href=\"#\">Maria C. Sanchez Silva<\/a><\/div><div class=\"position\">M\u00e9decin-adjoint, Service de Diagnostic Gyn\u00e9cologique par Image<\/div><\/div><div class=\"mt-item-overlay\"><div class=\"mt-item-overlay-inner\"><a href=\"#\" class=\"close\"><\/a><div class=\"mt-item-details\"><h4 class=\"name\">Maria C. Sanchez Silva<\/h4><div class=\"left\"><img decoding=\"async\" src=\"https:\/\/www.dexeus.com\/sites\/default\/files\/styles\/equipo_medico\/public\/images\/equipo-medico\/maria-cecilia-sanchez-silva.png?itok=6aLNAAeQ\" alt=\"Maria C. Sanchez Silva\" \/><\/div><div class=\"right\"><div class=\"position\">M\u00e9decin-adjoint, Service de Diagnostic Gyn\u00e9cologique par Image<\/div><div class=\"centers\"><span class=\"label\">Centres: <\/span>Barcelone<\/div><div class=\"languages\"><span class=\"label\">Langues: <\/span>Espagnol, Catalan, Anglais<\/div><div class=\"specialities\"><span class=\"label\">Sp\u00e9cialit\u00e9s: <\/span>Diagnostic Gyn\u00e9cologique par l\u2019Image<\/div><\/div><div class=\"description\"><p>\u00a0<\/p><\/div><\/div><\/div><\/div><\/div><div class=\"mt-item hide\" data-name=\"Ramon Santisteve Prat\" data-languages=\"Espagnol|||Catalan\" data-centers=\"Manresa\" data-medspec=\"4|||6|||16\" data-medarea=\"3|||2\"><div class=\"mt-item-inner\"><div class=\"photo\"><a href=\"#\"><img decoding=\"async\" src=\"https:\/\/www.dexeus.com\/sites\/default\/files\/styles\/equipo_medico\/public\/images\/equipo-medico\/ramon-santisteve-prat.png?itok=adYZFjsW\" alt=\"Ramon Santisteve Prat\" \/><\/a><\/div><div class=\"name\"><a href=\"#\">Ramon Santisteve Prat<\/a><\/div><div class=\"position\">M\u00e9decin-adjoint<\/div><\/div><div class=\"mt-item-overlay\"><div class=\"mt-item-overlay-inner\"><a href=\"#\" class=\"close\"><\/a><div class=\"mt-item-details\"><h4 class=\"name\">Ramon Santisteve Prat<\/h4><div class=\"left\"><img decoding=\"async\" src=\"https:\/\/www.dexeus.com\/sites\/default\/files\/styles\/equipo_medico\/public\/images\/equipo-medico\/ramon-santisteve-prat.png?itok=adYZFjsW\" alt=\"Ramon Santisteve Prat\" \/><\/div><div class=\"right\"><div class=\"position\">M\u00e9decin-adjoint<\/div><div class=\"centers\"><span class=\"label\">Centres: <\/span>Manresa<\/div><div class=\"languages\"><span class=\"label\">Langues: <\/span>Espagnol, Catalan<\/div><div class=\"specialities\"><span class=\"label\">Sp\u00e9cialit\u00e9s: <\/span>Assistance avant la Grossesse, Grossesse et Accouchement, Gyn\u00e9cologie G\u00e9n\u00e9rale<\/div><\/div><div class=\"description\"><\/div><\/div><\/div><\/div><\/div><div class=\"mt-item hide\" data-name=\"Mariona Serra Delgado\" data-languages=\"Espagnol|||Catalan\" data-centers=\"Sant Cugat\" data-medspec=\"4|||6|||16\" data-medarea=\"3|||2\"><div class=\"mt-item-inner\"><div class=\"photo\"><a href=\"#\"><img decoding=\"async\" src=\"https:\/\/www.dexeus.com\/sites\/default\/files\/styles\/equipo_medico\/public\/images\/equipo-humano\/mariona-serra-delgado.png?itok=XLbkyBlO\" alt=\"Mariona Serra Delgado\" \/><\/a><\/div><div class=\"name\"><a href=\"#\">Mariona Serra Delgado<\/a><\/div><div class=\"position\">M\u00e9decin-adjoint<\/div><\/div><div class=\"mt-item-overlay\"><div class=\"mt-item-overlay-inner\"><a href=\"#\" class=\"close\"><\/a><div class=\"mt-item-details\"><h4 class=\"name\">Mariona Serra Delgado<\/h4><div class=\"left\"><img decoding=\"async\" src=\"https:\/\/www.dexeus.com\/sites\/default\/files\/styles\/equipo_medico\/public\/images\/equipo-humano\/mariona-serra-delgado.png?itok=XLbkyBlO\" alt=\"Mariona Serra Delgado\" \/><\/div><div class=\"right\"><div class=\"position\">M\u00e9decin-adjoint<\/div><div class=\"centers\"><span class=\"label\">Centres: <\/span>Sant Cugat<\/div><div class=\"languages\"><span class=\"label\">Langues: <\/span>Espagnol, Catalan<\/div><div class=\"specialities\"><span class=\"label\">Sp\u00e9cialit\u00e9s: <\/span>Assistance avant la Grossesse, Grossesse et Accouchement, Gyn\u00e9cologie G\u00e9n\u00e9rale<\/div><\/div><div class=\"description\"><\/div><\/div><\/div><\/div><\/div><div class=\"mt-item hide\" data-name=\"Marta Sim\u00f3n Coll\" data-languages=\"Espagnol|||Catalan\" data-centers=\"Barcelone\" data-medspec=\"16|||18|||42|||4|||6\" data-medarea=\"2|||41|||3\"><div class=\"mt-item-inner\"><div class=\"photo\"><a href=\"#\"><img decoding=\"async\" src=\"https:\/\/www.dexeus.com\/sites\/default\/files\/styles\/equipo_medico\/public\/images\/equipo_humano\/marta-simon-coll.png?itok=lChjVRYC\" alt=\"Marta Sim\u00f3n Coll\" \/><\/a><\/div><div class=\"name\"><a href=\"#\">Marta Sim\u00f3n Coll<\/a><\/div><div class=\"position\">M\u00e9decin-adjoint<\/div><\/div><div class=\"mt-item-overlay\"><div class=\"mt-item-overlay-inner\"><a href=\"#\" class=\"close\"><\/a><div class=\"mt-item-details\"><h4 class=\"name\">Marta Sim\u00f3n Coll<\/h4><div class=\"left\"><img decoding=\"async\" src=\"https:\/\/www.dexeus.com\/sites\/default\/files\/styles\/equipo_medico\/public\/images\/equipo_humano\/marta-simon-coll.png?itok=lChjVRYC\" alt=\"Marta Sim\u00f3n Coll\" \/><\/div><div class=\"right\"><div class=\"position\">M\u00e9decin-adjoint<\/div><div class=\"centers\"><span class=\"label\">Centres: <\/span>Barcelone<\/div><div class=\"languages\"><span class=\"label\">Langues: <\/span>Espagnol, Catalan<\/div><div class=\"specialities\"><span class=\"label\">Sp\u00e9cialit\u00e9s: <\/span>Gyn\u00e9cologie G\u00e9n\u00e9rale, Hyst\u00e9roscopie, Diagnostic Gyn\u00e9cologique par l\u2019Image, Assistance avant la Grossesse, Grossesse et Accouchement<\/div><\/div><div class=\"description\"><p>\u00a0<\/p><\/div><\/div><\/div><\/div><\/div><div class=\"mt-item \" data-name=\"Piotr Sokol\" data-languages=\"Espagnol|||Catalan|||Anglais|||Polonais\" data-centers=\"Barcelone\" data-medspec=\"10|||16|||29|||33|||34|||35|||37|||38|||40|||43|||30|||50\" data-medarea=\"2|||28|||41|||48\"><div class=\"mt-item-inner\"><div class=\"photo\"><a href=\"#\"><img decoding=\"async\" src=\"https:\/\/www.dexeus.com\/sites\/default\/files\/styles\/equipo_medico\/public\/images\/equipo_humano\/piotr-sokol.png?itok=v7tuP9pF\" alt=\"Piotr Sokol\" \/><\/a><\/div><div class=\"name\"><a href=\"#\">Piotr Sokol<\/a><\/div><div class=\"position\">M\u00e9decin-adjoint, Andrologue<\/div><\/div><div class=\"mt-item-overlay\"><div class=\"mt-item-overlay-inner\"><a href=\"#\" class=\"close\"><\/a><div class=\"mt-item-details\"><h4 class=\"name\">Piotr Sokol<\/h4><div class=\"left\"><img decoding=\"async\" src=\"https:\/\/www.dexeus.com\/sites\/default\/files\/styles\/equipo_medico\/public\/images\/equipo_humano\/piotr-sokol.png?itok=v7tuP9pF\" alt=\"Piotr Sokol\" \/><\/div><div class=\"right\"><div class=\"position\">M\u00e9decin-adjoint, Andrologue<\/div><div class=\"centers\"><span class=\"label\">Centres: <\/span>Barcelone<\/div><div class=\"languages\"><span class=\"label\">Langues: <\/span>Espagnol, Catalan, Anglais, Polonais<\/div><div class=\"specialities\"><span class=\"label\">Sp\u00e9cialit\u00e9s: <\/span>Contraception, Gyn\u00e9cologie G\u00e9n\u00e9rale, Fausses couches \u00e0 R\u00e9p\u00e9tition (Infertilit\u00e9), Endocrinologie Gyn\u00e9cologique, Endocrinologie de la reproduction, \u00c9tude Int\u00e9gr\u00e9e de St\u00e9rilit\u00e9, Pr\u00e9servation de la fertilit\u00e9, Programme de don d\u2019ovocytes, Techniques de Reproduction Assist\u00e9e, \u00c9chographie de la Reproduction, Andrologie, Fertilit\u00e9 masculine<\/div><\/div><div class=\"description\"><p>\u00a0<\/p><\/div><\/div><\/div><\/div><\/div><div class=\"mt-item \" data-name=\"Roser Solernou Soler\" data-languages=\"Espagnol|||Catalan|||Anglais\" data-centers=\"Barcelone\" data-medspec=\"35|||37|||40\" data-medarea=\"28\"><div class=\"mt-item-inner\"><div class=\"photo\"><a href=\"#\"><img decoding=\"async\" src=\"https:\/\/www.dexeus.com\/sites\/default\/files\/styles\/equipo_medico\/public\/images\/equipo-humano\/roser-solernou-soler.png?itok=M01r8NEC\" alt=\"Roser Solernou Soler\" \/><\/a><\/div><div class=\"name\"><a href=\"#\">Roser Solernou Soler<\/a><\/div><div class=\"position\">M\u00e9decin-adjoint<\/div><\/div><div class=\"mt-item-overlay\"><div class=\"mt-item-overlay-inner\"><a href=\"#\" class=\"close\"><\/a><div class=\"mt-item-details\"><h4 class=\"name\">Roser Solernou Soler<\/h4><div class=\"left\"><img decoding=\"async\" src=\"https:\/\/www.dexeus.com\/sites\/default\/files\/styles\/equipo_medico\/public\/images\/equipo-humano\/roser-solernou-soler.png?itok=M01r8NEC\" alt=\"Roser Solernou Soler\" \/><\/div><div class=\"right\"><div class=\"position\">M\u00e9decin-adjoint<\/div><div class=\"centers\"><span class=\"label\">Centres: <\/span>Barcelone<\/div><div class=\"languages\"><span class=\"label\">Langues: <\/span>Espagnol, Catalan, Anglais<\/div><div class=\"specialities\"><span class=\"label\">Sp\u00e9cialit\u00e9s: <\/span>\u00c9tude Int\u00e9gr\u00e9e de St\u00e9rilit\u00e9, Pr\u00e9servation de la fertilit\u00e9, Techniques de Reproduction Assist\u00e9e<\/div><\/div><div class=\"description\"><\/div><\/div><\/div><\/div><\/div><div class=\"mt-item \" data-name=\"Marina Solsona Caba\" data-languages=\"Espagnol|||Catalan|||Anglais|||Fran\u00e7ais\" data-centers=\"Barcelone\" data-medspec=\"35|||37|||40\" data-medarea=\"28\"><div class=\"mt-item-inner\"><div class=\"photo\"><a href=\"#\"><img decoding=\"async\" src=\"https:\/\/www.dexeus.com\/sites\/default\/files\/styles\/equipo_medico\/public\/images\/equipo-humano\/marina-solsona-caba.png?itok=3mk83ysn\" alt=\"Marina Solsona Caba\" \/><\/a><\/div><div class=\"name\"><a href=\"#\">Marina Solsona Caba<\/a><\/div><div class=\"position\">M\u00e9decin-adjoint<\/div><\/div><div class=\"mt-item-overlay\"><div class=\"mt-item-overlay-inner\"><a href=\"#\" class=\"close\"><\/a><div class=\"mt-item-details\"><h4 class=\"name\">Marina Solsona Caba<\/h4><div class=\"left\"><img decoding=\"async\" src=\"https:\/\/www.dexeus.com\/sites\/default\/files\/styles\/equipo_medico\/public\/images\/equipo-humano\/marina-solsona-caba.png?itok=3mk83ysn\" alt=\"Marina Solsona Caba\" \/><\/div><div class=\"right\"><div class=\"position\">M\u00e9decin-adjoint<\/div><div class=\"centers\"><span class=\"label\">Centres: <\/span>Barcelone<\/div><div class=\"languages\"><span class=\"label\">Langues: <\/span>Espagnol, Catalan, Anglais, Fran\u00e7ais<\/div><div class=\"specialities\"><span class=\"label\">Sp\u00e9cialit\u00e9s: <\/span>\u00c9tude Int\u00e9gr\u00e9e de St\u00e9rilit\u00e9, Pr\u00e9servation de la fertilit\u00e9, Techniques de Reproduction Assist\u00e9e<\/div><\/div><div class=\"description\"><\/div><\/div><\/div><\/div><\/div><div class=\"mt-item hide\" data-name=\"Naual Souliman Aulad\" data-languages=\"Espagnol|||Catalan\" data-centers=\"Sant Cugat\" data-medspec=\"4|||6|||16\" data-medarea=\"3|||2\"><div class=\"mt-item-inner\"><div class=\"photo\"><a href=\"#\"><img decoding=\"async\" src=\"https:\/\/www.dexeus.com\/sites\/default\/files\/styles\/equipo_medico\/public\/images\/equipo_humano\/naual-souliman-aulad.png?itok=fbWBcYXN\" alt=\"Naual Souliman Aulad\" \/><\/a><\/div><div class=\"name\"><a href=\"#\">Naual Souliman Aulad<\/a><\/div><div class=\"position\">M\u00e9decin-adjoint<\/div><\/div><div class=\"mt-item-overlay\"><div class=\"mt-item-overlay-inner\"><a href=\"#\" class=\"close\"><\/a><div class=\"mt-item-details\"><h4 class=\"name\">Naual Souliman Aulad<\/h4><div class=\"left\"><img decoding=\"async\" src=\"https:\/\/www.dexeus.com\/sites\/default\/files\/styles\/equipo_medico\/public\/images\/equipo_humano\/naual-souliman-aulad.png?itok=fbWBcYXN\" alt=\"Naual Souliman Aulad\" \/><\/div><div class=\"right\"><div class=\"position\">M\u00e9decin-adjoint<\/div><div class=\"centers\"><span class=\"label\">Centres: <\/span>Sant Cugat<\/div><div class=\"languages\"><span class=\"label\">Langues: <\/span>Espagnol, Catalan<\/div><div class=\"specialities\"><span class=\"label\">Sp\u00e9cialit\u00e9s: <\/span>Assistance avant la Grossesse, Grossesse et Accouchement, Gyn\u00e9cologie G\u00e9n\u00e9rale<\/div><\/div><div class=\"description\"><\/div><\/div><\/div><\/div><\/div><div class=\"mt-item hide\" data-name=\"Scarlet A. Suarez Florez\" data-languages=\"Espagnol\" data-centers=\"Barcelone\" data-medspec=\"1126\" data-medarea=\"3\"><div class=\"mt-item-inner\"><div class=\"photo\"><a href=\"#\"><img decoding=\"async\" src=\"https:\/\/www.dexeus.com\/sites\/default\/files\/styles\/equipo_medico\/public\/images\/equipo-humano\/scarlet-suarez-florez.png?itok=0GOFcFqw\" alt=\"Scarlet A. Suarez Florez\" \/><\/a><\/div><div class=\"name\"><a href=\"#\">Scarlet A. Suarez Florez<\/a><\/div><div class=\"position\">M\u00e9decin<\/div><\/div><div class=\"mt-item-overlay\"><div class=\"mt-item-overlay-inner\"><a href=\"#\" class=\"close\"><\/a><div class=\"mt-item-details\"><h4 class=\"name\">Scarlet A. Suarez Florez<\/h4><div class=\"left\"><img decoding=\"async\" src=\"https:\/\/www.dexeus.com\/sites\/default\/files\/styles\/equipo_medico\/public\/images\/equipo-humano\/scarlet-suarez-florez.png?itok=0GOFcFqw\" alt=\"Scarlet A. Suarez Florez\" \/><\/div><div class=\"right\"><div class=\"position\">M\u00e9decin<\/div><div class=\"centers\"><span class=\"label\">Centres: <\/span>Barcelone<\/div><div class=\"languages\"><span class=\"label\">Langues: <\/span>Espagnol<\/div><div class=\"specialities\"><span class=\"label\">Sp\u00e9cialit\u00e9s: <\/span>Gardes dans la salle d&#039;accouchement<\/div><\/div><div class=\"description\"><\/div><\/div><\/div><\/div><\/div><div class=\"mt-item hide\" data-name=\"Marta Sylka\" data-languages=\"Espagnol\" data-centers=\"Barcelone\" data-medspec=\"1126\" data-medarea=\"3\"><div class=\"mt-item-inner\"><div class=\"photo\"><a href=\"#\"><img decoding=\"async\" src=\"https:\/\/www.dexeus.com\/sites\/default\/files\/styles\/equipo_medico\/public\/images\/equipo-humano\/marta-sylka.png?itok=P-nRSda8\" alt=\"Marta Sylka\" \/><\/a><\/div><div class=\"name\"><a href=\"#\">Marta Sylka<\/a><\/div><div class=\"position\">M\u00e9decin<\/div><\/div><div class=\"mt-item-overlay\"><div class=\"mt-item-overlay-inner\"><a href=\"#\" class=\"close\"><\/a><div class=\"mt-item-details\"><h4 class=\"name\">Marta Sylka<\/h4><div class=\"left\"><img decoding=\"async\" src=\"https:\/\/www.dexeus.com\/sites\/default\/files\/styles\/equipo_medico\/public\/images\/equipo-humano\/marta-sylka.png?itok=P-nRSda8\" alt=\"Marta Sylka\" \/><\/div><div class=\"right\"><div class=\"position\">M\u00e9decin<\/div><div class=\"centers\"><span class=\"label\">Centres: <\/span>Barcelone<\/div><div class=\"languages\"><span class=\"label\">Langues: <\/span>Espagnol<\/div><div class=\"specialities\"><span class=\"label\">Sp\u00e9cialit\u00e9s: <\/span>Gardes dans la salle d&#039;accouchement<\/div><\/div><div class=\"description\"><\/div><\/div><\/div><\/div><\/div><div class=\"mt-item hide\" data-name=\"Flora Terrel Molina\" data-languages=\"Espagnol|||Catalan|||Anglais\" data-centers=\"Barcelone\" data-medspec=\"42\" data-medarea=\"41\"><div class=\"mt-item-inner\"><div class=\"photo\"><a href=\"#\"><img decoding=\"async\" src=\"https:\/\/www.dexeus.com\/sites\/default\/files\/styles\/equipo_medico\/public\/images\/equipo_humano\/flora-terrel-molina.png?itok=jgwIGlzy\" alt=\"Flora Terrel Molina\" \/><\/a><\/div><div class=\"name\"><a href=\"#\">Flora Terrel Molina<\/a><\/div><div class=\"position\">M\u00e9decin-adjoint, Service de Diagnostic Gyn\u00e9cologique par Image<\/div><\/div><div class=\"mt-item-overlay\"><div class=\"mt-item-overlay-inner\"><a href=\"#\" class=\"close\"><\/a><div class=\"mt-item-details\"><h4 class=\"name\">Flora Terrel Molina<\/h4><div class=\"left\"><img decoding=\"async\" src=\"https:\/\/www.dexeus.com\/sites\/default\/files\/styles\/equipo_medico\/public\/images\/equipo_humano\/flora-terrel-molina.png?itok=jgwIGlzy\" alt=\"Flora Terrel Molina\" \/><\/div><div class=\"right\"><div class=\"position\">M\u00e9decin-adjoint, Service de Diagnostic Gyn\u00e9cologique par Image<\/div><div class=\"centers\"><span class=\"label\">Centres: <\/span>Barcelone<\/div><div class=\"languages\"><span class=\"label\">Langues: <\/span>Espagnol, Catalan, Anglais<\/div><div class=\"specialities\"><span class=\"label\">Sp\u00e9cialit\u00e9s: <\/span>Diagnostic Gyn\u00e9cologique par l\u2019Image<\/div><\/div><div class=\"description\"><p><\/p>\n<\/div><\/div><\/div><\/div><\/div><div class=\"mt-item hide\" data-name=\"Susana Tovar Recasens\" data-languages=\"Espagnol|||Catalan\" data-centers=\"Sant Cugat\" data-medspec=\"4|||6|||16\" data-medarea=\"3|||2\"><div class=\"mt-item-inner\"><div class=\"photo\"><a href=\"#\"><img decoding=\"async\" src=\"https:\/\/www.dexeus.com\/sites\/default\/files\/styles\/equipo_medico\/public\/images\/equipo_humano\/susana-tovar-recasens.png?itok=oeMlQIxs\" alt=\"Susana Tovar Recasens\" \/><\/a><\/div><div class=\"name\"><a href=\"#\">Susana Tovar Recasens<\/a><\/div><div class=\"position\">M\u00e9decin-adjoint<\/div><\/div><div class=\"mt-item-overlay\"><div class=\"mt-item-overlay-inner\"><a href=\"#\" class=\"close\"><\/a><div class=\"mt-item-details\"><h4 class=\"name\">Susana Tovar Recasens<\/h4><div class=\"left\"><img decoding=\"async\" src=\"https:\/\/www.dexeus.com\/sites\/default\/files\/styles\/equipo_medico\/public\/images\/equipo_humano\/susana-tovar-recasens.png?itok=oeMlQIxs\" alt=\"Susana Tovar Recasens\" \/><\/div><div class=\"right\"><div class=\"position\">M\u00e9decin-adjoint<\/div><div class=\"centers\"><span class=\"label\">Centres: <\/span>Sant Cugat<\/div><div class=\"languages\"><span class=\"label\">Langues: <\/span>Espagnol, Catalan<\/div><div class=\"specialities\"><span class=\"label\">Sp\u00e9cialit\u00e9s: <\/span>Assistance avant la Grossesse, Grossesse et Accouchement, Gyn\u00e9cologie G\u00e9n\u00e9rale<\/div><\/div><div class=\"description\"><\/div><\/div><\/div><\/div><\/div><div class=\"mt-item hide\" data-name=\"Desir\u00e9e Trama Figueras\" data-languages=\"Espagnol|||Catalan|||Anglais\" data-centers=\"Barcelone\" data-medspec=\"16|||21|||973\" data-medarea=\"2\"><div class=\"mt-item-inner\"><div class=\"photo\"><a href=\"#\"><img decoding=\"async\" src=\"https:\/\/www.dexeus.com\/sites\/default\/files\/styles\/equipo_medico\/public\/images\/equipo_humano\/desiree-trama-figueras.png?itok=9pprGu1U\" alt=\"Desir\u00e9e Trama Figueras\" \/><\/a><\/div><div class=\"name\"><a href=\"#\">Desir\u00e9e Trama Figueras<\/a><\/div><div class=\"position\">M\u00e9decin-adjoint<\/div><\/div><div class=\"mt-item-overlay\"><div class=\"mt-item-overlay-inner\"><a href=\"#\" class=\"close\"><\/a><div class=\"mt-item-details\"><h4 class=\"name\">Desir\u00e9e Trama Figueras<\/h4><div class=\"left\"><img decoding=\"async\" src=\"https:\/\/www.dexeus.com\/sites\/default\/files\/styles\/equipo_medico\/public\/images\/equipo_humano\/desiree-trama-figueras.png?itok=9pprGu1U\" alt=\"Desir\u00e9e Trama Figueras\" \/><\/div><div class=\"right\"><div class=\"position\">M\u00e9decin-adjoint<\/div><div class=\"centers\"><span class=\"label\">Centres: <\/span>Barcelone<\/div><div class=\"languages\"><span class=\"label\">Langues: <\/span>Espagnol, Catalan, Anglais<\/div><div class=\"specialities\"><span class=\"label\">Sp\u00e9cialit\u00e9s: <\/span>Gyn\u00e9cologie G\u00e9n\u00e9rale, M\u00e9nopause, Gyn\u00e9cologie esth\u00e9tique<\/div><\/div><div class=\"description\"><\/div><\/div><\/div><\/div><\/div><div class=\"mt-item hide\" data-name=\"Rosaima M. Ugas Weeden\" data-languages=\"Espagnol\" data-centers=\"Barcelone|||Sabadell\" data-medspec=\"4|||6|||16\" data-medarea=\"3|||2\"><div class=\"mt-item-inner\"><div class=\"photo\"><a href=\"#\"><img decoding=\"async\" src=\"https:\/\/www.dexeus.com\/sites\/default\/files\/styles\/equipo_medico\/public\/images\/equipo-humano\/rosaima-ugas-weeden.png?itok=JpOVlJni\" alt=\"Rosaima M. Ugas Weeden\" \/><\/a><\/div><div class=\"name\"><a href=\"#\">Rosaima M. Ugas Weeden<\/a><\/div><div class=\"position\">M\u00e9decin-adjoint<\/div><\/div><div class=\"mt-item-overlay\"><div class=\"mt-item-overlay-inner\"><a href=\"#\" class=\"close\"><\/a><div class=\"mt-item-details\"><h4 class=\"name\">Rosaima M. Ugas Weeden<\/h4><div class=\"left\"><img decoding=\"async\" src=\"https:\/\/www.dexeus.com\/sites\/default\/files\/styles\/equipo_medico\/public\/images\/equipo-humano\/rosaima-ugas-weeden.png?itok=JpOVlJni\" alt=\"Rosaima M. Ugas Weeden\" \/><\/div><div class=\"right\"><div class=\"position\">M\u00e9decin-adjoint<\/div><div class=\"centers\"><span class=\"label\">Centres: <\/span>Barcelone, Sabadell<\/div><div class=\"languages\"><span class=\"label\">Langues: <\/span>Espagnol<\/div><div class=\"specialities\"><span class=\"label\">Sp\u00e9cialit\u00e9s: <\/span>Assistance avant la Grossesse, Grossesse et Accouchement, Gyn\u00e9cologie G\u00e9n\u00e9rale<\/div><\/div><div class=\"description\"><\/div><\/div><\/div><\/div><\/div><div class=\"mt-item hide\" data-name=\"Mireia Vargas Buj\u00e1n\" data-languages=\"Espagnol\" data-centers=\"Manresa\" data-medspec=\"44\" data-medarea=\"41\"><div class=\"mt-item-inner\"><div class=\"photo\"><a href=\"#\"><img decoding=\"async\" src=\"https:\/\/www.dexeus.com\/sites\/default\/files\/styles\/equipo_medico\/public\/images\/equipo_medico\/0-sin-foto-mujer.png?itok=ovq87Zyx\" alt=\"Mireia Vargas Buj\u00e1n\" \/><\/a><\/div><div class=\"name\"><a href=\"#\">Mireia Vargas Buj\u00e1n<\/a><\/div><div class=\"position\">M\u00e9decin-adjoint<\/div><\/div><div class=\"mt-item-overlay\"><div class=\"mt-item-overlay-inner\"><a href=\"#\" class=\"close\"><\/a><div class=\"mt-item-details\"><h4 class=\"name\">Mireia Vargas Buj\u00e1n<\/h4><div class=\"left\"><img decoding=\"async\" src=\"https:\/\/www.dexeus.com\/sites\/default\/files\/styles\/equipo_medico\/public\/images\/equipo_medico\/0-sin-foto-mujer.png?itok=ovq87Zyx\" alt=\"Mireia Vargas Buj\u00e1n\" \/><\/div><div class=\"right\"><div class=\"position\">M\u00e9decin-adjoint<\/div><div class=\"centers\"><span class=\"label\">Centres: <\/span>Manresa<\/div><div class=\"languages\"><span class=\"label\">Langues: <\/span>Espagnol<\/div><div class=\"specialities\"><span class=\"label\">Sp\u00e9cialit\u00e9s: <\/span>\u00c9chographie obst\u00e9tricale et diagnostic pr\u00e9natal<\/div><\/div><div class=\"description\"><\/div><\/div><\/div><\/div><\/div><div class=\"mt-item hide\" data-name=\"Laura Vilar Planella\" data-languages=\"Espagnol|||Catalan|||Anglais\" data-centers=\"Sant Cugat\" data-medspec=\"4|||6|||11|||23|||19|||22\" data-medarea=\"3|||2\"><div class=\"mt-item-inner\"><div class=\"photo\"><a href=\"#\"><img decoding=\"async\" src=\"https:\/\/www.dexeus.com\/sites\/default\/files\/styles\/equipo_medico\/public\/images\/equipo-humano\/laura-vilar-panella.png?itok=sXmdN0qt\" alt=\"Laura Vilar Planella\" \/><\/a><\/div><div class=\"name\"><a href=\"#\">Laura Vilar Planella<\/a><\/div><div class=\"position\">M\u00e9decin-adjoint<\/div><\/div><div class=\"mt-item-overlay\"><div class=\"mt-item-overlay-inner\"><a href=\"#\" class=\"close\"><\/a><div class=\"mt-item-details\"><h4 class=\"name\">Laura Vilar Planella<\/h4><div class=\"left\"><img decoding=\"async\" src=\"https:\/\/www.dexeus.com\/sites\/default\/files\/styles\/equipo_medico\/public\/images\/equipo-humano\/laura-vilar-panella.png?itok=sXmdN0qt\" alt=\"Laura Vilar Planella\" \/><\/div><div class=\"right\"><div class=\"position\">M\u00e9decin-adjoint<\/div><div class=\"centers\"><span class=\"label\">Centres: <\/span>Sant Cugat<\/div><div class=\"languages\"><span class=\"label\">Langues: <\/span>Espagnol, Catalan, Anglais<\/div><div class=\"specialities\"><span class=\"label\">Sp\u00e9cialit\u00e9s: <\/span>Assistance avant la Grossesse, Grossesse et Accouchement, Chirurgie Gyn\u00e9cologique, Pathologie du Tractus G\u00e9nital Inf\u00e9rieur, Infections de transmission sexuelle, Myomes, kystes des ovaires et maladies des annexes<\/div><\/div><div class=\"description\"><\/div><\/div><\/div><\/div><\/div><div class=\"mt-item hide\" data-name=\"Carlota Vilarrubi Jorda\" data-languages=\"Espagnol|||Catalan|||Anglais|||Fran\u00e7ais\" data-centers=\"Barcelone\" data-medspec=\"4|||6|||11|||13|||16|||18|||22|||26\" data-medarea=\"3|||2\"><div class=\"mt-item-inner\"><div class=\"photo\"><a href=\"#\"><img decoding=\"async\" src=\"https:\/\/www.dexeus.com\/sites\/default\/files\/styles\/equipo_medico\/public\/images\/equipo-medico\/carlota-vilarrubi-jorda.png?itok=jtakWPtU\" alt=\"Carlota Vilarrubi Jorda\" \/><\/a><\/div><div class=\"name\"><a href=\"#\">Carlota Vilarrubi Jorda<\/a><\/div><div class=\"position\">M\u00e9decin-adjoint<\/div><\/div><div class=\"mt-item-overlay\"><div class=\"mt-item-overlay-inner\"><a href=\"#\" class=\"close\"><\/a><div class=\"mt-item-details\"><h4 class=\"name\">Carlota Vilarrubi Jorda<\/h4><div class=\"left\"><img decoding=\"async\" src=\"https:\/\/www.dexeus.com\/sites\/default\/files\/styles\/equipo_medico\/public\/images\/equipo-medico\/carlota-vilarrubi-jorda.png?itok=jtakWPtU\" alt=\"Carlota Vilarrubi Jorda\" \/><\/div><div class=\"right\"><div class=\"position\">M\u00e9decin-adjoint<\/div><div class=\"centers\"><span class=\"label\">Centres: <\/span>Barcelone<\/div><div class=\"languages\"><span class=\"label\">Langues: <\/span>Espagnol, Catalan, Anglais, Fran\u00e7ais<\/div><div class=\"specialities\"><span class=\"label\">Sp\u00e9cialit\u00e9s: <\/span>Assistance avant la Grossesse, Grossesse et Accouchement, Chirurgie Gyn\u00e9cologique, Endom\u00e9triose, Gyn\u00e9cologie G\u00e9n\u00e9rale, Hyst\u00e9roscopie, Myomes, kystes des ovaires et maladies des annexes, Plancher Pelvien (Uro-gyn\u00e9cologie)<\/div><\/div><div class=\"description\"><p><\/p>\n<\/div><\/div><\/div><\/div><\/div><div class=\"mt-item hide\" data-name=\"Marta Villegas Masramon\" data-languages=\"Espagnol|||Catalan|||Anglais|||Fran\u00e7ais\" data-centers=\"Manresa\" data-medspec=\"16|||4|||6|||5\" data-medarea=\"2|||3\"><div class=\"mt-item-inner\"><div class=\"photo\"><a href=\"#\"><img decoding=\"async\" src=\"https:\/\/www.dexeus.com\/sites\/default\/files\/styles\/equipo_medico\/public\/images\/equipo-humano\/marta-villegas-masramon.png?itok=mhJOIJ6P\" alt=\"Marta Villegas Masramon\" \/><\/a><\/div><div class=\"name\"><a href=\"#\">Marta Villegas Masramon<\/a><\/div><div class=\"position\">M\u00e9decin-adjoint<\/div><\/div><div class=\"mt-item-overlay\"><div class=\"mt-item-overlay-inner\"><a href=\"#\" class=\"close\"><\/a><div class=\"mt-item-details\"><h4 class=\"name\">Marta Villegas Masramon<\/h4><div class=\"left\"><img decoding=\"async\" src=\"https:\/\/www.dexeus.com\/sites\/default\/files\/styles\/equipo_medico\/public\/images\/equipo-humano\/marta-villegas-masramon.png?itok=mhJOIJ6P\" alt=\"Marta Villegas Masramon\" \/><\/div><div class=\"right\"><div class=\"position\">M\u00e9decin-adjoint<\/div><div class=\"centers\"><span class=\"label\">Centres: <\/span>Manresa<\/div><div class=\"languages\"><span class=\"label\">Langues: <\/span>Espagnol, Catalan, Anglais, Fran\u00e7ais<\/div><div class=\"specialities\"><span class=\"label\">Sp\u00e9cialit\u00e9s: <\/span>Gyn\u00e9cologie G\u00e9n\u00e9rale, Assistance avant la Grossesse, Grossesse et Accouchement, Haut risque obst\u00e9trique<\/div><\/div><div class=\"description\"><\/div><\/div><\/div><\/div><\/div><div class=\"mt-item hide\" data-name=\"Ilenia Virgili Modesti\" data-languages=\"Espagnol|||Catalan\" data-centers=\"Reus\" data-medspec=\"16\" data-medarea=\"2\"><div class=\"mt-item-inner\"><div class=\"photo\"><a href=\"#\"><img decoding=\"async\" src=\"https:\/\/www.dexeus.com\/sites\/default\/files\/styles\/equipo_medico\/public\/images\/equipo-humano\/ilenia-virgili-modesti.png?itok=j61MFrEh\" alt=\"Ilenia Virgili Modesti\" \/><\/a><\/div><div class=\"name\"><a href=\"#\">Ilenia Virgili Modesti<\/a><\/div><div class=\"position\">M\u00e9decin-adjoint<\/div><\/div><div class=\"mt-item-overlay\"><div class=\"mt-item-overlay-inner\"><a href=\"#\" class=\"close\"><\/a><div class=\"mt-item-details\"><h4 class=\"name\">Ilenia Virgili Modesti<\/h4><div class=\"left\"><img decoding=\"async\" src=\"https:\/\/www.dexeus.com\/sites\/default\/files\/styles\/equipo_medico\/public\/images\/equipo-humano\/ilenia-virgili-modesti.png?itok=j61MFrEh\" alt=\"Ilenia Virgili Modesti\" \/><\/div><div class=\"right\"><div class=\"position\">M\u00e9decin-adjoint<\/div><div class=\"centers\"><span class=\"label\">Centres: <\/span>Reus<\/div><div class=\"languages\"><span class=\"label\">Langues: <\/span>Espagnol, Catalan<\/div><div class=\"specialities\"><span class=\"label\">Sp\u00e9cialit\u00e9s: <\/span>Gyn\u00e9cologie G\u00e9n\u00e9rale<\/div><\/div><div class=\"description\"><\/div><\/div><\/div><\/div><\/div><div class=\"mt-item hide\" data-name=\"Juan M. Viteri Estevez\" data-languages=\"Espagnol|||Anglais\" data-centers=\"Tarragone|||Reus\" data-medspec=\"16|||4|||1164|||11\" data-medarea=\"2|||3\"><div class=\"mt-item-inner\"><div class=\"photo\"><a href=\"#\"><img decoding=\"async\" src=\"https:\/\/www.dexeus.com\/sites\/default\/files\/styles\/equipo_medico\/public\/images\/equipo-humano\/juan-m-viteri-estevez.png?itok=1Ktisj6P\" alt=\"Juan M. Viteri Estevez\" \/><\/a><\/div><div class=\"name\"><a href=\"#\">Juan M. Viteri Estevez<\/a><\/div><div class=\"position\">M\u00e9decin-adjoint<\/div><\/div><div class=\"mt-item-overlay\"><div class=\"mt-item-overlay-inner\"><a href=\"#\" class=\"close\"><\/a><div class=\"mt-item-details\"><h4 class=\"name\">Juan M. Viteri Estevez<\/h4><div class=\"left\"><img decoding=\"async\" src=\"https:\/\/www.dexeus.com\/sites\/default\/files\/styles\/equipo_medico\/public\/images\/equipo-humano\/juan-m-viteri-estevez.png?itok=1Ktisj6P\" alt=\"Juan M. Viteri Estevez\" \/><\/div><div class=\"right\"><div class=\"position\">M\u00e9decin-adjoint<\/div><div class=\"centers\"><span class=\"label\">Centres: <\/span>Tarragone, Reus<\/div><div class=\"languages\"><span class=\"label\">Langues: <\/span>Espagnol, Anglais<\/div><div class=\"specialities\"><span class=\"label\">Sp\u00e9cialit\u00e9s: <\/span>Gyn\u00e9cologie G\u00e9n\u00e9rale, Assistance avant la Grossesse, Grossesse, Chirurgie Gyn\u00e9cologique<\/div><\/div><div class=\"description\"><\/div><\/div><\/div><\/div><\/div><div class=\"mt-item hide\" data-name=\"Humberto Windevoxhel\" data-languages=\"Espagnol\" data-centers=\"Reus\" data-medspec=\"16\" data-medarea=\"2\"><div class=\"mt-item-inner\"><div class=\"photo\"><a href=\"#\"><img decoding=\"async\" src=\"https:\/\/www.dexeus.com\/sites\/default\/files\/styles\/equipo_medico\/public\/images\/equipo_medico\/0-sin-foto-hombre.png?itok=96LsU2bQ\" alt=\"Humberto Windevoxhel\" \/><\/a><\/div><div class=\"name\"><a href=\"#\">Humberto Windevoxhel<\/a><\/div><div class=\"position\">M\u00e9decin-adjoint<\/div><\/div><div class=\"mt-item-overlay\"><div class=\"mt-item-overlay-inner\"><a href=\"#\" class=\"close\"><\/a><div class=\"mt-item-details\"><h4 class=\"name\">Humberto Windevoxhel<\/h4><div class=\"left\"><img decoding=\"async\" src=\"https:\/\/www.dexeus.com\/sites\/default\/files\/styles\/equipo_medico\/public\/images\/equipo_medico\/0-sin-foto-hombre.png?itok=96LsU2bQ\" alt=\"Humberto Windevoxhel\" \/><\/div><div class=\"right\"><div class=\"position\">M\u00e9decin-adjoint<\/div><div class=\"centers\"><span class=\"label\">Centres: <\/span>Reus<\/div><div class=\"languages\"><span class=\"label\">Langues: <\/span>Espagnol<\/div><div class=\"specialities\"><span class=\"label\">Sp\u00e9cialit\u00e9s: <\/span>Gyn\u00e9cologie G\u00e9n\u00e9rale<\/div><\/div><div class=\"description\"><\/div><\/div><\/div><\/div><\/div><div class=\"mt-item hide\" data-name=\"Carles Yanguas Muns\" data-languages=\"Espagnol|||Catalan\" data-centers=\"Manresa\" data-medspec=\"42\" data-medarea=\"41\"><div class=\"mt-item-inner\"><div class=\"photo\"><a href=\"#\"><img decoding=\"async\" src=\"https:\/\/www.dexeus.com\/sites\/default\/files\/styles\/equipo_medico\/public\/images\/equipo-humano\/carles-yanguas-muns.png?itok=eI_M__Vg\" alt=\"Carles Yanguas Muns\" \/><\/a><\/div><div class=\"name\"><a href=\"#\">Carles Yanguas Muns<\/a><\/div><div class=\"position\">M\u00e9decin-adjoint, Service de Diagnostic Gyn\u00e9cologique par Image<\/div><\/div><div class=\"mt-item-overlay\"><div class=\"mt-item-overlay-inner\"><a href=\"#\" class=\"close\"><\/a><div class=\"mt-item-details\"><h4 class=\"name\">Carles Yanguas Muns<\/h4><div class=\"left\"><img decoding=\"async\" src=\"https:\/\/www.dexeus.com\/sites\/default\/files\/styles\/equipo_medico\/public\/images\/equipo-humano\/carles-yanguas-muns.png?itok=eI_M__Vg\" alt=\"Carles Yanguas Muns\" \/><\/div><div class=\"right\"><div class=\"position\">M\u00e9decin-adjoint, Service de Diagnostic Gyn\u00e9cologique par Image<\/div><div class=\"centers\"><span class=\"label\">Centres: <\/span>Manresa<\/div><div class=\"languages\"><span class=\"label\">Langues: <\/span>Espagnol, Catalan<\/div><div class=\"specialities\"><span class=\"label\">Sp\u00e9cialit\u00e9s: <\/span>Diagnostic Gyn\u00e9cologique par l\u2019Image<\/div><\/div><div class=\"description\"><\/div><\/div><\/div><\/div><\/div><div class=\"mt-item hide\" data-name=\"Janire Zarragoitia Rojo\" data-languages=\"Espagnol|||Catalan|||Basque|||Anglais|||Fran\u00e7ais\" data-centers=\"Barcelone\" data-medspec=\"4|||6|||16|||17|||20\" data-medarea=\"3|||2\"><div class=\"mt-item-inner\"><div class=\"photo\"><a href=\"#\"><img decoding=\"async\" src=\"https:\/\/www.dexeus.com\/sites\/default\/files\/styles\/equipo_medico\/public\/images\/equipo_humano\/janire-zarragoitia-rojo.png?itok=7kB-jx19\" alt=\"Janire Zarragoitia Rojo\" \/><\/a><\/div><div class=\"name\"><a href=\"#\">Janire Zarragoitia Rojo<\/a><\/div><div class=\"position\">M\u00e9decin<\/div><\/div><div class=\"mt-item-overlay\"><div class=\"mt-item-overlay-inner\"><a href=\"#\" class=\"close\"><\/a><div class=\"mt-item-details\"><h4 class=\"name\">Janire Zarragoitia Rojo<\/h4><div class=\"left\"><img decoding=\"async\" src=\"https:\/\/www.dexeus.com\/sites\/default\/files\/styles\/equipo_medico\/public\/images\/equipo_humano\/janire-zarragoitia-rojo.png?itok=7kB-jx19\" alt=\"Janire Zarragoitia Rojo\" \/><\/div><div class=\"right\"><div class=\"position\">M\u00e9decin<\/div><div class=\"centers\"><span class=\"label\">Centres: <\/span>Barcelone<\/div><div class=\"languages\"><span class=\"label\">Langues: <\/span>Espagnol, Catalan, Basque, Anglais, Fran\u00e7ais<\/div><div class=\"specialities\"><span class=\"label\">Sp\u00e9cialit\u00e9s: <\/span>Assistance avant la Grossesse, Grossesse et Accouchement, Gyn\u00e9cologie G\u00e9n\u00e9rale, Gyn\u00e9cologie Oncologique (Cancer gyn\u00e9cologique et du sein), Mastologie (Pathologie mammaire b\u00e9nigne)<\/div><\/div><div class=\"description\"><\/div><\/div><\/div><\/div><\/div><div class=\"mt-item hide\" data-name=\"Gilda D. Carvajal Rojas\" data-languages=\"Espagnol|||Catalan|||Anglais\" data-centers=\"Barcelone\" data-medspec=\"53\" data-medarea=\"52\"><div class=\"mt-item-inner\"><div class=\"photo\"><a href=\"#\"><img decoding=\"async\" src=\"https:\/\/www.dexeus.com\/sites\/default\/files\/styles\/equipo_medico\/public\/images\/equipo_humano\/gilda-delmira-carvajal-rojas.png?itok=gGT6WzAc\" alt=\"Gilda D. Carvajal Rojas\" \/><\/a><\/div><div class=\"name\"><a href=\"#\">Gilda D. Carvajal Rojas<\/a><\/div><div class=\"position\">Acupunctrice<\/div><\/div><div class=\"mt-item-overlay\"><div class=\"mt-item-overlay-inner\"><a href=\"#\" class=\"close\"><\/a><div class=\"mt-item-details\"><h4 class=\"name\">Gilda D. Carvajal Rojas<\/h4><div class=\"left\"><img decoding=\"async\" src=\"https:\/\/www.dexeus.com\/sites\/default\/files\/styles\/equipo_medico\/public\/images\/equipo_humano\/gilda-delmira-carvajal-rojas.png?itok=gGT6WzAc\" alt=\"Gilda D. Carvajal Rojas\" \/><\/div><div class=\"right\"><div class=\"position\">Acupunctrice<\/div><div class=\"centers\"><span class=\"label\">Centres: <\/span>Barcelone<\/div><div class=\"languages\"><span class=\"label\">Langues: <\/span>Espagnol, Catalan, Anglais<\/div><div class=\"specialities\"><span class=\"label\">Sp\u00e9cialit\u00e9s: <\/span>Acupuncture<\/div><\/div><div class=\"description\"><\/div><\/div><\/div><\/div><\/div><div class=\"mt-item hide\" data-name=\"Sandra Garc\u00eda Lumbreras\" data-languages=\"Espagnol|||Catalan|||Anglais\" data-centers=\"Barcelone\" data-medspec=\"94\" data-medarea=\"52\"><div class=\"mt-item-inner\"><div class=\"photo\"><a href=\"#\"><img decoding=\"async\" src=\"https:\/\/www.dexeus.com\/sites\/default\/files\/styles\/equipo_medico\/public\/images\/equipo_humano\/sandra-garcia-lumbreras.png?itok=tA19tKSR\" alt=\"Sandra Garc\u00eda Lumbreras\" \/><\/a><\/div><div class=\"name\"><a href=\"#\">Sandra Garc\u00eda Lumbreras<\/a><\/div><div class=\"position\">Psychologue, Responsable de l&#039;Unit\u00e9 de Psychologie<\/div><\/div><div class=\"mt-item-overlay\"><div class=\"mt-item-overlay-inner\"><a href=\"#\" class=\"close\"><\/a><div class=\"mt-item-details\"><h4 class=\"name\">Sandra Garc\u00eda Lumbreras<\/h4><div class=\"left\"><img decoding=\"async\" src=\"https:\/\/www.dexeus.com\/sites\/default\/files\/styles\/equipo_medico\/public\/images\/equipo_humano\/sandra-garcia-lumbreras.png?itok=tA19tKSR\" alt=\"Sandra Garc\u00eda Lumbreras\" \/><\/div><div class=\"right\"><div class=\"position\">Psychologue, Responsable de l&#039;Unit\u00e9 de Psychologie<\/div><div class=\"centers\"><span class=\"label\">Centres: <\/span>Barcelone<\/div><div class=\"languages\"><span class=\"label\">Langues: <\/span>Espagnol, Catalan, Anglais<\/div><div class=\"specialities\"><span class=\"label\">Sp\u00e9cialit\u00e9s: <\/span>Psychologie<\/div><\/div><div class=\"description\"><\/div><\/div><\/div><\/div><\/div><div class=\"mt-item hide\" data-name=\"Mar\u00eda Paula Falomir\" data-languages=\"Espagnol|||Catalan|||Anglais\" data-centers=\"Barcelone|||Sant Cugat|||Tarragone\" data-medspec=\"94\" data-medarea=\"52\"><div class=\"mt-item-inner\"><div class=\"photo\"><a href=\"#\"><img decoding=\"async\" src=\"https:\/\/www.dexeus.com\/sites\/default\/files\/styles\/equipo_medico\/public\/images\/equipo-humano\/maria-falomir.png?itok=7HneGMmv\" alt=\"Mar\u00eda Paula Falomir\" \/><\/a><\/div><div class=\"name\"><a href=\"#\">Mar\u00eda Paula Falomir<\/a><\/div><div class=\"position\">Psychologue<\/div><\/div><div class=\"mt-item-overlay\"><div class=\"mt-item-overlay-inner\"><a href=\"#\" class=\"close\"><\/a><div class=\"mt-item-details\"><h4 class=\"name\">Mar\u00eda Paula Falomir<\/h4><div class=\"left\"><img decoding=\"async\" src=\"https:\/\/www.dexeus.com\/sites\/default\/files\/styles\/equipo_medico\/public\/images\/equipo-humano\/maria-falomir.png?itok=7HneGMmv\" alt=\"Mar\u00eda Paula Falomir\" \/><\/div><div class=\"right\"><div class=\"position\">Psychologue<\/div><div class=\"centers\"><span class=\"label\">Centres: <\/span>Barcelone, Sant Cugat, Tarragone<\/div><div class=\"languages\"><span class=\"label\">Langues: <\/span>Espagnol, Catalan, Anglais<\/div><div class=\"specialities\"><span class=\"label\">Sp\u00e9cialit\u00e9s: <\/span>Psychologie<\/div><\/div><div class=\"description\"><\/div><\/div><\/div><\/div><\/div><div class=\"mt-item hide\" data-name=\"Mireia Ribas Canturri\" data-languages=\"Espagnol|||Catalan\" data-centers=\"Manresa\" data-medspec=\"94\" data-medarea=\"52\"><div class=\"mt-item-inner\"><div class=\"photo\"><a href=\"#\"><img decoding=\"async\" src=\"https:\/\/www.dexeus.com\/sites\/default\/files\/styles\/equipo_medico\/public\/images\/equipo-medico\/mireia-ribas-canturri.png?itok=Ehzknm14\" alt=\"Mireia Ribas Canturri\" \/><\/a><\/div><div class=\"name\"><a href=\"#\">Mireia Ribas Canturri<\/a><\/div><div class=\"position\">Psychologue<\/div><\/div><div class=\"mt-item-overlay\"><div class=\"mt-item-overlay-inner\"><a href=\"#\" class=\"close\"><\/a><div class=\"mt-item-details\"><h4 class=\"name\">Mireia Ribas Canturri<\/h4><div class=\"left\"><img decoding=\"async\" src=\"https:\/\/www.dexeus.com\/sites\/default\/files\/styles\/equipo_medico\/public\/images\/equipo-medico\/mireia-ribas-canturri.png?itok=Ehzknm14\" alt=\"Mireia Ribas Canturri\" \/><\/div><div class=\"right\"><div class=\"position\">Psychologue<\/div><div class=\"centers\"><span class=\"label\">Centres: <\/span>Manresa<\/div><div class=\"languages\"><span class=\"label\">Langues: <\/span>Espagnol, Catalan<\/div><div class=\"specialities\"><span class=\"label\">Sp\u00e9cialit\u00e9s: <\/span>Psychologie<\/div><\/div><div class=\"description\"><\/div><\/div><\/div><\/div><\/div><div class=\"mt-item \" data-name=\"Adri\u00e1n Moreno Ruiz\" data-languages=\"Espagnol|||Anglais\" data-centers=\"Barcelone\" data-medspec=\"47|||1104\" data-medarea=\"46|||28\"><div class=\"mt-item-inner\"><div class=\"photo\"><a href=\"#\"><img decoding=\"async\" src=\"https:\/\/www.dexeus.com\/sites\/default\/files\/styles\/equipo_medico\/public\/images\/equipo-humano\/adrian-moreno-ruiz.png?itok=tl3A1JdJ\" alt=\"Adri\u00e1n Moreno Ruiz\" \/><\/a><\/div><div class=\"name\"><a href=\"#\">Adri\u00e1n Moreno Ruiz<\/a><\/div><div class=\"position\">Conseiller g\u00e9n\u00e9tique<\/div><\/div><div class=\"mt-item-overlay\"><div class=\"mt-item-overlay-inner\"><a href=\"#\" class=\"close\"><\/a><div class=\"mt-item-details\"><h4 class=\"name\">Adri\u00e1n Moreno Ruiz<\/h4><div class=\"left\"><img decoding=\"async\" src=\"https:\/\/www.dexeus.com\/sites\/default\/files\/styles\/equipo_medico\/public\/images\/equipo-humano\/adrian-moreno-ruiz.png?itok=tl3A1JdJ\" alt=\"Adri\u00e1n Moreno Ruiz\" \/><\/div><div class=\"right\"><div class=\"position\">Conseiller g\u00e9n\u00e9tique<\/div><div class=\"centers\"><span class=\"label\">Centres: <\/span>Barcelone<\/div><div class=\"languages\"><span class=\"label\">Langues: <\/span>Espagnol, Anglais<\/div><div class=\"specialities\"><span class=\"label\">Sp\u00e9cialit\u00e9s: <\/span>G\u00e9n\u00e9tique m\u00e9dicale, G\u00e9n\u00e9tique<\/div><\/div><div class=\"description\"><\/div><\/div><\/div><\/div><\/div><div class=\"mt-item \" data-name=\"Mar\u00eda G. Palacios Verd\u00fa\" data-languages=\"Espagnol|||Catalan|||Anglais\" data-centers=\"Barcelone\" data-medspec=\"47|||1104\" data-medarea=\"46|||28\"><div class=\"mt-item-inner\"><div class=\"photo\"><a href=\"#\"><img decoding=\"async\" src=\"https:\/\/www.dexeus.com\/sites\/default\/files\/styles\/equipo_medico\/public\/images\/equipo-medico\/maria-g-palacios-verdu.png?itok=pAYapePH\" alt=\"Mar\u00eda G. Palacios Verd\u00fa\" \/><\/a><\/div><div class=\"name\"><a href=\"#\">Mar\u00eda G. Palacios Verd\u00fa<\/a><\/div><div class=\"position\">Conseilleuse g\u00e9n\u00e9tique<\/div><\/div><div class=\"mt-item-overlay\"><div class=\"mt-item-overlay-inner\"><a href=\"#\" class=\"close\"><\/a><div class=\"mt-item-details\"><h4 class=\"name\">Mar\u00eda G. Palacios Verd\u00fa<\/h4><div class=\"left\"><img decoding=\"async\" src=\"https:\/\/www.dexeus.com\/sites\/default\/files\/styles\/equipo_medico\/public\/images\/equipo-medico\/maria-g-palacios-verdu.png?itok=pAYapePH\" alt=\"Mar\u00eda G. Palacios Verd\u00fa\" \/><\/div><div class=\"right\"><div class=\"position\">Conseilleuse g\u00e9n\u00e9tique<\/div><div class=\"centers\"><span class=\"label\">Centres: <\/span>Barcelone<\/div><div class=\"languages\"><span class=\"label\">Langues: <\/span>Espagnol, Catalan, Anglais<\/div><div class=\"specialities\"><span class=\"label\">Sp\u00e9cialit\u00e9s: <\/span>G\u00e9n\u00e9tique m\u00e9dicale, G\u00e9n\u00e9tique<\/div><\/div><div class=\"description\"><p>\u00a0<\/p><\/div><\/div><\/div><\/div><\/div><div class=\"mt-item \" data-name=\"Sara Reyes Ubach\" data-languages=\"Espagnol|||Catalan|||Anglais\" data-centers=\"Barcelone\" data-medspec=\"46|||1104\" data-medarea=\"28\"><div class=\"mt-item-inner\"><div class=\"photo\"><a href=\"#\"><img decoding=\"async\" src=\"https:\/\/www.dexeus.com\/sites\/default\/files\/styles\/equipo_medico\/public\/images\/equipo-humano\/sara-reyes-ubach.png?itok=xwokj5K7\" alt=\"Sara Reyes Ubach\" \/><\/a><\/div><div class=\"name\"><a href=\"#\">Sara Reyes Ubach<\/a><\/div><div class=\"position\">Conseilleuse g\u00e9n\u00e9tique<\/div><\/div><div class=\"mt-item-overlay\"><div class=\"mt-item-overlay-inner\"><a href=\"#\" class=\"close\"><\/a><div class=\"mt-item-details\"><h4 class=\"name\">Sara Reyes Ubach<\/h4><div class=\"left\"><img decoding=\"async\" src=\"https:\/\/www.dexeus.com\/sites\/default\/files\/styles\/equipo_medico\/public\/images\/equipo-humano\/sara-reyes-ubach.png?itok=xwokj5K7\" alt=\"Sara Reyes Ubach\" \/><\/div><div class=\"right\"><div class=\"position\">Conseilleuse g\u00e9n\u00e9tique<\/div><div class=\"centers\"><span class=\"label\">Centres: <\/span>Barcelone<\/div><div class=\"languages\"><span class=\"label\">Langues: <\/span>Espagnol, Catalan, Anglais<\/div><div class=\"specialities\"><span class=\"label\">Sp\u00e9cialit\u00e9s: <\/span>G\u00e9n\u00e9tique<\/div><\/div><div class=\"description\"><\/div><\/div><\/div><\/div><\/div><div class=\"mt-item \" data-name=\"Marina Sumarroca Bordas\" data-languages=\"Espagnol|||Catalan|||Anglais|||Fran\u00e7ais\" data-centers=\"Barcelone\" data-medspec=\"47|||1104\" data-medarea=\"46|||28\"><div class=\"mt-item-inner\"><div class=\"photo\"><a href=\"#\"><img decoding=\"async\" src=\"https:\/\/www.dexeus.com\/sites\/default\/files\/styles\/equipo_medico\/public\/images\/equipo_humano\/marina-sumarroca-bordas.png?itok=2_oF6TEV\" alt=\"Marina Sumarroca Bordas\" \/><\/a><\/div><div class=\"name\"><a href=\"#\">Marina Sumarroca Bordas<\/a><\/div><div class=\"position\">Conseilleuse g\u00e9n\u00e9tique<\/div><\/div><div class=\"mt-item-overlay\"><div class=\"mt-item-overlay-inner\"><a href=\"#\" class=\"close\"><\/a><div class=\"mt-item-details\"><h4 class=\"name\">Marina Sumarroca Bordas<\/h4><div class=\"left\"><img decoding=\"async\" src=\"https:\/\/www.dexeus.com\/sites\/default\/files\/styles\/equipo_medico\/public\/images\/equipo_humano\/marina-sumarroca-bordas.png?itok=2_oF6TEV\" alt=\"Marina Sumarroca Bordas\" \/><\/div><div class=\"right\"><div class=\"position\">Conseilleuse g\u00e9n\u00e9tique<\/div><div class=\"centers\"><span class=\"label\">Centres: <\/span>Barcelone<\/div><div class=\"languages\"><span class=\"label\">Langues: <\/span>Espagnol, Catalan, Anglais, Fran\u00e7ais<\/div><div class=\"specialities\"><span class=\"label\">Sp\u00e9cialit\u00e9s: <\/span>G\u00e9n\u00e9tique m\u00e9dicale, G\u00e9n\u00e9tique<\/div><\/div><div class=\"description\"><\/div><\/div><\/div><\/div><\/div><div class=\"mt-item \" data-name=\"M\u00f3nica Parriego Beltr\u00e1n\" data-languages=\"Espagnol|||Catalan|||Anglais\" data-centers=\"Barcelone\" data-medspec=\"31|||32\" data-medarea=\"28\"><div class=\"mt-item-inner\"><div class=\"photo\"><a href=\"#\"><img decoding=\"async\" src=\"https:\/\/www.dexeus.com\/sites\/default\/files\/styles\/equipo_medico\/public\/images\/equipo-medico\/monica-parriego-beltran.png?itok=YWAGI-lO\" alt=\"M\u00f3nica Parriego Beltr\u00e1n\" \/><\/a><\/div><div class=\"name\"><a href=\"#\">M\u00f3nica Parriego Beltr\u00e1n<\/a><\/div><div class=\"position\">Responsable des Laboratoires de Techniques de Reproduction Assist\u00e9e<\/div><\/div><div class=\"mt-item-overlay\"><div class=\"mt-item-overlay-inner\"><a href=\"#\" class=\"close\"><\/a><div class=\"mt-item-details\"><h4 class=\"name\">M\u00f3nica Parriego Beltr\u00e1n<\/h4><div class=\"left\"><img decoding=\"async\" src=\"https:\/\/www.dexeus.com\/sites\/default\/files\/styles\/equipo_medico\/public\/images\/equipo-medico\/monica-parriego-beltran.png?itok=YWAGI-lO\" alt=\"M\u00f3nica Parriego Beltr\u00e1n\" \/><\/div><div class=\"right\"><div class=\"position\">Responsable des Laboratoires de Techniques de Reproduction Assist\u00e9e<\/div><div class=\"centers\"><span class=\"label\">Centres: <\/span>Barcelone<\/div><div class=\"languages\"><span class=\"label\">Langues: <\/span>Espagnol, Catalan, Anglais<\/div><div class=\"specialities\"><span class=\"label\">Sp\u00e9cialit\u00e9s: <\/span>Biologie de la Reproduction, Diagnostic g\u00e9n\u00e9tique pr\u00e9implantatoire<\/div><\/div><div class=\"description\"><\/div><\/div><\/div><\/div><\/div><div class=\"mt-item \" data-name=\"Marta Ballester Ferrer\" data-languages=\"Espagnol|||Catalan|||Anglais\" data-centers=\"Barcelone\" data-medspec=\"31\" data-medarea=\"28\"><div class=\"mt-item-inner\"><div class=\"photo\"><a href=\"#\"><img decoding=\"async\" src=\"https:\/\/www.dexeus.com\/sites\/default\/files\/styles\/equipo_medico\/public\/images\/equipo_humano\/marta-ballester-ferrer.png?itok=bwIhFWcS\" alt=\"Marta Ballester Ferrer\" \/><\/a><\/div><div class=\"name\"><a href=\"#\">Marta Ballester Ferrer<\/a><\/div><div class=\"position\">Responsable du Laboratoire d&#039;Andrologie<\/div><\/div><div class=\"mt-item-overlay\"><div class=\"mt-item-overlay-inner\"><a href=\"#\" class=\"close\"><\/a><div class=\"mt-item-details\"><h4 class=\"name\">Marta Ballester Ferrer<\/h4><div class=\"left\"><img decoding=\"async\" src=\"https:\/\/www.dexeus.com\/sites\/default\/files\/styles\/equipo_medico\/public\/images\/equipo_humano\/marta-ballester-ferrer.png?itok=bwIhFWcS\" alt=\"Marta Ballester Ferrer\" \/><\/div><div class=\"right\"><div class=\"position\">Responsable du Laboratoire d&#039;Andrologie<\/div><div class=\"centers\"><span class=\"label\">Centres: <\/span>Barcelone<\/div><div class=\"languages\"><span class=\"label\">Langues: <\/span>Espagnol, Catalan, Anglais<\/div><div class=\"specialities\"><span class=\"label\">Sp\u00e9cialit\u00e9s: <\/span>Biologie de la Reproduction<\/div><\/div><div class=\"description\"><p><\/p>\n<\/div><\/div><\/div><\/div><\/div><div class=\"mt-item \" data-name=\"Elisabet Clua Obrad\u00f3\" data-languages=\"Espagnol|||Catalan|||Anglais|||Italien|||Fran\u00e7ais\" data-centers=\"Barcelone\" data-medspec=\"31|||38\" data-medarea=\"28\"><div class=\"mt-item-inner\"><div class=\"photo\"><a href=\"#\"><img decoding=\"async\" src=\"https:\/\/www.dexeus.com\/sites\/default\/files\/styles\/equipo_medico\/public\/images\/equipo_medico\/elisabet-clua-obrado.png?itok=na6THloH\" alt=\"Elisabet Clua Obrad\u00f3\" \/><\/a><\/div><div class=\"name\"><a href=\"#\">Elisabet Clua Obrad\u00f3<\/a><\/div><div class=\"position\">Responsable du Programme de Don d&#039;Ovocytes et Embryons<\/div><\/div><div class=\"mt-item-overlay\"><div class=\"mt-item-overlay-inner\"><a href=\"#\" class=\"close\"><\/a><div class=\"mt-item-details\"><h4 class=\"name\">Elisabet Clua Obrad\u00f3<\/h4><div class=\"left\"><img decoding=\"async\" src=\"https:\/\/www.dexeus.com\/sites\/default\/files\/styles\/equipo_medico\/public\/images\/equipo_medico\/elisabet-clua-obrado.png?itok=na6THloH\" alt=\"Elisabet Clua Obrad\u00f3\" \/><\/div><div class=\"right\"><div class=\"position\">Responsable du Programme de Don d&#039;Ovocytes et Embryons<\/div><div class=\"centers\"><span class=\"label\">Centres: <\/span>Barcelone<\/div><div class=\"languages\"><span class=\"label\">Langues: <\/span>Espagnol, Catalan, Anglais, Italien, Fran\u00e7ais<\/div><div class=\"specialities\"><span class=\"label\">Sp\u00e9cialit\u00e9s: <\/span>Biologie de la Reproduction, Programme de don d\u2019ovocytes<\/div><\/div><div class=\"description\"><\/div><\/div><\/div><\/div><\/div><div class=\"mt-item \" data-name=\"Miquel Sol\u00e9 Inarejos\" data-languages=\"Espagnol|||Catalan|||Anglais\" data-centers=\"Barcelone\" data-medspec=\"31|||37\" data-medarea=\"28\"><div class=\"mt-item-inner\"><div class=\"photo\"><a href=\"#\"><img decoding=\"async\" src=\"https:\/\/www.dexeus.com\/sites\/default\/files\/styles\/equipo_medico\/public\/images\/equipo-medico\/miquel-sole-inarejos.png?itok=jwp5b3_a\" alt=\"Miquel Sol\u00e9 Inarejos\" \/><\/a><\/div><div class=\"name\"><a href=\"#\">Miquel Sol\u00e9 Inarejos<\/a><\/div><div class=\"position\">Responsable du Laboratoire de Cryoconservation<\/div><\/div><div class=\"mt-item-overlay\"><div class=\"mt-item-overlay-inner\"><a href=\"#\" class=\"close\"><\/a><div class=\"mt-item-details\"><h4 class=\"name\">Miquel Sol\u00e9 Inarejos<\/h4><div class=\"left\"><img decoding=\"async\" src=\"https:\/\/www.dexeus.com\/sites\/default\/files\/styles\/equipo_medico\/public\/images\/equipo-medico\/miquel-sole-inarejos.png?itok=jwp5b3_a\" alt=\"Miquel Sol\u00e9 Inarejos\" \/><\/div><div class=\"right\"><div class=\"position\">Responsable du Laboratoire de Cryoconservation<\/div><div class=\"centers\"><span class=\"label\">Centres: <\/span>Barcelone<\/div><div class=\"languages\"><span class=\"label\">Langues: <\/span>Espagnol, Catalan, Anglais<\/div><div class=\"specialities\"><span class=\"label\">Sp\u00e9cialit\u00e9s: <\/span>Biologie de la Reproduction, Pr\u00e9servation de la fertilit\u00e9<\/div><\/div><div class=\"description\"><p><\/p>\n<\/div><\/div><\/div><\/div><\/div><div class=\"mt-item \" data-name=\"Gemma Arroyo Cardona\" data-languages=\"Espagnol|||Catalan|||Anglais|||Fran\u00e7ais\" data-centers=\"Barcelone\" data-medspec=\"31\" data-medarea=\"28\"><div class=\"mt-item-inner\"><div class=\"photo\"><a href=\"#\"><img decoding=\"async\" src=\"https:\/\/www.dexeus.com\/sites\/default\/files\/styles\/equipo_medico\/public\/images\/equipo_humano\/gemma-arroyo-cardona.png?itok=N7974aYS\" alt=\"Gemma Arroyo Cardona\" \/><\/a><\/div><div class=\"name\"><a href=\"#\">Gemma Arroyo Cardona<\/a><\/div><div class=\"position\">Responsable Hebdomadaire du Laboratoire de F\u00e9condation In Vitro<\/div><\/div><div class=\"mt-item-overlay\"><div class=\"mt-item-overlay-inner\"><a href=\"#\" class=\"close\"><\/a><div class=\"mt-item-details\"><h4 class=\"name\">Gemma Arroyo Cardona<\/h4><div class=\"left\"><img decoding=\"async\" src=\"https:\/\/www.dexeus.com\/sites\/default\/files\/styles\/equipo_medico\/public\/images\/equipo_humano\/gemma-arroyo-cardona.png?itok=N7974aYS\" alt=\"Gemma Arroyo Cardona\" \/><\/div><div class=\"right\"><div class=\"position\">Responsable Hebdomadaire du Laboratoire de F\u00e9condation In Vitro<\/div><div class=\"centers\"><span class=\"label\">Centres: <\/span>Barcelone<\/div><div class=\"languages\"><span class=\"label\">Langues: <\/span>Espagnol, Catalan, Anglais, Fran\u00e7ais<\/div><div class=\"specialities\"><span class=\"label\">Sp\u00e9cialit\u00e9s: <\/span>Biologie de la Reproduction<\/div><\/div><div class=\"description\"><p><\/p><\/div><\/div><\/div><\/div><\/div><div class=\"mt-item \" data-name=\"Beatriz Carrasco Canal\" data-languages=\"Espagnol|||Anglais\" data-centers=\"Barcelone\" data-medspec=\"31\" data-medarea=\"28\"><div class=\"mt-item-inner\"><div class=\"photo\"><a href=\"#\"><img decoding=\"async\" src=\"https:\/\/www.dexeus.com\/sites\/default\/files\/styles\/equipo_medico\/public\/images\/equipo_humano\/beatriz-carrasco-canal.png?itok=q4uM5y6c\" alt=\"Beatriz Carrasco Canal\" \/><\/a><\/div><div class=\"name\"><a href=\"#\">Beatriz Carrasco Canal<\/a><\/div><div class=\"position\">Responsable Hebdomadaire du Laboratoire de F\u00e9condation In Vitro<\/div><\/div><div class=\"mt-item-overlay\"><div class=\"mt-item-overlay-inner\"><a href=\"#\" class=\"close\"><\/a><div class=\"mt-item-details\"><h4 class=\"name\">Beatriz Carrasco Canal<\/h4><div class=\"left\"><img decoding=\"async\" src=\"https:\/\/www.dexeus.com\/sites\/default\/files\/styles\/equipo_medico\/public\/images\/equipo_humano\/beatriz-carrasco-canal.png?itok=q4uM5y6c\" alt=\"Beatriz Carrasco Canal\" \/><\/div><div class=\"right\"><div class=\"position\">Responsable Hebdomadaire du Laboratoire de F\u00e9condation In Vitro<\/div><div class=\"centers\"><span class=\"label\">Centres: <\/span>Barcelone<\/div><div class=\"languages\"><span class=\"label\">Langues: <\/span>Espagnol, Anglais<\/div><div class=\"specialities\"><span class=\"label\">Sp\u00e9cialit\u00e9s: <\/span>Biologie de la Reproduction<\/div><\/div><div class=\"description\"><p><\/p>\n<\/div><\/div><\/div><\/div><\/div><div class=\"mt-item \" data-name=\"Yolanda Gil Saumell\" data-languages=\"Espagnol|||Catalan|||Anglais|||Fran\u00e7ais\" data-centers=\"Barcelone\" data-medspec=\"31\" data-medarea=\"28\"><div class=\"mt-item-inner\"><div class=\"photo\"><a href=\"#\"><img decoding=\"async\" src=\"https:\/\/www.dexeus.com\/sites\/default\/files\/styles\/equipo_medico\/public\/images\/equipo-medico\/yolanda-gil-saumell.png?itok=5GXGwxK4\" alt=\"Yolanda Gil Saumell\" \/><\/a><\/div><div class=\"name\"><a href=\"#\">Yolanda Gil Saumell<\/a><\/div><div class=\"position\">Responsable Hebdomadaire du Laboratoire de F\u00e9condation In Vitro<\/div><\/div><div class=\"mt-item-overlay\"><div class=\"mt-item-overlay-inner\"><a href=\"#\" class=\"close\"><\/a><div class=\"mt-item-details\"><h4 class=\"name\">Yolanda Gil Saumell<\/h4><div class=\"left\"><img decoding=\"async\" src=\"https:\/\/www.dexeus.com\/sites\/default\/files\/styles\/equipo_medico\/public\/images\/equipo-medico\/yolanda-gil-saumell.png?itok=5GXGwxK4\" alt=\"Yolanda Gil Saumell\" \/><\/div><div class=\"right\"><div class=\"position\">Responsable Hebdomadaire du Laboratoire de F\u00e9condation In Vitro<\/div><div class=\"centers\"><span class=\"label\">Centres: <\/span>Barcelone<\/div><div class=\"languages\"><span class=\"label\">Langues: <\/span>Espagnol, Catalan, Anglais, Fran\u00e7ais<\/div><div class=\"specialities\"><span class=\"label\">Sp\u00e9cialit\u00e9s: <\/span>Biologie de la Reproduction<\/div><\/div><div class=\"description\"><p><\/p><\/div><\/div><\/div><\/div><\/div><div class=\"mt-item \" data-name=\"M\u00edriam Bala\u00f1\u00e0 Gir\u00f3\" data-languages=\"Espagnol|||Catalan|||Anglais\" data-centers=\"Tarragone|||Reus\" data-medspec=\"31\" data-medarea=\"28\"><div class=\"mt-item-inner\"><div class=\"photo\"><a href=\"#\"><img decoding=\"async\" src=\"https:\/\/www.dexeus.com\/sites\/default\/files\/styles\/equipo_medico\/public\/images\/equipo-medico\/miriam-balana-giro.png?itok=tIEXSHfi\" alt=\"M\u00edriam Bala\u00f1\u00e0 Gir\u00f3\" \/><\/a><\/div><div class=\"name\"><a href=\"#\">M\u00edriam Bala\u00f1\u00e0 Gir\u00f3<\/a><\/div><div class=\"position\">Biologiste du Service de M\u00e9dicine de la Reproduction<\/div><\/div><div class=\"mt-item-overlay\"><div class=\"mt-item-overlay-inner\"><a href=\"#\" class=\"close\"><\/a><div class=\"mt-item-details\"><h4 class=\"name\">M\u00edriam Bala\u00f1\u00e0 Gir\u00f3<\/h4><div class=\"left\"><img decoding=\"async\" src=\"https:\/\/www.dexeus.com\/sites\/default\/files\/styles\/equipo_medico\/public\/images\/equipo-medico\/miriam-balana-giro.png?itok=tIEXSHfi\" alt=\"M\u00edriam Bala\u00f1\u00e0 Gir\u00f3\" \/><\/div><div class=\"right\"><div class=\"position\">Biologiste du Service de M\u00e9dicine de la Reproduction<\/div><div class=\"centers\"><span class=\"label\">Centres: <\/span>Tarragone, Reus<\/div><div class=\"languages\"><span class=\"label\">Langues: <\/span>Espagnol, Catalan, Anglais<\/div><div class=\"specialities\"><span class=\"label\">Sp\u00e9cialit\u00e9s: <\/span>Biologie de la Reproduction<\/div><\/div><div class=\"description\"><\/div><\/div><\/div><\/div><\/div><div class=\"mt-item \" data-name=\"Lluc Coll Lujan\" data-languages=\"Espagnol|||Catalan|||Anglais\" data-centers=\"Barcelone\" data-medspec=\"30|||31|||32\" data-medarea=\"28\"><div class=\"mt-item-inner\"><div class=\"photo\"><a href=\"#\"><img decoding=\"async\" src=\"https:\/\/www.dexeus.com\/sites\/default\/files\/styles\/equipo_medico\/public\/images\/equipo-medico\/lluc-coll-lujan.png?itok=ZmV5ljok\" alt=\"Lluc Coll Lujan\" \/><\/a><\/div><div class=\"name\"><a href=\"#\">Lluc Coll Lujan<\/a><\/div><div class=\"position\">Biologiste du Service de M\u00e9dicine de la Reproduction<\/div><\/div><div class=\"mt-item-overlay\"><div class=\"mt-item-overlay-inner\"><a href=\"#\" class=\"close\"><\/a><div class=\"mt-item-details\"><h4 class=\"name\">Lluc Coll Lujan<\/h4><div class=\"left\"><img decoding=\"async\" src=\"https:\/\/www.dexeus.com\/sites\/default\/files\/styles\/equipo_medico\/public\/images\/equipo-medico\/lluc-coll-lujan.png?itok=ZmV5ljok\" alt=\"Lluc Coll Lujan\" \/><\/div><div class=\"right\"><div class=\"position\">Biologiste du Service de M\u00e9dicine de la Reproduction<\/div><div class=\"centers\"><span class=\"label\">Centres: <\/span>Barcelone<\/div><div class=\"languages\"><span class=\"label\">Langues: <\/span>Espagnol, Catalan, Anglais<\/div><div class=\"specialities\"><span class=\"label\">Sp\u00e9cialit\u00e9s: <\/span>Andrologie, Biologie de la Reproduction, Diagnostic g\u00e9n\u00e9tique pr\u00e9implantatoire<\/div><\/div><div class=\"description\"><p><\/p>\n\n<\/div><\/div><\/div><\/div><\/div><div class=\"mt-item \" data-name=\"Cristina de la Cruz Rodrigo\" data-languages=\"Espagnol|||Catalan|||Anglais|||Italien\" data-centers=\"Barcelone\" data-medspec=\"31\" data-medarea=\"28\"><div class=\"mt-item-inner\"><div class=\"photo\"><a href=\"#\"><img decoding=\"async\" src=\"https:\/\/www.dexeus.com\/sites\/default\/files\/styles\/equipo_medico\/public\/images\/equipo_humano\/cristina-de-la-cruz-rodrigo.png?itok=4xBaQydQ\" alt=\"Cristina de la Cruz Rodrigo\" \/><\/a><\/div><div class=\"name\"><a href=\"#\">Cristina de la Cruz Rodrigo<\/a><\/div><div class=\"position\">Biologiste du Service de M\u00e9dicine de la Reproduction<\/div><\/div><div class=\"mt-item-overlay\"><div class=\"mt-item-overlay-inner\"><a href=\"#\" class=\"close\"><\/a><div class=\"mt-item-details\"><h4 class=\"name\">Cristina de la Cruz Rodrigo<\/h4><div class=\"left\"><img decoding=\"async\" src=\"https:\/\/www.dexeus.com\/sites\/default\/files\/styles\/equipo_medico\/public\/images\/equipo_humano\/cristina-de-la-cruz-rodrigo.png?itok=4xBaQydQ\" alt=\"Cristina de la Cruz Rodrigo\" \/><\/div><div class=\"right\"><div class=\"position\">Biologiste du Service de M\u00e9dicine de la Reproduction<\/div><div class=\"centers\"><span class=\"label\">Centres: <\/span>Barcelone<\/div><div class=\"languages\"><span class=\"label\">Langues: <\/span>Espagnol, Catalan, Anglais, Italien<\/div><div class=\"specialities\"><span class=\"label\">Sp\u00e9cialit\u00e9s: <\/span>Biologie de la Reproduction<\/div><\/div><div class=\"description\"><p><\/p>\n<\/div><\/div><\/div><\/div><\/div><div class=\"mt-item \" data-name=\"Clara Gonz\u00e1lez Llagostera\" data-languages=\"Espagnol|||Catalan|||Anglais|||Fran\u00e7ais\" data-centers=\"Barcelone\" data-medspec=\"31|||37\" data-medarea=\"28\"><div class=\"mt-item-inner\"><div class=\"photo\"><a href=\"#\"><img decoding=\"async\" src=\"https:\/\/www.dexeus.com\/sites\/default\/files\/styles\/equipo_medico\/public\/images\/equipo-humano\/clara-gonzalez-llagostera.png?itok=X2mqzxc7\" alt=\"Clara Gonz\u00e1lez Llagostera\" \/><\/a><\/div><div class=\"name\"><a href=\"#\">Clara Gonz\u00e1lez Llagostera<\/a><\/div><div class=\"position\">Biologiste du Service de M\u00e9dicine de la Reproduction<\/div><\/div><div class=\"mt-item-overlay\"><div class=\"mt-item-overlay-inner\"><a href=\"#\" class=\"close\"><\/a><div class=\"mt-item-details\"><h4 class=\"name\">Clara Gonz\u00e1lez Llagostera<\/h4><div class=\"left\"><img decoding=\"async\" src=\"https:\/\/www.dexeus.com\/sites\/default\/files\/styles\/equipo_medico\/public\/images\/equipo-humano\/clara-gonzalez-llagostera.png?itok=X2mqzxc7\" alt=\"Clara Gonz\u00e1lez Llagostera\" \/><\/div><div class=\"right\"><div class=\"position\">Biologiste du Service de M\u00e9dicine de la Reproduction<\/div><div class=\"centers\"><span class=\"label\">Centres: <\/span>Barcelone<\/div><div class=\"languages\"><span class=\"label\">Langues: <\/span>Espagnol, Catalan, Anglais, Fran\u00e7ais<\/div><div class=\"specialities\"><span class=\"label\">Sp\u00e9cialit\u00e9s: <\/span>Biologie de la Reproduction, Pr\u00e9servation de la fertilit\u00e9<\/div><\/div><div class=\"description\"><\/div><\/div><\/div><\/div><\/div><div class=\"mt-item \" data-name=\"Laura Latre Navarro\" data-languages=\"Espagnol|||Catalan|||Anglais|||Fran\u00e7ais\" data-centers=\"Barcelone\" data-medspec=\"31|||38\" data-medarea=\"28\"><div class=\"mt-item-inner\"><div class=\"photo\"><a href=\"#\"><img decoding=\"async\" src=\"https:\/\/www.dexeus.com\/sites\/default\/files\/styles\/equipo_medico\/public\/images\/equipo_humano\/laura-latre-navarro.png?itok=Iz1aLYJb\" alt=\"Laura Latre Navarro\" \/><\/a><\/div><div class=\"name\"><a href=\"#\">Laura Latre Navarro<\/a><\/div><div class=\"position\">Biologiste du Service de M\u00e9dicine de la Reproduction<\/div><\/div><div class=\"mt-item-overlay\"><div class=\"mt-item-overlay-inner\"><a href=\"#\" class=\"close\"><\/a><div class=\"mt-item-details\"><h4 class=\"name\">Laura Latre Navarro<\/h4><div class=\"left\"><img decoding=\"async\" src=\"https:\/\/www.dexeus.com\/sites\/default\/files\/styles\/equipo_medico\/public\/images\/equipo_humano\/laura-latre-navarro.png?itok=Iz1aLYJb\" alt=\"Laura Latre Navarro\" \/><\/div><div class=\"right\"><div class=\"position\">Biologiste du Service de M\u00e9dicine de la Reproduction<\/div><div class=\"centers\"><span class=\"label\">Centres: <\/span>Barcelone<\/div><div class=\"languages\"><span class=\"label\">Langues: <\/span>Espagnol, Catalan, Anglais, Fran\u00e7ais<\/div><div class=\"specialities\"><span class=\"label\">Sp\u00e9cialit\u00e9s: <\/span>Biologie de la Reproduction, Programme de don d\u2019ovocytes<\/div><\/div><div class=\"description\"><p><\/p>\n\n<\/div><\/div><\/div><\/div><\/div><div class=\"mt-item \" data-name=\"Silvia Mateo Cuadros\" data-languages=\"Espagnol|||Catalan|||Anglais\" data-centers=\"Barcelone\" data-medspec=\"31|||32\" data-medarea=\"28\"><div class=\"mt-item-inner\"><div class=\"photo\"><a href=\"#\"><img decoding=\"async\" src=\"https:\/\/www.dexeus.com\/sites\/default\/files\/styles\/equipo_medico\/public\/images\/equipo-medico\/silvia-mateo-cuadros.png?itok=qNNH97uU\" alt=\"Silvia Mateo Cuadros\" \/><\/a><\/div><div class=\"name\"><a href=\"#\">Silvia Mateo Cuadros<\/a><\/div><div class=\"position\">Biologiste du Service de M\u00e9dicine de la Reproduction<\/div><\/div><div class=\"mt-item-overlay\"><div class=\"mt-item-overlay-inner\"><a href=\"#\" class=\"close\"><\/a><div class=\"mt-item-details\"><h4 class=\"name\">Silvia Mateo Cuadros<\/h4><div class=\"left\"><img decoding=\"async\" src=\"https:\/\/www.dexeus.com\/sites\/default\/files\/styles\/equipo_medico\/public\/images\/equipo-medico\/silvia-mateo-cuadros.png?itok=qNNH97uU\" alt=\"Silvia Mateo Cuadros\" \/><\/div><div class=\"right\"><div class=\"position\">Biologiste du Service de M\u00e9dicine de la Reproduction<\/div><div class=\"centers\"><span class=\"label\">Centres: <\/span>Barcelone<\/div><div class=\"languages\"><span class=\"label\">Langues: <\/span>Espagnol, Catalan, Anglais<\/div><div class=\"specialities\"><span class=\"label\">Sp\u00e9cialit\u00e9s: <\/span>Biologie de la Reproduction, Diagnostic g\u00e9n\u00e9tique pr\u00e9implantatoire<\/div><\/div><div class=\"description\"><p><\/p>\n\n<\/div><\/div><\/div><\/div><\/div><div class=\"mt-item \" data-name=\"Albert Pi\u00f1ol Bonet\" data-languages=\"Espagnol|||Catalan|||Anglais\" data-centers=\"Barcelone|||Sabadell|||Reus|||Tarragone\" data-medspec=\"31\" data-medarea=\"28\"><div class=\"mt-item-inner\"><div class=\"photo\"><a href=\"#\"><img decoding=\"async\" src=\"https:\/\/www.dexeus.com\/sites\/default\/files\/styles\/equipo_medico\/public\/images\/equipo_humano\/albert-pinol-bonet.png?itok=agUU7T2y\" alt=\"Albert Pi\u00f1ol Bonet\" \/><\/a><\/div><div class=\"name\"><a href=\"#\">Albert Pi\u00f1ol Bonet<\/a><\/div><div class=\"position\">Biologiste du Service de M\u00e9dicine de la Reproduction<\/div><\/div><div class=\"mt-item-overlay\"><div class=\"mt-item-overlay-inner\"><a href=\"#\" class=\"close\"><\/a><div class=\"mt-item-details\"><h4 class=\"name\">Albert Pi\u00f1ol Bonet<\/h4><div class=\"left\"><img decoding=\"async\" src=\"https:\/\/www.dexeus.com\/sites\/default\/files\/styles\/equipo_medico\/public\/images\/equipo_humano\/albert-pinol-bonet.png?itok=agUU7T2y\" alt=\"Albert Pi\u00f1ol Bonet\" \/><\/div><div class=\"right\"><div class=\"position\">Biologiste du Service de M\u00e9dicine de la Reproduction<\/div><div class=\"centers\"><span class=\"label\">Centres: <\/span>Barcelone, Sabadell, Reus, Tarragone<\/div><div class=\"languages\"><span class=\"label\">Langues: <\/span>Espagnol, Catalan, Anglais<\/div><div class=\"specialities\"><span class=\"label\">Sp\u00e9cialit\u00e9s: <\/span>Biologie de la Reproduction<\/div><\/div><div class=\"description\"><\/div><\/div><\/div><\/div><\/div><div class=\"mt-item \" data-name=\"Maria Carme Pons Gatell\" data-languages=\"Espagnol|||Catalan|||Anglais\" data-centers=\"Barcelone\" data-medspec=\"31\" data-medarea=\"28\"><div class=\"mt-item-inner\"><div class=\"photo\"><a href=\"#\"><img decoding=\"async\" src=\"https:\/\/www.dexeus.com\/sites\/default\/files\/styles\/equipo_medico\/public\/images\/equipo-humano\/maria-carme-pons-gatell.png?itok=WHez4BKe\" alt=\"Maria Carme Pons Gatell\" \/><\/a><\/div><div class=\"name\"><a href=\"#\">Maria Carme Pons Gatell<\/a><\/div><div class=\"position\">Biologiste du Service de M\u00e9dicine de la Reproduction<\/div><\/div><div class=\"mt-item-overlay\"><div class=\"mt-item-overlay-inner\"><a href=\"#\" class=\"close\"><\/a><div class=\"mt-item-details\"><h4 class=\"name\">Maria Carme Pons Gatell<\/h4><div class=\"left\"><img decoding=\"async\" src=\"https:\/\/www.dexeus.com\/sites\/default\/files\/styles\/equipo_medico\/public\/images\/equipo-humano\/maria-carme-pons-gatell.png?itok=WHez4BKe\" alt=\"Maria Carme Pons Gatell\" \/><\/div><div class=\"right\"><div class=\"position\">Biologiste du Service de M\u00e9dicine de la Reproduction<\/div><div class=\"centers\"><span class=\"label\">Centres: <\/span>Barcelone<\/div><div class=\"languages\"><span class=\"label\">Langues: <\/span>Espagnol, Catalan, Anglais<\/div><div class=\"specialities\"><span class=\"label\">Sp\u00e9cialit\u00e9s: <\/span>Biologie de la Reproduction<\/div><\/div><div class=\"description\"><\/div><\/div><\/div><\/div><\/div><div class=\"mt-item \" data-name=\"Marta Roca Feliu\" data-languages=\"Espagnol|||Catalan|||Anglais\" data-centers=\"Tarragone|||Reus\" data-medspec=\"31|||38\" data-medarea=\"28\"><div class=\"mt-item-inner\"><div class=\"photo\"><a href=\"#\"><img decoding=\"async\" src=\"https:\/\/www.dexeus.com\/sites\/default\/files\/styles\/equipo_medico\/public\/images\/equipo_humano\/marta-roca-feliu.png?itok=elOw06xl\" alt=\"Marta Roca Feliu\" \/><\/a><\/div><div class=\"name\"><a href=\"#\">Marta Roca Feliu<\/a><\/div><div class=\"position\">Biologiste du Service de M\u00e9dicine de la Reproduction<\/div><\/div><div class=\"mt-item-overlay\"><div class=\"mt-item-overlay-inner\"><a href=\"#\" class=\"close\"><\/a><div class=\"mt-item-details\"><h4 class=\"name\">Marta Roca Feliu<\/h4><div class=\"left\"><img decoding=\"async\" src=\"https:\/\/www.dexeus.com\/sites\/default\/files\/styles\/equipo_medico\/public\/images\/equipo_humano\/marta-roca-feliu.png?itok=elOw06xl\" alt=\"Marta Roca Feliu\" \/><\/div><div class=\"right\"><div class=\"position\">Biologiste du Service de M\u00e9dicine de la Reproduction<\/div><div class=\"centers\"><span class=\"label\">Centres: <\/span>Tarragone, Reus<\/div><div class=\"languages\"><span class=\"label\">Langues: <\/span>Espagnol, Catalan, Anglais<\/div><div class=\"specialities\"><span class=\"label\">Sp\u00e9cialit\u00e9s: <\/span>Biologie de la Reproduction, Programme de don d\u2019ovocytes<\/div><\/div><div class=\"description\"><\/div><\/div><\/div><\/div><\/div><div class=\"mt-item \" data-name=\"Marta Tresanchez Pares\" data-languages=\"Espagnol|||Catalan|||Anglais|||Italien\" data-centers=\"Barcelone|||Sabadell\" data-medspec=\"30|||31|||32|||38\" data-medarea=\"28\"><div class=\"mt-item-inner\"><div class=\"photo\"><a href=\"#\"><img decoding=\"async\" src=\"https:\/\/www.dexeus.com\/sites\/default\/files\/styles\/equipo_medico\/public\/images\/equipo-humano\/marta-tresanchez-pares.png?itok=Q-BU7you\" alt=\"Marta Tresanchez Pares\" \/><\/a><\/div><div class=\"name\"><a href=\"#\">Marta Tresanchez Pares<\/a><\/div><div class=\"position\">Biologiste du Service de M\u00e9dicine de la Reproduction<\/div><\/div><div class=\"mt-item-overlay\"><div class=\"mt-item-overlay-inner\"><a href=\"#\" class=\"close\"><\/a><div class=\"mt-item-details\"><h4 class=\"name\">Marta Tresanchez Pares<\/h4><div class=\"left\"><img decoding=\"async\" src=\"https:\/\/www.dexeus.com\/sites\/default\/files\/styles\/equipo_medico\/public\/images\/equipo-humano\/marta-tresanchez-pares.png?itok=Q-BU7you\" alt=\"Marta Tresanchez Pares\" \/><\/div><div class=\"right\"><div class=\"position\">Biologiste du Service de M\u00e9dicine de la Reproduction<\/div><div class=\"centers\"><span class=\"label\">Centres: <\/span>Barcelone, Sabadell<\/div><div class=\"languages\"><span class=\"label\">Langues: <\/span>Espagnol, Catalan, Anglais, Italien<\/div><div class=\"specialities\"><span class=\"label\">Sp\u00e9cialit\u00e9s: <\/span>Andrologie, Biologie de la Reproduction, Diagnostic g\u00e9n\u00e9tique pr\u00e9implantatoire, Programme de don d\u2019ovocytes<\/div><\/div><div class=\"description\"><\/div><\/div><\/div><\/div><\/div><div class=\"mt-item hide\" data-name=\"Neus Garriga Comas\" data-languages=\"Espagnol|||Catalan\" data-centers=\"Manresa\" data-medspec=\"6\" data-medarea=\"3\"><div class=\"mt-item-inner\"><div class=\"photo\"><a href=\"#\"><img decoding=\"async\" src=\"https:\/\/www.dexeus.com\/sites\/default\/files\/styles\/equipo_medico\/public\/images\/equipo_medico\/0-sin-foto-mujer.png?itok=ovq87Zyx\" alt=\"Neus Garriga Comas\" \/><\/a><\/div><div class=\"name\"><a href=\"#\">Neus Garriga Comas<\/a><\/div><div class=\"position\">Sage-femme<\/div><\/div><div class=\"mt-item-overlay\"><div class=\"mt-item-overlay-inner\"><a href=\"#\" class=\"close\"><\/a><div class=\"mt-item-details\"><h4 class=\"name\">Neus Garriga Comas<\/h4><div class=\"left\"><img decoding=\"async\" src=\"https:\/\/www.dexeus.com\/sites\/default\/files\/styles\/equipo_medico\/public\/images\/equipo_medico\/0-sin-foto-mujer.png?itok=ovq87Zyx\" alt=\"Neus Garriga Comas\" \/><\/div><div class=\"right\"><div class=\"position\">Sage-femme<\/div><div class=\"centers\"><span class=\"label\">Centres: <\/span>Manresa<\/div><div class=\"languages\"><span class=\"label\">Langues: <\/span>Espagnol, Catalan<\/div><div class=\"specialities\"><span class=\"label\">Sp\u00e9cialit\u00e9s: <\/span>Grossesse et Accouchement<\/div><\/div><div class=\"description\"><\/div><\/div><\/div><\/div><\/div><div class=\"mt-item hide\" data-name=\"Ana Y. Mesa Casas\" data-languages=\"Espagnol|||Catalan|||Anglais\" data-centers=\"Barcelone\" data-medspec=\"57\" data-medarea=\"52\"><div class=\"mt-item-inner\"><div class=\"photo\"><a href=\"#\"><img decoding=\"async\" src=\"https:\/\/www.dexeus.com\/sites\/default\/files\/styles\/equipo_medico\/public\/images\/equipo_humano\/ana-yolanda-mesa-casas.png?itok=ZAC85-8Z\" alt=\"Ana Y. Mesa Casas\" \/><\/a><\/div><div class=\"name\"><a href=\"#\">Ana Y. Mesa Casas<\/a><\/div><div class=\"position\">Responsable de l&#039;Unit\u00e9 de Physioth\u00e9rapie du Plancher Pelvien<\/div><\/div><div class=\"mt-item-overlay\"><div class=\"mt-item-overlay-inner\"><a href=\"#\" class=\"close\"><\/a><div class=\"mt-item-details\"><h4 class=\"name\">Ana Y. Mesa Casas<\/h4><div class=\"left\"><img decoding=\"async\" src=\"https:\/\/www.dexeus.com\/sites\/default\/files\/styles\/equipo_medico\/public\/images\/equipo_humano\/ana-yolanda-mesa-casas.png?itok=ZAC85-8Z\" alt=\"Ana Y. Mesa Casas\" \/><\/div><div class=\"right\"><div class=\"position\">Responsable de l&#039;Unit\u00e9 de Physioth\u00e9rapie du Plancher Pelvien<\/div><div class=\"centers\"><span class=\"label\">Centres: <\/span>Barcelone<\/div><div class=\"languages\"><span class=\"label\">Langues: <\/span>Espagnol, Catalan, Anglais<\/div><div class=\"specialities\"><span class=\"label\">Sp\u00e9cialit\u00e9s: <\/span>Physioth\u00e9rapie de la Femme<\/div><\/div><div class=\"description\"><\/div><\/div><\/div><\/div><\/div><div class=\"mt-item hide\" data-name=\"Paola A. Delgado Bogota\" data-languages=\"Espagnol\" data-centers=\"Barcelone\" data-medspec=\"57\" data-medarea=\"52\"><div class=\"mt-item-inner\"><div class=\"photo\"><a href=\"#\"><img decoding=\"async\" src=\"https:\/\/www.dexeus.com\/sites\/default\/files\/styles\/equipo_medico\/public\/images\/equipo-humano\/paola-delgado-bogota.png?itok=4-0InVGU\" alt=\"Paola A. Delgado Bogota\" \/><\/a><\/div><div class=\"name\"><a href=\"#\">Paola A. Delgado Bogota<\/a><\/div><div class=\"position\">Physioth\u00e9rapeute<\/div><\/div><div class=\"mt-item-overlay\"><div class=\"mt-item-overlay-inner\"><a href=\"#\" class=\"close\"><\/a><div class=\"mt-item-details\"><h4 class=\"name\">Paola A. Delgado Bogota<\/h4><div class=\"left\"><img decoding=\"async\" src=\"https:\/\/www.dexeus.com\/sites\/default\/files\/styles\/equipo_medico\/public\/images\/equipo-humano\/paola-delgado-bogota.png?itok=4-0InVGU\" alt=\"Paola A. Delgado Bogota\" \/><\/div><div class=\"right\"><div class=\"position\">Physioth\u00e9rapeute<\/div><div class=\"centers\"><span class=\"label\">Centres: <\/span>Barcelone<\/div><div class=\"languages\"><span class=\"label\">Langues: <\/span>Espagnol<\/div><div class=\"specialities\"><span class=\"label\">Sp\u00e9cialit\u00e9s: <\/span>Physioth\u00e9rapie de la Femme<\/div><\/div><div class=\"description\"><\/div><\/div><\/div><\/div><\/div><div class=\"mt-item hide\" data-name=\"Alba Garc\u00eda Diaz\" data-languages=\"Espagnol\" data-centers=\"Barcelone\" data-medspec=\"57\" data-medarea=\"52\"><div class=\"mt-item-inner\"><div class=\"photo\"><a href=\"#\"><img decoding=\"async\" src=\"https:\/\/www.dexeus.com\/sites\/default\/files\/styles\/equipo_medico\/public\/images\/equipo-humano\/alba-garcia-diaz.png?itok=TglW6tHI\" alt=\"Alba Garc\u00eda Diaz\" \/><\/a><\/div><div class=\"name\"><a href=\"#\">Alba Garc\u00eda Diaz<\/a><\/div><div class=\"position\">Physioth\u00e9rapeute<\/div><\/div><div class=\"mt-item-overlay\"><div class=\"mt-item-overlay-inner\"><a href=\"#\" class=\"close\"><\/a><div class=\"mt-item-details\"><h4 class=\"name\">Alba Garc\u00eda Diaz<\/h4><div class=\"left\"><img decoding=\"async\" src=\"https:\/\/www.dexeus.com\/sites\/default\/files\/styles\/equipo_medico\/public\/images\/equipo-humano\/alba-garcia-diaz.png?itok=TglW6tHI\" alt=\"Alba Garc\u00eda Diaz\" \/><\/div><div class=\"right\"><div class=\"position\">Physioth\u00e9rapeute<\/div><div class=\"centers\"><span class=\"label\">Centres: <\/span>Barcelone<\/div><div class=\"languages\"><span class=\"label\">Langues: <\/span>Espagnol<\/div><div class=\"specialities\"><span class=\"label\">Sp\u00e9cialit\u00e9s: <\/span>Physioth\u00e9rapie de la Femme<\/div><\/div><div class=\"description\"><\/div><\/div><\/div><\/div><\/div><div class=\"mt-item hide\" data-name=\"Sara Giol Prieto\" data-languages=\"Espagnol|||Catalan|||Italien\" data-centers=\"Barcelone\" data-medspec=\"57\" data-medarea=\"52\"><div class=\"mt-item-inner\"><div class=\"photo\"><a href=\"#\"><img decoding=\"async\" src=\"https:\/\/www.dexeus.com\/sites\/default\/files\/styles\/equipo_medico\/public\/images\/equipo-humano\/sara-giol-prieto.png?itok=Yi5iazwy\" alt=\"Sara Giol Prieto\" \/><\/a><\/div><div class=\"name\"><a href=\"#\">Sara Giol Prieto<\/a><\/div><div class=\"position\">Physioth\u00e9rapeute<\/div><\/div><div class=\"mt-item-overlay\"><div class=\"mt-item-overlay-inner\"><a href=\"#\" class=\"close\"><\/a><div class=\"mt-item-details\"><h4 class=\"name\">Sara Giol Prieto<\/h4><div class=\"left\"><img decoding=\"async\" src=\"https:\/\/www.dexeus.com\/sites\/default\/files\/styles\/equipo_medico\/public\/images\/equipo-humano\/sara-giol-prieto.png?itok=Yi5iazwy\" alt=\"Sara Giol Prieto\" \/><\/div><div class=\"right\"><div class=\"position\">Physioth\u00e9rapeute<\/div><div class=\"centers\"><span class=\"label\">Centres: <\/span>Barcelone<\/div><div class=\"languages\"><span class=\"label\">Langues: <\/span>Espagnol, Catalan, Italien<\/div><div class=\"specialities\"><span class=\"label\">Sp\u00e9cialit\u00e9s: <\/span>Physioth\u00e9rapie de la Femme<\/div><\/div><div class=\"description\"><\/div><\/div><\/div><\/div><\/div><div class=\"mt-item hide\" data-name=\"M\u00f3nica Mallafr\u00e9 Mercad\u00e9\" data-languages=\"Espagnol|||Catalan\" data-centers=\"Barcelone\" data-medspec=\"57\" data-medarea=\"52\"><div class=\"mt-item-inner\"><div class=\"photo\"><a href=\"#\"><img decoding=\"async\" src=\"https:\/\/www.dexeus.com\/sites\/default\/files\/styles\/equipo_medico\/public\/images\/equipo-medico\/monica-mallafre-mercade.png?itok=xw2TSuCA\" alt=\"M\u00f3nica Mallafr\u00e9 Mercad\u00e9\" \/><\/a><\/div><div class=\"name\"><a href=\"#\">M\u00f3nica Mallafr\u00e9 Mercad\u00e9<\/a><\/div><div class=\"position\">Physioth\u00e9rapeute<\/div><\/div><div class=\"mt-item-overlay\"><div class=\"mt-item-overlay-inner\"><a href=\"#\" class=\"close\"><\/a><div class=\"mt-item-details\"><h4 class=\"name\">M\u00f3nica Mallafr\u00e9 Mercad\u00e9<\/h4><div class=\"left\"><img decoding=\"async\" src=\"https:\/\/www.dexeus.com\/sites\/default\/files\/styles\/equipo_medico\/public\/images\/equipo-medico\/monica-mallafre-mercade.png?itok=xw2TSuCA\" alt=\"M\u00f3nica Mallafr\u00e9 Mercad\u00e9\" \/><\/div><div class=\"right\"><div class=\"position\">Physioth\u00e9rapeute<\/div><div class=\"centers\"><span class=\"label\">Centres: <\/span>Barcelone<\/div><div class=\"languages\"><span class=\"label\">Langues: <\/span>Espagnol, Catalan<\/div><div class=\"specialities\"><span class=\"label\">Sp\u00e9cialit\u00e9s: <\/span>Physioth\u00e9rapie de la Femme<\/div><\/div><div class=\"description\"><p><\/p><\/div><\/div><\/div><\/div><\/div><div class=\"mt-item hide\" data-name=\"Alexandra Ni\u00f1erola Hahnle\" data-languages=\"Espagnol\" data-centers=\"Barcelone\" data-medspec=\"57\" data-medarea=\"52\"><div class=\"mt-item-inner\"><div class=\"photo\"><a href=\"#\"><img decoding=\"async\" src=\"https:\/\/www.dexeus.com\/sites\/default\/files\/styles\/equipo_medico\/public\/images\/equipo-humano\/alexandra-ninerola-hahnle.png?itok=Kqf4eL5v\" alt=\"Alexandra Ni\u00f1erola Hahnle\" \/><\/a><\/div><div class=\"name\"><a href=\"#\">Alexandra Ni\u00f1erola Hahnle<\/a><\/div><div class=\"position\">Physioth\u00e9rapeute<\/div><\/div><div class=\"mt-item-overlay\"><div class=\"mt-item-overlay-inner\"><a href=\"#\" class=\"close\"><\/a><div class=\"mt-item-details\"><h4 class=\"name\">Alexandra Ni\u00f1erola Hahnle<\/h4><div class=\"left\"><img decoding=\"async\" src=\"https:\/\/www.dexeus.com\/sites\/default\/files\/styles\/equipo_medico\/public\/images\/equipo-humano\/alexandra-ninerola-hahnle.png?itok=Kqf4eL5v\" alt=\"Alexandra Ni\u00f1erola Hahnle\" \/><\/div><div class=\"right\"><div class=\"position\">Physioth\u00e9rapeute<\/div><div class=\"centers\"><span class=\"label\">Centres: <\/span>Barcelone<\/div><div class=\"languages\"><span class=\"label\">Langues: <\/span>Espagnol<\/div><div class=\"specialities\"><span class=\"label\">Sp\u00e9cialit\u00e9s: <\/span>Physioth\u00e9rapie de la Femme<\/div><\/div><div class=\"description\"><\/div><\/div><\/div><\/div><\/div><div class=\"mt-item hide\" data-name=\"Marta Otero Rodr\u00edguez\" data-languages=\"Espagnol|||Catalan|||Anglais\" data-centers=\"Barcelone\" data-medspec=\"57\" data-medarea=\"52\"><div class=\"mt-item-inner\"><div class=\"photo\"><a href=\"#\"><img decoding=\"async\" src=\"https:\/\/www.dexeus.com\/sites\/default\/files\/styles\/equipo_medico\/public\/images\/equipo-humano\/marta-otero-rodriguez.png?itok=8LohGtg-\" alt=\"Marta Otero Rodr\u00edguez\" \/><\/a><\/div><div class=\"name\"><a href=\"#\">Marta Otero Rodr\u00edguez<\/a><\/div><div class=\"position\">Physioth\u00e9rapeute<\/div><\/div><div class=\"mt-item-overlay\"><div class=\"mt-item-overlay-inner\"><a href=\"#\" class=\"close\"><\/a><div class=\"mt-item-details\"><h4 class=\"name\">Marta Otero Rodr\u00edguez<\/h4><div class=\"left\"><img decoding=\"async\" src=\"https:\/\/www.dexeus.com\/sites\/default\/files\/styles\/equipo_medico\/public\/images\/equipo-humano\/marta-otero-rodriguez.png?itok=8LohGtg-\" alt=\"Marta Otero Rodr\u00edguez\" \/><\/div><div class=\"right\"><div class=\"position\">Physioth\u00e9rapeute<\/div><div class=\"centers\"><span class=\"label\">Centres: <\/span>Barcelone<\/div><div class=\"languages\"><span class=\"label\">Langues: <\/span>Espagnol, Catalan, Anglais<\/div><div class=\"specialities\"><span class=\"label\">Sp\u00e9cialit\u00e9s: <\/span>Physioth\u00e9rapie de la Femme<\/div><\/div><div class=\"description\"><\/div><\/div><\/div><\/div><\/div><div class=\"mt-item hide\" data-name=\"Xus Murciano L\u00f3pez\" data-languages=\"Espagnol|||Catalan|||Fran\u00e7ais\" data-centers=\"Barcelone\" data-medspec=\"122\" data-medarea=\"52\"><div class=\"mt-item-inner\"><div class=\"photo\"><a href=\"#\"><img decoding=\"async\" src=\"https:\/\/www.dexeus.com\/sites\/default\/files\/styles\/equipo_medico\/public\/images\/equipo_humano\/xus-murciano-lopez.png?itok=aVACbl9k\" alt=\"Xus Murciano L\u00f3pez\" \/><\/a><\/div><div class=\"name\"><a href=\"#\">Xus Murciano L\u00f3pez<\/a><\/div><div class=\"position\">Responsable de l&#039;Unit\u00e9 de Nutrition<\/div><\/div><div class=\"mt-item-overlay\"><div class=\"mt-item-overlay-inner\"><a href=\"#\" class=\"close\"><\/a><div class=\"mt-item-details\"><h4 class=\"name\">Xus Murciano L\u00f3pez<\/h4><div class=\"left\"><img decoding=\"async\" src=\"https:\/\/www.dexeus.com\/sites\/default\/files\/styles\/equipo_medico\/public\/images\/equipo_humano\/xus-murciano-lopez.png?itok=aVACbl9k\" alt=\"Xus Murciano L\u00f3pez\" \/><\/div><div class=\"right\"><div class=\"position\">Responsable de l&#039;Unit\u00e9 de Nutrition<\/div><div class=\"centers\"><span class=\"label\">Centres: <\/span>Barcelone<\/div><div class=\"languages\"><span class=\"label\">Langues: <\/span>Espagnol, Catalan, Fran\u00e7ais<\/div><div class=\"specialities\"><span class=\"label\">Sp\u00e9cialit\u00e9s: <\/span>Nutrition<\/div><\/div><div class=\"description\"><p>\u00a0<\/p>\n\n<p>\u00a0<\/p>\n<\/div><\/div><\/div><\/div><\/div><div class=\"mt-item hide\" data-name=\"Alejandro Blasco Su\u00f1\u00e9\" data-languages=\"Espagnol\" data-centers=\"Sant Cugat\" data-medspec=\"122\" data-medarea=\"52\"><div class=\"mt-item-inner\"><div class=\"photo\"><a href=\"#\"><img decoding=\"async\" src=\"https:\/\/www.dexeus.com\/sites\/default\/files\/styles\/equipo_medico\/public\/images\/equipo-humano\/alejandro-blasco-sune.png?itok=cQpVhe0E\" alt=\"Alejandro Blasco Su\u00f1\u00e9\" \/><\/a><\/div><div class=\"name\"><a href=\"#\">Alejandro Blasco Su\u00f1\u00e9<\/a><\/div><div class=\"position\">Nutritionniste<\/div><\/div><div class=\"mt-item-overlay\"><div class=\"mt-item-overlay-inner\"><a href=\"#\" class=\"close\"><\/a><div class=\"mt-item-details\"><h4 class=\"name\">Alejandro Blasco Su\u00f1\u00e9<\/h4><div class=\"left\"><img decoding=\"async\" src=\"https:\/\/www.dexeus.com\/sites\/default\/files\/styles\/equipo_medico\/public\/images\/equipo-humano\/alejandro-blasco-sune.png?itok=cQpVhe0E\" alt=\"Alejandro Blasco Su\u00f1\u00e9\" \/><\/div><div class=\"right\"><div class=\"position\">Nutritionniste<\/div><div class=\"centers\"><span class=\"label\">Centres: <\/span>Sant Cugat<\/div><div class=\"languages\"><span class=\"label\">Langues: <\/span>Espagnol<\/div><div class=\"specialities\"><span class=\"label\">Sp\u00e9cialit\u00e9s: <\/span>Nutrition<\/div><\/div><div class=\"description\"><\/div><\/div><\/div><\/div><\/div><div class=\"mt-item hide\" data-name=\"Natalia P\u00e9rez Llaurad\u00f3\" data-languages=\"Espagnol|||Catalan|||Anglais\" data-centers=\"Tarragone|||Reus\" data-medspec=\"122\" data-medarea=\"52\"><div class=\"mt-item-inner\"><div class=\"photo\"><a href=\"#\"><img decoding=\"async\" src=\"https:\/\/www.dexeus.com\/sites\/default\/files\/styles\/equipo_medico\/public\/images\/equipo_humano\/natalia_perez_llaurado.png?itok=RSNBfqLD\" alt=\"Natalia P\u00e9rez Llaurad\u00f3\" \/><\/a><\/div><div class=\"name\"><a href=\"#\">Natalia P\u00e9rez Llaurad\u00f3<\/a><\/div><div class=\"position\">Nutritionniste<\/div><\/div><div class=\"mt-item-overlay\"><div class=\"mt-item-overlay-inner\"><a href=\"#\" class=\"close\"><\/a><div class=\"mt-item-details\"><h4 class=\"name\">Natalia P\u00e9rez Llaurad\u00f3<\/h4><div class=\"left\"><img decoding=\"async\" src=\"https:\/\/www.dexeus.com\/sites\/default\/files\/styles\/equipo_medico\/public\/images\/equipo_humano\/natalia_perez_llaurado.png?itok=RSNBfqLD\" alt=\"Natalia P\u00e9rez Llaurad\u00f3\" \/><\/div><div class=\"right\"><div class=\"position\">Nutritionniste<\/div><div class=\"centers\"><span class=\"label\">Centres: <\/span>Tarragone, Reus<\/div><div class=\"languages\"><span class=\"label\">Langues: <\/span>Espagnol, Catalan, Anglais<\/div><div class=\"specialities\"><span class=\"label\">Sp\u00e9cialit\u00e9s: <\/span>Nutrition<\/div><\/div><div class=\"description\"><\/div><\/div><\/div><\/div><\/div><div class=\"mt-item \" data-name=\"Alfredo Bellmunt Blasco\" data-languages=\"Espagnol|||Catalan\" data-centers=\"Reus\" data-medspec=\"29|||32|||35|||36|||37|||40\" data-medarea=\"28\"><div class=\"mt-item-inner\"><div class=\"photo\"><a href=\"#\"><img decoding=\"async\" src=\"https:\/\/www.dexeus.com\/sites\/default\/files\/styles\/equipo_medico\/public\/images\/equipo-medico\/alfredo-bellmunt-blasco.png?itok=DV8Q_ex7\" alt=\"Alfredo Bellmunt Blasco\" \/><\/a><\/div><div class=\"name\"><a href=\"#\">Alfredo Bellmunt Blasco<\/a><\/div><div class=\"position\">M\u00e9decin collaborateur<\/div><\/div><div class=\"mt-item-overlay\"><div class=\"mt-item-overlay-inner\"><a href=\"#\" class=\"close\"><\/a><div class=\"mt-item-details\"><h4 class=\"name\">Alfredo Bellmunt Blasco<\/h4><div class=\"left\"><img decoding=\"async\" src=\"https:\/\/www.dexeus.com\/sites\/default\/files\/styles\/equipo_medico\/public\/images\/equipo-medico\/alfredo-bellmunt-blasco.png?itok=DV8Q_ex7\" alt=\"Alfredo Bellmunt Blasco\" \/><\/div><div class=\"right\"><div class=\"position\">M\u00e9decin collaborateur<\/div><div class=\"centers\"><span class=\"label\">Centres: <\/span>Reus<\/div><div class=\"languages\"><span class=\"label\">Langues: <\/span>Espagnol, Catalan<\/div><div class=\"specialities\"><span class=\"label\">Sp\u00e9cialit\u00e9s: <\/span>Fausses couches \u00e0 R\u00e9p\u00e9tition (Infertilit\u00e9), Diagnostic g\u00e9n\u00e9tique pr\u00e9implantatoire, \u00c9tude Int\u00e9gr\u00e9e de St\u00e9rilit\u00e9, Infertlit\u00e9, Pr\u00e9servation de la fertilit\u00e9, Techniques de Reproduction Assist\u00e9e<\/div><\/div><div class=\"description\"><\/div><\/div><\/div><\/div><\/div><\/div><\/div><\/div><\/div>\n\t\t\t\t\t\t<\/div>\n\t\t\t\t<\/div>\n\t\t\t\t<\/div>\n\t\t\t\t\t<\/div>\n\t\t\t\t<\/div>\n\t\t\t\t<\/div>\n\t\t","protected":false},"excerpt":{"rendered":"<p>Chez Dexeus Mujer nous comptons sur de prestigieux sp\u00e9cialistes (gyn\u00e9cologues, radiologues, biologistes\u2026) qui travaillent en \u00e9quipe pour vous offrir, dans un espace unique et moderne, tous les services et les prestations dont vous puissiez avoir besoin. Nos patients et eux-m\u00eames comptent sur le travail et le soutien de plus de 300 personnes, des infirmi\u00e8res au [&hellip;]<\/p>\n","protected":false},"author":1,"featured_media":6500,"parent":15165,"menu_order":0,"comment_status":"closed","ping_status":"closed","template":"","meta":{"footnotes":""},"class_list":["post-15258","page","type-page","status-publish","has-post-thumbnail","hentry"],"yoast_head":"<!-- This site is optimized with the Yoast SEO plugin v26.8 - https:\/\/yoast.com\/product\/yoast-seo-wordpress\/ -->\n<title>Dexeus Fertility : connaissez notre \u00e9quipe m\u00e9dicale<\/title>\n<meta name=\"description\" content=\"Chez Dexeus Fertility, nous disposons des meilleurs sp\u00e9cialistes qui travaillent en \u00e9quipe pour vous offrir tous les services et le support dont vous avez besoin.\" \/>\n<meta name=\"robots\" content=\"index, follow, max-snippet:-1, max-image-preview:large, max-video-preview:-1\" \/>\n<link rel=\"canonical\" href=\"https:\/\/www.dexeus.com\/fertility\/fr\/decouvrez-nous\/equipe-medicale\/\" \/>\n<meta property=\"og:locale\" content=\"fr_FR\" \/>\n<meta property=\"og:type\" content=\"article\" \/>\n<meta property=\"og:title\" content=\"Dexeus Fertility : connaissez notre \u00e9quipe m\u00e9dicale\" \/>\n<meta property=\"og:description\" content=\"Chez Dexeus Fertility, nous disposons des meilleurs sp\u00e9cialistes qui travaillent en \u00e9quipe pour vous offrir tous les services et le support dont vous avez besoin.\" \/>\n<meta property=\"og:url\" content=\"https:\/\/www.dexeus.com\/fertility\/fr\/decouvrez-nous\/equipe-medicale\/\" \/>\n<meta property=\"og:site_name\" content=\"Dexeus Fertility\" \/>\n<meta property=\"article:publisher\" content=\"https:\/\/www.facebook.com\/dexeusmujer\/\" \/>\n<meta property=\"article:modified_time\" content=\"2025-07-31T16:08:29+00:00\" \/>\n<meta property=\"og:image\" content=\"https:\/\/www.dexeus.com\/fertility\/wp-content\/uploads\/2024\/03\/universitario.jpg\" \/>\n\t<meta property=\"og:image:width\" content=\"1000\" \/>\n\t<meta property=\"og:image:height\" content=\"465\" \/>\n\t<meta property=\"og:image:type\" content=\"image\/jpeg\" \/>\n<meta name=\"twitter:card\" content=\"summary_large_image\" \/>\n<meta name=\"twitter:site\" content=\"@dexeusmujer\" \/>\n<script type=\"application\/ld+json\" class=\"yoast-schema-graph\">{\"@context\":\"https:\/\/schema.org\",\"@graph\":[{\"@type\":[\"WebPage\",\"MedicalWebPage\"],\"@id\":\"https:\/\/www.dexeus.com\/fertility\/fr\/decouvrez-nous\/equipe-medicale\/\",\"url\":\"https:\/\/www.dexeus.com\/fertility\/fr\/decouvrez-nous\/equipe-medicale\/\",\"name\":\"Dexeus Fertility : connaissez notre \u00e9quipe m\u00e9dicale\",\"isPartOf\":{\"@id\":\"https:\/\/www.dexeus.com\/fertilitynew\/#website\"},\"primaryImageOfPage\":{\"@id\":\"https:\/\/www.dexeus.com\/fertility\/fr\/decouvrez-nous\/equipe-medicale\/#primaryimage\"},\"image\":{\"@id\":\"https:\/\/www.dexeus.com\/fertility\/fr\/decouvrez-nous\/equipe-medicale\/#primaryimage\"},\"thumbnailUrl\":\"https:\/\/www.dexeus.com\/fertility\/wp-content\/uploads\/2024\/03\/universitario.jpg\",\"datePublished\":\"2024-02-29T14:52:58+00:00\",\"dateModified\":\"2025-07-31T16:08:29+00:00\",\"description\":\"Chez Dexeus Fertility, nous disposons des meilleurs sp\u00e9cialistes qui travaillent en \u00e9quipe pour vous offrir tous les services et le support dont vous avez besoin.\",\"breadcrumb\":{\"@id\":\"https:\/\/www.dexeus.com\/fertility\/fr\/decouvrez-nous\/equipe-medicale\/#breadcrumb\"},\"inLanguage\":\"fr-FR\",\"potentialAction\":[{\"@type\":\"ReadAction\",\"target\":[\"https:\/\/www.dexeus.com\/fertility\/fr\/decouvrez-nous\/equipe-medicale\/\"]}]},{\"@type\":\"ImageObject\",\"inLanguage\":\"fr-FR\",\"@id\":\"https:\/\/www.dexeus.com\/fertility\/fr\/decouvrez-nous\/equipe-medicale\/#primaryimage\",\"url\":\"https:\/\/www.dexeus.com\/fertility\/wp-content\/uploads\/2024\/03\/universitario.jpg\",\"contentUrl\":\"https:\/\/www.dexeus.com\/fertility\/wp-content\/uploads\/2024\/03\/universitario.jpg\",\"width\":1000,\"height\":465},{\"@type\":\"BreadcrumbList\",\"@id\":\"https:\/\/www.dexeus.com\/fertility\/fr\/decouvrez-nous\/equipe-medicale\/#breadcrumb\",\"itemListElement\":[{\"@type\":\"ListItem\",\"position\":1,\"name\":\"Portada\",\"item\":\"https:\/\/www.dexeus.com\/fertility\/fr\/35-ans-dexperience-en-procreation-assistee\/\"},{\"@type\":\"ListItem\",\"position\":2,\"name\":\"D\u00e9couvrez-nous\",\"item\":\"https:\/\/dexeusfertility.enproves.cat\/fr\/decouvrez-nous\/\"},{\"@type\":\"ListItem\",\"position\":3,\"name\":\"Notre \u00e9quipe\"}]},{\"@type\":\"WebSite\",\"@id\":\"https:\/\/www.dexeus.com\/fertilitynew\/#website\",\"url\":\"https:\/\/www.dexeus.com\/fertilitynew\/\",\"name\":\"Dexeus Fertility\",\"description\":\"Dexeus Mujer es un centro de referencia y pionero en Espa\u00f1a en t\u00e9cnicas de reproducci\u00f3n asistida, con m\u00e1s de 80 a\u00f1os de experiencia en el diagn\u00f3stico y tratamiento de los problemas de fertilidad.\",\"publisher\":{\"@id\":\"https:\/\/www.dexeus.com\/fertilitynew\/#organization\"},\"alternateName\":\"Dexeus fertilidad\",\"potentialAction\":[{\"@type\":\"SearchAction\",\"target\":{\"@type\":\"EntryPoint\",\"urlTemplate\":\"https:\/\/www.dexeus.com\/fertilitynew\/?s={search_term_string}\"},\"query-input\":{\"@type\":\"PropertyValueSpecification\",\"valueRequired\":true,\"valueName\":\"search_term_string\"}}],\"inLanguage\":\"fr-FR\"},{\"@type\":\"Organization\",\"@id\":\"https:\/\/www.dexeus.com\/fertilitynew\/#organization\",\"name\":\"Dexeus Fertility\",\"url\":\"https:\/\/www.dexeus.com\/fertilitynew\/\",\"logo\":{\"@type\":\"ImageObject\",\"inLanguage\":\"fr-FR\",\"@id\":\"https:\/\/www.dexeus.com\/fertilitynew\/#\/schema\/logo\/image\/\",\"url\":\"https:\/\/www.dexeus.com\/fertility\/wp-content\/uploads\/2024\/02\/logofertility.svg\",\"contentUrl\":\"https:\/\/www.dexeus.com\/fertility\/wp-content\/uploads\/2024\/02\/logofertility.svg\",\"caption\":\"Dexeus Fertility\"},\"image\":{\"@id\":\"https:\/\/www.dexeus.com\/fertilitynew\/#\/schema\/logo\/image\/\"},\"sameAs\":[\"https:\/\/www.facebook.com\/dexeusmujer\/\",\"https:\/\/x.com\/dexeusmujer\",\"https:\/\/www.instagram.com\/dexeusmujer\",\"https:\/\/www.youtube.com\/user\/DexeusMujer\"]}]}<\/script>\n<!-- \/ Yoast SEO plugin. -->","yoast_head_json":{"title":"Dexeus Fertility : connaissez notre \u00e9quipe m\u00e9dicale","description":"Chez Dexeus Fertility, nous disposons des meilleurs sp\u00e9cialistes qui travaillent en \u00e9quipe pour vous offrir tous les services et le support dont vous avez besoin.","robots":{"index":"index","follow":"follow","max-snippet":"max-snippet:-1","max-image-preview":"max-image-preview:large","max-video-preview":"max-video-preview:-1"},"canonical":"https:\/\/www.dexeus.com\/fertility\/fr\/decouvrez-nous\/equipe-medicale\/","og_locale":"fr_FR","og_type":"article","og_title":"Dexeus Fertility : connaissez notre \u00e9quipe m\u00e9dicale","og_description":"Chez Dexeus Fertility, nous disposons des meilleurs sp\u00e9cialistes qui travaillent en \u00e9quipe pour vous offrir tous les services et le support dont vous avez besoin.","og_url":"https:\/\/www.dexeus.com\/fertility\/fr\/decouvrez-nous\/equipe-medicale\/","og_site_name":"Dexeus Fertility","article_publisher":"https:\/\/www.facebook.com\/dexeusmujer\/","article_modified_time":"2025-07-31T16:08:29+00:00","og_image":[{"width":1000,"height":465,"url":"https:\/\/www.dexeus.com\/fertility\/wp-content\/uploads\/2024\/03\/universitario.jpg","type":"image\/jpeg"}],"twitter_card":"summary_large_image","twitter_site":"@dexeusmujer","schema":{"@context":"https:\/\/schema.org","@graph":[{"@type":["WebPage","MedicalWebPage"],"@id":"https:\/\/www.dexeus.com\/fertility\/fr\/decouvrez-nous\/equipe-medicale\/","url":"https:\/\/www.dexeus.com\/fertility\/fr\/decouvrez-nous\/equipe-medicale\/","name":"Dexeus Fertility : connaissez notre \u00e9quipe m\u00e9dicale","isPartOf":{"@id":"https:\/\/www.dexeus.com\/fertilitynew\/#website"},"primaryImageOfPage":{"@id":"https:\/\/www.dexeus.com\/fertility\/fr\/decouvrez-nous\/equipe-medicale\/#primaryimage"},"image":{"@id":"https:\/\/www.dexeus.com\/fertility\/fr\/decouvrez-nous\/equipe-medicale\/#primaryimage"},"thumbnailUrl":"https:\/\/www.dexeus.com\/fertility\/wp-content\/uploads\/2024\/03\/universitario.jpg","datePublished":"2024-02-29T14:52:58+00:00","dateModified":"2025-07-31T16:08:29+00:00","description":"Chez Dexeus Fertility, nous disposons des meilleurs sp\u00e9cialistes qui travaillent en \u00e9quipe pour vous offrir tous les services et le support dont vous avez besoin.","breadcrumb":{"@id":"https:\/\/www.dexeus.com\/fertility\/fr\/decouvrez-nous\/equipe-medicale\/#breadcrumb"},"inLanguage":"fr-FR","potentialAction":[{"@type":"ReadAction","target":["https:\/\/www.dexeus.com\/fertility\/fr\/decouvrez-nous\/equipe-medicale\/"]}]},{"@type":"ImageObject","inLanguage":"fr-FR","@id":"https:\/\/www.dexeus.com\/fertility\/fr\/decouvrez-nous\/equipe-medicale\/#primaryimage","url":"https:\/\/www.dexeus.com\/fertility\/wp-content\/uploads\/2024\/03\/universitario.jpg","contentUrl":"https:\/\/www.dexeus.com\/fertility\/wp-content\/uploads\/2024\/03\/universitario.jpg","width":1000,"height":465},{"@type":"BreadcrumbList","@id":"https:\/\/www.dexeus.com\/fertility\/fr\/decouvrez-nous\/equipe-medicale\/#breadcrumb","itemListElement":[{"@type":"ListItem","position":1,"name":"Portada","item":"https:\/\/www.dexeus.com\/fertility\/fr\/35-ans-dexperience-en-procreation-assistee\/"},{"@type":"ListItem","position":2,"name":"D\u00e9couvrez-nous","item":"https:\/\/dexeusfertility.enproves.cat\/fr\/decouvrez-nous\/"},{"@type":"ListItem","position":3,"name":"Notre \u00e9quipe"}]},{"@type":"WebSite","@id":"https:\/\/www.dexeus.com\/fertilitynew\/#website","url":"https:\/\/www.dexeus.com\/fertilitynew\/","name":"Dexeus Fertility","description":"Dexeus Mujer es un centro de referencia y pionero en Espa\u00f1a en t\u00e9cnicas de reproducci\u00f3n asistida, con m\u00e1s de 80 a\u00f1os de experiencia en el diagn\u00f3stico y tratamiento de los problemas de fertilidad.","publisher":{"@id":"https:\/\/www.dexeus.com\/fertilitynew\/#organization"},"alternateName":"Dexeus fertilidad","potentialAction":[{"@type":"SearchAction","target":{"@type":"EntryPoint","urlTemplate":"https:\/\/www.dexeus.com\/fertilitynew\/?s={search_term_string}"},"query-input":{"@type":"PropertyValueSpecification","valueRequired":true,"valueName":"search_term_string"}}],"inLanguage":"fr-FR"},{"@type":"Organization","@id":"https:\/\/www.dexeus.com\/fertilitynew\/#organization","name":"Dexeus Fertility","url":"https:\/\/www.dexeus.com\/fertilitynew\/","logo":{"@type":"ImageObject","inLanguage":"fr-FR","@id":"https:\/\/www.dexeus.com\/fertilitynew\/#\/schema\/logo\/image\/","url":"https:\/\/www.dexeus.com\/fertility\/wp-content\/uploads\/2024\/02\/logofertility.svg","contentUrl":"https:\/\/www.dexeus.com\/fertility\/wp-content\/uploads\/2024\/02\/logofertility.svg","caption":"Dexeus Fertility"},"image":{"@id":"https:\/\/www.dexeus.com\/fertilitynew\/#\/schema\/logo\/image\/"},"sameAs":["https:\/\/www.facebook.com\/dexeusmujer\/","https:\/\/x.com\/dexeusmujer","https:\/\/www.instagram.com\/dexeusmujer","https:\/\/www.youtube.com\/user\/DexeusMujer"]}]}},"_links":{"self":[{"href":"https:\/\/www.dexeus.com\/fertility\/fr\/wp-json\/wp\/v2\/pages\/15258","targetHints":{"allow":["GET"]}}],"collection":[{"href":"https:\/\/www.dexeus.com\/fertility\/fr\/wp-json\/wp\/v2\/pages"}],"about":[{"href":"https:\/\/www.dexeus.com\/fertility\/fr\/wp-json\/wp\/v2\/types\/page"}],"author":[{"embeddable":true,"href":"https:\/\/www.dexeus.com\/fertility\/fr\/wp-json\/wp\/v2\/users\/1"}],"replies":[{"embeddable":true,"href":"https:\/\/www.dexeus.com\/fertility\/fr\/wp-json\/wp\/v2\/comments?post=15258"}],"version-history":[{"count":2,"href":"https:\/\/www.dexeus.com\/fertility\/fr\/wp-json\/wp\/v2\/pages\/15258\/revisions"}],"predecessor-version":[{"id":36144,"href":"https:\/\/www.dexeus.com\/fertility\/fr\/wp-json\/wp\/v2\/pages\/15258\/revisions\/36144"}],"up":[{"embeddable":true,"href":"https:\/\/www.dexeus.com\/fertility\/fr\/wp-json\/wp\/v2\/pages\/15165"}],"wp:featuredmedia":[{"embeddable":true,"href":"https:\/\/www.dexeus.com\/fertility\/fr\/wp-json\/wp\/v2\/media\/6500"}],"wp:attachment":[{"href":"https:\/\/www.dexeus.com\/fertility\/fr\/wp-json\/wp\/v2\/media?parent=15258"}],"curies":[{"name":"wp","href":"https:\/\/api.w.org\/{rel}","templated":true}]}}