{"id":6600,"date":"2024-12-02T01:00:47","date_gmt":"2024-12-02T00:00:47","guid":{"rendered":"https:\/\/www.dexeus.com\/midlife\/premenopausa\/"},"modified":"2025-02-26T13:43:30","modified_gmt":"2025-02-26T12:43:30","slug":"premenopausa","status":"publish","type":"page","link":"https:\/\/www.dexeus.com\/midlife\/ca\/salut-ginecologica\/premenopausa\/","title":{"rendered":"Premenopausa"},"content":{"rendered":"\t\t<div data-elementor-type=\"wp-page\" data-elementor-id=\"6600\" class=\"elementor elementor-6600 elementor-49\" data-elementor-post-type=\"page\">\n\t\t\t\t<div class=\"elementor-element elementor-element-020f59b e-flex e-con-boxed e-con e-parent\" data-id=\"020f59b\" data-element_type=\"container\" data-settings=\"{&quot;background_background&quot;:&quot;classic&quot;}\">\n\t\t\t\t\t<div class=\"e-con-inner\">\n\t\t<div class=\"elementor-element elementor-element-67c02c6 e-con-full elementor-hidden-mobile_extra elementor-hidden-mobile e-flex e-con e-child\" data-id=\"67c02c6\" data-element_type=\"container\" data-settings=\"{&quot;background_background&quot;:&quot;classic&quot;}\">\n\t\t\t\t<div class=\"elementor-element elementor-element-bbd3c70 elementor-widget elementor-widget-heading\" data-id=\"bbd3c70\" data-element_type=\"widget\" data-widget_type=\"heading.default\">\n\t\t\t\t<div class=\"elementor-widget-container\">\n\t\t\t\t\t<p class=\"elementor-heading-title elementor-size-default\">Salut ginecol\u00f2gica<\/p>\t\t\t\t<\/div>\n\t\t\t\t<\/div>\n\t\t\t\t<div class=\"elementor-element elementor-element-a62c3bc elementor-widget elementor-widget-heading\" data-id=\"a62c3bc\" data-element_type=\"widget\" data-widget_type=\"heading.default\">\n\t\t\t\t<div class=\"elementor-widget-container\">\n\t\t\t\t\t<h1 class=\"elementor-heading-title elementor-size-default\">Premenopausa<\/h1>\t\t\t\t<\/div>\n\t\t\t\t<\/div>\n\t\t\t\t<div class=\"elementor-element elementor-element-60e6c69 elementor-widget elementor-widget-theme-post-excerpt\" data-id=\"60e6c69\" data-element_type=\"widget\" data-widget_type=\"theme-post-excerpt.default\">\n\t\t\t\t<div class=\"elementor-widget-container\">\n\t\t\t\t\tS'inicia des del moment en qu\u00e8 la dona comen\u00e7a a perdre progressivament la funci\u00f3 ov\u00e0rica. Es produeix a partir de la d\u00e8cada dels 40. Pot durar diversos anys i ser diferent en cada dona.\t\t\t\t<\/div>\n\t\t\t\t<\/div>\n\t\t\t\t<\/div>\n\t\t\t\t\t<\/div>\n\t\t\t\t<\/div>\n\t\t<div class=\"elementor-element elementor-element-ad1ff30 e-con-full elementor-hidden-desktop elementor-hidden-tablet_extra elementor-hidden-tablet e-flex e-con e-child\" data-id=\"ad1ff30\" data-element_type=\"container\" data-settings=\"{&quot;background_background&quot;:&quot;classic&quot;}\">\n\t\t\t\t<div class=\"elementor-element elementor-element-d3555f5 elementor-widget elementor-widget-heading\" data-id=\"d3555f5\" data-element_type=\"widget\" data-widget_type=\"heading.default\">\n\t\t\t\t<div class=\"elementor-widget-container\">\n\t\t\t\t\t<p class=\"elementor-heading-title elementor-size-default\">Salut ginecol\u00f2gica<\/p>\t\t\t\t<\/div>\n\t\t\t\t<\/div>\n\t\t\t\t<div class=\"elementor-element elementor-element-a0618ec elementor-widget elementor-widget-heading\" data-id=\"a0618ec\" data-element_type=\"widget\" data-widget_type=\"heading.default\">\n\t\t\t\t<div class=\"elementor-widget-container\">\n\t\t\t\t\t<div class=\"elementor-heading-title elementor-size-default\">Premenopausa<\/div>\t\t\t\t<\/div>\n\t\t\t\t<\/div>\n\t\t\t\t<div class=\"elementor-element elementor-element-fbbaf5b elementor-widget elementor-widget-theme-post-excerpt\" data-id=\"fbbaf5b\" data-element_type=\"widget\" data-widget_type=\"theme-post-excerpt.default\">\n\t\t\t\t<div class=\"elementor-widget-container\">\n\t\t\t\t\tS'inicia des del moment en qu\u00e8 la dona comen\u00e7a a perdre progressivament la funci\u00f3 ov\u00e0rica. Es produeix a partir de la d\u00e8cada dels 40. Pot durar diversos anys i ser diferent en cada dona.\t\t\t\t<\/div>\n\t\t\t\t<\/div>\n\t\t\t\t<\/div>\n\t\t<div class=\"elementor-element elementor-element-22c42f5 e-flex e-con-boxed e-con e-parent\" data-id=\"22c42f5\" data-element_type=\"container\">\n\t\t\t\t\t<div class=\"e-con-inner\">\n\t\t\t\t<div class=\"elementor-element elementor-element-fb26849 elementor-widget elementor-widget-text-editor\" data-id=\"fb26849\" data-element_type=\"widget\" data-widget_type=\"text-editor.default\">\n\t\t\t\t<div class=\"elementor-widget-container\">\n\t\t\t\t\t\t\t\t\t<p>L&#8217;etapa f\u00e8rtil d&#8217;una dona comen\u00e7a amb l&#8217;inici de l&#8217;ovulaci\u00f3 i la primera menstruaci\u00f3, i acaba amb la menopausa. En general, dura unes tres d\u00e8cades, des dels 12-14 anys fins als 40-42 anys, aproximadament. Per\u00f2 la fertilitat disminueix amb els anys, a mesura que es va esgotant el nombre d&#8217;\u00f2vuls de qu\u00e8 disposa i se&#8217;n redueix la qualitat.<\/p><p><strong>El deteriorament de la funci\u00f3 ov\u00e0rica, per tant, \u00e9s un proc\u00e9s continu en la dona, que t\u00e9 diversos anys d&#8217;evoluci\u00f3 i que compr\u00e8n diverses etapes.<\/strong><\/p><p>La premenopausa, com el nom l&#8217;indica, \u00e9s un per\u00edode previ a l&#8217;arribada a la menopausa. S&#8217;inicia des del moment en qu\u00e8 la dona comen\u00e7a a perdre progressivament la funci\u00f3 ov\u00e0rica i, per tant, disminueix la producci\u00f3 de les hormones femenines, els estr\u00f2gens i la progesterona.<\/p><p><strong>\u00c9s un per\u00edode que pot durar aproximadament 5 anys i que pot ser molt diferent en cada dona.<\/strong> En algunes dones pot comen\u00e7ar entre els 40 i els 45 anys, i en unes altres al final de la d\u00e8cada dels 40, encara que s&#8217;ha observat que pot ser m\u00e9s curt i preco\u00e7 en dones fumadores i en dones que pateixen estr\u00e8s, i tamb\u00e9 en les que han estat operades d&#8217;\u00fater i d&#8217;ovaris.<\/p>\t\t\t\t\t\t\t\t<\/div>\n\t\t\t\t<\/div>\n\t\t\t\t\t<\/div>\n\t\t\t\t<\/div>\n\t\t<div class=\"elementor-element elementor-element-8499349 e-flex e-con-boxed e-con e-parent\" data-id=\"8499349\" data-element_type=\"container\">\n\t\t\t\t\t<div class=\"e-con-inner\">\n\t\t<div class=\"elementor-element elementor-element-517bf84 e-flex e-con-boxed e-con e-child\" data-id=\"517bf84\" data-element_type=\"container\" data-settings=\"{&quot;background_background&quot;:&quot;classic&quot;}\">\n\t\t\t\t\t<div class=\"e-con-inner\">\n\t\t<div class=\"elementor-element elementor-element-e0c490f e-con-full e-flex e-con e-child\" data-id=\"e0c490f\" data-element_type=\"container\">\n\t\t\t\t<div class=\"elementor-element elementor-element-aec1e89 elementor-widget elementor-widget-heading\" data-id=\"aec1e89\" data-element_type=\"widget\" data-widget_type=\"heading.default\">\n\t\t\t\t<div class=\"elementor-widget-container\">\n\t\t\t\t\t<h2 class=\"elementor-heading-title elementor-size-default\">Quins s\u00edmptomes pots notar?<\/h2>\t\t\t\t<\/div>\n\t\t\t\t<\/div>\n\t\t\t\t<\/div>\n\t\t<div class=\"elementor-element elementor-element-49f0416 e-con-full e-flex e-con e-child\" data-id=\"49f0416\" data-element_type=\"container\">\n\t\t\t\t<div class=\"elementor-element elementor-element-eec79eb elementor-widget elementor-widget-text-editor\" data-id=\"eec79eb\" data-element_type=\"widget\" data-widget_type=\"text-editor.default\">\n\t\t\t\t<div class=\"elementor-widget-container\">\n\t\t\t\t\t\t\t\t\t<p>Pot agreujar-se la s\u00edndrome premenstrual (mast\u00e0lgia, cefalees, tensi\u00f3 mam\u00e0ria), per\u00f2 encara no es produeixen s\u00edmptomes vasomotors o s\u00f3n poc marcats (<a href=\"https:\/\/www.dexeus.com\/midlife\/ca\/simptoma\/sufocacions\/\">sufocacions<\/a> o suors nocturnes). Els cicles menstruals s\u00f3n normals, ocasionalment poden ser m\u00e9s curts, per\u00f2 en la majoria encara es produeix l&#8217;ovulaci\u00f3. S\u00ed que es poden detectar problemes de fertilitat.<\/p>\t\t\t\t\t\t\t\t<\/div>\n\t\t\t\t<\/div>\n\t\t\t\t<\/div>\n\t\t\t\t\t<\/div>\n\t\t\t\t<\/div>\n\t\t\t\t\t<\/div>\n\t\t\t\t<\/div>\n\t\t\t\t<\/div>\n\t\t","protected":false},"excerpt":{"rendered":"<p>S&#8217;inicia des del moment en qu\u00e8 la dona comen\u00e7a a perdre progressivament la funci\u00f3 ov\u00e0rica. Es produeix a partir de la d\u00e8cada dels 40. Pot durar diversos anys i ser diferent en cada dona.<\/p>\n","protected":false},"author":1,"featured_media":6361,"parent":6616,"menu_order":0,"comment_status":"closed","ping_status":"closed","template":"","meta":{"footnotes":""},"class_list":["post-6600","page","type-page","status-publish","has-post-thumbnail","hentry"],"yoast_head":"<!-- This site is optimized with the Yoast SEO plugin v26.7 - https:\/\/yoast.com\/wordpress\/plugins\/seo\/ -->\n<title>Premenopausa - Dexeus Midlife<\/title>\n<meta name=\"description\" content=\"S&#039;inicia des del moment en qu\u00e8 la dona comen\u00e7a a perdre progressivament la funci\u00f3 ov\u00e0rica. Es produeix a partir de la d\u00e8cada dels 40. Pot durar diversos anys i ser diferent en cada dona.\" \/>\n<meta name=\"robots\" content=\"index, follow, max-snippet:-1, max-image-preview:large, max-video-preview:-1\" \/>\n<link rel=\"canonical\" href=\"https:\/\/www.dexeus.com\/midlife\/ca\/salut-ginecologica\/premenopausa\/\" \/>\n<meta property=\"og:locale\" content=\"ca_ES\" \/>\n<meta property=\"og:type\" content=\"article\" \/>\n<meta property=\"og:title\" content=\"Premenopausa - Dexeus Midlife\" \/>\n<meta property=\"og:description\" content=\"S&#039;inicia des del moment en qu\u00e8 la dona comen\u00e7a a perdre progressivament la funci\u00f3 ov\u00e0rica. Es produeix a partir de la d\u00e8cada dels 40. Pot durar diversos anys i ser diferent en cada dona.\" \/>\n<meta property=\"og:url\" content=\"https:\/\/www.dexeus.com\/midlife\/ca\/salut-ginecologica\/premenopausa\/\" \/>\n<meta property=\"og:site_name\" content=\"Dexeus Midlife\" \/>\n<meta property=\"article:publisher\" content=\"https:\/\/www.facebook.com\/dexeusmidlife\/\" \/>\n<meta property=\"article:modified_time\" content=\"2025-02-26T12:43:30+00:00\" \/>\n<meta property=\"og:image\" content=\"https:\/\/www.dexeus.com\/midlife\/wp-content\/uploads\/2025\/02\/PREMENOPAUSIA.jpg\" \/>\n\t<meta property=\"og:image:width\" content=\"2200\" \/>\n\t<meta property=\"og:image:height\" content=\"1078\" \/>\n\t<meta property=\"og:image:type\" content=\"image\/jpeg\" \/>\n<meta name=\"twitter:card\" content=\"summary_large_image\" \/>\n<meta name=\"twitter:label1\" content=\"Est. reading time\" \/>\n\t<meta name=\"twitter:data1\" content=\"1 minute\" \/>\n<script type=\"application\/ld+json\" class=\"yoast-schema-graph\">{\"@context\":\"https:\/\/schema.org\",\"@graph\":[{\"@type\":\"WebPage\",\"@id\":\"https:\/\/www.dexeus.com\/midlife\/ca\/salut-ginecologica\/premenopausa\/\",\"url\":\"https:\/\/www.dexeus.com\/midlife\/ca\/salut-ginecologica\/premenopausa\/\",\"name\":\"Premenopausa - Dexeus Midlife\",\"isPartOf\":{\"@id\":\"https:\/\/www.dexeus.com\/midlife\/ca\/#website\"},\"primaryImageOfPage\":{\"@id\":\"https:\/\/www.dexeus.com\/midlife\/ca\/salut-ginecologica\/premenopausa\/#primaryimage\"},\"image\":{\"@id\":\"https:\/\/www.dexeus.com\/midlife\/ca\/salut-ginecologica\/premenopausa\/#primaryimage\"},\"thumbnailUrl\":\"https:\/\/www.dexeus.com\/midlife\/wp-content\/uploads\/2025\/02\/PREMENOPAUSIA.jpg\",\"datePublished\":\"2024-12-02T00:00:47+00:00\",\"dateModified\":\"2025-02-26T12:43:30+00:00\",\"description\":\"S'inicia des del moment en qu\u00e8 la dona comen\u00e7a a perdre progressivament la funci\u00f3 ov\u00e0rica. Es produeix a partir de la d\u00e8cada dels 40. Pot durar diversos anys i ser diferent en cada dona.\",\"breadcrumb\":{\"@id\":\"https:\/\/www.dexeus.com\/midlife\/ca\/salut-ginecologica\/premenopausa\/#breadcrumb\"},\"inLanguage\":\"ca\",\"potentialAction\":[{\"@type\":\"ReadAction\",\"target\":[\"https:\/\/www.dexeus.com\/midlife\/ca\/salut-ginecologica\/premenopausa\/\"]}]},{\"@type\":\"ImageObject\",\"inLanguage\":\"ca\",\"@id\":\"https:\/\/www.dexeus.com\/midlife\/ca\/salut-ginecologica\/premenopausa\/#primaryimage\",\"url\":\"https:\/\/www.dexeus.com\/midlife\/wp-content\/uploads\/2025\/02\/PREMENOPAUSIA.jpg\",\"contentUrl\":\"https:\/\/www.dexeus.com\/midlife\/wp-content\/uploads\/2025\/02\/PREMENOPAUSIA.jpg\",\"width\":2200,\"height\":1078,\"caption\":\"Middle aged business woman investor entrepreneur standing in office looking away. Mature professional businesswoman corporate leader ceo manager at work thinking of future success. Copy space.\"},{\"@type\":\"BreadcrumbList\",\"@id\":\"https:\/\/www.dexeus.com\/midlife\/ca\/salut-ginecologica\/premenopausa\/#breadcrumb\",\"itemListElement\":[{\"@type\":\"ListItem\",\"position\":1,\"name\":\"Home\",\"item\":\"https:\/\/www.dexeus.com\/midlife\/ca\/dexeus-midlife\/\"},{\"@type\":\"ListItem\",\"position\":2,\"name\":\"La teva menopausa\",\"item\":\"https:\/\/www.dexeus.com\/midlife\/ca\/salut-ginecologica\/\"},{\"@type\":\"ListItem\",\"position\":3,\"name\":\"Premenopausa\"}]},{\"@type\":\"WebSite\",\"@id\":\"https:\/\/www.dexeus.com\/midlife\/ca\/#website\",\"url\":\"https:\/\/www.dexeus.com\/midlife\/ca\/\",\"name\":\"Dexeus Midlife\",\"description\":\"Una nueva forma de vivir la menopausia\",\"publisher\":{\"@id\":\"https:\/\/www.dexeus.com\/midlife\/ca\/#organization\"},\"potentialAction\":[{\"@type\":\"SearchAction\",\"target\":{\"@type\":\"EntryPoint\",\"urlTemplate\":\"https:\/\/www.dexeus.com\/midlife\/ca\/?s={search_term_string}\"},\"query-input\":{\"@type\":\"PropertyValueSpecification\",\"valueRequired\":true,\"valueName\":\"search_term_string\"}}],\"inLanguage\":\"ca\"},{\"@type\":\"Organization\",\"@id\":\"https:\/\/www.dexeus.com\/midlife\/ca\/#organization\",\"name\":\"Dexeus Midlife\",\"url\":\"https:\/\/www.dexeus.com\/midlife\/ca\/\",\"logo\":{\"@type\":\"ImageObject\",\"inLanguage\":\"ca\",\"@id\":\"https:\/\/www.dexeus.com\/midlife\/ca\/#\/schema\/logo\/image\/\",\"url\":\"https:\/\/www.dexeus.com\/midlife\/wp-content\/uploads\/2025\/02\/cropped-Dexeus-Midlife-Fabicon.png\",\"contentUrl\":\"https:\/\/www.dexeus.com\/midlife\/wp-content\/uploads\/2025\/02\/cropped-Dexeus-Midlife-Fabicon.png\",\"width\":512,\"height\":512,\"caption\":\"Dexeus Midlife\"},\"image\":{\"@id\":\"https:\/\/www.dexeus.com\/midlife\/ca\/#\/schema\/logo\/image\/\"},\"sameAs\":[\"https:\/\/www.facebook.com\/dexeusmidlife\/\",\"https:\/\/www.instagram.com\/dexeusmidlife\/\"]}]}<\/script>\n<!-- \/ Yoast SEO plugin. -->","yoast_head_json":{"title":"Premenopausa - Dexeus Midlife","description":"S'inicia des del moment en qu\u00e8 la dona comen\u00e7a a perdre progressivament la funci\u00f3 ov\u00e0rica. Es produeix a partir de la d\u00e8cada dels 40. Pot durar diversos anys i ser diferent en cada dona.","robots":{"index":"index","follow":"follow","max-snippet":"max-snippet:-1","max-image-preview":"max-image-preview:large","max-video-preview":"max-video-preview:-1"},"canonical":"https:\/\/www.dexeus.com\/midlife\/ca\/salut-ginecologica\/premenopausa\/","og_locale":"ca_ES","og_type":"article","og_title":"Premenopausa - Dexeus Midlife","og_description":"S'inicia des del moment en qu\u00e8 la dona comen\u00e7a a perdre progressivament la funci\u00f3 ov\u00e0rica. Es produeix a partir de la d\u00e8cada dels 40. Pot durar diversos anys i ser diferent en cada dona.","og_url":"https:\/\/www.dexeus.com\/midlife\/ca\/salut-ginecologica\/premenopausa\/","og_site_name":"Dexeus Midlife","article_publisher":"https:\/\/www.facebook.com\/dexeusmidlife\/","article_modified_time":"2025-02-26T12:43:30+00:00","og_image":[{"width":2200,"height":1078,"url":"https:\/\/www.dexeus.com\/midlife\/wp-content\/uploads\/2025\/02\/PREMENOPAUSIA.jpg","type":"image\/jpeg"}],"twitter_card":"summary_large_image","twitter_misc":{"Est. reading time":"1 minute"},"schema":{"@context":"https:\/\/schema.org","@graph":[{"@type":"WebPage","@id":"https:\/\/www.dexeus.com\/midlife\/ca\/salut-ginecologica\/premenopausa\/","url":"https:\/\/www.dexeus.com\/midlife\/ca\/salut-ginecologica\/premenopausa\/","name":"Premenopausa - Dexeus Midlife","isPartOf":{"@id":"https:\/\/www.dexeus.com\/midlife\/ca\/#website"},"primaryImageOfPage":{"@id":"https:\/\/www.dexeus.com\/midlife\/ca\/salut-ginecologica\/premenopausa\/#primaryimage"},"image":{"@id":"https:\/\/www.dexeus.com\/midlife\/ca\/salut-ginecologica\/premenopausa\/#primaryimage"},"thumbnailUrl":"https:\/\/www.dexeus.com\/midlife\/wp-content\/uploads\/2025\/02\/PREMENOPAUSIA.jpg","datePublished":"2024-12-02T00:00:47+00:00","dateModified":"2025-02-26T12:43:30+00:00","description":"S'inicia des del moment en qu\u00e8 la dona comen\u00e7a a perdre progressivament la funci\u00f3 ov\u00e0rica. Es produeix a partir de la d\u00e8cada dels 40. Pot durar diversos anys i ser diferent en cada dona.","breadcrumb":{"@id":"https:\/\/www.dexeus.com\/midlife\/ca\/salut-ginecologica\/premenopausa\/#breadcrumb"},"inLanguage":"ca","potentialAction":[{"@type":"ReadAction","target":["https:\/\/www.dexeus.com\/midlife\/ca\/salut-ginecologica\/premenopausa\/"]}]},{"@type":"ImageObject","inLanguage":"ca","@id":"https:\/\/www.dexeus.com\/midlife\/ca\/salut-ginecologica\/premenopausa\/#primaryimage","url":"https:\/\/www.dexeus.com\/midlife\/wp-content\/uploads\/2025\/02\/PREMENOPAUSIA.jpg","contentUrl":"https:\/\/www.dexeus.com\/midlife\/wp-content\/uploads\/2025\/02\/PREMENOPAUSIA.jpg","width":2200,"height":1078,"caption":"Middle aged business woman investor entrepreneur standing in office looking away. Mature professional businesswoman corporate leader ceo manager at work thinking of future success. Copy space."},{"@type":"BreadcrumbList","@id":"https:\/\/www.dexeus.com\/midlife\/ca\/salut-ginecologica\/premenopausa\/#breadcrumb","itemListElement":[{"@type":"ListItem","position":1,"name":"Home","item":"https:\/\/www.dexeus.com\/midlife\/ca\/dexeus-midlife\/"},{"@type":"ListItem","position":2,"name":"La teva menopausa","item":"https:\/\/www.dexeus.com\/midlife\/ca\/salut-ginecologica\/"},{"@type":"ListItem","position":3,"name":"Premenopausa"}]},{"@type":"WebSite","@id":"https:\/\/www.dexeus.com\/midlife\/ca\/#website","url":"https:\/\/www.dexeus.com\/midlife\/ca\/","name":"Dexeus Midlife","description":"Una nueva forma de vivir la menopausia","publisher":{"@id":"https:\/\/www.dexeus.com\/midlife\/ca\/#organization"},"potentialAction":[{"@type":"SearchAction","target":{"@type":"EntryPoint","urlTemplate":"https:\/\/www.dexeus.com\/midlife\/ca\/?s={search_term_string}"},"query-input":{"@type":"PropertyValueSpecification","valueRequired":true,"valueName":"search_term_string"}}],"inLanguage":"ca"},{"@type":"Organization","@id":"https:\/\/www.dexeus.com\/midlife\/ca\/#organization","name":"Dexeus Midlife","url":"https:\/\/www.dexeus.com\/midlife\/ca\/","logo":{"@type":"ImageObject","inLanguage":"ca","@id":"https:\/\/www.dexeus.com\/midlife\/ca\/#\/schema\/logo\/image\/","url":"https:\/\/www.dexeus.com\/midlife\/wp-content\/uploads\/2025\/02\/cropped-Dexeus-Midlife-Fabicon.png","contentUrl":"https:\/\/www.dexeus.com\/midlife\/wp-content\/uploads\/2025\/02\/cropped-Dexeus-Midlife-Fabicon.png","width":512,"height":512,"caption":"Dexeus Midlife"},"image":{"@id":"https:\/\/www.dexeus.com\/midlife\/ca\/#\/schema\/logo\/image\/"},"sameAs":["https:\/\/www.facebook.com\/dexeusmidlife\/","https:\/\/www.instagram.com\/dexeusmidlife\/"]}]}},"_links":{"self":[{"href":"https:\/\/www.dexeus.com\/midlife\/ca\/wp-json\/wp\/v2\/pages\/6600","targetHints":{"allow":["GET"]}}],"collection":[{"href":"https:\/\/www.dexeus.com\/midlife\/ca\/wp-json\/wp\/v2\/pages"}],"about":[{"href":"https:\/\/www.dexeus.com\/midlife\/ca\/wp-json\/wp\/v2\/types\/page"}],"author":[{"embeddable":true,"href":"https:\/\/www.dexeus.com\/midlife\/ca\/wp-json\/wp\/v2\/users\/1"}],"replies":[{"embeddable":true,"href":"https:\/\/www.dexeus.com\/midlife\/ca\/wp-json\/wp\/v2\/comments?post=6600"}],"version-history":[{"count":0,"href":"https:\/\/www.dexeus.com\/midlife\/ca\/wp-json\/wp\/v2\/pages\/6600\/revisions"}],"up":[{"embeddable":true,"href":"https:\/\/www.dexeus.com\/midlife\/ca\/wp-json\/wp\/v2\/pages\/6616"}],"wp:featuredmedia":[{"embeddable":true,"href":"https:\/\/www.dexeus.com\/midlife\/ca\/wp-json\/wp\/v2\/media\/6361"}],"wp:attachment":[{"href":"https:\/\/www.dexeus.com\/midlife\/ca\/wp-json\/wp\/v2\/media?parent=6600"}],"curies":[{"name":"wp","href":"https:\/\/api.w.org\/{rel}","templated":true}]}}