{"id":6602,"date":"2024-12-02T02:00:39","date_gmt":"2024-12-02T01:00:39","guid":{"rendered":"https:\/\/www.dexeus.com\/midlife\/perimenopausa-transicio-a-la-menopausa\/"},"modified":"2025-03-21T19:07:34","modified_gmt":"2025-03-21T18:07:34","slug":"perimenopausa-transicio-a-la-menopausa","status":"publish","type":"page","link":"https:\/\/www.dexeus.com\/midlife\/ca\/salut-ginecologica\/perimenopausa-transicio-a-la-menopausa\/","title":{"rendered":"Perimenopausa: Transici\u00f3 a la menopausa"},"content":{"rendered":"\t\t<div data-elementor-type=\"wp-post\" data-elementor-id=\"6602\" class=\"elementor elementor-6602 elementor-54\" data-elementor-post-type=\"page\">\n\t\t\t\t<div class=\"elementor-element elementor-element-b7905ae e-flex e-con-boxed e-con e-parent\" data-id=\"b7905ae\" data-element_type=\"container\" data-settings=\"{&quot;background_background&quot;:&quot;classic&quot;}\">\n\t\t\t\t\t<div class=\"e-con-inner\">\n\t\t<div class=\"elementor-element elementor-element-47077c3 e-con-full elementor-hidden-mobile_extra elementor-hidden-mobile e-flex e-con e-child\" data-id=\"47077c3\" data-element_type=\"container\" data-settings=\"{&quot;background_background&quot;:&quot;classic&quot;}\">\n\t\t\t\t<div class=\"elementor-element elementor-element-f914d97 elementor-widget elementor-widget-heading\" data-id=\"f914d97\" data-element_type=\"widget\" data-widget_type=\"heading.default\">\n\t\t\t\t<div class=\"elementor-widget-container\">\n\t\t\t\t\t<p class=\"elementor-heading-title elementor-size-default\">Salut ginecol\u00f2gica<\/p>\t\t\t\t<\/div>\n\t\t\t\t<\/div>\n\t\t\t\t<div class=\"elementor-element elementor-element-9ee1aca elementor-widget elementor-widget-heading\" data-id=\"9ee1aca\" data-element_type=\"widget\" data-widget_type=\"heading.default\">\n\t\t\t\t<div class=\"elementor-widget-container\">\n\t\t\t\t\t<h1 class=\"elementor-heading-title elementor-size-default\">Perimenopausa: Transici\u00f3 a la menopausa<\/h1>\t\t\t\t<\/div>\n\t\t\t\t<\/div>\n\t\t\t\t<div class=\"elementor-element elementor-element-6575d6f elementor-widget elementor-widget-theme-post-excerpt\" data-id=\"6575d6f\" data-element_type=\"widget\" data-widget_type=\"theme-post-excerpt.default\">\n\t\t\t\t<div class=\"elementor-widget-container\">\n\t\t\t\t\t\u00c9s una etapa caracteritzada per alteracions en la menstruaci\u00f3: pots tenir menstruacions cada 2-3 mesos, per\u00edodes sense i d'altres amb menstruaci\u00f3. Pot durar d'1 a 3 anys, i \u00e9s possible experimentar-hi s\u00edmptomes vasomotors per manca hormonal, com ara les sufocacions.\t\t\t\t<\/div>\n\t\t\t\t<\/div>\n\t\t\t\t<\/div>\n\t\t\t\t\t<\/div>\n\t\t\t\t<\/div>\n\t\t<div class=\"elementor-element elementor-element-3ffe2dd e-con-full elementor-hidden-desktop elementor-hidden-tablet_extra elementor-hidden-tablet e-flex e-con e-child\" data-id=\"3ffe2dd\" data-element_type=\"container\" data-settings=\"{&quot;background_background&quot;:&quot;classic&quot;}\">\n\t\t\t\t<div class=\"elementor-element elementor-element-bbbbd9d elementor-widget elementor-widget-heading\" data-id=\"bbbbd9d\" data-element_type=\"widget\" data-widget_type=\"heading.default\">\n\t\t\t\t<div class=\"elementor-widget-container\">\n\t\t\t\t\t<p class=\"elementor-heading-title elementor-size-default\">Salut ginecol\u00f2gica<\/p>\t\t\t\t<\/div>\n\t\t\t\t<\/div>\n\t\t\t\t<div class=\"elementor-element elementor-element-8aeec81 elementor-widget elementor-widget-heading\" data-id=\"8aeec81\" data-element_type=\"widget\" data-widget_type=\"heading.default\">\n\t\t\t\t<div class=\"elementor-widget-container\">\n\t\t\t\t\t<div class=\"elementor-heading-title elementor-size-default\">Perimenopausa: Transici\u00f3 a la menopausa<\/div>\t\t\t\t<\/div>\n\t\t\t\t<\/div>\n\t\t\t\t<div class=\"elementor-element elementor-element-1fb158b elementor-widget elementor-widget-theme-post-excerpt\" data-id=\"1fb158b\" data-element_type=\"widget\" data-widget_type=\"theme-post-excerpt.default\">\n\t\t\t\t<div class=\"elementor-widget-container\">\n\t\t\t\t\t\u00c9s una etapa caracteritzada per alteracions en la menstruaci\u00f3: pots tenir menstruacions cada 2-3 mesos, per\u00edodes sense i d'altres amb menstruaci\u00f3. Pot durar d'1 a 3 anys, i \u00e9s possible experimentar-hi s\u00edmptomes vasomotors per manca hormonal, com ara les sufocacions.\t\t\t\t<\/div>\n\t\t\t\t<\/div>\n\t\t\t\t<\/div>\n\t\t<div class=\"elementor-element elementor-element-9cd8f31 e-flex e-con-boxed e-con e-parent\" data-id=\"9cd8f31\" data-element_type=\"container\">\n\t\t\t\t\t<div class=\"e-con-inner\">\n\t\t\t\t<div class=\"elementor-element elementor-element-ed97c56 elementor-widget elementor-widget-text-editor\" data-id=\"ed97c56\" data-element_type=\"widget\" data-widget_type=\"text-editor.default\">\n\t\t\t\t<div class=\"elementor-widget-container\">\n\t\t\t\t\t\t\t\t\t<p>Segons l&#8217;Organitzaci\u00f3 Mundial de la Salut (OMS), el terme \u201cmenopausa\u201d significa la pausa o cessament definitiu del per\u00edode menstrual, i \u00e9s un succ\u00e9s que es valora de forma retrospectiva, \u00e9s a dir: es pot afirmar que una dona ha entrat a la menopausa si fa 12 mesos que no t\u00e9 menstruacions des de l&#8217;\u00faltima.<\/p><p>Per\u00f2 qu\u00e8 passa durant aquests 12 mesos que van des de l&#8217;\u00faltima menstruaci\u00f3 fins a \u201cl&#8217;inici oficial\u201d de la <a href=\"https:\/\/www.dexeus.com\/midlife\/ca\/salut-ginecologica\/menopausa\/\">menopausa<\/a>? Segons els experts, aquest per\u00edode temporal previ seria la perimenopausa.<\/p><p>Es caracteritza per un conjunt de canvis endocrinol\u00f2gics, imprevisibles i variables que poden provocar diversos desajustos, des d&#8217;alteracions del son i sufocacions, fins a canvis d&#8217;humor, per exemple. Tanmateix, el s\u00edmptoma m\u00e9s indicatiu s\u00f3n les alteracions menstruals: la menstruaci\u00f3 es presenta de manera m\u00e9s o menys freq\u00fcent, dura m\u00e9s o menys dies, apareix m\u00e9s o menys quantitat de sang, es produeixen salts entre cicles&#8230;<\/p><p>Totes aquestes irregularitats poden ser habituals en aquesta etapa. Tot i aix\u00f2, de vegades, i per aquest mateix motiu, pot ser dif\u00edcil distingir si el sagnat vaginal \u00e9s anormal perqu\u00e8 hi ha alguna alteraci\u00f3 patol\u00f2gica o perqu\u00e8 s&#8217;acosta la menopausa. Per aix\u00f2 es recomana consultar el metge si s&#8217;experimenten els seg\u00fcents s\u00edmptomes:<\/p>\t\t\t\t\t\t\t\t<\/div>\n\t\t\t\t<\/div>\n\t\t\t\t<div class=\"elementor-element elementor-element-f1d0d14 elementor-icon-list--layout-traditional elementor-list-item-link-full_width elementor-widget elementor-widget-icon-list\" data-id=\"f1d0d14\" data-element_type=\"widget\" data-widget_type=\"icon-list.default\">\n\t\t\t\t<div class=\"elementor-widget-container\">\n\t\t\t\t\t\t\t<ul class=\"elementor-icon-list-items\">\n\t\t\t\t\t\t\t<li class=\"elementor-icon-list-item\">\n\t\t\t\t\t\t\t\t\t\t\t<span class=\"elementor-icon-list-icon\">\n\t\t\t\t\t\t\t<svg aria-hidden=\"true\" class=\"e-font-icon-svg e-far-dot-circle\" viewBox=\"0 0 512 512\" xmlns=\"http:\/\/www.w3.org\/2000\/svg\"><path d=\"M256 56c110.532 0 200 89.451 200 200 0 110.532-89.451 200-200 200-110.532 0-200-89.451-200-200 0-110.532 89.451-200 200-200m0-48C119.033 8 8 119.033 8 256s111.033 248 248 248 248-111.033 248-248S392.967 8 256 8zm0 168c-44.183 0-80 35.817-80 80s35.817 80 80 80 80-35.817 80-80-35.817-80-80-80z\"><\/path><\/svg>\t\t\t\t\t\t<\/span>\n\t\t\t\t\t\t\t\t\t\t<span class=\"elementor-icon-list-text\">Sagnat vaginal m\u00e9s freq\u00fcent que cada tres setmanes.<\/span>\n\t\t\t\t\t\t\t\t\t<\/li>\n\t\t\t\t\t\t\t\t<li class=\"elementor-icon-list-item\">\n\t\t\t\t\t\t\t\t\t\t\t<span class=\"elementor-icon-list-icon\">\n\t\t\t\t\t\t\t<svg aria-hidden=\"true\" class=\"e-font-icon-svg e-far-dot-circle\" viewBox=\"0 0 512 512\" xmlns=\"http:\/\/www.w3.org\/2000\/svg\"><path d=\"M256 56c110.532 0 200 89.451 200 200 0 110.532-89.451 200-200 200-110.532 0-200-89.451-200-200 0-110.532 89.451-200 200-200m0-48C119.033 8 8 119.033 8 256s111.033 248 248 248 248-111.033 248-248S392.967 8 256 8zm0 168c-44.183 0-80 35.817-80 80s35.817 80 80 80 80-35.817 80-80-35.817-80-80-80z\"><\/path><\/svg>\t\t\t\t\t\t<\/span>\n\t\t\t\t\t\t\t\t\t\t<span class=\"elementor-icon-list-text\">Sagnat menstrual abundant, excessiu.<\/span>\n\t\t\t\t\t\t\t\t\t<\/li>\n\t\t\t\t\t\t\t\t<li class=\"elementor-icon-list-item\">\n\t\t\t\t\t\t\t\t\t\t\t<span class=\"elementor-icon-list-icon\">\n\t\t\t\t\t\t\t<svg aria-hidden=\"true\" class=\"e-font-icon-svg e-far-dot-circle\" viewBox=\"0 0 512 512\" xmlns=\"http:\/\/www.w3.org\/2000\/svg\"><path d=\"M256 56c110.532 0 200 89.451 200 200 0 110.532-89.451 200-200 200-110.532 0-200-89.451-200-200 0-110.532 89.451-200 200-200m0-48C119.033 8 8 119.033 8 256s111.033 248 248 248 248-111.033 248-248S392.967 8 256 8zm0 168c-44.183 0-80 35.817-80 80s35.817 80 80 80 80-35.817 80-80-35.817-80-80-80z\"><\/path><\/svg>\t\t\t\t\t\t<\/span>\n\t\t\t\t\t\t\t\t\t\t<span class=\"elementor-icon-list-text\">Fluix tacat de sang entre menstruacions.<\/span>\n\t\t\t\t\t\t\t\t\t<\/li>\n\t\t\t\t\t\t\t\t<li class=\"elementor-icon-list-item\">\n\t\t\t\t\t\t\t\t\t\t\t<span class=\"elementor-icon-list-icon\">\n\t\t\t\t\t\t\t<svg aria-hidden=\"true\" class=\"e-font-icon-svg e-far-dot-circle\" viewBox=\"0 0 512 512\" xmlns=\"http:\/\/www.w3.org\/2000\/svg\"><path d=\"M256 56c110.532 0 200 89.451 200 200 0 110.532-89.451 200-200 200-110.532 0-200-89.451-200-200 0-110.532 89.451-200 200-200m0-48C119.033 8 8 119.033 8 256s111.033 248 248 248 248-111.033 248-248S392.967 8 256 8zm0 168c-44.183 0-80 35.817-80 80s35.817 80 80 80 80-35.817 80-80-35.817-80-80-80z\"><\/path><\/svg>\t\t\t\t\t\t<\/span>\n\t\t\t\t\t\t\t\t\t\t<span class=\"elementor-icon-list-text\">Qualsevol sagnat vaginal un any despr\u00e9s de la menopausa (fins i tot si \u00e9s nom\u00e9s una taca de sang).<\/span>\n\t\t\t\t\t\t\t\t\t<\/li>\n\t\t\t\t\t\t<\/ul>\n\t\t\t\t\t\t<\/div>\n\t\t\t\t<\/div>\n\t\t\t\t<div class=\"elementor-element elementor-element-a706a46 elementor-widget elementor-widget-text-editor\" data-id=\"a706a46\" data-element_type=\"widget\" data-widget_type=\"text-editor.default\">\n\t\t\t\t<div class=\"elementor-widget-container\">\n\t\t\t\t\t\t\t\t\t<p>De tota manera, tamb\u00e9 hi ha dones que no experimenten cap s\u00edmptoma, i d&#8217;un dia per l&#8217;altre simplement deixen de tenir la menstruaci\u00f3.<\/p><p><strong>Si portes un DIU hormonal o utilitzes un m\u00e8tode que inhibeix l&#8217;ovulaci\u00f3, per\u00f2 vols saber en quina etapa et trobes, pots demanar una <a href=\"https:\/\/www.dexeus.com\/midlife\/ca\/salut-ginecologica\/visita-medica-menopausa-integrativa\/\">consulta integrativa<\/a> perqu\u00e8 el nostre equip m\u00e8dic en faci una valoraci\u00f3.<\/strong><\/p>\t\t\t\t\t\t\t\t<\/div>\n\t\t\t\t<\/div>\n\t\t\t\t\t<\/div>\n\t\t\t\t<\/div>\n\t\t<div class=\"elementor-element elementor-element-6e5f7e4 e-flex e-con-boxed e-con e-parent\" data-id=\"6e5f7e4\" data-element_type=\"container\">\n\t\t\t\t\t<div class=\"e-con-inner\">\n\t\t<div class=\"elementor-element elementor-element-25e8321 e-flex e-con-boxed e-con e-child\" data-id=\"25e8321\" data-element_type=\"container\" data-settings=\"{&quot;background_background&quot;:&quot;classic&quot;}\">\n\t\t\t\t\t<div class=\"e-con-inner\">\n\t\t<div class=\"elementor-element elementor-element-de30d06 e-con-full e-flex e-con e-child\" data-id=\"de30d06\" data-element_type=\"container\">\n\t\t\t\t<div class=\"elementor-element elementor-element-aa23ac8 elementor-widget elementor-widget-heading\" data-id=\"aa23ac8\" data-element_type=\"widget\" data-widget_type=\"heading.default\">\n\t\t\t\t<div class=\"elementor-widget-container\">\n\t\t\t\t\t<h2 class=\"elementor-heading-title elementor-size-default\">Quins s\u00edmptomes pots notar?<\/h2>\t\t\t\t<\/div>\n\t\t\t\t<\/div>\n\t\t\t\t<\/div>\n\t\t<div class=\"elementor-element elementor-element-07e6c51 e-con-full e-flex e-con e-child\" data-id=\"07e6c51\" data-element_type=\"container\">\n\t\t\t\t<div class=\"elementor-element elementor-element-215c715 elementor-widget elementor-widget-text-editor\" data-id=\"215c715\" data-element_type=\"widget\" data-widget_type=\"text-editor.default\">\n\t\t\t\t<div class=\"elementor-widget-container\">\n\t\t\t\t\t\t\t\t\t<p>Poden apar\u00e8ixer les primeres <a href=\"https:\/\/www.dexeus.com\/midlife\/ca\/simptoma\/sufocacions\/\" target=\"_blank\" rel=\"noopener\">sufocacions<\/a> i <a href=\"https:\/\/www.dexeus.com\/midlife\/ca\/simptoma\/sudoracio-nocturna\/\">suors nocturnes<\/a>. Els per\u00edodes menstruals es tornen m\u00e9s o menys freq\u00fcents, hi ha m\u00e9s o menys quantitat de sang, es produeixen mesos sense menstruaci\u00f3 i, finalment, t\u00e9 lloc l&#8217;\u00faltima menstruaci\u00f3. Tamb\u00e9 poden comen\u00e7ar a apar\u00e8ixer s\u00edmptomes d&#8217;atr\u00f2fia de la pell i les mucoses.<\/p>\t\t\t\t\t\t\t\t<\/div>\n\t\t\t\t<\/div>\n\t\t\t\t<\/div>\n\t\t\t\t\t<\/div>\n\t\t\t\t<\/div>\n\t\t\t\t\t<\/div>\n\t\t\t\t<\/div>\n\t\t\t\t<\/div>\n\t\t","protected":false},"excerpt":{"rendered":"<p>\u00c9s una etapa caracteritzada per alteracions en la menstruaci\u00f3: pots tenir menstruacions cada 2-3 mesos, per\u00edodes sense i d&#8217;altres amb menstruaci\u00f3. Pot durar d&#8217;1 a 3 anys, i \u00e9s possible experimentar-hi s\u00edmptomes vasomotors per manca hormonal, com ara les sufocacions.<\/p>\n","protected":false},"author":1,"featured_media":6358,"parent":6616,"menu_order":0,"comment_status":"closed","ping_status":"closed","template":"","meta":{"footnotes":""},"class_list":["post-6602","page","type-page","status-publish","has-post-thumbnail","hentry"],"yoast_head":"<!-- This site is optimized with the Yoast SEO plugin v26.7 - https:\/\/yoast.com\/wordpress\/plugins\/seo\/ -->\n<title>Perimenopausa: Transici\u00f3 a la menopausa - Dexeus Midlife<\/title>\n<meta name=\"description\" content=\"\u00c9s una etapa caracteritzada per alteracions en la menstruaci\u00f3: pots tenir menstruacions cada 2-3 mesos, per\u00edodes sense i d&#039;altres amb menstruaci\u00f3. Pot durar d&#039;1 a 3 anys, i \u00e9s possible experimentar-hi s\u00edmptomes vasomotors per manca hormonal, com ara les sufocacions.\" \/>\n<meta name=\"robots\" content=\"index, follow, max-snippet:-1, max-image-preview:large, max-video-preview:-1\" \/>\n<link rel=\"canonical\" href=\"https:\/\/www.dexeus.com\/midlife\/ca\/salut-ginecologica\/perimenopausa-transicio-a-la-menopausa\/\" \/>\n<meta property=\"og:locale\" content=\"ca_ES\" \/>\n<meta property=\"og:type\" content=\"article\" \/>\n<meta property=\"og:title\" content=\"Perimenopausa: Transici\u00f3 a la menopausa - Dexeus Midlife\" \/>\n<meta property=\"og:description\" content=\"\u00c9s una etapa caracteritzada per alteracions en la menstruaci\u00f3: pots tenir menstruacions cada 2-3 mesos, per\u00edodes sense i d&#039;altres amb menstruaci\u00f3. Pot durar d&#039;1 a 3 anys, i \u00e9s possible experimentar-hi s\u00edmptomes vasomotors per manca hormonal, com ara les sufocacions.\" \/>\n<meta property=\"og:url\" content=\"https:\/\/www.dexeus.com\/midlife\/ca\/salut-ginecologica\/perimenopausa-transicio-a-la-menopausa\/\" \/>\n<meta property=\"og:site_name\" content=\"Dexeus Midlife\" \/>\n<meta property=\"article:publisher\" content=\"https:\/\/www.facebook.com\/dexeusmidlife\/\" \/>\n<meta property=\"article:modified_time\" content=\"2025-03-21T18:07:34+00:00\" \/>\n<meta property=\"og:image\" content=\"https:\/\/www.dexeus.com\/midlife\/wp-content\/uploads\/2025\/02\/PERIMENOPAUSIA.jpg\" \/>\n\t<meta property=\"og:image:width\" content=\"2200\" \/>\n\t<meta property=\"og:image:height\" content=\"1467\" \/>\n\t<meta property=\"og:image:type\" content=\"image\/jpeg\" \/>\n<meta name=\"twitter:card\" content=\"summary_large_image\" \/>\n<meta name=\"twitter:label1\" content=\"Est. reading time\" \/>\n\t<meta name=\"twitter:data1\" content=\"2 minutes\" \/>\n<script type=\"application\/ld+json\" class=\"yoast-schema-graph\">{\"@context\":\"https:\/\/schema.org\",\"@graph\":[{\"@type\":\"WebPage\",\"@id\":\"https:\/\/www.dexeus.com\/midlife\/ca\/salut-ginecologica\/perimenopausa-transicio-a-la-menopausa\/\",\"url\":\"https:\/\/www.dexeus.com\/midlife\/ca\/salut-ginecologica\/perimenopausa-transicio-a-la-menopausa\/\",\"name\":\"Perimenopausa: Transici\u00f3 a la menopausa - Dexeus Midlife\",\"isPartOf\":{\"@id\":\"https:\/\/www.dexeus.com\/midlife\/ca\/#website\"},\"primaryImageOfPage\":{\"@id\":\"https:\/\/www.dexeus.com\/midlife\/ca\/salut-ginecologica\/perimenopausa-transicio-a-la-menopausa\/#primaryimage\"},\"image\":{\"@id\":\"https:\/\/www.dexeus.com\/midlife\/ca\/salut-ginecologica\/perimenopausa-transicio-a-la-menopausa\/#primaryimage\"},\"thumbnailUrl\":\"https:\/\/www.dexeus.com\/midlife\/wp-content\/uploads\/2025\/02\/PERIMENOPAUSIA.jpg\",\"datePublished\":\"2024-12-02T01:00:39+00:00\",\"dateModified\":\"2025-03-21T18:07:34+00:00\",\"description\":\"\u00c9s una etapa caracteritzada per alteracions en la menstruaci\u00f3: pots tenir menstruacions cada 2-3 mesos, per\u00edodes sense i d'altres amb menstruaci\u00f3. Pot durar d'1 a 3 anys, i \u00e9s possible experimentar-hi s\u00edmptomes vasomotors per manca hormonal, com ara les sufocacions.\",\"breadcrumb\":{\"@id\":\"https:\/\/www.dexeus.com\/midlife\/ca\/salut-ginecologica\/perimenopausa-transicio-a-la-menopausa\/#breadcrumb\"},\"inLanguage\":\"ca\",\"potentialAction\":[{\"@type\":\"ReadAction\",\"target\":[\"https:\/\/www.dexeus.com\/midlife\/ca\/salut-ginecologica\/perimenopausa-transicio-a-la-menopausa\/\"]}]},{\"@type\":\"ImageObject\",\"inLanguage\":\"ca\",\"@id\":\"https:\/\/www.dexeus.com\/midlife\/ca\/salut-ginecologica\/perimenopausa-transicio-a-la-menopausa\/#primaryimage\",\"url\":\"https:\/\/www.dexeus.com\/midlife\/wp-content\/uploads\/2025\/02\/PERIMENOPAUSIA.jpg\",\"contentUrl\":\"https:\/\/www.dexeus.com\/midlife\/wp-content\/uploads\/2025\/02\/PERIMENOPAUSIA.jpg\",\"width\":2200,\"height\":1467,\"caption\":\"Outdoor close up portrait of beautiful mature 40 - 45 year old woman with brown hair\"},{\"@type\":\"BreadcrumbList\",\"@id\":\"https:\/\/www.dexeus.com\/midlife\/ca\/salut-ginecologica\/perimenopausa-transicio-a-la-menopausa\/#breadcrumb\",\"itemListElement\":[{\"@type\":\"ListItem\",\"position\":1,\"name\":\"Home\",\"item\":\"https:\/\/www.dexeus.com\/midlife\/ca\/dexeus-midlife\/\"},{\"@type\":\"ListItem\",\"position\":2,\"name\":\"La teva menopausa\",\"item\":\"https:\/\/www.dexeus.com\/midlife\/ca\/salut-ginecologica\/\"},{\"@type\":\"ListItem\",\"position\":3,\"name\":\"Perimenopausa: Transici\u00f3 a la menopausa\"}]},{\"@type\":\"WebSite\",\"@id\":\"https:\/\/www.dexeus.com\/midlife\/ca\/#website\",\"url\":\"https:\/\/www.dexeus.com\/midlife\/ca\/\",\"name\":\"Dexeus Midlife\",\"description\":\"Una nueva forma de vivir la menopausia\",\"publisher\":{\"@id\":\"https:\/\/www.dexeus.com\/midlife\/ca\/#organization\"},\"potentialAction\":[{\"@type\":\"SearchAction\",\"target\":{\"@type\":\"EntryPoint\",\"urlTemplate\":\"https:\/\/www.dexeus.com\/midlife\/ca\/?s={search_term_string}\"},\"query-input\":{\"@type\":\"PropertyValueSpecification\",\"valueRequired\":true,\"valueName\":\"search_term_string\"}}],\"inLanguage\":\"ca\"},{\"@type\":\"Organization\",\"@id\":\"https:\/\/www.dexeus.com\/midlife\/ca\/#organization\",\"name\":\"Dexeus Midlife\",\"url\":\"https:\/\/www.dexeus.com\/midlife\/ca\/\",\"logo\":{\"@type\":\"ImageObject\",\"inLanguage\":\"ca\",\"@id\":\"https:\/\/www.dexeus.com\/midlife\/ca\/#\/schema\/logo\/image\/\",\"url\":\"https:\/\/www.dexeus.com\/midlife\/wp-content\/uploads\/2025\/02\/cropped-Dexeus-Midlife-Fabicon.png\",\"contentUrl\":\"https:\/\/www.dexeus.com\/midlife\/wp-content\/uploads\/2025\/02\/cropped-Dexeus-Midlife-Fabicon.png\",\"width\":512,\"height\":512,\"caption\":\"Dexeus Midlife\"},\"image\":{\"@id\":\"https:\/\/www.dexeus.com\/midlife\/ca\/#\/schema\/logo\/image\/\"},\"sameAs\":[\"https:\/\/www.facebook.com\/dexeusmidlife\/\",\"https:\/\/www.instagram.com\/dexeusmidlife\/\"]}]}<\/script>\n<!-- \/ Yoast SEO plugin. -->","yoast_head_json":{"title":"Perimenopausa: Transici\u00f3 a la menopausa - Dexeus Midlife","description":"\u00c9s una etapa caracteritzada per alteracions en la menstruaci\u00f3: pots tenir menstruacions cada 2-3 mesos, per\u00edodes sense i d'altres amb menstruaci\u00f3. Pot durar d'1 a 3 anys, i \u00e9s possible experimentar-hi s\u00edmptomes vasomotors per manca hormonal, com ara les sufocacions.","robots":{"index":"index","follow":"follow","max-snippet":"max-snippet:-1","max-image-preview":"max-image-preview:large","max-video-preview":"max-video-preview:-1"},"canonical":"https:\/\/www.dexeus.com\/midlife\/ca\/salut-ginecologica\/perimenopausa-transicio-a-la-menopausa\/","og_locale":"ca_ES","og_type":"article","og_title":"Perimenopausa: Transici\u00f3 a la menopausa - Dexeus Midlife","og_description":"\u00c9s una etapa caracteritzada per alteracions en la menstruaci\u00f3: pots tenir menstruacions cada 2-3 mesos, per\u00edodes sense i d'altres amb menstruaci\u00f3. Pot durar d'1 a 3 anys, i \u00e9s possible experimentar-hi s\u00edmptomes vasomotors per manca hormonal, com ara les sufocacions.","og_url":"https:\/\/www.dexeus.com\/midlife\/ca\/salut-ginecologica\/perimenopausa-transicio-a-la-menopausa\/","og_site_name":"Dexeus Midlife","article_publisher":"https:\/\/www.facebook.com\/dexeusmidlife\/","article_modified_time":"2025-03-21T18:07:34+00:00","og_image":[{"width":2200,"height":1467,"url":"https:\/\/www.dexeus.com\/midlife\/wp-content\/uploads\/2025\/02\/PERIMENOPAUSIA.jpg","type":"image\/jpeg"}],"twitter_card":"summary_large_image","twitter_misc":{"Est. reading time":"2 minutes"},"schema":{"@context":"https:\/\/schema.org","@graph":[{"@type":"WebPage","@id":"https:\/\/www.dexeus.com\/midlife\/ca\/salut-ginecologica\/perimenopausa-transicio-a-la-menopausa\/","url":"https:\/\/www.dexeus.com\/midlife\/ca\/salut-ginecologica\/perimenopausa-transicio-a-la-menopausa\/","name":"Perimenopausa: Transici\u00f3 a la menopausa - Dexeus Midlife","isPartOf":{"@id":"https:\/\/www.dexeus.com\/midlife\/ca\/#website"},"primaryImageOfPage":{"@id":"https:\/\/www.dexeus.com\/midlife\/ca\/salut-ginecologica\/perimenopausa-transicio-a-la-menopausa\/#primaryimage"},"image":{"@id":"https:\/\/www.dexeus.com\/midlife\/ca\/salut-ginecologica\/perimenopausa-transicio-a-la-menopausa\/#primaryimage"},"thumbnailUrl":"https:\/\/www.dexeus.com\/midlife\/wp-content\/uploads\/2025\/02\/PERIMENOPAUSIA.jpg","datePublished":"2024-12-02T01:00:39+00:00","dateModified":"2025-03-21T18:07:34+00:00","description":"\u00c9s una etapa caracteritzada per alteracions en la menstruaci\u00f3: pots tenir menstruacions cada 2-3 mesos, per\u00edodes sense i d'altres amb menstruaci\u00f3. Pot durar d'1 a 3 anys, i \u00e9s possible experimentar-hi s\u00edmptomes vasomotors per manca hormonal, com ara les sufocacions.","breadcrumb":{"@id":"https:\/\/www.dexeus.com\/midlife\/ca\/salut-ginecologica\/perimenopausa-transicio-a-la-menopausa\/#breadcrumb"},"inLanguage":"ca","potentialAction":[{"@type":"ReadAction","target":["https:\/\/www.dexeus.com\/midlife\/ca\/salut-ginecologica\/perimenopausa-transicio-a-la-menopausa\/"]}]},{"@type":"ImageObject","inLanguage":"ca","@id":"https:\/\/www.dexeus.com\/midlife\/ca\/salut-ginecologica\/perimenopausa-transicio-a-la-menopausa\/#primaryimage","url":"https:\/\/www.dexeus.com\/midlife\/wp-content\/uploads\/2025\/02\/PERIMENOPAUSIA.jpg","contentUrl":"https:\/\/www.dexeus.com\/midlife\/wp-content\/uploads\/2025\/02\/PERIMENOPAUSIA.jpg","width":2200,"height":1467,"caption":"Outdoor close up portrait of beautiful mature 40 - 45 year old woman with brown hair"},{"@type":"BreadcrumbList","@id":"https:\/\/www.dexeus.com\/midlife\/ca\/salut-ginecologica\/perimenopausa-transicio-a-la-menopausa\/#breadcrumb","itemListElement":[{"@type":"ListItem","position":1,"name":"Home","item":"https:\/\/www.dexeus.com\/midlife\/ca\/dexeus-midlife\/"},{"@type":"ListItem","position":2,"name":"La teva menopausa","item":"https:\/\/www.dexeus.com\/midlife\/ca\/salut-ginecologica\/"},{"@type":"ListItem","position":3,"name":"Perimenopausa: Transici\u00f3 a la menopausa"}]},{"@type":"WebSite","@id":"https:\/\/www.dexeus.com\/midlife\/ca\/#website","url":"https:\/\/www.dexeus.com\/midlife\/ca\/","name":"Dexeus Midlife","description":"Una nueva forma de vivir la menopausia","publisher":{"@id":"https:\/\/www.dexeus.com\/midlife\/ca\/#organization"},"potentialAction":[{"@type":"SearchAction","target":{"@type":"EntryPoint","urlTemplate":"https:\/\/www.dexeus.com\/midlife\/ca\/?s={search_term_string}"},"query-input":{"@type":"PropertyValueSpecification","valueRequired":true,"valueName":"search_term_string"}}],"inLanguage":"ca"},{"@type":"Organization","@id":"https:\/\/www.dexeus.com\/midlife\/ca\/#organization","name":"Dexeus Midlife","url":"https:\/\/www.dexeus.com\/midlife\/ca\/","logo":{"@type":"ImageObject","inLanguage":"ca","@id":"https:\/\/www.dexeus.com\/midlife\/ca\/#\/schema\/logo\/image\/","url":"https:\/\/www.dexeus.com\/midlife\/wp-content\/uploads\/2025\/02\/cropped-Dexeus-Midlife-Fabicon.png","contentUrl":"https:\/\/www.dexeus.com\/midlife\/wp-content\/uploads\/2025\/02\/cropped-Dexeus-Midlife-Fabicon.png","width":512,"height":512,"caption":"Dexeus Midlife"},"image":{"@id":"https:\/\/www.dexeus.com\/midlife\/ca\/#\/schema\/logo\/image\/"},"sameAs":["https:\/\/www.facebook.com\/dexeusmidlife\/","https:\/\/www.instagram.com\/dexeusmidlife\/"]}]}},"_links":{"self":[{"href":"https:\/\/www.dexeus.com\/midlife\/ca\/wp-json\/wp\/v2\/pages\/6602","targetHints":{"allow":["GET"]}}],"collection":[{"href":"https:\/\/www.dexeus.com\/midlife\/ca\/wp-json\/wp\/v2\/pages"}],"about":[{"href":"https:\/\/www.dexeus.com\/midlife\/ca\/wp-json\/wp\/v2\/types\/page"}],"author":[{"embeddable":true,"href":"https:\/\/www.dexeus.com\/midlife\/ca\/wp-json\/wp\/v2\/users\/1"}],"replies":[{"embeddable":true,"href":"https:\/\/www.dexeus.com\/midlife\/ca\/wp-json\/wp\/v2\/comments?post=6602"}],"version-history":[{"count":0,"href":"https:\/\/www.dexeus.com\/midlife\/ca\/wp-json\/wp\/v2\/pages\/6602\/revisions"}],"up":[{"embeddable":true,"href":"https:\/\/www.dexeus.com\/midlife\/ca\/wp-json\/wp\/v2\/pages\/6616"}],"wp:featuredmedia":[{"embeddable":true,"href":"https:\/\/www.dexeus.com\/midlife\/ca\/wp-json\/wp\/v2\/media\/6358"}],"wp:attachment":[{"href":"https:\/\/www.dexeus.com\/midlife\/ca\/wp-json\/wp\/v2\/media?parent=6602"}],"curies":[{"name":"wp","href":"https:\/\/api.w.org\/{rel}","templated":true}]}}