{"id":6608,"date":"2024-12-02T04:00:33","date_gmt":"2024-12-02T03:00:33","guid":{"rendered":"https:\/\/www.dexeus.com\/midlife\/postmenopausa\/"},"modified":"2025-02-26T13:43:32","modified_gmt":"2025-02-26T12:43:32","slug":"postmenopausa","status":"publish","type":"page","link":"https:\/\/www.dexeus.com\/midlife\/ca\/salut-ginecologica\/postmenopausa\/","title":{"rendered":"Postmenopausa"},"content":{"rendered":"\t\t<div data-elementor-type=\"wp-post\" data-elementor-id=\"6608\" class=\"elementor elementor-6608 elementor-64\" data-elementor-post-type=\"page\">\n\t\t\t\t<div class=\"elementor-element elementor-element-9f082a5 e-flex e-con-boxed e-con e-parent\" data-id=\"9f082a5\" data-element_type=\"container\" data-settings=\"{&quot;background_background&quot;:&quot;classic&quot;}\">\n\t\t\t\t\t<div class=\"e-con-inner\">\n\t\t<div class=\"elementor-element elementor-element-2601628 e-con-full elementor-hidden-mobile_extra elementor-hidden-mobile e-flex e-con e-child\" data-id=\"2601628\" data-element_type=\"container\" data-settings=\"{&quot;background_background&quot;:&quot;classic&quot;}\">\n\t\t\t\t<div class=\"elementor-element elementor-element-a8e433c elementor-widget elementor-widget-heading\" data-id=\"a8e433c\" data-element_type=\"widget\" data-widget_type=\"heading.default\">\n\t\t\t\t<div class=\"elementor-widget-container\">\n\t\t\t\t\t<p class=\"elementor-heading-title elementor-size-default\">Salut ginecol\u00f2gica<\/p>\t\t\t\t<\/div>\n\t\t\t\t<\/div>\n\t\t\t\t<div class=\"elementor-element elementor-element-c6a15bc elementor-widget elementor-widget-heading\" data-id=\"c6a15bc\" data-element_type=\"widget\" data-widget_type=\"heading.default\">\n\t\t\t\t<div class=\"elementor-widget-container\">\n\t\t\t\t\t<h1 class=\"elementor-heading-title elementor-size-default\">Postmenopausa<\/h1>\t\t\t\t<\/div>\n\t\t\t\t<\/div>\n\t\t\t\t<div class=\"elementor-element elementor-element-bb2619a elementor-widget elementor-widget-theme-post-excerpt\" data-id=\"bb2619a\" data-element_type=\"widget\" data-widget_type=\"theme-post-excerpt.default\">\n\t\t\t\t<div class=\"elementor-widget-container\">\n\t\t\t\t\tLa postmenopausa \u00e9s l'etapa posterior a la menopausa, s'inicia en passar un any despr\u00e9s de l'\u00faltima menstruaci\u00f3. Dura uns 15 anys i arriba fins a la vellesa.\t\t\t\t<\/div>\n\t\t\t\t<\/div>\n\t\t\t\t<\/div>\n\t\t\t\t\t<\/div>\n\t\t\t\t<\/div>\n\t\t<div class=\"elementor-element elementor-element-b838c59 e-con-full elementor-hidden-desktop elementor-hidden-tablet_extra elementor-hidden-tablet e-flex e-con e-child\" data-id=\"b838c59\" data-element_type=\"container\" data-settings=\"{&quot;background_background&quot;:&quot;classic&quot;}\">\n\t\t\t\t<div class=\"elementor-element elementor-element-e1251ca elementor-widget elementor-widget-heading\" data-id=\"e1251ca\" data-element_type=\"widget\" data-widget_type=\"heading.default\">\n\t\t\t\t<div class=\"elementor-widget-container\">\n\t\t\t\t\t<p class=\"elementor-heading-title elementor-size-default\">Salut ginecol\u00f2gica<\/p>\t\t\t\t<\/div>\n\t\t\t\t<\/div>\n\t\t\t\t<div class=\"elementor-element elementor-element-db59bf5 elementor-widget elementor-widget-heading\" data-id=\"db59bf5\" data-element_type=\"widget\" data-widget_type=\"heading.default\">\n\t\t\t\t<div class=\"elementor-widget-container\">\n\t\t\t\t\t<div class=\"elementor-heading-title elementor-size-default\">Postmenopausa<\/div>\t\t\t\t<\/div>\n\t\t\t\t<\/div>\n\t\t\t\t<div class=\"elementor-element elementor-element-4b9495b elementor-widget elementor-widget-theme-post-excerpt\" data-id=\"4b9495b\" data-element_type=\"widget\" data-widget_type=\"theme-post-excerpt.default\">\n\t\t\t\t<div class=\"elementor-widget-container\">\n\t\t\t\t\tLa postmenopausa \u00e9s l'etapa posterior a la menopausa, s'inicia en passar un any despr\u00e9s de l'\u00faltima menstruaci\u00f3. Dura uns 15 anys i arriba fins a la vellesa.\t\t\t\t<\/div>\n\t\t\t\t<\/div>\n\t\t\t\t<\/div>\n\t\t<div class=\"elementor-element elementor-element-4d93e27 e-flex e-con-boxed e-con e-parent\" data-id=\"4d93e27\" data-element_type=\"container\">\n\t\t\t\t\t<div class=\"e-con-inner\">\n\t\t\t\t<div class=\"elementor-element elementor-element-f318208 elementor-widget elementor-widget-text-editor\" data-id=\"f318208\" data-element_type=\"widget\" data-widget_type=\"text-editor.default\">\n\t\t\t\t<div class=\"elementor-widget-container\">\n\t\t\t\t\t\t\t\t\t<p>La postmenopausa \u00e9s una llarga etapa que arriba fins a la vellesa i que, <strong>amb l&#8217;augment de l&#8217;esperan\u00e7a de vida, representa ja m\u00e9s d&#8217;una tercera part dels anys de vida d&#8217;una dona en molts pa\u00efsos<\/strong>. Per aix\u00f2 \u00e9s important promoure canvis positius en els h\u00e0bits i l&#8217;estil de vida, a fi que aquests anys es puguin gaudir amb salut.<\/p><p>Cal tenir en compte que, als canvis que provoca el cessament de la funci\u00f3 ov\u00e0rica, se sumen els de l&#8217;envelliment, que augmenten el risc de desenvolupar algunes malalties i trastorns de salut o patologies com ara l&#8217;<a href=\"https:\/\/www.dexeus.com\/midlife\/ca\/problema\/osteoporosi\/\">osteoporosi<\/a>, l&#8217;artrosi, les malalties cardiovasculars, la diabetis de tipus 2 i el c\u00e0ncer.<\/p><p>Per aix\u00f2 \u00e9s molt important cuidar la salut i que la dona continu\u00ef fent-se revisions ginecol\u00f2giques almenys fins als 70 anys i ex\u00e0mens f\u00edsics, pelvians, colorectals, de mama, de densitat \u00f2ssia i de la pell de manera regular.<\/p><p>Consta de dues fases: una primera en qu\u00e8 encara es noten els canvis i mol\u00e8sties causades pels desequilibris hormonals, i una segona en qu\u00e8 les hormones femenines s&#8217;anivellen i deixen de causar problemes.<\/p>\t\t\t\t\t\t\t\t<\/div>\n\t\t\t\t<\/div>\n\t\t\t\t\t<\/div>\n\t\t\t\t<\/div>\n\t\t<div class=\"elementor-element elementor-element-e7d8038 e-flex e-con-boxed e-con e-parent\" data-id=\"e7d8038\" data-element_type=\"container\">\n\t\t\t\t\t<div class=\"e-con-inner\">\n\t\t<div class=\"elementor-element elementor-element-48260ee e-flex e-con-boxed e-con e-child\" data-id=\"48260ee\" data-element_type=\"container\" data-settings=\"{&quot;background_background&quot;:&quot;classic&quot;}\">\n\t\t\t\t\t<div class=\"e-con-inner\">\n\t\t<div class=\"elementor-element elementor-element-21048ac e-con-full e-flex e-con e-child\" data-id=\"21048ac\" data-element_type=\"container\">\n\t\t\t\t<div class=\"elementor-element elementor-element-6846b82 elementor-widget elementor-widget-heading\" data-id=\"6846b82\" data-element_type=\"widget\" data-widget_type=\"heading.default\">\n\t\t\t\t<div class=\"elementor-widget-container\">\n\t\t\t\t\t<h2 class=\"elementor-heading-title elementor-size-default\">Quins s\u00edmptomes pots notar?<\/h2>\t\t\t\t<\/div>\n\t\t\t\t<\/div>\n\t\t\t\t<\/div>\n\t\t<div class=\"elementor-element elementor-element-a47319b e-con-full e-flex e-con e-child\" data-id=\"a47319b\" data-element_type=\"container\">\n\t\t\t\t<div class=\"elementor-element elementor-element-50dde3d elementor-widget elementor-widget-text-editor\" data-id=\"50dde3d\" data-element_type=\"widget\" data-widget_type=\"text-editor.default\">\n\t\t\t\t<div class=\"elementor-widget-container\">\n\t\t\t\t\t\t\t\t\t<p>El primer s\u00edmptoma solen ser alteracions en la menstruaci\u00f3, que tamb\u00e9 pot desapar\u00e8ixer. Els s\u00edmptomes posteriors poden ser similars als de la menopausa natural: sufocacions, suors nocturnes, irritabilitat, falta de concentraci\u00f3, <a href=\"https:\/\/www.dexeus.com\/midlife\/ca\/simptoma\/disminucio-de-la-libido\/\">disminuci\u00f3 del desig sexual<\/a>, <a href=\"https:\/\/www.dexeus.com\/midlife\/ca\/simptoma\/sequedat-vaginal\/\">sequedat vaginal<\/a> i <a href=\"https:\/\/www.dexeus.com\/midlife\/ca\/simptoma\/dolor-en-les-relacions-sexuals\/\">dolor durant les relacions sexuals<\/a>.<\/p>\t\t\t\t\t\t\t\t<\/div>\n\t\t\t\t<\/div>\n\t\t\t\t<\/div>\n\t\t\t\t\t<\/div>\n\t\t\t\t<\/div>\n\t\t\t\t\t<\/div>\n\t\t\t\t<\/div>\n\t\t\t\t<\/div>\n\t\t","protected":false},"excerpt":{"rendered":"<p>La postmenopausa \u00e9s l&#8217;etapa posterior a la menopausa, s&#8217;inicia en passar un any despr\u00e9s de l&#8217;\u00faltima menstruaci\u00f3. Dura uns 15 anys i arriba fins a la vellesa.<\/p>\n","protected":false},"author":1,"featured_media":6360,"parent":6616,"menu_order":0,"comment_status":"closed","ping_status":"closed","template":"","meta":{"footnotes":""},"class_list":["post-6608","page","type-page","status-publish","has-post-thumbnail","hentry"],"yoast_head":"<!-- This site is optimized with the Yoast SEO plugin v26.7 - https:\/\/yoast.com\/wordpress\/plugins\/seo\/ -->\n<title>Postmenopausa - Dexeus Midlife<\/title>\n<meta name=\"description\" content=\"La postmenopausa \u00e9s l&#039;etapa posterior a la menopausa, s&#039;inicia en passar un any despr\u00e9s de l&#039;\u00faltima menstruaci\u00f3. Dura uns 15 anys i arriba fins a la vellesa.\" \/>\n<meta name=\"robots\" content=\"index, follow, max-snippet:-1, max-image-preview:large, max-video-preview:-1\" \/>\n<link rel=\"canonical\" href=\"https:\/\/www.dexeus.com\/midlife\/ca\/salut-ginecologica\/postmenopausa\/\" \/>\n<meta property=\"og:locale\" content=\"ca_ES\" \/>\n<meta property=\"og:type\" content=\"article\" \/>\n<meta property=\"og:title\" content=\"Postmenopausa - Dexeus Midlife\" \/>\n<meta property=\"og:description\" content=\"La postmenopausa \u00e9s l&#039;etapa posterior a la menopausa, s&#039;inicia en passar un any despr\u00e9s de l&#039;\u00faltima menstruaci\u00f3. Dura uns 15 anys i arriba fins a la vellesa.\" \/>\n<meta property=\"og:url\" content=\"https:\/\/www.dexeus.com\/midlife\/ca\/salut-ginecologica\/postmenopausa\/\" \/>\n<meta property=\"og:site_name\" content=\"Dexeus Midlife\" \/>\n<meta property=\"article:publisher\" content=\"https:\/\/www.facebook.com\/dexeusmidlife\/\" \/>\n<meta property=\"article:modified_time\" content=\"2025-02-26T12:43:32+00:00\" \/>\n<meta property=\"og:image\" content=\"https:\/\/www.dexeus.com\/midlife\/wp-content\/uploads\/2025\/02\/POST-MENOPAUSIA-1.jpg\" \/>\n\t<meta property=\"og:image:width\" content=\"2200\" \/>\n\t<meta property=\"og:image:height\" content=\"1015\" \/>\n\t<meta property=\"og:image:type\" content=\"image\/jpeg\" \/>\n<meta name=\"twitter:card\" content=\"summary_large_image\" \/>\n<meta name=\"twitter:label1\" content=\"Est. reading time\" \/>\n\t<meta name=\"twitter:data1\" content=\"1 minute\" \/>\n<script type=\"application\/ld+json\" class=\"yoast-schema-graph\">{\"@context\":\"https:\/\/schema.org\",\"@graph\":[{\"@type\":\"WebPage\",\"@id\":\"https:\/\/www.dexeus.com\/midlife\/ca\/salut-ginecologica\/postmenopausa\/\",\"url\":\"https:\/\/www.dexeus.com\/midlife\/ca\/salut-ginecologica\/postmenopausa\/\",\"name\":\"Postmenopausa - Dexeus Midlife\",\"isPartOf\":{\"@id\":\"https:\/\/www.dexeus.com\/midlife\/ca\/#website\"},\"primaryImageOfPage\":{\"@id\":\"https:\/\/www.dexeus.com\/midlife\/ca\/salut-ginecologica\/postmenopausa\/#primaryimage\"},\"image\":{\"@id\":\"https:\/\/www.dexeus.com\/midlife\/ca\/salut-ginecologica\/postmenopausa\/#primaryimage\"},\"thumbnailUrl\":\"https:\/\/www.dexeus.com\/midlife\/wp-content\/uploads\/2025\/02\/POST-MENOPAUSIA-1.jpg\",\"datePublished\":\"2024-12-02T03:00:33+00:00\",\"dateModified\":\"2025-02-26T12:43:32+00:00\",\"description\":\"La postmenopausa \u00e9s l'etapa posterior a la menopausa, s'inicia en passar un any despr\u00e9s de l'\u00faltima menstruaci\u00f3. Dura uns 15 anys i arriba fins a la vellesa.\",\"breadcrumb\":{\"@id\":\"https:\/\/www.dexeus.com\/midlife\/ca\/salut-ginecologica\/postmenopausa\/#breadcrumb\"},\"inLanguage\":\"ca\",\"potentialAction\":[{\"@type\":\"ReadAction\",\"target\":[\"https:\/\/www.dexeus.com\/midlife\/ca\/salut-ginecologica\/postmenopausa\/\"]}]},{\"@type\":\"ImageObject\",\"inLanguage\":\"ca\",\"@id\":\"https:\/\/www.dexeus.com\/midlife\/ca\/salut-ginecologica\/postmenopausa\/#primaryimage\",\"url\":\"https:\/\/www.dexeus.com\/midlife\/wp-content\/uploads\/2025\/02\/POST-MENOPAUSIA-1.jpg\",\"contentUrl\":\"https:\/\/www.dexeus.com\/midlife\/wp-content\/uploads\/2025\/02\/POST-MENOPAUSIA-1.jpg\",\"width\":2200,\"height\":1015,\"caption\":\"Smiling adult middle aged business woman standing at table posing in home office, arms crossed. Portrait of gray haired happy professional ceo or financial director woman in corporate photoshoot.\"},{\"@type\":\"BreadcrumbList\",\"@id\":\"https:\/\/www.dexeus.com\/midlife\/ca\/salut-ginecologica\/postmenopausa\/#breadcrumb\",\"itemListElement\":[{\"@type\":\"ListItem\",\"position\":1,\"name\":\"Home\",\"item\":\"https:\/\/www.dexeus.com\/midlife\/ca\/dexeus-midlife\/\"},{\"@type\":\"ListItem\",\"position\":2,\"name\":\"La teva menopausa\",\"item\":\"https:\/\/www.dexeus.com\/midlife\/ca\/salut-ginecologica\/\"},{\"@type\":\"ListItem\",\"position\":3,\"name\":\"Postmenopausa\"}]},{\"@type\":\"WebSite\",\"@id\":\"https:\/\/www.dexeus.com\/midlife\/ca\/#website\",\"url\":\"https:\/\/www.dexeus.com\/midlife\/ca\/\",\"name\":\"Dexeus Midlife\",\"description\":\"Una nueva forma de vivir la menopausia\",\"publisher\":{\"@id\":\"https:\/\/www.dexeus.com\/midlife\/ca\/#organization\"},\"potentialAction\":[{\"@type\":\"SearchAction\",\"target\":{\"@type\":\"EntryPoint\",\"urlTemplate\":\"https:\/\/www.dexeus.com\/midlife\/ca\/?s={search_term_string}\"},\"query-input\":{\"@type\":\"PropertyValueSpecification\",\"valueRequired\":true,\"valueName\":\"search_term_string\"}}],\"inLanguage\":\"ca\"},{\"@type\":\"Organization\",\"@id\":\"https:\/\/www.dexeus.com\/midlife\/ca\/#organization\",\"name\":\"Dexeus Midlife\",\"url\":\"https:\/\/www.dexeus.com\/midlife\/ca\/\",\"logo\":{\"@type\":\"ImageObject\",\"inLanguage\":\"ca\",\"@id\":\"https:\/\/www.dexeus.com\/midlife\/ca\/#\/schema\/logo\/image\/\",\"url\":\"https:\/\/www.dexeus.com\/midlife\/wp-content\/uploads\/2025\/02\/cropped-Dexeus-Midlife-Fabicon.png\",\"contentUrl\":\"https:\/\/www.dexeus.com\/midlife\/wp-content\/uploads\/2025\/02\/cropped-Dexeus-Midlife-Fabicon.png\",\"width\":512,\"height\":512,\"caption\":\"Dexeus Midlife\"},\"image\":{\"@id\":\"https:\/\/www.dexeus.com\/midlife\/ca\/#\/schema\/logo\/image\/\"},\"sameAs\":[\"https:\/\/www.facebook.com\/dexeusmidlife\/\",\"https:\/\/www.instagram.com\/dexeusmidlife\/\"]}]}<\/script>\n<!-- \/ Yoast SEO plugin. -->","yoast_head_json":{"title":"Postmenopausa - Dexeus Midlife","description":"La postmenopausa \u00e9s l'etapa posterior a la menopausa, s'inicia en passar un any despr\u00e9s de l'\u00faltima menstruaci\u00f3. Dura uns 15 anys i arriba fins a la vellesa.","robots":{"index":"index","follow":"follow","max-snippet":"max-snippet:-1","max-image-preview":"max-image-preview:large","max-video-preview":"max-video-preview:-1"},"canonical":"https:\/\/www.dexeus.com\/midlife\/ca\/salut-ginecologica\/postmenopausa\/","og_locale":"ca_ES","og_type":"article","og_title":"Postmenopausa - Dexeus Midlife","og_description":"La postmenopausa \u00e9s l'etapa posterior a la menopausa, s'inicia en passar un any despr\u00e9s de l'\u00faltima menstruaci\u00f3. Dura uns 15 anys i arriba fins a la vellesa.","og_url":"https:\/\/www.dexeus.com\/midlife\/ca\/salut-ginecologica\/postmenopausa\/","og_site_name":"Dexeus Midlife","article_publisher":"https:\/\/www.facebook.com\/dexeusmidlife\/","article_modified_time":"2025-02-26T12:43:32+00:00","og_image":[{"width":2200,"height":1015,"url":"https:\/\/www.dexeus.com\/midlife\/wp-content\/uploads\/2025\/02\/POST-MENOPAUSIA-1.jpg","type":"image\/jpeg"}],"twitter_card":"summary_large_image","twitter_misc":{"Est. reading time":"1 minute"},"schema":{"@context":"https:\/\/schema.org","@graph":[{"@type":"WebPage","@id":"https:\/\/www.dexeus.com\/midlife\/ca\/salut-ginecologica\/postmenopausa\/","url":"https:\/\/www.dexeus.com\/midlife\/ca\/salut-ginecologica\/postmenopausa\/","name":"Postmenopausa - Dexeus Midlife","isPartOf":{"@id":"https:\/\/www.dexeus.com\/midlife\/ca\/#website"},"primaryImageOfPage":{"@id":"https:\/\/www.dexeus.com\/midlife\/ca\/salut-ginecologica\/postmenopausa\/#primaryimage"},"image":{"@id":"https:\/\/www.dexeus.com\/midlife\/ca\/salut-ginecologica\/postmenopausa\/#primaryimage"},"thumbnailUrl":"https:\/\/www.dexeus.com\/midlife\/wp-content\/uploads\/2025\/02\/POST-MENOPAUSIA-1.jpg","datePublished":"2024-12-02T03:00:33+00:00","dateModified":"2025-02-26T12:43:32+00:00","description":"La postmenopausa \u00e9s l'etapa posterior a la menopausa, s'inicia en passar un any despr\u00e9s de l'\u00faltima menstruaci\u00f3. Dura uns 15 anys i arriba fins a la vellesa.","breadcrumb":{"@id":"https:\/\/www.dexeus.com\/midlife\/ca\/salut-ginecologica\/postmenopausa\/#breadcrumb"},"inLanguage":"ca","potentialAction":[{"@type":"ReadAction","target":["https:\/\/www.dexeus.com\/midlife\/ca\/salut-ginecologica\/postmenopausa\/"]}]},{"@type":"ImageObject","inLanguage":"ca","@id":"https:\/\/www.dexeus.com\/midlife\/ca\/salut-ginecologica\/postmenopausa\/#primaryimage","url":"https:\/\/www.dexeus.com\/midlife\/wp-content\/uploads\/2025\/02\/POST-MENOPAUSIA-1.jpg","contentUrl":"https:\/\/www.dexeus.com\/midlife\/wp-content\/uploads\/2025\/02\/POST-MENOPAUSIA-1.jpg","width":2200,"height":1015,"caption":"Smiling adult middle aged business woman standing at table posing in home office, arms crossed. Portrait of gray haired happy professional ceo or financial director woman in corporate photoshoot."},{"@type":"BreadcrumbList","@id":"https:\/\/www.dexeus.com\/midlife\/ca\/salut-ginecologica\/postmenopausa\/#breadcrumb","itemListElement":[{"@type":"ListItem","position":1,"name":"Home","item":"https:\/\/www.dexeus.com\/midlife\/ca\/dexeus-midlife\/"},{"@type":"ListItem","position":2,"name":"La teva menopausa","item":"https:\/\/www.dexeus.com\/midlife\/ca\/salut-ginecologica\/"},{"@type":"ListItem","position":3,"name":"Postmenopausa"}]},{"@type":"WebSite","@id":"https:\/\/www.dexeus.com\/midlife\/ca\/#website","url":"https:\/\/www.dexeus.com\/midlife\/ca\/","name":"Dexeus Midlife","description":"Una nueva forma de vivir la menopausia","publisher":{"@id":"https:\/\/www.dexeus.com\/midlife\/ca\/#organization"},"potentialAction":[{"@type":"SearchAction","target":{"@type":"EntryPoint","urlTemplate":"https:\/\/www.dexeus.com\/midlife\/ca\/?s={search_term_string}"},"query-input":{"@type":"PropertyValueSpecification","valueRequired":true,"valueName":"search_term_string"}}],"inLanguage":"ca"},{"@type":"Organization","@id":"https:\/\/www.dexeus.com\/midlife\/ca\/#organization","name":"Dexeus Midlife","url":"https:\/\/www.dexeus.com\/midlife\/ca\/","logo":{"@type":"ImageObject","inLanguage":"ca","@id":"https:\/\/www.dexeus.com\/midlife\/ca\/#\/schema\/logo\/image\/","url":"https:\/\/www.dexeus.com\/midlife\/wp-content\/uploads\/2025\/02\/cropped-Dexeus-Midlife-Fabicon.png","contentUrl":"https:\/\/www.dexeus.com\/midlife\/wp-content\/uploads\/2025\/02\/cropped-Dexeus-Midlife-Fabicon.png","width":512,"height":512,"caption":"Dexeus Midlife"},"image":{"@id":"https:\/\/www.dexeus.com\/midlife\/ca\/#\/schema\/logo\/image\/"},"sameAs":["https:\/\/www.facebook.com\/dexeusmidlife\/","https:\/\/www.instagram.com\/dexeusmidlife\/"]}]}},"_links":{"self":[{"href":"https:\/\/www.dexeus.com\/midlife\/ca\/wp-json\/wp\/v2\/pages\/6608","targetHints":{"allow":["GET"]}}],"collection":[{"href":"https:\/\/www.dexeus.com\/midlife\/ca\/wp-json\/wp\/v2\/pages"}],"about":[{"href":"https:\/\/www.dexeus.com\/midlife\/ca\/wp-json\/wp\/v2\/types\/page"}],"author":[{"embeddable":true,"href":"https:\/\/www.dexeus.com\/midlife\/ca\/wp-json\/wp\/v2\/users\/1"}],"replies":[{"embeddable":true,"href":"https:\/\/www.dexeus.com\/midlife\/ca\/wp-json\/wp\/v2\/comments?post=6608"}],"version-history":[{"count":0,"href":"https:\/\/www.dexeus.com\/midlife\/ca\/wp-json\/wp\/v2\/pages\/6608\/revisions"}],"up":[{"embeddable":true,"href":"https:\/\/www.dexeus.com\/midlife\/ca\/wp-json\/wp\/v2\/pages\/6616"}],"wp:featuredmedia":[{"embeddable":true,"href":"https:\/\/www.dexeus.com\/midlife\/ca\/wp-json\/wp\/v2\/media\/6360"}],"wp:attachment":[{"href":"https:\/\/www.dexeus.com\/midlife\/ca\/wp-json\/wp\/v2\/media?parent=6608"}],"curies":[{"name":"wp","href":"https:\/\/api.w.org\/{rel}","templated":true}]}}