{"id":6654,"date":"2024-12-02T10:40:02","date_gmt":"2024-12-02T09:40:02","guid":{"rendered":"https:\/\/www.dexeus.com\/midlife\/blog\/"},"modified":"2025-03-07T11:55:59","modified_gmt":"2025-03-07T10:55:59","slug":"blog","status":"publish","type":"page","link":"https:\/\/www.dexeus.com\/midlife\/ca\/blog\/","title":{"rendered":"Blog"},"content":{"rendered":"\t\t<div data-elementor-type=\"wp-post\" data-elementor-id=\"6654\" class=\"elementor elementor-6654 elementor-129\" data-elementor-post-type=\"page\">\n\t\t\t\t<div class=\"elementor-element elementor-element-02535c6 e-flex e-con-boxed e-con e-parent\" data-id=\"02535c6\" data-element_type=\"container\">\n\t\t\t\t\t<div class=\"e-con-inner\">\n\t\t\t\t<div class=\"elementor-element elementor-element-6e44f6b elementor-grid-tablet-1 elementor-grid-3 elementor-grid-mobile-1 elementor-widget elementor-widget-loop-grid\" data-id=\"6e44f6b\" data-element_type=\"widget\" data-settings=\"{&quot;template_id&quot;:6688,&quot;columns_tablet&quot;:1,&quot;row_gap_tablet&quot;:{&quot;unit&quot;:&quot;px&quot;,&quot;size&quot;:20,&quot;sizes&quot;:[]},&quot;row_gap_mobile_extra&quot;:{&quot;unit&quot;:&quot;px&quot;,&quot;size&quot;:10,&quot;sizes&quot;:[]},&quot;row_gap_mobile&quot;:{&quot;unit&quot;:&quot;px&quot;,&quot;size&quot;:5,&quot;sizes&quot;:[]},&quot;_skin&quot;:&quot;post&quot;,&quot;columns&quot;:&quot;3&quot;,&quot;columns_mobile&quot;:&quot;1&quot;,&quot;edit_handle_selector&quot;:&quot;[data-elementor-type=\\&quot;loop-item\\&quot;]&quot;,&quot;row_gap&quot;:{&quot;unit&quot;:&quot;px&quot;,&quot;size&quot;:&quot;&quot;,&quot;sizes&quot;:[]},&quot;row_gap_tablet_extra&quot;:{&quot;unit&quot;:&quot;px&quot;,&quot;size&quot;:&quot;&quot;,&quot;sizes&quot;:[]}}\" data-widget_type=\"loop-grid.post\">\n\t\t\t\t<div class=\"elementor-widget-container\">\n\t\t\t\t\t\t\t<div class=\"elementor-loop-container elementor-grid\" role=\"list\">\n\t\t<style id=\"loop-6688\">.elementor-6688 .elementor-element.elementor-element-5e1103c{--display:flex;}.elementor-widget-theme-post-featured-image .widget-image-caption{color:var( --e-global-color-text );font-family:var( --e-global-typography-text-font-family ), Sans-serif;font-weight:var( --e-global-typography-text-font-weight );}.elementor-6688 .elementor-element.elementor-element-ed39d08 img{height:205px;object-fit:cover;object-position:center center;transition-duration:0.6s;border-radius:30px 30px 30px 30px;}.elementor-6688 .elementor-element.elementor-element-ed39d08:hover img{filter:brightness( 100% ) contrast( 80% ) saturate( 100% ) blur( 0px ) hue-rotate( 0deg );}.elementor-6688 .elementor-element.elementor-element-cec1b3b{--display:flex;}.elementor-widget-post-info .elementor-icon-list-item:not(:last-child):after{border-color:var( --e-global-color-text );}.elementor-widget-post-info .elementor-icon-list-icon i{color:var( --e-global-color-primary );}.elementor-widget-post-info .elementor-icon-list-icon svg{fill:var( --e-global-color-primary );}.elementor-widget-post-info .elementor-icon-list-text, .elementor-widget-post-info .elementor-icon-list-text a{color:var( --e-global-color-secondary );}.elementor-widget-post-info .elementor-icon-list-item{font-family:var( --e-global-typography-text-font-family ), Sans-serif;font-weight:var( --e-global-typography-text-font-weight );}.elementor-6688 .elementor-element.elementor-element-b959c1b .elementor-icon-list-icon{width:14px;}.elementor-6688 .elementor-element.elementor-element-b959c1b .elementor-icon-list-icon i{font-size:14px;}.elementor-6688 .elementor-element.elementor-element-b959c1b .elementor-icon-list-icon svg{--e-icon-list-icon-size:14px;}.elementor-6688 .elementor-element.elementor-element-b959c1b .elementor-icon-list-text, .elementor-6688 .elementor-element.elementor-element-b959c1b .elementor-icon-list-text a{color:var( --e-global-color-f05e6c6 );}.elementor-6688 .elementor-element.elementor-element-b959c1b .elementor-icon-list-item{font-family:\"DM Sans\", Sans-serif;font-size:14px;font-weight:300;}.elementor-widget-theme-post-title .elementor-heading-title{font-family:var( --e-global-typography-primary-font-family ), Sans-serif;font-weight:var( --e-global-typography-primary-font-weight );color:var( --e-global-color-primary );}.elementor-6688 .elementor-element.elementor-element-60aa68f .elementor-heading-title{font-family:\"DM Sans\", Sans-serif;font-size:21px;font-weight:600;line-height:1.2em;}.elementor-widget-theme-post-excerpt .elementor-widget-container{font-family:var( --e-global-typography-text-font-family ), Sans-serif;font-weight:var( --e-global-typography-text-font-weight );color:var( --e-global-color-text );}.elementor-6688 .elementor-element.elementor-element-7857c1e .elementor-widget-container{font-family:\"DM Sans\", Sans-serif;font-size:16px;font-weight:300;}.elementor-widget-button .elementor-button{background-color:var( --e-global-color-accent );font-family:var( --e-global-typography-accent-font-family ), Sans-serif;font-weight:var( --e-global-typography-accent-font-weight );}.elementor-6688 .elementor-element.elementor-element-e877d4c .elementor-button{background-color:var( --e-global-color-27803c3 );font-family:\"DM Sans\", Sans-serif;font-size:14px;font-weight:400;fill:var( --e-global-color-95f2ce0 );color:var( --e-global-color-95f2ce0 );border-radius:10px 10px 10px 10px;}.elementor-6688 .elementor-element.elementor-element-e877d4c .elementor-button:hover, .elementor-6688 .elementor-element.elementor-element-e877d4c .elementor-button:focus{background-color:var( --e-global-color-6e65b1a );color:var( --e-global-color-3e21a3b );}.elementor-6688 .elementor-element.elementor-element-e877d4c .elementor-button:hover svg, .elementor-6688 .elementor-element.elementor-element-e877d4c .elementor-button:focus svg{fill:var( --e-global-color-3e21a3b );}@media(max-width:1024px){.elementor-6688 .elementor-element.elementor-element-5e1103c{--flex-direction:row;--container-widget-width:initial;--container-widget-height:100%;--container-widget-flex-grow:1;--container-widget-align-self:stretch;--flex-wrap-mobile:wrap;--flex-wrap:wrap;}.elementor-6688 .elementor-element.elementor-element-ed39d08{width:var( --container-widget-width, 38% );max-width:38%;--container-widget-width:38%;--container-widget-flex-grow:0;}.elementor-6688 .elementor-element.elementor-element-ed39d08 img{height:175px;}.elementor-6688 .elementor-element.elementor-element-60aa68f > .elementor-widget-container{margin:-10px 0px 0px 0px;}.elementor-6688 .elementor-element.elementor-element-60aa68f .elementor-heading-title{font-size:18px;}}@media(max-width:880px){.elementor-6688 .elementor-element.elementor-element-b959c1b .elementor-icon-list-item{font-size:13px;}.elementor-6688 .elementor-element.elementor-element-60aa68f .elementor-heading-title{font-size:18px;}.elementor-6688 .elementor-element.elementor-element-7857c1e .elementor-widget-container{font-size:15px;}.elementor-6688 .elementor-element.elementor-element-e877d4c .elementor-button{font-size:13px;}}@media(max-width:767px){.elementor-6688 .elementor-element.elementor-element-ed39d08{--container-widget-width:43%;--container-widget-flex-grow:0;width:var( --container-widget-width, 43% );max-width:43%;}.elementor-6688 .elementor-element.elementor-element-ed39d08 img{height:110px;border-radius:15px 15px 15px 15px;}.elementor-6688 .elementor-element.elementor-element-cec1b3b{--width:50%;}.elementor-6688 .elementor-element.elementor-element-b959c1b .elementor-icon-list-item{font-size:11px;}.elementor-6688 .elementor-element.elementor-element-60aa68f > .elementor-widget-container{margin:-15px 0px 0px 0px;}.elementor-6688 .elementor-element.elementor-element-60aa68f .elementor-heading-title{font-size:16px;}}@media(max-width:1024px) and (min-width:768px){.elementor-6688 .elementor-element.elementor-element-cec1b3b{--width:56%;}}<\/style>\t\t<div data-elementor-type=\"loop-item\" data-elementor-id=\"6688\" class=\"elementor elementor-6688 elementor-1559 e-loop-item e-loop-item-11556 post-11556 post type-post status-publish format-standard has-post-thumbnail hentry category-menopausa-zona-intima\" data-elementor-post-type=\"elementor_library\" data-custom-edit-handle=\"1\">\n\t\t\t<div class=\"elementor-element elementor-element-5e1103c e-con-full e-flex e-con e-parent\" data-id=\"5e1103c\" data-element_type=\"container\">\n\t\t\t\t<div class=\"elementor-element elementor-element-ed39d08 elementor-widget-tablet__width-initial elementor-widget elementor-widget-theme-post-featured-image elementor-widget-image\" data-id=\"ed39d08\" data-element_type=\"widget\" data-widget_type=\"theme-post-featured-image.default\">\n\t\t\t\t<div class=\"elementor-widget-container\">\n\t\t\t\t\t\t\t\t\t\t\t\t\t\t\t\t<a href=\"https:\/\/www.dexeus.com\/midlife\/ca\/laser-vaginal-preguntes-frequents\/\">\n\t\t\t\t\t\t\t<img fetchpriority=\"high\" decoding=\"async\" width=\"800\" height=\"512\" src=\"https:\/\/www.dexeus.com\/midlife\/wp-content\/uploads\/2026\/04\/laser-vaginal-preguntas-frecuentes.jpg\" class=\"attachment-large size-large wp-image-11550\" alt=\"L\u00e1ser vaginal - Preguntas frecuentes\" srcset=\"https:\/\/www.dexeus.com\/midlife\/wp-content\/uploads\/2026\/04\/laser-vaginal-preguntas-frecuentes.jpg 1000w, https:\/\/www.dexeus.com\/midlife\/wp-content\/uploads\/2026\/04\/laser-vaginal-preguntas-frecuentes-300x192.jpg 300w, https:\/\/www.dexeus.com\/midlife\/wp-content\/uploads\/2026\/04\/laser-vaginal-preguntas-frecuentes-768x492.jpg 768w, https:\/\/www.dexeus.com\/midlife\/wp-content\/uploads\/2026\/04\/laser-vaginal-preguntas-frecuentes-600x384.jpg 600w\" sizes=\"(max-width: 800px) 100vw, 800px\" \/>\t\t\t\t\t\t\t\t<\/a>\n\t\t\t\t\t\t\t\t\t\t\t\t\t\t\t<\/div>\n\t\t\t\t<\/div>\n\t\t<div class=\"elementor-element elementor-element-cec1b3b e-con-full e-flex e-con e-child\" data-id=\"cec1b3b\" data-element_type=\"container\">\n\t\t\t\t<div class=\"elementor-element elementor-element-b959c1b elementor-widget elementor-widget-post-info\" data-id=\"b959c1b\" data-element_type=\"widget\" data-widget_type=\"post-info.default\">\n\t\t\t\t<div class=\"elementor-widget-container\">\n\t\t\t\t\t\t\t<ul class=\"elementor-inline-items elementor-icon-list-items elementor-post-info\">\n\t\t\t\t\t\t\t\t<li class=\"elementor-icon-list-item elementor-repeater-item-090faef elementor-inline-item\" itemprop=\"datePublished\">\n\t\t\t\t\t\t<a href=\"https:\/\/www.dexeus.com\/midlife\/ca\/2026\/04\/28\/\">\n\t\t\t\t\t\t\t\t\t\t\t\t\t\t<span class=\"elementor-icon-list-text elementor-post-info__item elementor-post-info__item--type-date\">\n\t\t\t\t\t\t\t\t\t\t<time>28 Abr, 2026<\/time>\t\t\t\t\t<\/span>\n\t\t\t\t\t\t\t\t\t<\/a>\n\t\t\t\t<\/li>\n\t\t\t\t<\/ul>\n\t\t\t\t\t\t<\/div>\n\t\t\t\t<\/div>\n\t\t\t\t<div class=\"elementor-element elementor-element-60aa68f elementor-widget elementor-widget-theme-post-title elementor-page-title elementor-widget-heading\" data-id=\"60aa68f\" data-element_type=\"widget\" data-widget_type=\"theme-post-title.default\">\n\t\t\t\t<div class=\"elementor-widget-container\">\n\t\t\t\t\t<h3 class=\"elementor-heading-title elementor-size-default\"><a href=\"https:\/\/www.dexeus.com\/midlife\/ca\/laser-vaginal-preguntes-frequents\/\">L\u00e0ser vaginal &#8211; Preguntes freq\u00fcents<\/a><\/h3>\t\t\t\t<\/div>\n\t\t\t\t<\/div>\n\t\t\t\t<div class=\"elementor-element elementor-element-7857c1e elementor-hidden-mobile_extra elementor-hidden-mobile elementor-widget elementor-widget-theme-post-excerpt\" data-id=\"7857c1e\" data-element_type=\"widget\" data-widget_type=\"theme-post-excerpt.default\">\n\t\t\t\t<div class=\"elementor-widget-container\">\n\t\t\t\t\tParlar de salut \u00edntima femenina ja no hauria de ser un tab\u00fa. Tot i aix\u00f2, moltes dones conviuen durant anys amb mol\u00e8sties com la sequedat vaginal, infeccions d\u2019orina o vaginals de repetici\u00f3, p\u00e8rdues d\u2019orina lleus o moderades o canvis en la sensaci\u00f3 durant les relacions sexuals, pensant que \u201c\u00e9s normal\u201d per l\u2019edat, el postpart o la menopausa.\t\t\t\t<\/div>\n\t\t\t\t<\/div>\n\t\t\t\t<div class=\"elementor-element elementor-element-e877d4c elementor-hidden-tablet elementor-hidden-mobile_extra elementor-hidden-mobile elementor-widget elementor-widget-button\" data-id=\"e877d4c\" data-element_type=\"widget\" data-widget_type=\"button.default\">\n\t\t\t\t<div class=\"elementor-widget-container\">\n\t\t\t\t\t\t\t\t\t<div class=\"elementor-button-wrapper\">\n\t\t\t\t\t<a class=\"elementor-button elementor-button-link elementor-size-sm\" href=\"https:\/\/www.dexeus.com\/midlife\/ca\/laser-vaginal-preguntes-frequents\/\">\n\t\t\t\t\t\t<span class=\"elementor-button-content-wrapper\">\n\t\t\t\t\t\t\t\t\t<span class=\"elementor-button-text\">Llegeix l'article<\/span>\n\t\t\t\t\t<\/span>\n\t\t\t\t\t<\/a>\n\t\t\t\t<\/div>\n\t\t\t\t\t\t\t\t<\/div>\n\t\t\t\t<\/div>\n\t\t\t\t<\/div>\n\t\t\t\t<\/div>\n\t\t\t\t<\/div>\n\t\t\t\t<div data-elementor-type=\"loop-item\" data-elementor-id=\"6688\" class=\"elementor elementor-6688 elementor-1559 e-loop-item e-loop-item-11382 post-11382 post type-post status-publish format-standard has-post-thumbnail hentry category-menopausa-zona-intima\" data-elementor-post-type=\"elementor_library\" data-custom-edit-handle=\"1\">\n\t\t\t<div class=\"elementor-element elementor-element-5e1103c e-con-full e-flex e-con e-parent\" data-id=\"5e1103c\" data-element_type=\"container\">\n\t\t\t\t<div class=\"elementor-element elementor-element-ed39d08 elementor-widget-tablet__width-initial elementor-widget elementor-widget-theme-post-featured-image elementor-widget-image\" data-id=\"ed39d08\" data-element_type=\"widget\" data-widget_type=\"theme-post-featured-image.default\">\n\t\t\t\t<div class=\"elementor-widget-container\">\n\t\t\t\t\t\t\t\t\t\t\t\t\t\t\t\t<a href=\"https:\/\/www.dexeus.com\/midlife\/ca\/sequedat-vulvar-menopausa\/\">\n\t\t\t\t\t\t\t<img decoding=\"async\" width=\"800\" height=\"512\" src=\"https:\/\/www.dexeus.com\/midlife\/wp-content\/uploads\/2026\/03\/sequedad-vulvar-menopausia-1000-x-640-px-1000-x-640-px-1.jpg\" class=\"attachment-large size-large wp-image-11281\" alt=\"sequedat vulvar menopausa\" srcset=\"https:\/\/www.dexeus.com\/midlife\/wp-content\/uploads\/2026\/03\/sequedad-vulvar-menopausia-1000-x-640-px-1000-x-640-px-1.jpg 1000w, https:\/\/www.dexeus.com\/midlife\/wp-content\/uploads\/2026\/03\/sequedad-vulvar-menopausia-1000-x-640-px-1000-x-640-px-1-300x192.jpg 300w, https:\/\/www.dexeus.com\/midlife\/wp-content\/uploads\/2026\/03\/sequedad-vulvar-menopausia-1000-x-640-px-1000-x-640-px-1-768x492.jpg 768w, https:\/\/www.dexeus.com\/midlife\/wp-content\/uploads\/2026\/03\/sequedad-vulvar-menopausia-1000-x-640-px-1000-x-640-px-1-600x384.jpg 600w\" sizes=\"(max-width: 800px) 100vw, 800px\" \/>\t\t\t\t\t\t\t\t<\/a>\n\t\t\t\t\t\t\t\t\t\t\t\t\t\t\t<\/div>\n\t\t\t\t<\/div>\n\t\t<div class=\"elementor-element elementor-element-cec1b3b e-con-full e-flex e-con e-child\" data-id=\"cec1b3b\" data-element_type=\"container\">\n\t\t\t\t<div class=\"elementor-element elementor-element-b959c1b elementor-widget elementor-widget-post-info\" data-id=\"b959c1b\" data-element_type=\"widget\" data-widget_type=\"post-info.default\">\n\t\t\t\t<div class=\"elementor-widget-container\">\n\t\t\t\t\t\t\t<ul class=\"elementor-inline-items elementor-icon-list-items elementor-post-info\">\n\t\t\t\t\t\t\t\t<li class=\"elementor-icon-list-item elementor-repeater-item-090faef elementor-inline-item\" itemprop=\"datePublished\">\n\t\t\t\t\t\t<a href=\"https:\/\/www.dexeus.com\/midlife\/ca\/2026\/04\/09\/\">\n\t\t\t\t\t\t\t\t\t\t\t\t\t\t<span class=\"elementor-icon-list-text elementor-post-info__item elementor-post-info__item--type-date\">\n\t\t\t\t\t\t\t\t\t\t<time>09 Abr, 2026<\/time>\t\t\t\t\t<\/span>\n\t\t\t\t\t\t\t\t\t<\/a>\n\t\t\t\t<\/li>\n\t\t\t\t<\/ul>\n\t\t\t\t\t\t<\/div>\n\t\t\t\t<\/div>\n\t\t\t\t<div class=\"elementor-element elementor-element-60aa68f elementor-widget elementor-widget-theme-post-title elementor-page-title elementor-widget-heading\" data-id=\"60aa68f\" data-element_type=\"widget\" data-widget_type=\"theme-post-title.default\">\n\t\t\t\t<div class=\"elementor-widget-container\">\n\t\t\t\t\t<h3 class=\"elementor-heading-title elementor-size-default\"><a href=\"https:\/\/www.dexeus.com\/midlife\/ca\/sequedat-vulvar-menopausa\/\">Sequedat vulvar a la menopausa: causes, s\u00edmptomes i tractaments que et poden ajudar<\/a><\/h3>\t\t\t\t<\/div>\n\t\t\t\t<\/div>\n\t\t\t\t<div class=\"elementor-element elementor-element-7857c1e elementor-hidden-mobile_extra elementor-hidden-mobile elementor-widget elementor-widget-theme-post-excerpt\" data-id=\"7857c1e\" data-element_type=\"widget\" data-widget_type=\"theme-post-excerpt.default\">\n\t\t\t\t<div class=\"elementor-widget-container\">\n\t\t\t\t\tLa sequedat vulvar durant la menopausa \u00e9s un s\u00edmptoma freq\u00fcent relacionat amb els canvis hormonals caracter\u00edstics d'aquesta etapa. Encara que pot resultar inc\u00f2moda i, fins i tot, afectar la vida \u00edntima, hi ha diferents maneres de recon\u00e8ixer-la i abordar-la per millorar el benestar i la qualitat de vida.\t\t\t\t<\/div>\n\t\t\t\t<\/div>\n\t\t\t\t<div class=\"elementor-element elementor-element-e877d4c elementor-hidden-tablet elementor-hidden-mobile_extra elementor-hidden-mobile elementor-widget elementor-widget-button\" data-id=\"e877d4c\" data-element_type=\"widget\" data-widget_type=\"button.default\">\n\t\t\t\t<div class=\"elementor-widget-container\">\n\t\t\t\t\t\t\t\t\t<div class=\"elementor-button-wrapper\">\n\t\t\t\t\t<a class=\"elementor-button elementor-button-link elementor-size-sm\" href=\"https:\/\/www.dexeus.com\/midlife\/ca\/sequedat-vulvar-menopausa\/\">\n\t\t\t\t\t\t<span class=\"elementor-button-content-wrapper\">\n\t\t\t\t\t\t\t\t\t<span class=\"elementor-button-text\">Llegeix l'article<\/span>\n\t\t\t\t\t<\/span>\n\t\t\t\t\t<\/a>\n\t\t\t\t<\/div>\n\t\t\t\t\t\t\t\t<\/div>\n\t\t\t\t<\/div>\n\t\t\t\t<\/div>\n\t\t\t\t<\/div>\n\t\t\t\t<\/div>\n\t\t\t\t<div data-elementor-type=\"loop-item\" data-elementor-id=\"6688\" class=\"elementor elementor-6688 elementor-1559 e-loop-item e-loop-item-11332 post-11332 post type-post status-publish format-standard has-post-thumbnail hentry category-sense-categoria\" data-elementor-post-type=\"elementor_library\" data-custom-edit-handle=\"1\">\n\t\t\t<div class=\"elementor-element elementor-element-5e1103c e-con-full e-flex e-con e-parent\" data-id=\"5e1103c\" data-element_type=\"container\">\n\t\t\t\t<div class=\"elementor-element elementor-element-ed39d08 elementor-widget-tablet__width-initial elementor-widget elementor-widget-theme-post-featured-image elementor-widget-image\" data-id=\"ed39d08\" data-element_type=\"widget\" data-widget_type=\"theme-post-featured-image.default\">\n\t\t\t\t<div class=\"elementor-widget-container\">\n\t\t\t\t\t\t\t\t\t\t\t\t\t\t\t\t<a href=\"https:\/\/www.dexeus.com\/midlife\/ca\/primer-any-dexeus-midlife-cami-compartit\/\">\n\t\t\t\t\t\t\t<img decoding=\"async\" width=\"800\" height=\"512\" src=\"https:\/\/www.dexeus.com\/midlife\/wp-content\/uploads\/2026\/03\/primer-ano-dexeus-midlife.jpg\" class=\"attachment-large size-large wp-image-11343\" alt=\"Nuestro primer a\u00f1o en Dexeus Midlife: un camino compartido\" srcset=\"https:\/\/www.dexeus.com\/midlife\/wp-content\/uploads\/2026\/03\/primer-ano-dexeus-midlife.jpg 1000w, https:\/\/www.dexeus.com\/midlife\/wp-content\/uploads\/2026\/03\/primer-ano-dexeus-midlife-300x192.jpg 300w, https:\/\/www.dexeus.com\/midlife\/wp-content\/uploads\/2026\/03\/primer-ano-dexeus-midlife-768x492.jpg 768w, https:\/\/www.dexeus.com\/midlife\/wp-content\/uploads\/2026\/03\/primer-ano-dexeus-midlife-600x384.jpg 600w\" sizes=\"(max-width: 800px) 100vw, 800px\" \/>\t\t\t\t\t\t\t\t<\/a>\n\t\t\t\t\t\t\t\t\t\t\t\t\t\t\t<\/div>\n\t\t\t\t<\/div>\n\t\t<div class=\"elementor-element elementor-element-cec1b3b e-con-full e-flex e-con e-child\" data-id=\"cec1b3b\" data-element_type=\"container\">\n\t\t\t\t<div class=\"elementor-element elementor-element-b959c1b elementor-widget elementor-widget-post-info\" data-id=\"b959c1b\" data-element_type=\"widget\" data-widget_type=\"post-info.default\">\n\t\t\t\t<div class=\"elementor-widget-container\">\n\t\t\t\t\t\t\t<ul class=\"elementor-inline-items elementor-icon-list-items elementor-post-info\">\n\t\t\t\t\t\t\t\t<li class=\"elementor-icon-list-item elementor-repeater-item-090faef elementor-inline-item\" itemprop=\"datePublished\">\n\t\t\t\t\t\t<a href=\"https:\/\/www.dexeus.com\/midlife\/ca\/2026\/03\/24\/\">\n\t\t\t\t\t\t\t\t\t\t\t\t\t\t<span class=\"elementor-icon-list-text elementor-post-info__item elementor-post-info__item--type-date\">\n\t\t\t\t\t\t\t\t\t\t<time>24 Mar, 2026<\/time>\t\t\t\t\t<\/span>\n\t\t\t\t\t\t\t\t\t<\/a>\n\t\t\t\t<\/li>\n\t\t\t\t<\/ul>\n\t\t\t\t\t\t<\/div>\n\t\t\t\t<\/div>\n\t\t\t\t<div class=\"elementor-element elementor-element-60aa68f elementor-widget elementor-widget-theme-post-title elementor-page-title elementor-widget-heading\" data-id=\"60aa68f\" data-element_type=\"widget\" data-widget_type=\"theme-post-title.default\">\n\t\t\t\t<div class=\"elementor-widget-container\">\n\t\t\t\t\t<h3 class=\"elementor-heading-title elementor-size-default\"><a href=\"https:\/\/www.dexeus.com\/midlife\/ca\/primer-any-dexeus-midlife-cami-compartit\/\">El nostre primer any a Dexeus Midlife: un cam\u00ed compartit<\/a><\/h3>\t\t\t\t<\/div>\n\t\t\t\t<\/div>\n\t\t\t\t<div class=\"elementor-element elementor-element-7857c1e elementor-hidden-mobile_extra elementor-hidden-mobile elementor-widget elementor-widget-theme-post-excerpt\" data-id=\"7857c1e\" data-element_type=\"widget\" data-widget_type=\"theme-post-excerpt.default\">\n\t\t\t\t<div class=\"elementor-widget-container\">\n\t\t\t\t\tMar\u00e7 de 2025 va marcar l\u2019inici d\u2019un projecte que va n\u00e9ixer amb una missi\u00f3 clara: acompanyar les dones en l\u2019etapa de la menopausa des d\u2019una mirada integrativa. Avui, un any despr\u00e9s, celebrem tot el que hem constru\u00eft juntes.\nDurant aquests 12 mesos hem estat testimonis d\u2019hist\u00f2ries que inspiren, de dubtes que troben resposta i de silencis que, a poc a poc, deixen de ser-ho.\t\t\t\t<\/div>\n\t\t\t\t<\/div>\n\t\t\t\t<div class=\"elementor-element elementor-element-e877d4c elementor-hidden-tablet elementor-hidden-mobile_extra elementor-hidden-mobile elementor-widget elementor-widget-button\" data-id=\"e877d4c\" data-element_type=\"widget\" data-widget_type=\"button.default\">\n\t\t\t\t<div class=\"elementor-widget-container\">\n\t\t\t\t\t\t\t\t\t<div class=\"elementor-button-wrapper\">\n\t\t\t\t\t<a class=\"elementor-button elementor-button-link elementor-size-sm\" href=\"https:\/\/www.dexeus.com\/midlife\/ca\/primer-any-dexeus-midlife-cami-compartit\/\">\n\t\t\t\t\t\t<span class=\"elementor-button-content-wrapper\">\n\t\t\t\t\t\t\t\t\t<span class=\"elementor-button-text\">Llegeix l'article<\/span>\n\t\t\t\t\t<\/span>\n\t\t\t\t\t<\/a>\n\t\t\t\t<\/div>\n\t\t\t\t\t\t\t\t<\/div>\n\t\t\t\t<\/div>\n\t\t\t\t<\/div>\n\t\t\t\t<\/div>\n\t\t\t\t<\/div>\n\t\t\t\t<div data-elementor-type=\"loop-item\" data-elementor-id=\"6688\" class=\"elementor elementor-6688 elementor-1559 e-loop-item e-loop-item-11298 post-11298 post type-post status-publish format-standard has-post-thumbnail hentry category-menopausa-cos category-menopausa-ment\" data-elementor-post-type=\"elementor_library\" data-custom-edit-handle=\"1\">\n\t\t\t<div class=\"elementor-element elementor-element-5e1103c e-con-full e-flex e-con e-parent\" data-id=\"5e1103c\" data-element_type=\"container\">\n\t\t\t\t<div class=\"elementor-element elementor-element-ed39d08 elementor-widget-tablet__width-initial elementor-widget elementor-widget-theme-post-featured-image elementor-widget-image\" data-id=\"ed39d08\" data-element_type=\"widget\" data-widget_type=\"theme-post-featured-image.default\">\n\t\t\t\t<div class=\"elementor-widget-container\">\n\t\t\t\t\t\t\t\t\t\t\t\t\t\t\t\t<a href=\"https:\/\/www.dexeus.com\/midlife\/ca\/estrogens-menopausa\/\">\n\t\t\t\t\t\t\t<img loading=\"lazy\" decoding=\"async\" width=\"800\" height=\"512\" src=\"https:\/\/www.dexeus.com\/midlife\/wp-content\/uploads\/2026\/03\/estrogenos-y-menopausia-1.jpg\" class=\"attachment-large size-large wp-image-11313\" alt=\"estr\u00f3genos y menopausia\" srcset=\"https:\/\/www.dexeus.com\/midlife\/wp-content\/uploads\/2026\/03\/estrogenos-y-menopausia-1.jpg 1000w, https:\/\/www.dexeus.com\/midlife\/wp-content\/uploads\/2026\/03\/estrogenos-y-menopausia-1-300x192.jpg 300w, https:\/\/www.dexeus.com\/midlife\/wp-content\/uploads\/2026\/03\/estrogenos-y-menopausia-1-768x492.jpg 768w, https:\/\/www.dexeus.com\/midlife\/wp-content\/uploads\/2026\/03\/estrogenos-y-menopausia-1-600x384.jpg 600w\" sizes=\"(max-width: 800px) 100vw, 800px\" \/>\t\t\t\t\t\t\t\t<\/a>\n\t\t\t\t\t\t\t\t\t\t\t\t\t\t\t<\/div>\n\t\t\t\t<\/div>\n\t\t<div class=\"elementor-element elementor-element-cec1b3b e-con-full e-flex e-con e-child\" data-id=\"cec1b3b\" data-element_type=\"container\">\n\t\t\t\t<div class=\"elementor-element elementor-element-b959c1b elementor-widget elementor-widget-post-info\" data-id=\"b959c1b\" data-element_type=\"widget\" data-widget_type=\"post-info.default\">\n\t\t\t\t<div class=\"elementor-widget-container\">\n\t\t\t\t\t\t\t<ul class=\"elementor-inline-items elementor-icon-list-items elementor-post-info\">\n\t\t\t\t\t\t\t\t<li class=\"elementor-icon-list-item elementor-repeater-item-090faef elementor-inline-item\" itemprop=\"datePublished\">\n\t\t\t\t\t\t<a href=\"https:\/\/www.dexeus.com\/midlife\/ca\/2026\/03\/20\/\">\n\t\t\t\t\t\t\t\t\t\t\t\t\t\t<span class=\"elementor-icon-list-text elementor-post-info__item elementor-post-info__item--type-date\">\n\t\t\t\t\t\t\t\t\t\t<time>20 Mar, 2026<\/time>\t\t\t\t\t<\/span>\n\t\t\t\t\t\t\t\t\t<\/a>\n\t\t\t\t<\/li>\n\t\t\t\t<\/ul>\n\t\t\t\t\t\t<\/div>\n\t\t\t\t<\/div>\n\t\t\t\t<div class=\"elementor-element elementor-element-60aa68f elementor-widget elementor-widget-theme-post-title elementor-page-title elementor-widget-heading\" data-id=\"60aa68f\" data-element_type=\"widget\" data-widget_type=\"theme-post-title.default\">\n\t\t\t\t<div class=\"elementor-widget-container\">\n\t\t\t\t\t<h3 class=\"elementor-heading-title elementor-size-default\"><a href=\"https:\/\/www.dexeus.com\/midlife\/ca\/estrogens-menopausa\/\">Estr\u00f2gens i menopausa: qu\u00e8 et cal saber?<\/a><\/h3>\t\t\t\t<\/div>\n\t\t\t\t<\/div>\n\t\t\t\t<div class=\"elementor-element elementor-element-7857c1e elementor-hidden-mobile_extra elementor-hidden-mobile elementor-widget elementor-widget-theme-post-excerpt\" data-id=\"7857c1e\" data-element_type=\"widget\" data-widget_type=\"theme-post-excerpt.default\">\n\t\t\t\t<div class=\"elementor-widget-container\">\n\t\t\t\t\tLa menopausa\u00b9 \u00e9s una fase natural de la vida de les dones que es caracteritza pel cessament de la menstruaci\u00f3 durant 12 mesos consecutius. En aquesta etapa, els ovaris deixen de produir \u00f2vuls i el cos comen\u00e7a a sintetitzar quantitats menors d'estr\u00f2gens i progesterona.\t\t\t\t<\/div>\n\t\t\t\t<\/div>\n\t\t\t\t<div class=\"elementor-element elementor-element-e877d4c elementor-hidden-tablet elementor-hidden-mobile_extra elementor-hidden-mobile elementor-widget elementor-widget-button\" data-id=\"e877d4c\" data-element_type=\"widget\" data-widget_type=\"button.default\">\n\t\t\t\t<div class=\"elementor-widget-container\">\n\t\t\t\t\t\t\t\t\t<div class=\"elementor-button-wrapper\">\n\t\t\t\t\t<a class=\"elementor-button elementor-button-link elementor-size-sm\" href=\"https:\/\/www.dexeus.com\/midlife\/ca\/estrogens-menopausa\/\">\n\t\t\t\t\t\t<span class=\"elementor-button-content-wrapper\">\n\t\t\t\t\t\t\t\t\t<span class=\"elementor-button-text\">Llegeix l'article<\/span>\n\t\t\t\t\t<\/span>\n\t\t\t\t\t<\/a>\n\t\t\t\t<\/div>\n\t\t\t\t\t\t\t\t<\/div>\n\t\t\t\t<\/div>\n\t\t\t\t<\/div>\n\t\t\t\t<\/div>\n\t\t\t\t<\/div>\n\t\t\t\t<div data-elementor-type=\"loop-item\" data-elementor-id=\"6688\" class=\"elementor elementor-6688 elementor-1559 e-loop-item e-loop-item-10868 post-10868 post type-post status-publish format-standard has-post-thumbnail hentry category-menopausa-cabell\" data-elementor-post-type=\"elementor_library\" data-custom-edit-handle=\"1\">\n\t\t\t<div class=\"elementor-element elementor-element-5e1103c e-con-full e-flex e-con e-parent\" data-id=\"5e1103c\" data-element_type=\"container\">\n\t\t\t\t<div class=\"elementor-element elementor-element-ed39d08 elementor-widget-tablet__width-initial elementor-widget elementor-widget-theme-post-featured-image elementor-widget-image\" data-id=\"ed39d08\" data-element_type=\"widget\" data-widget_type=\"theme-post-featured-image.default\">\n\t\t\t\t<div class=\"elementor-widget-container\">\n\t\t\t\t\t\t\t\t\t\t\t\t\t\t\t\t<a href=\"https:\/\/www.dexeus.com\/midlife\/ca\/es-recupera-cabell-perdut-menopausa\/\">\n\t\t\t\t\t\t\t<img loading=\"lazy\" decoding=\"async\" width=\"800\" height=\"512\" src=\"https:\/\/www.dexeus.com\/midlife\/wp-content\/uploads\/2025\/12\/recuperar-pelo-perdido-menopausia-1.jpg\" class=\"attachment-large size-large wp-image-10843\" alt=\"recuperar pelo perdido menopausia\" srcset=\"https:\/\/www.dexeus.com\/midlife\/wp-content\/uploads\/2025\/12\/recuperar-pelo-perdido-menopausia-1.jpg 1000w, https:\/\/www.dexeus.com\/midlife\/wp-content\/uploads\/2025\/12\/recuperar-pelo-perdido-menopausia-1-300x192.jpg 300w, https:\/\/www.dexeus.com\/midlife\/wp-content\/uploads\/2025\/12\/recuperar-pelo-perdido-menopausia-1-768x492.jpg 768w, https:\/\/www.dexeus.com\/midlife\/wp-content\/uploads\/2025\/12\/recuperar-pelo-perdido-menopausia-1-600x384.jpg 600w\" sizes=\"(max-width: 800px) 100vw, 800px\" \/>\t\t\t\t\t\t\t\t<\/a>\n\t\t\t\t\t\t\t\t\t\t\t\t\t\t\t<\/div>\n\t\t\t\t<\/div>\n\t\t<div class=\"elementor-element elementor-element-cec1b3b e-con-full e-flex e-con e-child\" data-id=\"cec1b3b\" data-element_type=\"container\">\n\t\t\t\t<div class=\"elementor-element elementor-element-b959c1b elementor-widget elementor-widget-post-info\" data-id=\"b959c1b\" data-element_type=\"widget\" data-widget_type=\"post-info.default\">\n\t\t\t\t<div class=\"elementor-widget-container\">\n\t\t\t\t\t\t\t<ul class=\"elementor-inline-items elementor-icon-list-items elementor-post-info\">\n\t\t\t\t\t\t\t\t<li class=\"elementor-icon-list-item elementor-repeater-item-090faef elementor-inline-item\" itemprop=\"datePublished\">\n\t\t\t\t\t\t<a href=\"https:\/\/www.dexeus.com\/midlife\/ca\/2025\/12\/19\/\">\n\t\t\t\t\t\t\t\t\t\t\t\t\t\t<span class=\"elementor-icon-list-text elementor-post-info__item elementor-post-info__item--type-date\">\n\t\t\t\t\t\t\t\t\t\t<time>19 Dec, 2025<\/time>\t\t\t\t\t<\/span>\n\t\t\t\t\t\t\t\t\t<\/a>\n\t\t\t\t<\/li>\n\t\t\t\t<\/ul>\n\t\t\t\t\t\t<\/div>\n\t\t\t\t<\/div>\n\t\t\t\t<div class=\"elementor-element elementor-element-60aa68f elementor-widget elementor-widget-theme-post-title elementor-page-title elementor-widget-heading\" data-id=\"60aa68f\" data-element_type=\"widget\" data-widget_type=\"theme-post-title.default\">\n\t\t\t\t<div class=\"elementor-widget-container\">\n\t\t\t\t\t<h3 class=\"elementor-heading-title elementor-size-default\"><a href=\"https:\/\/www.dexeus.com\/midlife\/ca\/es-recupera-cabell-perdut-menopausa\/\">Es recupera el cabell perdut durant la menopausa?<\/a><\/h3>\t\t\t\t<\/div>\n\t\t\t\t<\/div>\n\t\t\t\t<div class=\"elementor-element elementor-element-7857c1e elementor-hidden-mobile_extra elementor-hidden-mobile elementor-widget elementor-widget-theme-post-excerpt\" data-id=\"7857c1e\" data-element_type=\"widget\" data-widget_type=\"theme-post-excerpt.default\">\n\t\t\t\t<div class=\"elementor-widget-container\">\n\t\t\t\t\tLa menopausa \u00e9s una etapa natural en la vida de la dona que marca el final de la menstruaci\u00f3 i la capacitat reproductiva. Sol apar\u00e8ixer entre els 45 i 55 anys,\u00b9 i comporta una disminuci\u00f3 progressiva de les hormones sexuals femenines. Durant aquesta etapa, els canvis hormonals poden repercutir en el cabell, que es pot tornar m\u00e9s fi, perdre volum i caure amb m\u00e9s freq\u00fc\u00e8ncia.\u00b2\t\t\t\t<\/div>\n\t\t\t\t<\/div>\n\t\t\t\t<div class=\"elementor-element elementor-element-e877d4c elementor-hidden-tablet elementor-hidden-mobile_extra elementor-hidden-mobile elementor-widget elementor-widget-button\" data-id=\"e877d4c\" data-element_type=\"widget\" data-widget_type=\"button.default\">\n\t\t\t\t<div class=\"elementor-widget-container\">\n\t\t\t\t\t\t\t\t\t<div class=\"elementor-button-wrapper\">\n\t\t\t\t\t<a class=\"elementor-button elementor-button-link elementor-size-sm\" href=\"https:\/\/www.dexeus.com\/midlife\/ca\/es-recupera-cabell-perdut-menopausa\/\">\n\t\t\t\t\t\t<span class=\"elementor-button-content-wrapper\">\n\t\t\t\t\t\t\t\t\t<span class=\"elementor-button-text\">Llegeix l'article<\/span>\n\t\t\t\t\t<\/span>\n\t\t\t\t\t<\/a>\n\t\t\t\t<\/div>\n\t\t\t\t\t\t\t\t<\/div>\n\t\t\t\t<\/div>\n\t\t\t\t<\/div>\n\t\t\t\t<\/div>\n\t\t\t\t<\/div>\n\t\t\t\t<div data-elementor-type=\"loop-item\" data-elementor-id=\"6688\" class=\"elementor elementor-6688 elementor-1559 e-loop-item e-loop-item-10727 post-10727 post type-post status-publish format-standard has-post-thumbnail hentry category-menopausa-ment\" data-elementor-post-type=\"elementor_library\" data-custom-edit-handle=\"1\">\n\t\t\t<div class=\"elementor-element elementor-element-5e1103c e-con-full e-flex e-con e-parent\" data-id=\"5e1103c\" data-element_type=\"container\">\n\t\t\t\t<div class=\"elementor-element elementor-element-ed39d08 elementor-widget-tablet__width-initial elementor-widget elementor-widget-theme-post-featured-image elementor-widget-image\" data-id=\"ed39d08\" data-element_type=\"widget\" data-widget_type=\"theme-post-featured-image.default\">\n\t\t\t\t<div class=\"elementor-widget-container\">\n\t\t\t\t\t\t\t\t\t\t\t\t\t\t\t\t<a href=\"https:\/\/www.dexeus.com\/midlife\/ca\/34-simptomes-premenopausa\/\">\n\t\t\t\t\t\t\t<img loading=\"lazy\" decoding=\"async\" width=\"800\" height=\"512\" src=\"https:\/\/www.dexeus.com\/midlife\/wp-content\/uploads\/2025\/11\/34-sintomas-premenopausia-1.jpg\" class=\"attachment-large size-large wp-image-10728\" alt=\"34 simptomes premenopausa\" srcset=\"https:\/\/www.dexeus.com\/midlife\/wp-content\/uploads\/2025\/11\/34-sintomas-premenopausia-1.jpg 1000w, https:\/\/www.dexeus.com\/midlife\/wp-content\/uploads\/2025\/11\/34-sintomas-premenopausia-1-300x192.jpg 300w, https:\/\/www.dexeus.com\/midlife\/wp-content\/uploads\/2025\/11\/34-sintomas-premenopausia-1-768x492.jpg 768w, https:\/\/www.dexeus.com\/midlife\/wp-content\/uploads\/2025\/11\/34-sintomas-premenopausia-1-600x384.jpg 600w\" sizes=\"(max-width: 800px) 100vw, 800px\" \/>\t\t\t\t\t\t\t\t<\/a>\n\t\t\t\t\t\t\t\t\t\t\t\t\t\t\t<\/div>\n\t\t\t\t<\/div>\n\t\t<div class=\"elementor-element elementor-element-cec1b3b e-con-full e-flex e-con e-child\" data-id=\"cec1b3b\" data-element_type=\"container\">\n\t\t\t\t<div class=\"elementor-element elementor-element-b959c1b elementor-widget elementor-widget-post-info\" data-id=\"b959c1b\" data-element_type=\"widget\" data-widget_type=\"post-info.default\">\n\t\t\t\t<div class=\"elementor-widget-container\">\n\t\t\t\t\t\t\t<ul class=\"elementor-inline-items elementor-icon-list-items elementor-post-info\">\n\t\t\t\t\t\t\t\t<li class=\"elementor-icon-list-item elementor-repeater-item-090faef elementor-inline-item\" itemprop=\"datePublished\">\n\t\t\t\t\t\t<a href=\"https:\/\/www.dexeus.com\/midlife\/ca\/2025\/11\/14\/\">\n\t\t\t\t\t\t\t\t\t\t\t\t\t\t<span class=\"elementor-icon-list-text elementor-post-info__item elementor-post-info__item--type-date\">\n\t\t\t\t\t\t\t\t\t\t<time>14 Nov, 2025<\/time>\t\t\t\t\t<\/span>\n\t\t\t\t\t\t\t\t\t<\/a>\n\t\t\t\t<\/li>\n\t\t\t\t<\/ul>\n\t\t\t\t\t\t<\/div>\n\t\t\t\t<\/div>\n\t\t\t\t<div class=\"elementor-element elementor-element-60aa68f elementor-widget elementor-widget-theme-post-title elementor-page-title elementor-widget-heading\" data-id=\"60aa68f\" data-element_type=\"widget\" data-widget_type=\"theme-post-title.default\">\n\t\t\t\t<div class=\"elementor-widget-container\">\n\t\t\t\t\t<h3 class=\"elementor-heading-title elementor-size-default\"><a href=\"https:\/\/www.dexeus.com\/midlife\/ca\/34-simptomes-premenopausa\/\">34 s\u00edmptomes de la premenopausa: primers signes i solucions<\/a><\/h3>\t\t\t\t<\/div>\n\t\t\t\t<\/div>\n\t\t\t\t<div class=\"elementor-element elementor-element-7857c1e elementor-hidden-mobile_extra elementor-hidden-mobile elementor-widget elementor-widget-theme-post-excerpt\" data-id=\"7857c1e\" data-element_type=\"widget\" data-widget_type=\"theme-post-excerpt.default\">\n\t\t\t\t<div class=\"elementor-widget-container\">\n\t\t\t\t\tLa premenopausa \u00e9s la fase de transici\u00f3 que marca l'inici del final de l'etapa f\u00e8rtil de la dona. Durant aquests anys, la funci\u00f3 ov\u00e0rica disminueix de forma progressiva i els nivells d'estr\u00f2gens i progesterona comencen a baixar.\u00b9\t\t\t\t<\/div>\n\t\t\t\t<\/div>\n\t\t\t\t<div class=\"elementor-element elementor-element-e877d4c elementor-hidden-tablet elementor-hidden-mobile_extra elementor-hidden-mobile elementor-widget elementor-widget-button\" data-id=\"e877d4c\" data-element_type=\"widget\" data-widget_type=\"button.default\">\n\t\t\t\t<div class=\"elementor-widget-container\">\n\t\t\t\t\t\t\t\t\t<div class=\"elementor-button-wrapper\">\n\t\t\t\t\t<a class=\"elementor-button elementor-button-link elementor-size-sm\" href=\"https:\/\/www.dexeus.com\/midlife\/ca\/34-simptomes-premenopausa\/\">\n\t\t\t\t\t\t<span class=\"elementor-button-content-wrapper\">\n\t\t\t\t\t\t\t\t\t<span class=\"elementor-button-text\">Llegeix l'article<\/span>\n\t\t\t\t\t<\/span>\n\t\t\t\t\t<\/a>\n\t\t\t\t<\/div>\n\t\t\t\t\t\t\t\t<\/div>\n\t\t\t\t<\/div>\n\t\t\t\t<\/div>\n\t\t\t\t<\/div>\n\t\t\t\t<\/div>\n\t\t\t\t<div data-elementor-type=\"loop-item\" data-elementor-id=\"6688\" class=\"elementor elementor-6688 elementor-1559 e-loop-item e-loop-item-10557 post-10557 post type-post status-publish format-standard has-post-thumbnail hentry category-menopausa-cos\" data-elementor-post-type=\"elementor_library\" data-custom-edit-handle=\"1\">\n\t\t\t<div class=\"elementor-element elementor-element-5e1103c e-con-full e-flex e-con e-parent\" data-id=\"5e1103c\" data-element_type=\"container\">\n\t\t\t\t<div class=\"elementor-element elementor-element-ed39d08 elementor-widget-tablet__width-initial elementor-widget elementor-widget-theme-post-featured-image elementor-widget-image\" data-id=\"ed39d08\" data-element_type=\"widget\" data-widget_type=\"theme-post-featured-image.default\">\n\t\t\t\t<div class=\"elementor-widget-container\">\n\t\t\t\t\t\t\t\t\t\t\t\t\t\t\t\t<a href=\"https:\/\/www.dexeus.com\/midlife\/ca\/aprimar-menopausa\/\">\n\t\t\t\t\t\t\t<img loading=\"lazy\" decoding=\"async\" width=\"800\" height=\"512\" src=\"https:\/\/www.dexeus.com\/midlife\/wp-content\/uploads\/2025\/06\/adelgazar-en-la-menopausia.jpg\" class=\"attachment-large size-large wp-image-10260\" alt=\"aprimar en la menopausa\" srcset=\"https:\/\/www.dexeus.com\/midlife\/wp-content\/uploads\/2025\/06\/adelgazar-en-la-menopausia.jpg 1000w, https:\/\/www.dexeus.com\/midlife\/wp-content\/uploads\/2025\/06\/adelgazar-en-la-menopausia-600x384.jpg 600w, https:\/\/www.dexeus.com\/midlife\/wp-content\/uploads\/2025\/06\/adelgazar-en-la-menopausia-300x192.jpg 300w, https:\/\/www.dexeus.com\/midlife\/wp-content\/uploads\/2025\/06\/adelgazar-en-la-menopausia-768x492.jpg 768w\" sizes=\"(max-width: 800px) 100vw, 800px\" \/>\t\t\t\t\t\t\t\t<\/a>\n\t\t\t\t\t\t\t\t\t\t\t\t\t\t\t<\/div>\n\t\t\t\t<\/div>\n\t\t<div class=\"elementor-element elementor-element-cec1b3b e-con-full e-flex e-con e-child\" data-id=\"cec1b3b\" data-element_type=\"container\">\n\t\t\t\t<div class=\"elementor-element elementor-element-b959c1b elementor-widget elementor-widget-post-info\" data-id=\"b959c1b\" data-element_type=\"widget\" data-widget_type=\"post-info.default\">\n\t\t\t\t<div class=\"elementor-widget-container\">\n\t\t\t\t\t\t\t<ul class=\"elementor-inline-items elementor-icon-list-items elementor-post-info\">\n\t\t\t\t\t\t\t\t<li class=\"elementor-icon-list-item elementor-repeater-item-090faef elementor-inline-item\" itemprop=\"datePublished\">\n\t\t\t\t\t\t<a href=\"https:\/\/www.dexeus.com\/midlife\/ca\/2025\/06\/16\/\">\n\t\t\t\t\t\t\t\t\t\t\t\t\t\t<span class=\"elementor-icon-list-text elementor-post-info__item elementor-post-info__item--type-date\">\n\t\t\t\t\t\t\t\t\t\t<time>16 Jun, 2025<\/time>\t\t\t\t\t<\/span>\n\t\t\t\t\t\t\t\t\t<\/a>\n\t\t\t\t<\/li>\n\t\t\t\t<\/ul>\n\t\t\t\t\t\t<\/div>\n\t\t\t\t<\/div>\n\t\t\t\t<div class=\"elementor-element elementor-element-60aa68f elementor-widget elementor-widget-theme-post-title elementor-page-title elementor-widget-heading\" data-id=\"60aa68f\" data-element_type=\"widget\" data-widget_type=\"theme-post-title.default\">\n\t\t\t\t<div class=\"elementor-widget-container\">\n\t\t\t\t\t<h3 class=\"elementor-heading-title elementor-size-default\"><a href=\"https:\/\/www.dexeus.com\/midlife\/ca\/aprimar-menopausa\/\">Et pots aprimar en la menopausa?\u00a0<\/a><\/h3>\t\t\t\t<\/div>\n\t\t\t\t<\/div>\n\t\t\t\t<div class=\"elementor-element elementor-element-7857c1e elementor-hidden-mobile_extra elementor-hidden-mobile elementor-widget elementor-widget-theme-post-excerpt\" data-id=\"7857c1e\" data-element_type=\"widget\" data-widget_type=\"theme-post-excerpt.default\">\n\t\t\t\t<div class=\"elementor-widget-container\">\n\t\t\t\t\t\u00c9s habitual que sorgeixin dubtes sobre les causes de l'augment de pes en la menopausa, quan ens deixem d'engreixar o quins h\u00e0bits cal seguir per aprimar-se. T'expliquem per qu\u00e8 es produeix, els tractaments disponibles i com pots adaptar el teu estil de vida per lluitar contra aix\u00f2. \t\t\t\t<\/div>\n\t\t\t\t<\/div>\n\t\t\t\t<div class=\"elementor-element elementor-element-e877d4c elementor-hidden-tablet elementor-hidden-mobile_extra elementor-hidden-mobile elementor-widget elementor-widget-button\" data-id=\"e877d4c\" data-element_type=\"widget\" data-widget_type=\"button.default\">\n\t\t\t\t<div class=\"elementor-widget-container\">\n\t\t\t\t\t\t\t\t\t<div class=\"elementor-button-wrapper\">\n\t\t\t\t\t<a class=\"elementor-button elementor-button-link elementor-size-sm\" href=\"https:\/\/www.dexeus.com\/midlife\/ca\/aprimar-menopausa\/\">\n\t\t\t\t\t\t<span class=\"elementor-button-content-wrapper\">\n\t\t\t\t\t\t\t\t\t<span class=\"elementor-button-text\">Llegeix l'article<\/span>\n\t\t\t\t\t<\/span>\n\t\t\t\t\t<\/a>\n\t\t\t\t<\/div>\n\t\t\t\t\t\t\t\t<\/div>\n\t\t\t\t<\/div>\n\t\t\t\t<\/div>\n\t\t\t\t<\/div>\n\t\t\t\t<\/div>\n\t\t\t\t<div data-elementor-type=\"loop-item\" data-elementor-id=\"6688\" class=\"elementor elementor-6688 elementor-1559 e-loop-item e-loop-item-10551 post-10551 post type-post status-publish format-standard has-post-thumbnail hentry category-menopausa-pell\" data-elementor-post-type=\"elementor_library\" data-custom-edit-handle=\"1\">\n\t\t\t<div class=\"elementor-element elementor-element-5e1103c e-con-full e-flex e-con e-parent\" data-id=\"5e1103c\" data-element_type=\"container\">\n\t\t\t\t<div class=\"elementor-element elementor-element-ed39d08 elementor-widget-tablet__width-initial elementor-widget elementor-widget-theme-post-featured-image elementor-widget-image\" data-id=\"ed39d08\" data-element_type=\"widget\" data-widget_type=\"theme-post-featured-image.default\">\n\t\t\t\t<div class=\"elementor-widget-container\">\n\t\t\t\t\t\t\t\t\t\t\t\t\t\t\t\t<a href=\"https:\/\/www.dexeus.com\/midlife\/ca\/menopausa-picors-pell\/\">\n\t\t\t\t\t\t\t<img loading=\"lazy\" decoding=\"async\" width=\"800\" height=\"512\" src=\"https:\/\/www.dexeus.com\/midlife\/wp-content\/uploads\/2025\/06\/menopausia-picores-en-la-piel.jpg\" class=\"attachment-large size-large wp-image-9805\" alt=\"menopausa i picors en la pell\" srcset=\"https:\/\/www.dexeus.com\/midlife\/wp-content\/uploads\/2025\/06\/menopausia-picores-en-la-piel.jpg 1000w, https:\/\/www.dexeus.com\/midlife\/wp-content\/uploads\/2025\/06\/menopausia-picores-en-la-piel-600x384.jpg 600w, https:\/\/www.dexeus.com\/midlife\/wp-content\/uploads\/2025\/06\/menopausia-picores-en-la-piel-300x192.jpg 300w, https:\/\/www.dexeus.com\/midlife\/wp-content\/uploads\/2025\/06\/menopausia-picores-en-la-piel-768x492.jpg 768w\" sizes=\"(max-width: 800px) 100vw, 800px\" \/>\t\t\t\t\t\t\t\t<\/a>\n\t\t\t\t\t\t\t\t\t\t\t\t\t\t\t<\/div>\n\t\t\t\t<\/div>\n\t\t<div class=\"elementor-element elementor-element-cec1b3b e-con-full e-flex e-con e-child\" data-id=\"cec1b3b\" data-element_type=\"container\">\n\t\t\t\t<div class=\"elementor-element elementor-element-b959c1b elementor-widget elementor-widget-post-info\" data-id=\"b959c1b\" data-element_type=\"widget\" data-widget_type=\"post-info.default\">\n\t\t\t\t<div class=\"elementor-widget-container\">\n\t\t\t\t\t\t\t<ul class=\"elementor-inline-items elementor-icon-list-items elementor-post-info\">\n\t\t\t\t\t\t\t\t<li class=\"elementor-icon-list-item elementor-repeater-item-090faef elementor-inline-item\" itemprop=\"datePublished\">\n\t\t\t\t\t\t<a href=\"https:\/\/www.dexeus.com\/midlife\/ca\/2025\/06\/02\/\">\n\t\t\t\t\t\t\t\t\t\t\t\t\t\t<span class=\"elementor-icon-list-text elementor-post-info__item elementor-post-info__item--type-date\">\n\t\t\t\t\t\t\t\t\t\t<time>02 Jun, 2025<\/time>\t\t\t\t\t<\/span>\n\t\t\t\t\t\t\t\t\t<\/a>\n\t\t\t\t<\/li>\n\t\t\t\t<\/ul>\n\t\t\t\t\t\t<\/div>\n\t\t\t\t<\/div>\n\t\t\t\t<div class=\"elementor-element elementor-element-60aa68f elementor-widget elementor-widget-theme-post-title elementor-page-title elementor-widget-heading\" data-id=\"60aa68f\" data-element_type=\"widget\" data-widget_type=\"theme-post-title.default\">\n\t\t\t\t<div class=\"elementor-widget-container\">\n\t\t\t\t\t<h3 class=\"elementor-heading-title elementor-size-default\"><a href=\"https:\/\/www.dexeus.com\/midlife\/ca\/menopausa-picors-pell\/\">Menopausa i picors en la pell: un s\u00edmptoma poc conegut\u00a0<\/a><\/h3>\t\t\t\t<\/div>\n\t\t\t\t<\/div>\n\t\t\t\t<div class=\"elementor-element elementor-element-7857c1e elementor-hidden-mobile_extra elementor-hidden-mobile elementor-widget elementor-widget-theme-post-excerpt\" data-id=\"7857c1e\" data-element_type=\"widget\" data-widget_type=\"theme-post-excerpt.default\">\n\t\t\t\t<div class=\"elementor-widget-container\">\n\t\t\t\t\tCon\u00e8ixer la relaci\u00f3 entre menopausa i picors en la pell i saber com alleujar-los a casa o amb un tractament de medicina est\u00e8tica professional ajuda a pal\u00b7liar els efectes d'aquest s\u00edmptoma tan molest. \t\t\t\t<\/div>\n\t\t\t\t<\/div>\n\t\t\t\t<div class=\"elementor-element elementor-element-e877d4c elementor-hidden-tablet elementor-hidden-mobile_extra elementor-hidden-mobile elementor-widget elementor-widget-button\" data-id=\"e877d4c\" data-element_type=\"widget\" data-widget_type=\"button.default\">\n\t\t\t\t<div class=\"elementor-widget-container\">\n\t\t\t\t\t\t\t\t\t<div class=\"elementor-button-wrapper\">\n\t\t\t\t\t<a class=\"elementor-button elementor-button-link elementor-size-sm\" href=\"https:\/\/www.dexeus.com\/midlife\/ca\/menopausa-picors-pell\/\">\n\t\t\t\t\t\t<span class=\"elementor-button-content-wrapper\">\n\t\t\t\t\t\t\t\t\t<span class=\"elementor-button-text\">Llegeix l'article<\/span>\n\t\t\t\t\t<\/span>\n\t\t\t\t\t<\/a>\n\t\t\t\t<\/div>\n\t\t\t\t\t\t\t\t<\/div>\n\t\t\t\t<\/div>\n\t\t\t\t<\/div>\n\t\t\t\t<\/div>\n\t\t\t\t<\/div>\n\t\t\t\t<div data-elementor-type=\"loop-item\" data-elementor-id=\"6688\" class=\"elementor elementor-6688 elementor-1559 e-loop-item e-loop-item-7689 post-7689 post type-post status-publish format-standard has-post-thumbnail hentry category-menopausa-cos\" data-elementor-post-type=\"elementor_library\" data-custom-edit-handle=\"1\">\n\t\t\t<div class=\"elementor-element elementor-element-5e1103c e-con-full e-flex e-con e-parent\" data-id=\"5e1103c\" data-element_type=\"container\">\n\t\t\t\t<div class=\"elementor-element elementor-element-ed39d08 elementor-widget-tablet__width-initial elementor-widget elementor-widget-theme-post-featured-image elementor-widget-image\" data-id=\"ed39d08\" data-element_type=\"widget\" data-widget_type=\"theme-post-featured-image.default\">\n\t\t\t\t<div class=\"elementor-widget-container\">\n\t\t\t\t\t\t\t\t\t\t\t\t\t\t\t\t<a href=\"https:\/\/www.dexeus.com\/midlife\/ca\/simptomes-estranys-menopausa\/\">\n\t\t\t\t\t\t\t<img loading=\"lazy\" decoding=\"async\" width=\"800\" height=\"513\" src=\"https:\/\/www.dexeus.com\/midlife\/wp-content\/uploads\/2025\/03\/sintomas-raros-menopausia.jpg\" class=\"attachment-large size-large wp-image-7614\" alt=\"s\u00edntomas raros menopausia\" srcset=\"https:\/\/www.dexeus.com\/midlife\/wp-content\/uploads\/2025\/03\/sintomas-raros-menopausia.jpg 1000w, https:\/\/www.dexeus.com\/midlife\/wp-content\/uploads\/2025\/03\/sintomas-raros-menopausia-600x385.jpg 600w, https:\/\/www.dexeus.com\/midlife\/wp-content\/uploads\/2025\/03\/sintomas-raros-menopausia-300x192.jpg 300w, https:\/\/www.dexeus.com\/midlife\/wp-content\/uploads\/2025\/03\/sintomas-raros-menopausia-768x492.jpg 768w\" sizes=\"(max-width: 800px) 100vw, 800px\" \/>\t\t\t\t\t\t\t\t<\/a>\n\t\t\t\t\t\t\t\t\t\t\t\t\t\t\t<\/div>\n\t\t\t\t<\/div>\n\t\t<div class=\"elementor-element elementor-element-cec1b3b e-con-full e-flex e-con e-child\" data-id=\"cec1b3b\" data-element_type=\"container\">\n\t\t\t\t<div class=\"elementor-element elementor-element-b959c1b elementor-widget elementor-widget-post-info\" data-id=\"b959c1b\" data-element_type=\"widget\" data-widget_type=\"post-info.default\">\n\t\t\t\t<div class=\"elementor-widget-container\">\n\t\t\t\t\t\t\t<ul class=\"elementor-inline-items elementor-icon-list-items elementor-post-info\">\n\t\t\t\t\t\t\t\t<li class=\"elementor-icon-list-item elementor-repeater-item-090faef elementor-inline-item\" itemprop=\"datePublished\">\n\t\t\t\t\t\t<a href=\"https:\/\/www.dexeus.com\/midlife\/ca\/2025\/03\/07\/\">\n\t\t\t\t\t\t\t\t\t\t\t\t\t\t<span class=\"elementor-icon-list-text elementor-post-info__item elementor-post-info__item--type-date\">\n\t\t\t\t\t\t\t\t\t\t<time>07 Mar, 2025<\/time>\t\t\t\t\t<\/span>\n\t\t\t\t\t\t\t\t\t<\/a>\n\t\t\t\t<\/li>\n\t\t\t\t<\/ul>\n\t\t\t\t\t\t<\/div>\n\t\t\t\t<\/div>\n\t\t\t\t<div class=\"elementor-element elementor-element-60aa68f elementor-widget elementor-widget-theme-post-title elementor-page-title elementor-widget-heading\" data-id=\"60aa68f\" data-element_type=\"widget\" data-widget_type=\"theme-post-title.default\">\n\t\t\t\t<div class=\"elementor-widget-container\">\n\t\t\t\t\t<h3 class=\"elementor-heading-title elementor-size-default\"><a href=\"https:\/\/www.dexeus.com\/midlife\/ca\/simptomes-estranys-menopausa\/\">S\u00edmptomes estranys de la menopausa: qu\u00e8 m&#8217;est\u00e0 passant?<\/a><\/h3>\t\t\t\t<\/div>\n\t\t\t\t<\/div>\n\t\t\t\t<div class=\"elementor-element elementor-element-7857c1e elementor-hidden-mobile_extra elementor-hidden-mobile elementor-widget elementor-widget-theme-post-excerpt\" data-id=\"7857c1e\" data-element_type=\"widget\" data-widget_type=\"theme-post-excerpt.default\">\n\t\t\t\t<div class=\"elementor-widget-container\">\n\t\t\t\t\tLa menopausa \u00e9s un proc\u00e9s biol\u00f2gic natural que comen\u00e7a normalment a partir dels 40 anys. Sol iniciar-se amb canvis en el cicle menstrual durant la perimenopausa, i finalitza quan els ovaris deixen de produir \u00f2vuls i la dona entra definitivament en la menopausa, despr\u00e9s de 12 mesos sense menstruaci\u00f3. Aquest proc\u00e9s provoca un gran canvi en la regulaci\u00f3 hormonal de les dones, que pot desencadenar qualsevol mena de simptomatologia. \t\t\t\t<\/div>\n\t\t\t\t<\/div>\n\t\t\t\t<div class=\"elementor-element elementor-element-e877d4c elementor-hidden-tablet elementor-hidden-mobile_extra elementor-hidden-mobile elementor-widget elementor-widget-button\" data-id=\"e877d4c\" data-element_type=\"widget\" data-widget_type=\"button.default\">\n\t\t\t\t<div class=\"elementor-widget-container\">\n\t\t\t\t\t\t\t\t\t<div class=\"elementor-button-wrapper\">\n\t\t\t\t\t<a class=\"elementor-button elementor-button-link elementor-size-sm\" href=\"https:\/\/www.dexeus.com\/midlife\/ca\/simptomes-estranys-menopausa\/\">\n\t\t\t\t\t\t<span class=\"elementor-button-content-wrapper\">\n\t\t\t\t\t\t\t\t\t<span class=\"elementor-button-text\">Llegeix l'article<\/span>\n\t\t\t\t\t<\/span>\n\t\t\t\t\t<\/a>\n\t\t\t\t<\/div>\n\t\t\t\t\t\t\t\t<\/div>\n\t\t\t\t<\/div>\n\t\t\t\t<\/div>\n\t\t\t\t<\/div>\n\t\t\t\t<\/div>\n\t\t\t\t<div data-elementor-type=\"loop-item\" data-elementor-id=\"6688\" class=\"elementor elementor-6688 elementor-1559 e-loop-item e-loop-item-6911 post-6911 post type-post status-publish format-standard has-post-thumbnail hentry category-menopausa-zona-intima\" data-elementor-post-type=\"elementor_library\" data-custom-edit-handle=\"1\">\n\t\t\t<div class=\"elementor-element elementor-element-5e1103c e-con-full e-flex e-con e-parent\" data-id=\"5e1103c\" data-element_type=\"container\">\n\t\t\t\t<div class=\"elementor-element elementor-element-ed39d08 elementor-widget-tablet__width-initial elementor-widget elementor-widget-theme-post-featured-image elementor-widget-image\" data-id=\"ed39d08\" data-element_type=\"widget\" data-widget_type=\"theme-post-featured-image.default\">\n\t\t\t\t<div class=\"elementor-widget-container\">\n\t\t\t\t\t\t\t\t\t\t\t\t\t\t\t\t<a href=\"https:\/\/www.dexeus.com\/midlife\/ca\/incontinencia-tractar-laser\/\">\n\t\t\t\t\t\t\t<img loading=\"lazy\" decoding=\"async\" width=\"800\" height=\"512\" src=\"https:\/\/www.dexeus.com\/midlife\/wp-content\/uploads\/2025\/02\/incontinencia.jpg\" class=\"attachment-large size-large wp-image-6283\" alt=\"\" srcset=\"https:\/\/www.dexeus.com\/midlife\/wp-content\/uploads\/2025\/02\/incontinencia.jpg 1000w, https:\/\/www.dexeus.com\/midlife\/wp-content\/uploads\/2025\/02\/incontinencia-600x384.jpg 600w, https:\/\/www.dexeus.com\/midlife\/wp-content\/uploads\/2025\/02\/incontinencia-300x192.jpg 300w, https:\/\/www.dexeus.com\/midlife\/wp-content\/uploads\/2025\/02\/incontinencia-768x492.jpg 768w\" sizes=\"(max-width: 800px) 100vw, 800px\" \/>\t\t\t\t\t\t\t\t<\/a>\n\t\t\t\t\t\t\t\t\t\t\t\t\t\t\t<\/div>\n\t\t\t\t<\/div>\n\t\t<div class=\"elementor-element elementor-element-cec1b3b e-con-full e-flex e-con e-child\" data-id=\"cec1b3b\" data-element_type=\"container\">\n\t\t\t\t<div class=\"elementor-element elementor-element-b959c1b elementor-widget elementor-widget-post-info\" data-id=\"b959c1b\" data-element_type=\"widget\" data-widget_type=\"post-info.default\">\n\t\t\t\t<div class=\"elementor-widget-container\">\n\t\t\t\t\t\t\t<ul class=\"elementor-inline-items elementor-icon-list-items elementor-post-info\">\n\t\t\t\t\t\t\t\t<li class=\"elementor-icon-list-item elementor-repeater-item-090faef elementor-inline-item\" itemprop=\"datePublished\">\n\t\t\t\t\t\t<a href=\"https:\/\/www.dexeus.com\/midlife\/ca\/2025\/02\/13\/\">\n\t\t\t\t\t\t\t\t\t\t\t\t\t\t<span class=\"elementor-icon-list-text elementor-post-info__item elementor-post-info__item--type-date\">\n\t\t\t\t\t\t\t\t\t\t<time>13 Feb, 2025<\/time>\t\t\t\t\t<\/span>\n\t\t\t\t\t\t\t\t\t<\/a>\n\t\t\t\t<\/li>\n\t\t\t\t<\/ul>\n\t\t\t\t\t\t<\/div>\n\t\t\t\t<\/div>\n\t\t\t\t<div class=\"elementor-element elementor-element-60aa68f elementor-widget elementor-widget-theme-post-title elementor-page-title elementor-widget-heading\" data-id=\"60aa68f\" data-element_type=\"widget\" data-widget_type=\"theme-post-title.default\">\n\t\t\t\t<div class=\"elementor-widget-container\">\n\t\t\t\t\t<h3 class=\"elementor-heading-title elementor-size-default\"><a href=\"https:\/\/www.dexeus.com\/midlife\/ca\/incontinencia-tractar-laser\/\">Saps que la incontin\u00e8ncia es pot tractar amb l\u00e0ser?<\/a><\/h3>\t\t\t\t<\/div>\n\t\t\t\t<\/div>\n\t\t\t\t<div class=\"elementor-element elementor-element-7857c1e elementor-hidden-mobile_extra elementor-hidden-mobile elementor-widget elementor-widget-theme-post-excerpt\" data-id=\"7857c1e\" data-element_type=\"widget\" data-widget_type=\"theme-post-excerpt.default\">\n\t\t\t\t<div class=\"elementor-widget-container\">\n\t\t\t\t\tLa incontin\u00e8ncia urin\u00e0ria \u00e9s un problema de salut important. Afecta un 20% de les dones d'entre 35 i 65 anys. Un percentatge que, a partir dels 75, supera el 40%.\t\t\t\t<\/div>\n\t\t\t\t<\/div>\n\t\t\t\t<div class=\"elementor-element elementor-element-e877d4c elementor-hidden-tablet elementor-hidden-mobile_extra elementor-hidden-mobile elementor-widget elementor-widget-button\" data-id=\"e877d4c\" data-element_type=\"widget\" data-widget_type=\"button.default\">\n\t\t\t\t<div class=\"elementor-widget-container\">\n\t\t\t\t\t\t\t\t\t<div class=\"elementor-button-wrapper\">\n\t\t\t\t\t<a class=\"elementor-button elementor-button-link elementor-size-sm\" href=\"https:\/\/www.dexeus.com\/midlife\/ca\/incontinencia-tractar-laser\/\">\n\t\t\t\t\t\t<span class=\"elementor-button-content-wrapper\">\n\t\t\t\t\t\t\t\t\t<span class=\"elementor-button-text\">Llegeix l'article<\/span>\n\t\t\t\t\t<\/span>\n\t\t\t\t\t<\/a>\n\t\t\t\t<\/div>\n\t\t\t\t\t\t\t\t<\/div>\n\t\t\t\t<\/div>\n\t\t\t\t<\/div>\n\t\t\t\t<\/div>\n\t\t\t\t<\/div>\n\t\t\t\t<div data-elementor-type=\"loop-item\" data-elementor-id=\"6688\" class=\"elementor elementor-6688 elementor-1559 e-loop-item e-loop-item-6862 post-6862 post type-post status-publish format-standard has-post-thumbnail hentry category-menopausa-zona-intima\" data-elementor-post-type=\"elementor_library\" data-custom-edit-handle=\"1\">\n\t\t\t<div class=\"elementor-element elementor-element-5e1103c e-con-full e-flex e-con e-parent\" data-id=\"5e1103c\" data-element_type=\"container\">\n\t\t\t\t<div class=\"elementor-element elementor-element-ed39d08 elementor-widget-tablet__width-initial elementor-widget elementor-widget-theme-post-featured-image elementor-widget-image\" data-id=\"ed39d08\" data-element_type=\"widget\" data-widget_type=\"theme-post-featured-image.default\">\n\t\t\t\t<div class=\"elementor-widget-container\">\n\t\t\t\t\t\t\t\t\t\t\t\t\t\t\t\t<a href=\"https:\/\/www.dexeus.com\/midlife\/ca\/liquen-vulvar\/\">\n\t\t\t\t\t\t\t<img loading=\"lazy\" decoding=\"async\" width=\"800\" height=\"400\" src=\"https:\/\/www.dexeus.com\/midlife\/wp-content\/uploads\/2024\/12\/sintomatest1-1024x512.jpeg\" class=\"attachment-large size-large wp-image-6167\" alt=\"\" srcset=\"https:\/\/www.dexeus.com\/midlife\/wp-content\/uploads\/2024\/12\/sintomatest1-1024x512.jpeg 1024w, https:\/\/www.dexeus.com\/midlife\/wp-content\/uploads\/2024\/12\/sintomatest1-600x300.jpeg 600w, https:\/\/www.dexeus.com\/midlife\/wp-content\/uploads\/2024\/12\/sintomatest1-300x150.jpeg 300w, https:\/\/www.dexeus.com\/midlife\/wp-content\/uploads\/2024\/12\/sintomatest1-768x384.jpeg 768w, https:\/\/www.dexeus.com\/midlife\/wp-content\/uploads\/2024\/12\/sintomatest1.jpeg 1280w\" sizes=\"(max-width: 800px) 100vw, 800px\" \/>\t\t\t\t\t\t\t\t<\/a>\n\t\t\t\t\t\t\t\t\t\t\t\t\t\t\t<\/div>\n\t\t\t\t<\/div>\n\t\t<div class=\"elementor-element elementor-element-cec1b3b e-con-full e-flex e-con e-child\" data-id=\"cec1b3b\" data-element_type=\"container\">\n\t\t\t\t<div class=\"elementor-element elementor-element-b959c1b elementor-widget elementor-widget-post-info\" data-id=\"b959c1b\" data-element_type=\"widget\" data-widget_type=\"post-info.default\">\n\t\t\t\t<div class=\"elementor-widget-container\">\n\t\t\t\t\t\t\t<ul class=\"elementor-inline-items elementor-icon-list-items elementor-post-info\">\n\t\t\t\t\t\t\t\t<li class=\"elementor-icon-list-item elementor-repeater-item-090faef elementor-inline-item\" itemprop=\"datePublished\">\n\t\t\t\t\t\t<a href=\"https:\/\/www.dexeus.com\/midlife\/ca\/2025\/01\/15\/\">\n\t\t\t\t\t\t\t\t\t\t\t\t\t\t<span class=\"elementor-icon-list-text elementor-post-info__item elementor-post-info__item--type-date\">\n\t\t\t\t\t\t\t\t\t\t<time>15 Gen, 2025<\/time>\t\t\t\t\t<\/span>\n\t\t\t\t\t\t\t\t\t<\/a>\n\t\t\t\t<\/li>\n\t\t\t\t<\/ul>\n\t\t\t\t\t\t<\/div>\n\t\t\t\t<\/div>\n\t\t\t\t<div class=\"elementor-element elementor-element-60aa68f elementor-widget elementor-widget-theme-post-title elementor-page-title elementor-widget-heading\" data-id=\"60aa68f\" data-element_type=\"widget\" data-widget_type=\"theme-post-title.default\">\n\t\t\t\t<div class=\"elementor-widget-container\">\n\t\t\t\t\t<h3 class=\"elementor-heading-title elementor-size-default\"><a href=\"https:\/\/www.dexeus.com\/midlife\/ca\/liquen-vulvar\/\">Qu\u00e8 saps del liquen vulvar?<\/a><\/h3>\t\t\t\t<\/div>\n\t\t\t\t<\/div>\n\t\t\t\t<div class=\"elementor-element elementor-element-7857c1e elementor-hidden-mobile_extra elementor-hidden-mobile elementor-widget elementor-widget-theme-post-excerpt\" data-id=\"7857c1e\" data-element_type=\"widget\" data-widget_type=\"theme-post-excerpt.default\">\n\t\t\t\t<div class=\"elementor-widget-container\">\n\t\t\t\t\tD\u2019entrada, \u00e9s possible que el nom et sorprengui, per\u00f2 no es tracta de cap fong ni est\u00e0 relacionat amb la microbiota vaginal.<br> El liquen vulvar \u00e9s una afecci\u00f3 de la pell que sol afectar la zona dels genitals.\t\t\t\t<\/div>\n\t\t\t\t<\/div>\n\t\t\t\t<div class=\"elementor-element elementor-element-e877d4c elementor-hidden-tablet elementor-hidden-mobile_extra elementor-hidden-mobile elementor-widget elementor-widget-button\" data-id=\"e877d4c\" data-element_type=\"widget\" data-widget_type=\"button.default\">\n\t\t\t\t<div class=\"elementor-widget-container\">\n\t\t\t\t\t\t\t\t\t<div class=\"elementor-button-wrapper\">\n\t\t\t\t\t<a class=\"elementor-button elementor-button-link elementor-size-sm\" href=\"https:\/\/www.dexeus.com\/midlife\/ca\/liquen-vulvar\/\">\n\t\t\t\t\t\t<span class=\"elementor-button-content-wrapper\">\n\t\t\t\t\t\t\t\t\t<span class=\"elementor-button-text\">Llegeix l'article<\/span>\n\t\t\t\t\t<\/span>\n\t\t\t\t\t<\/a>\n\t\t\t\t<\/div>\n\t\t\t\t\t\t\t\t<\/div>\n\t\t\t\t<\/div>\n\t\t\t\t<\/div>\n\t\t\t\t<\/div>\n\t\t\t\t<\/div>\n\t\t\t\t<div data-elementor-type=\"loop-item\" data-elementor-id=\"6688\" class=\"elementor elementor-6688 elementor-1559 e-loop-item e-loop-item-6465 post-6465 post type-post status-publish format-standard has-post-thumbnail hentry category-menopausa-cos\" data-elementor-post-type=\"elementor_library\" data-custom-edit-handle=\"1\">\n\t\t\t<div class=\"elementor-element elementor-element-5e1103c e-con-full e-flex e-con e-parent\" data-id=\"5e1103c\" data-element_type=\"container\">\n\t\t\t\t<div class=\"elementor-element elementor-element-ed39d08 elementor-widget-tablet__width-initial elementor-widget elementor-widget-theme-post-featured-image elementor-widget-image\" data-id=\"ed39d08\" data-element_type=\"widget\" data-widget_type=\"theme-post-featured-image.default\">\n\t\t\t\t<div class=\"elementor-widget-container\">\n\t\t\t\t\t\t\t\t\t\t\t\t\t\t\t\t<a href=\"https:\/\/www.dexeus.com\/midlife\/ca\/quan-comenca-acaba-menopausa\/\">\n\t\t\t\t\t\t\t<img loading=\"lazy\" decoding=\"async\" width=\"800\" height=\"400\" src=\"https:\/\/www.dexeus.com\/midlife\/wp-content\/uploads\/2024\/12\/menopausia_etapas-1280x640-1-1024x512.jpeg\" class=\"attachment-large size-large wp-image-6124\" alt=\"\" srcset=\"https:\/\/www.dexeus.com\/midlife\/wp-content\/uploads\/2024\/12\/menopausia_etapas-1280x640-1-1024x512.jpeg 1024w, https:\/\/www.dexeus.com\/midlife\/wp-content\/uploads\/2024\/12\/menopausia_etapas-1280x640-1-600x300.jpeg 600w, https:\/\/www.dexeus.com\/midlife\/wp-content\/uploads\/2024\/12\/menopausia_etapas-1280x640-1-300x150.jpeg 300w, https:\/\/www.dexeus.com\/midlife\/wp-content\/uploads\/2024\/12\/menopausia_etapas-1280x640-1-768x384.jpeg 768w, https:\/\/www.dexeus.com\/midlife\/wp-content\/uploads\/2024\/12\/menopausia_etapas-1280x640-1.jpeg 1280w\" sizes=\"(max-width: 800px) 100vw, 800px\" \/>\t\t\t\t\t\t\t\t<\/a>\n\t\t\t\t\t\t\t\t\t\t\t\t\t\t\t<\/div>\n\t\t\t\t<\/div>\n\t\t<div class=\"elementor-element elementor-element-cec1b3b e-con-full e-flex e-con e-child\" data-id=\"cec1b3b\" data-element_type=\"container\">\n\t\t\t\t<div class=\"elementor-element elementor-element-b959c1b elementor-widget elementor-widget-post-info\" data-id=\"b959c1b\" data-element_type=\"widget\" data-widget_type=\"post-info.default\">\n\t\t\t\t<div class=\"elementor-widget-container\">\n\t\t\t\t\t\t\t<ul class=\"elementor-inline-items elementor-icon-list-items elementor-post-info\">\n\t\t\t\t\t\t\t\t<li class=\"elementor-icon-list-item elementor-repeater-item-090faef elementor-inline-item\" itemprop=\"datePublished\">\n\t\t\t\t\t\t<a href=\"https:\/\/www.dexeus.com\/midlife\/ca\/2024\/12\/02\/\">\n\t\t\t\t\t\t\t\t\t\t\t\t\t\t<span class=\"elementor-icon-list-text elementor-post-info__item elementor-post-info__item--type-date\">\n\t\t\t\t\t\t\t\t\t\t<time>02 Dec, 2024<\/time>\t\t\t\t\t<\/span>\n\t\t\t\t\t\t\t\t\t<\/a>\n\t\t\t\t<\/li>\n\t\t\t\t<\/ul>\n\t\t\t\t\t\t<\/div>\n\t\t\t\t<\/div>\n\t\t\t\t<div class=\"elementor-element elementor-element-60aa68f elementor-widget elementor-widget-theme-post-title elementor-page-title elementor-widget-heading\" data-id=\"60aa68f\" data-element_type=\"widget\" data-widget_type=\"theme-post-title.default\">\n\t\t\t\t<div class=\"elementor-widget-container\">\n\t\t\t\t\t<h3 class=\"elementor-heading-title elementor-size-default\"><a href=\"https:\/\/www.dexeus.com\/midlife\/ca\/quan-comenca-acaba-menopausa\/\">Quan comen\u00e7a i quan s&#8217;acaba la menopausa?<\/a><\/h3>\t\t\t\t<\/div>\n\t\t\t\t<\/div>\n\t\t\t\t<div class=\"elementor-element elementor-element-7857c1e elementor-hidden-mobile_extra elementor-hidden-mobile elementor-widget elementor-widget-theme-post-excerpt\" data-id=\"7857c1e\" data-element_type=\"widget\" data-widget_type=\"theme-post-excerpt.default\">\n\t\t\t\t<div class=\"elementor-widget-container\">\n\t\t\t\t\tLa menopausa ha sortit de l'armari. Per\u00f2 encara hi ha certa confusi\u00f3 sobre quan comen\u00e7a i quan s'acaba, o quins s\u00edmptomes es poden experimentar en cada fase.\t\t\t\t<\/div>\n\t\t\t\t<\/div>\n\t\t\t\t<div class=\"elementor-element elementor-element-e877d4c elementor-hidden-tablet elementor-hidden-mobile_extra elementor-hidden-mobile elementor-widget elementor-widget-button\" data-id=\"e877d4c\" data-element_type=\"widget\" data-widget_type=\"button.default\">\n\t\t\t\t<div class=\"elementor-widget-container\">\n\t\t\t\t\t\t\t\t\t<div class=\"elementor-button-wrapper\">\n\t\t\t\t\t<a class=\"elementor-button elementor-button-link elementor-size-sm\" href=\"https:\/\/www.dexeus.com\/midlife\/ca\/quan-comenca-acaba-menopausa\/\">\n\t\t\t\t\t\t<span class=\"elementor-button-content-wrapper\">\n\t\t\t\t\t\t\t\t\t<span class=\"elementor-button-text\">Llegeix l'article<\/span>\n\t\t\t\t\t<\/span>\n\t\t\t\t\t<\/a>\n\t\t\t\t<\/div>\n\t\t\t\t\t\t\t\t<\/div>\n\t\t\t\t<\/div>\n\t\t\t\t<\/div>\n\t\t\t\t<\/div>\n\t\t\t\t<\/div>\n\t\t\t\t<\/div>\n\t\t\n\t\t\t\t\t\t<\/div>\n\t\t\t\t<\/div>\n\t\t\t\t\t<\/div>\n\t\t\t\t<\/div>\n\t\t\t\t<\/div>\n\t\t","protected":false},"excerpt":{"rendered":"<p>Lorem ipsum dolor sit amet, consectetur adipiscing elit. Curabitur consectetur euismod tellus, vel pretium nulla.<\/p>\n","protected":false},"author":1,"featured_media":6110,"parent":0,"menu_order":0,"comment_status":"closed","ping_status":"closed","template":"","meta":{"footnotes":""},"class_list":["post-6654","page","type-page","status-publish","has-post-thumbnail","hentry"],"yoast_head":"<!-- This site is optimized with the Yoast SEO plugin v26.7 - https:\/\/yoast.com\/wordpress\/plugins\/seo\/ -->\n<title>Blog - Dexeus Midlife<\/title>\n<meta name=\"description\" content=\"Lorem ipsum dolor sit amet, consectetur adipiscing elit. Curabitur consectetur euismod tellus, vel pretium nulla.\" \/>\n<meta name=\"robots\" content=\"index, follow, max-snippet:-1, max-image-preview:large, max-video-preview:-1\" \/>\n<link rel=\"canonical\" href=\"https:\/\/www.dexeus.com\/midlife\/ca\/blog\/\" \/>\n<meta property=\"og:locale\" content=\"ca_ES\" \/>\n<meta property=\"og:type\" content=\"article\" \/>\n<meta property=\"og:title\" content=\"Blog - Dexeus Midlife\" \/>\n<meta property=\"og:description\" content=\"Lorem ipsum dolor sit amet, consectetur adipiscing elit. Curabitur consectetur euismod tellus, vel pretium nulla.\" \/>\n<meta property=\"og:url\" content=\"https:\/\/www.dexeus.com\/midlife\/ca\/blog\/\" \/>\n<meta property=\"og:site_name\" content=\"Dexeus Midlife\" \/>\n<meta property=\"article:publisher\" content=\"https:\/\/www.facebook.com\/dexeusmidlife\/\" \/>\n<meta property=\"article:modified_time\" content=\"2025-03-07T10:55:59+00:00\" \/>\n<meta property=\"og:image\" content=\"https:\/\/www.dexeus.com\/midlife\/wp-content\/uploads\/2024\/12\/Imgtest.webp\" \/>\n\t<meta property=\"og:image:width\" content=\"948\" \/>\n\t<meta property=\"og:image:height\" content=\"916\" \/>\n\t<meta property=\"og:image:type\" content=\"image\/png\" \/>\n<meta name=\"twitter:card\" content=\"summary_large_image\" \/>\n<script type=\"application\/ld+json\" class=\"yoast-schema-graph\">{\"@context\":\"https:\/\/schema.org\",\"@graph\":[{\"@type\":\"WebPage\",\"@id\":\"https:\/\/www.dexeus.com\/midlife\/ca\/blog\/\",\"url\":\"https:\/\/www.dexeus.com\/midlife\/ca\/blog\/\",\"name\":\"Blog - Dexeus Midlife\",\"isPartOf\":{\"@id\":\"https:\/\/www.dexeus.com\/midlife\/ca\/#website\"},\"primaryImageOfPage\":{\"@id\":\"https:\/\/www.dexeus.com\/midlife\/ca\/blog\/#primaryimage\"},\"image\":{\"@id\":\"https:\/\/www.dexeus.com\/midlife\/ca\/blog\/#primaryimage\"},\"thumbnailUrl\":\"https:\/\/www.dexeus.com\/midlife\/wp-content\/uploads\/2024\/12\/Imgtest.webp\",\"datePublished\":\"2024-12-02T09:40:02+00:00\",\"dateModified\":\"2025-03-07T10:55:59+00:00\",\"description\":\"Lorem ipsum dolor sit amet, consectetur adipiscing elit. Curabitur consectetur euismod tellus, vel pretium nulla.\",\"breadcrumb\":{\"@id\":\"https:\/\/www.dexeus.com\/midlife\/ca\/blog\/#breadcrumb\"},\"inLanguage\":\"ca\",\"potentialAction\":[{\"@type\":\"ReadAction\",\"target\":[\"https:\/\/www.dexeus.com\/midlife\/ca\/blog\/\"]}]},{\"@type\":\"ImageObject\",\"inLanguage\":\"ca\",\"@id\":\"https:\/\/www.dexeus.com\/midlife\/ca\/blog\/#primaryimage\",\"url\":\"https:\/\/www.dexeus.com\/midlife\/wp-content\/uploads\/2024\/12\/Imgtest.webp\",\"contentUrl\":\"https:\/\/www.dexeus.com\/midlife\/wp-content\/uploads\/2024\/12\/Imgtest.webp\",\"width\":948,\"height\":916},{\"@type\":\"BreadcrumbList\",\"@id\":\"https:\/\/www.dexeus.com\/midlife\/ca\/blog\/#breadcrumb\",\"itemListElement\":[{\"@type\":\"ListItem\",\"position\":1,\"name\":\"Home\",\"item\":\"https:\/\/www.dexeus.com\/midlife\/ca\/dexeus-midlife\/\"},{\"@type\":\"ListItem\",\"position\":2,\"name\":\"Blog\"}]},{\"@type\":\"WebSite\",\"@id\":\"https:\/\/www.dexeus.com\/midlife\/ca\/#website\",\"url\":\"https:\/\/www.dexeus.com\/midlife\/ca\/\",\"name\":\"Dexeus Midlife\",\"description\":\"Una nueva forma de vivir la menopausia\",\"publisher\":{\"@id\":\"https:\/\/www.dexeus.com\/midlife\/ca\/#organization\"},\"potentialAction\":[{\"@type\":\"SearchAction\",\"target\":{\"@type\":\"EntryPoint\",\"urlTemplate\":\"https:\/\/www.dexeus.com\/midlife\/ca\/?s={search_term_string}\"},\"query-input\":{\"@type\":\"PropertyValueSpecification\",\"valueRequired\":true,\"valueName\":\"search_term_string\"}}],\"inLanguage\":\"ca\"},{\"@type\":\"Organization\",\"@id\":\"https:\/\/www.dexeus.com\/midlife\/ca\/#organization\",\"name\":\"Dexeus Midlife\",\"url\":\"https:\/\/www.dexeus.com\/midlife\/ca\/\",\"logo\":{\"@type\":\"ImageObject\",\"inLanguage\":\"ca\",\"@id\":\"https:\/\/www.dexeus.com\/midlife\/ca\/#\/schema\/logo\/image\/\",\"url\":\"https:\/\/www.dexeus.com\/midlife\/wp-content\/uploads\/2025\/02\/cropped-Dexeus-Midlife-Fabicon.png\",\"contentUrl\":\"https:\/\/www.dexeus.com\/midlife\/wp-content\/uploads\/2025\/02\/cropped-Dexeus-Midlife-Fabicon.png\",\"width\":512,\"height\":512,\"caption\":\"Dexeus Midlife\"},\"image\":{\"@id\":\"https:\/\/www.dexeus.com\/midlife\/ca\/#\/schema\/logo\/image\/\"},\"sameAs\":[\"https:\/\/www.facebook.com\/dexeusmidlife\/\",\"https:\/\/www.instagram.com\/dexeusmidlife\/\"]}]}<\/script>\n<!-- \/ Yoast SEO plugin. -->","yoast_head_json":{"title":"Blog - Dexeus Midlife","description":"Lorem ipsum dolor sit amet, consectetur adipiscing elit. Curabitur consectetur euismod tellus, vel pretium nulla.","robots":{"index":"index","follow":"follow","max-snippet":"max-snippet:-1","max-image-preview":"max-image-preview:large","max-video-preview":"max-video-preview:-1"},"canonical":"https:\/\/www.dexeus.com\/midlife\/ca\/blog\/","og_locale":"ca_ES","og_type":"article","og_title":"Blog - Dexeus Midlife","og_description":"Lorem ipsum dolor sit amet, consectetur adipiscing elit. Curabitur consectetur euismod tellus, vel pretium nulla.","og_url":"https:\/\/www.dexeus.com\/midlife\/ca\/blog\/","og_site_name":"Dexeus Midlife","article_publisher":"https:\/\/www.facebook.com\/dexeusmidlife\/","article_modified_time":"2025-03-07T10:55:59+00:00","og_image":[{"width":948,"height":916,"url":"https:\/\/www.dexeus.com\/midlife\/wp-content\/uploads\/2024\/12\/Imgtest.webp","type":"image\/png"}],"twitter_card":"summary_large_image","schema":{"@context":"https:\/\/schema.org","@graph":[{"@type":"WebPage","@id":"https:\/\/www.dexeus.com\/midlife\/ca\/blog\/","url":"https:\/\/www.dexeus.com\/midlife\/ca\/blog\/","name":"Blog - Dexeus Midlife","isPartOf":{"@id":"https:\/\/www.dexeus.com\/midlife\/ca\/#website"},"primaryImageOfPage":{"@id":"https:\/\/www.dexeus.com\/midlife\/ca\/blog\/#primaryimage"},"image":{"@id":"https:\/\/www.dexeus.com\/midlife\/ca\/blog\/#primaryimage"},"thumbnailUrl":"https:\/\/www.dexeus.com\/midlife\/wp-content\/uploads\/2024\/12\/Imgtest.webp","datePublished":"2024-12-02T09:40:02+00:00","dateModified":"2025-03-07T10:55:59+00:00","description":"Lorem ipsum dolor sit amet, consectetur adipiscing elit. Curabitur consectetur euismod tellus, vel pretium nulla.","breadcrumb":{"@id":"https:\/\/www.dexeus.com\/midlife\/ca\/blog\/#breadcrumb"},"inLanguage":"ca","potentialAction":[{"@type":"ReadAction","target":["https:\/\/www.dexeus.com\/midlife\/ca\/blog\/"]}]},{"@type":"ImageObject","inLanguage":"ca","@id":"https:\/\/www.dexeus.com\/midlife\/ca\/blog\/#primaryimage","url":"https:\/\/www.dexeus.com\/midlife\/wp-content\/uploads\/2024\/12\/Imgtest.webp","contentUrl":"https:\/\/www.dexeus.com\/midlife\/wp-content\/uploads\/2024\/12\/Imgtest.webp","width":948,"height":916},{"@type":"BreadcrumbList","@id":"https:\/\/www.dexeus.com\/midlife\/ca\/blog\/#breadcrumb","itemListElement":[{"@type":"ListItem","position":1,"name":"Home","item":"https:\/\/www.dexeus.com\/midlife\/ca\/dexeus-midlife\/"},{"@type":"ListItem","position":2,"name":"Blog"}]},{"@type":"WebSite","@id":"https:\/\/www.dexeus.com\/midlife\/ca\/#website","url":"https:\/\/www.dexeus.com\/midlife\/ca\/","name":"Dexeus Midlife","description":"Una nueva forma de vivir la menopausia","publisher":{"@id":"https:\/\/www.dexeus.com\/midlife\/ca\/#organization"},"potentialAction":[{"@type":"SearchAction","target":{"@type":"EntryPoint","urlTemplate":"https:\/\/www.dexeus.com\/midlife\/ca\/?s={search_term_string}"},"query-input":{"@type":"PropertyValueSpecification","valueRequired":true,"valueName":"search_term_string"}}],"inLanguage":"ca"},{"@type":"Organization","@id":"https:\/\/www.dexeus.com\/midlife\/ca\/#organization","name":"Dexeus Midlife","url":"https:\/\/www.dexeus.com\/midlife\/ca\/","logo":{"@type":"ImageObject","inLanguage":"ca","@id":"https:\/\/www.dexeus.com\/midlife\/ca\/#\/schema\/logo\/image\/","url":"https:\/\/www.dexeus.com\/midlife\/wp-content\/uploads\/2025\/02\/cropped-Dexeus-Midlife-Fabicon.png","contentUrl":"https:\/\/www.dexeus.com\/midlife\/wp-content\/uploads\/2025\/02\/cropped-Dexeus-Midlife-Fabicon.png","width":512,"height":512,"caption":"Dexeus Midlife"},"image":{"@id":"https:\/\/www.dexeus.com\/midlife\/ca\/#\/schema\/logo\/image\/"},"sameAs":["https:\/\/www.facebook.com\/dexeusmidlife\/","https:\/\/www.instagram.com\/dexeusmidlife\/"]}]}},"_links":{"self":[{"href":"https:\/\/www.dexeus.com\/midlife\/ca\/wp-json\/wp\/v2\/pages\/6654","targetHints":{"allow":["GET"]}}],"collection":[{"href":"https:\/\/www.dexeus.com\/midlife\/ca\/wp-json\/wp\/v2\/pages"}],"about":[{"href":"https:\/\/www.dexeus.com\/midlife\/ca\/wp-json\/wp\/v2\/types\/page"}],"author":[{"embeddable":true,"href":"https:\/\/www.dexeus.com\/midlife\/ca\/wp-json\/wp\/v2\/users\/1"}],"replies":[{"embeddable":true,"href":"https:\/\/www.dexeus.com\/midlife\/ca\/wp-json\/wp\/v2\/comments?post=6654"}],"version-history":[{"count":0,"href":"https:\/\/www.dexeus.com\/midlife\/ca\/wp-json\/wp\/v2\/pages\/6654\/revisions"}],"wp:featuredmedia":[{"embeddable":true,"href":"https:\/\/www.dexeus.com\/midlife\/ca\/wp-json\/wp\/v2\/media\/6110"}],"wp:attachment":[{"href":"https:\/\/www.dexeus.com\/midlife\/ca\/wp-json\/wp\/v2\/media?parent=6654"}],"curies":[{"name":"wp","href":"https:\/\/api.w.org\/{rel}","templated":true}]}}